{"id":1934,"date":"2022-04-01T09:49:01","date_gmt":"2022-04-01T07:49:01","guid":{"rendered":"https:\/\/www.helloskola.cz\/zakladni-skola\/?page_id=1934"},"modified":"2022-04-01T10:20:39","modified_gmt":"2022-04-01T08:20:39","slug":"rodili-mluvci-do-skol","status":"publish","type":"page","link":"https:\/\/www.helloskola.cz\/zakladni-skola\/zivot-skoly-a-trid\/projekty\/rodili-mluvci-do-skol\/","title":{"rendered":"Rodil\u00ed mluv\u010d\u00ed do \u0161kol"},"content":{"rendered":"\n<figure class=\"wp-block-image size-full\"><img fetchpriority=\"high\" decoding=\"async\" width=\"643\" height=\"160\" src=\"https:\/\/www.helloskola.cz\/zakladni-skola\/wp-content\/uploads\/sites\/6\/2022\/04\/logo_eu.jpeg\" alt=\"\" class=\"wp-image-1935\" srcset=\"https:\/\/www.helloskola.cz\/zakladni-skola\/wp-content\/uploads\/sites\/6\/2022\/04\/logo_eu.jpeg 643w, https:\/\/www.helloskola.cz\/zakladni-skola\/wp-content\/uploads\/sites\/6\/2022\/04\/logo_eu-300x75.jpeg 300w\" sizes=\"(max-width: 643px) 100vw, 643px\" \/><\/figure>\n\n\n\n<h4 class=\"wp-block-heading\">Rodil\u00ed mluv\u010d\u00ed do \u0161kol &#8211; vzd\u011bl\u00e1vac\u00ed kurzy na m\u00edru pro \u017e\u00e1ky z\u00e1kladn\u00edch \u0161kol, pedagogick\u00e9 a&nbsp;vedouc\u00ed pracovn\u00edky z\u00e1kladn\u00edch \u0161kol a&nbsp;\u0161kolsk\u00fdch za\u0159\u00edzen\u00ed z&nbsp;dot\u010den\u00fdch kraj\u016f<\/h4>\n\n\n\n<p><strong>Gymn\u00e1zium, z\u00e1kladn\u00ed \u0161kola a&nbsp;mate\u0159sk\u00e1 \u0161kola Hello s.r.o.<\/strong>&nbsp;z\u00edskalo finan\u010dn\u00ed podporu z&nbsp;Evropsk\u00e9ho soci\u00e1ln\u00edho fondu na realizaci projektu Rodil\u00ed mluv\u010d\u00ed do \u0161kol, v&nbsp;r\u00e1mci Opera\u010dn\u00edho programu Vzd\u011bl\u00e1v\u00e1n\u00ed pro konkurenceschopnost a&nbsp;nab\u00edz\u00ed zdarma vzd\u011bl\u00e1vac\u00ed aktivity.<\/p>\n\n\n\n<ul class=\"wp-block-list\"><li><a href=\"#nazev-a-cile\">n\u00e1zev a\u00a0c\u00edle<\/a><\/li><li><a href=\"#komu-je-projekt-urcen\">komu je projekt ur\u010den<\/a><\/li><li><a href=\"#obsah\">obsah vzd\u011bl\u00e1vac\u00edch aktivit<\/a><\/li><li><a href=\"#kontakty\">kontakty k\u00a0projektu<\/a><\/li><li><a href=\"#terminy\">term\u00edny kurz\u016f<\/a><\/li><li><a href=\"#odkazy\">odkazy<\/a><\/li><li><a href=\"#prihlasky\">p\u0159ihl\u00e1\u0161ky<\/a><\/li><li><a href=\"#vyberove-rizeni\">v\u00fdb\u011brov\u00e9 \u0159\u00edzen\u00ed<\/a><\/li><\/ul>\n\n\n\n<p><strong>TENTO PROJEKT JE SPOLUFINANCOV\u00c1N EVROPSK\u00ddM SOCI\u00c1LN\u00cdM FONDEM A&nbsp;ST\u00c1TN\u00cdM ROZPO\u010cTEM \u010cR.<\/strong><\/p>\n\n\n\n<div style=\"height:20px\" aria-hidden=\"true\" class=\"wp-block-spacer\"><\/div>\n\n\n\n<hr class=\"wp-block-separator has-text-color has-background has-central-palette-4-background-color has-central-palette-4-color is-style-wide\" id=\"nazev-a-cile\"\/>\n\n\n\n<h3 class=\"has-central-palette-2-color has-text-color wp-block-heading\">N\u00e1zev a&nbsp;c\u00edle<\/h3>\n\n\n\n<h4 class=\"wp-block-heading\">N\u00e1zev projektu:<\/h4>\n\n\n\n<p>Rodil\u00ed mluv\u010d\u00ed do \u0161kol \u2013 zvy\u0161ov\u00e1n\u00ed jazykov\u00e9 vybavenosti \u017e\u00e1k\u016f z\u00e1kladn\u00edch \u0161kol pomoc\u00ed rodil\u00fdch mluv\u010d\u00edch a&nbsp;zapojen\u00edm \u0161kol do mezin\u00e1rodn\u00edch projekt\u016f<\/p>\n\n\n\n<h4 class=\"wp-block-heading\">N\u00e1zev opera\u010dn\u00edho programu:<\/h4>\n\n\n\n<p>Opera\u010dn\u00ed program Vzd\u011bl\u00e1v\u00e1n\u00ed pro konkurenceschopnost<\/p>\n\n\n\n<h4 class=\"wp-block-heading\">N\u00e1zev prioritn\u00ed osy:<\/h4>\n\n\n\n<p>Po\u010d\u00e1te\u010dn\u00ed vzd\u011bl\u00e1v\u00e1n\u00ed<\/p>\n\n\n\n<h4 class=\"wp-block-heading\">N\u00e1zev oblasti podpory:<\/h4>\n\n\n\n<p>Zvy\u0161ov\u00e1n\u00ed kvality ve vzd\u011bl\u00e1v\u00e1n\u00ed<\/p>\n\n\n\n<h4 class=\"wp-block-heading\">Datum zah\u00e1jen\u00ed projektu:<\/h4>\n\n\n\n<p>01.09.2014<\/p>\n\n\n\n<h4 class=\"wp-block-heading\">Datum ukon\u010den\u00ed projektu:<\/h4>\n\n\n\n<p>31.07.2015<\/p>\n\n\n\n<h4 class=\"wp-block-heading\">Stru\u010dn\u00fd obsah projektu:<\/h4>\n\n\n\n<p>Obsahem projektu je realizace komplexn\u00edch vzd\u011bl\u00e1vac\u00edch a\u00a0podp\u016frn\u00fdch aktivit pro \u017e\u00e1ky a\u00a0pracovn\u00edky z\u00e1kladn\u00edch \u0161kol v\u00a0Moravskoslezsk\u00e9m, Zl\u00ednsk\u00e9m, Jihomoravsk\u00e9m a\u00a0\u00dasteck\u00e9m kraji.V\u0161echny aktivity budou sm\u011b\u0159ovat k\u00a0dosa\u017een\u00ed hlavn\u00edho c\u00edle projektu, kter\u00fdm je zvy\u0161ov\u00e1n\u00ed komunika\u010dn\u00edch dovednost\u00ed \u017e\u00e1k\u016f z\u00e1kladn\u00edch \u0161kol v\u00a0ciz\u00edch jazyc\u00edch a\u00a0zejm\u00e9na jeho aktivn\u00ed pou\u017e\u00edv\u00e1n\u00ed. Tohoto c\u00edle bude dosa\u017eeno kombinac\u00ed zapojen\u00ed rodil\u00fdch mluv\u010d\u00edch do v\u00fduky a\u00a0aktivit na z\u00e1kladn\u00edch \u0161kol\u00e1ch, zav\u00e1d\u011bn\u00edm ciz\u00edch jazyk\u016f do nejazykov\u00fdch p\u0159edm\u011bt\u016f prost\u0159ednictv\u00edm metody CLIL a\u00a0podporou zapojov\u00e1n\u00ed \u0161kol do mezin\u00e1rodn\u00edch projekt\u016f. V\u00a0r\u00e1mci jednotliv\u00fdch aktivit budou po\u0159\u00e1d\u00e1ny workshopy, jazykov\u00e9 kurzy. Krom\u011b \u017eadatele se na realizaci projektu budou pod\u00edlet 3 partne\u0159i.<\/p>\n\n\n\n<div style=\"height:20px\" aria-hidden=\"true\" class=\"wp-block-spacer\"><\/div>\n\n\n\n<hr class=\"wp-block-separator has-text-color has-background has-central-palette-4-background-color has-central-palette-4-color is-style-wide\" id=\"komu-je-projekt-urcen\"\/>\n\n\n\n<h3 class=\"has-central-palette-2-color has-text-color wp-block-heading\">Komu je projekt ur\u010den<\/h3>\n\n\n\n<p>Projekt je dle aktivity ur\u010den \u017e\u00e1k\u016fm z\u00e1kladn\u00edch \u0161kol, pedagogick\u00fdm a&nbsp;vedouc\u00edm pracovn\u00edk\u016fm z\u00e1kladn\u00edch \u0161kol a&nbsp;\u0161kolsk\u00fdch za\u0159\u00edzen\u00ed z&nbsp;dot\u010den\u00fdch kraj\u016f.<\/p>\n\n\n\n<h4 class=\"wp-block-heading\">P\u0159\u00ednos pro c\u00edlovou skupinu<\/h4>\n\n\n\n<p>Z\u00e1kladn\u00edm p\u0159\u00ednosem projektu pro c\u00edlovou skupinu je zv\u00fd\u0161en\u00ed komunika\u010dn\u00edch dovednost\u00ed \u017e\u00e1k\u016f z\u00e1kladn\u00edch \u0161kol v&nbsp;ciz\u00edch jazyc\u00edch a&nbsp;zejm\u00e9na jeho aktivn\u00ed pou\u017e\u00edv\u00e1n\u00ed. Poskytnut\u00ed teoretick\u00e9ho i&nbsp;praktick\u00e9ho z\u00e1kladu pro vytvo\u0159en\u00ed vlastn\u00edho mezin\u00e1rodn\u00edho projektu a&nbsp;jeho \u00fasp\u011b\u0161nou realizaci.<\/p>\n\n\n\n<div style=\"height:20px\" aria-hidden=\"true\" class=\"wp-block-spacer\"><\/div>\n\n\n\n<hr class=\"wp-block-separator has-text-color has-background has-central-palette-4-background-color has-central-palette-4-color is-style-wide\" id=\"komu-je-projekt-urcen\"\/>\n\n\n\n<h3 class=\"has-central-palette-2-color has-text-color wp-block-heading\" id=\"obsah\">Obsah vzd\u011bl\u00e1vac\u00edch aktivit<\/h3>\n\n\n\n<h3 class=\"wp-block-heading\">1. Kl\u00ed\u010dov\u00e1 aktivita \u010d.1 &#8211; Zapojen\u00ed rodil\u00fdch mluv\u010d\u00edch do v\u00fduky na z\u00e1kladn\u00edch \u0161kol\u00e1ch<\/h3>\n\n\n\n<p>Rodil\u00e9 mluv\u010d\u00ed je mo\u017eno zapojit:<\/p>\n\n\n\n<ul class=\"wp-block-list\"><li>do v\u00fduky ciz\u00edch jazyk\u016f<\/li><li>do v\u00fduky ciz\u00edch jazyk\u016f v&nbsp;r\u00e1mci hodin nejazykov\u00fdch p\u0159edm\u011bt\u016f (v r\u00e1mci uplat\u0148ov\u00e1n\u00ed metody CLIL)<\/li><li>do krou\u017ek\u016f v&nbsp;r\u00e1mci \u0161koln\u00ed dru\u017einy<\/li><li>do voliteln\u00fdch p\u0159edm\u011bt\u016f<\/li><li>realizace sout\u011b\u017e\u00ed zam\u011b\u0159en\u00fdch na ciz\u00ed jazyky<\/li><li>\u00fa\u010dast rodil\u00e9ho mluv\u010d\u00ed nap\u0159. na \u0161koln\u00edch v\u00fdletech, \u0161kol\u00e1ch v&nbsp;p\u0159\u00edrod\u011b atd.<\/li><\/ul>\n\n\n\n<h3 class=\"wp-block-heading\">2. Kl\u00ed\u010dov\u00e1 aktivita \u010d.2 &#8211; Zav\u00e1d\u011bn\u00ed metody CLIL do v\u00fduky na z\u00e1kladn\u00edch \u0161kol\u00e1ch<\/h3>\n\n\n\n<ul class=\"wp-block-list\"><li>realizace 22 workshop\u016f zam\u011b\u0159en\u00fdch na metodu CLIL, rozsah 8 hodin, v&nbsp;pr\u016fm\u011bru pro 10 \u00fa\u010dastn\u00edk\u016f<\/li><li>realizace 40 jazykov\u00fdch kurz\u016f, v&nbsp;rozsahu 72 hodin, v&nbsp;pr\u016fm\u011bru pro 4 \u00fa\u010dastn\u00edky<\/li><li>realizace podpory \u00fa\u010dastn\u00edk\u016f workshop\u016f zam\u011b\u0159en\u00fdch na metodu CLIL<\/li><li>vytvo\u0159en\u00ed v\u00fdukov\u00fdch materi\u00e1l\u016f pro metodu CLIL<\/li><\/ul>\n\n\n\n<h3 class=\"wp-block-heading\">3. Kl\u00ed\u010dov\u00e1 aktivita \u010d.3 \u2013 Podpora z\u00e1kladn\u00edch \u0161kol p\u0159i p\u0159\u00edprav\u011b a&nbsp;zapojov\u00e1n\u00ed se do mezin\u00e1rodn\u00edch projekt\u016f<\/h3>\n\n\n\n<p>Zam\u011b\u0159ena na vzd\u011bl\u00e1v\u00e1n\u00ed pracovn\u00edk\u016f z\u00e1kladn\u00edch \u0161kol a&nbsp;\u0161kolsk\u00fdch za\u0159\u00edzen\u00ed v&nbsp;oblasti p\u0159\u00edpravy projekt\u016f mezin\u00e1rodn\u00ed spolupr\u00e1ce. Kl\u00ed\u010dov\u00e1 aktivita rozd\u011blena do 4 podaktivit:<\/p>\n\n\n\n<div style=\"height:20px\" aria-hidden=\"true\" class=\"wp-block-spacer\"><\/div>\n\n\n\n<hr class=\"wp-block-separator has-text-color has-background has-central-palette-4-background-color has-central-palette-4-color is-style-wide\" id=\"kontakty\"\/>\n\n\n\n<h3 class=\"has-central-palette-2-color has-text-color wp-block-heading\">Kontakty k&nbsp;projektu<\/h3>\n\n\n\n<p>Gymn\u00e1zium, z\u00e1kladn\u00ed \u0161kola a&nbsp;mate\u0159sk\u00e1 \u0161kola Hello s.r.o.<br>Novin\u00e1\u0159sk\u00e1 1254\/7<br>709 00 Ostrava-Mari\u00e1nsk\u00e9 Hory<br>Mgr. Jana Lipovsk\u00e1<\/p>\n\n\n\n<h4 class=\"wp-block-heading\">Kontaktn\u00ed \u00fadaje:<\/h4>\n\n\n\n<p>tel. 773 803 074, lipovska@gymnaziumhello.cz<\/p>\n\n\n\n<div style=\"height:20px\" aria-hidden=\"true\" class=\"wp-block-spacer\"><\/div>\n\n\n\n<hr class=\"wp-block-separator has-text-color has-background has-central-palette-4-background-color has-central-palette-4-color is-style-wide\" id=\"terminy\"\/>\n\n\n\n<h3 class=\"has-central-palette-2-color has-text-color wp-block-heading\">Term\u00edny kurz\u016f<\/h3>\n\n\n\n<p>Ji\u017e brzy zve\u0159ejn\u00edme term\u00edny kurz\u016f<\/p>\n\n\n\n<div style=\"height:20px\" aria-hidden=\"true\" class=\"wp-block-spacer\"><\/div>\n\n\n\n<hr class=\"wp-block-separator has-text-color has-background has-central-palette-4-background-color has-central-palette-4-color is-style-wide\" id=\"odkazy\"\/>\n\n\n\n<h3 class=\"has-central-palette-2-color has-text-color wp-block-heading\">Odkazy<\/h3>\n\n\n\n<p><a href=\"http:\/\/www.esfcr.cz\/\" target=\"_blank\" rel=\"noreferrer noopener\">Evropsk\u00fd soci\u00e1ln\u00ed fond<\/a><br><a href=\"http:\/\/www.msmt.cz\/\" target=\"_blank\" rel=\"noreferrer noopener\">Ministerstvo \u0161kolstv\u00ed, ml\u00e1de\u017ee a&nbsp;t\u011blov\u00fdchovy<\/a><\/p>\n\n\n\n<div style=\"height:20px\" aria-hidden=\"true\" class=\"wp-block-spacer\"><\/div>\n\n\n\n<hr class=\"wp-block-separator has-text-color has-background has-central-palette-4-background-color has-central-palette-4-color is-style-wide\" id=\"prihlasky\"\/>\n\n\n\n<h3 class=\"has-central-palette-2-color has-text-color wp-block-heading\">P\u0159ihl\u00e1\u0161ka na kurzy:<\/h3>\n\n\n\n<h4 class=\"wp-block-heading\">Z\u00e1vazn\u00e9 p\u0159ihl\u00e1\u0161en\u00ed<\/h4>\n\n\n\n<p><strong>Pro z\u00e1vazn\u00e9 p\u0159ihl\u00e1\u0161en\u00ed je nutn\u00e9 vyplnit a&nbsp;podepsat ti\u0161t\u011bnou p\u0159ihl\u00e1\u0161ku.<\/strong><\/p>\n\n\n\n<h4 class=\"wp-block-heading\">Koordin\u00e1tor:<\/h4>\n\n\n\n<p>Mgr. Jana Lipovsk\u00e1<\/p>\n\n\n\n<h4 class=\"wp-block-heading\">Konzulta\u010dn\u00ed hodiny:<\/h4>\n\n\n\n<p>dle domluvy s&nbsp;koordin\u00e1torem<\/p>\n\n\n\n<h4 class=\"wp-block-heading\">Kontaktn\u00ed \u00fadaje:<\/h4>\n\n\n\n<p>tel. 773 803 074, lipovska@gymnaziumhello.cz<\/p>\n\n\n\n<div style=\"height:20px\" aria-hidden=\"true\" class=\"wp-block-spacer\"><\/div>\n\n\n\n<hr class=\"wp-block-separator has-text-color has-background has-central-palette-4-background-color has-central-palette-4-color is-style-wide\" id=\"vyberove-rizeni\"\/>\n\n\n\n<h3 class=\"has-central-palette-2-color has-text-color wp-block-heading\">V\u00fdb\u011brov\u00e9 \u0159\u00edzen\u00ed<\/h3>\n\n\n\n<p><a href=\"https:\/\/www.helloskola.cz\/zakladni-skola\/wp-content\/uploads\/sites\/6\/2022\/04\/00-Vy\u0301zva-k-poda\u0301ni\u0301-nabi\u0301dky-na-CERA.pdf\" target=\"_blank\" rel=\"noreferrer noopener\">V\u00fdzva k pod\u00e1n\u00ed nab\u00eddek<\/a><\/p>\n\n\n\n<p><a href=\"https:\/\/www.helloskola.cz\/zakladni-skola\/wp-content\/uploads\/sites\/6\/2022\/04\/01Technicka_specifikace.doc\">Technick\u00e1 specifikace<\/a><\/p>\n\n\n\n<p><a href=\"https:\/\/www.helloskola.cz\/zakladni-skola\/wp-content\/uploads\/sites\/6\/2022\/04\/02-Obchodni\u0301-podmi\u0301nky.docx\">Obchodn\u00ed podm\u00ednky<\/a><\/p>\n\n\n\n<p><a href=\"https:\/\/www.helloskola.cz\/zakladni-skola\/wp-content\/uploads\/sites\/6\/2022\/04\/03-Vzor-cestneho-prohlaseni.doc\">Vzor \u010destn\u00e9ho prohl\u00e1\u0161en\u00ed<\/a><\/p>\n\n\n\n<p><a href=\"https:\/\/www.helloskola.cz\/zakladni-skola\/wp-content\/uploads\/sites\/6\/2022\/04\/04-Kryci-list-nabidky.doc\">Kryc\u00ed list nab\u00eddky<\/a><\/p>\n","protected":false},"excerpt":{"rendered":"<p>Rodil\u00ed mluv\u010d\u00ed do \u0161kol &#8211; vzd\u011bl\u00e1vac\u00ed kurzy na m\u00edru pro \u017e\u00e1ky z\u00e1kladn\u00edch \u0161kol, pedagogick\u00e9 a&nbsp;vedouc\u00ed pracovn\u00edky z\u00e1kladn\u00edch \u0161kol a&nbsp;\u0161kolsk\u00fdch za\u0159\u00edzen\u00ed z&nbsp;dot\u010den\u00fdch kraj\u016f Gymn\u00e1zium, z\u00e1kladn\u00ed \u0161kola a&nbsp;mate\u0159sk\u00e1 \u0161kola Hello s.r.o.&nbsp;z\u00edskalo finan\u010dn\u00ed podporu z&nbsp;Evropsk\u00e9ho soci\u00e1ln\u00edho fondu na realizaci projektu Rodil\u00ed mluv\u010d\u00ed do \u0161kol, v&nbsp;r\u00e1mci Opera\u010dn\u00edho programu Vzd\u011bl\u00e1v\u00e1n\u00ed pro konkurenceschopnost a&nbsp;nab\u00edz\u00ed zdarma vzd\u011bl\u00e1vac\u00ed aktivity. n\u00e1zev a\u00a0c\u00edle komu je [&hellip;]<\/p>\n","protected":false},"author":1,"featured_media":2575,"parent":1924,"menu_order":0,"comment_status":"closed","ping_status":"closed","template":"","meta":{"footnotes":""},"class_list":["post-1934","page","type-page","status-publish","has-post-thumbnail","hentry"],"yoast_head":"<!-- This site is optimized with the Yoast SEO plugin v24.8.1 - https:\/\/yoast.com\/wordpress\/plugins\/seo\/ -->\n<title>Rodil\u00ed mluv\u010d\u00ed do \u0161kol | Z\u00e1kladn\u00ed \u0161kola HELLO<\/title>\n<meta name=\"robots\" content=\"index, follow, max-snippet:-1, max-image-preview:large, max-video-preview:-1\" \/>\n<link rel=\"canonical\" href=\"https:\/\/www.helloskola.cz\/zakladni-skola\/zivot-skoly-a-trid\/projekty\/rodili-mluvci-do-skol\/\" \/>\n<meta property=\"og:locale\" content=\"cs_CZ\" \/>\n<meta property=\"og:type\" content=\"article\" \/>\n<meta property=\"og:title\" content=\"Rodil\u00ed mluv\u010d\u00ed do \u0161kol | Z\u00e1kladn\u00ed \u0161kola HELLO\" \/>\n<meta property=\"og:description\" content=\"Rodil\u00ed mluv\u010d\u00ed do \u0161kol &#8211; vzd\u011bl\u00e1vac\u00ed kurzy na m\u00edru pro \u017e\u00e1ky z\u00e1kladn\u00edch \u0161kol, pedagogick\u00e9 a&nbsp;vedouc\u00ed pracovn\u00edky z\u00e1kladn\u00edch \u0161kol a&nbsp;\u0161kolsk\u00fdch za\u0159\u00edzen\u00ed z&nbsp;dot\u010den\u00fdch kraj\u016f Gymn\u00e1zium, z\u00e1kladn\u00ed \u0161kola a&nbsp;mate\u0159sk\u00e1 \u0161kola Hello s.r.o.&nbsp;z\u00edskalo finan\u010dn\u00ed podporu z&nbsp;Evropsk\u00e9ho soci\u00e1ln\u00edho fondu na realizaci projektu Rodil\u00ed mluv\u010d\u00ed do \u0161kol, v&nbsp;r\u00e1mci Opera\u010dn\u00edho programu Vzd\u011bl\u00e1v\u00e1n\u00ed pro konkurenceschopnost a&nbsp;nab\u00edz\u00ed zdarma vzd\u011bl\u00e1vac\u00ed aktivity. n\u00e1zev a\u00a0c\u00edle komu je [&hellip;]\" \/>\n<meta property=\"og:url\" content=\"https:\/\/www.helloskola.cz\/zakladni-skola\/zivot-skoly-a-trid\/projekty\/rodili-mluvci-do-skol\/\" \/>\n<meta property=\"og:site_name\" content=\"Z\u00e1kladn\u00ed \u0161kola HELLO\" \/>\n<meta property=\"article:modified_time\" content=\"2022-04-01T08:20:39+00:00\" \/>\n<meta property=\"og:image\" content=\"https:\/\/www.helloskola.cz\/zakladni-skola\/wp-content\/uploads\/sites\/6\/2022\/04\/logo_eu.jpeg\" \/>\n<meta name=\"twitter:card\" content=\"summary_large_image\" \/>\n<meta name=\"twitter:label1\" content=\"Odhadovan\u00e1 doba \u010dten\u00ed\" \/>\n\t<meta name=\"twitter:data1\" content=\"4 minuty\" \/>\n<script type=\"application\/ld+json\" class=\"yoast-schema-graph\">{\"@context\":\"https:\/\/schema.org\",\"@graph\":[{\"@type\":\"WebPage\",\"@id\":\"https:\/\/www.helloskola.cz\/zakladni-skola\/zivot-skoly-a-trid\/projekty\/rodili-mluvci-do-skol\/\",\"url\":\"https:\/\/www.helloskola.cz\/zakladni-skola\/zivot-skoly-a-trid\/projekty\/rodili-mluvci-do-skol\/\",\"name\":\"Rodil\u00ed mluv\u010d\u00ed do \u0161kol | Z\u00e1kladn\u00ed \u0161kola HELLO\",\"isPartOf\":{\"@id\":\"https:\/\/www.helloskola.cz\/zakladni-skola\/#website\"},\"primaryImageOfPage\":{\"@id\":\"https:\/\/www.helloskola.cz\/zakladni-skola\/zivot-skoly-a-trid\/projekty\/rodili-mluvci-do-skol\/#primaryimage\"},\"image\":{\"@id\":\"https:\/\/www.helloskola.cz\/zakladni-skola\/zivot-skoly-a-trid\/projekty\/rodili-mluvci-do-skol\/#primaryimage\"},\"thumbnailUrl\":\"https:\/\/www.helloskola.cz\/zakladni-skola\/wp-content\/uploads\/sites\/6\/2022\/05\/zakladka-fallback.png\",\"datePublished\":\"2022-04-01T07:49:01+00:00\",\"dateModified\":\"2022-04-01T08:20:39+00:00\",\"breadcrumb\":{\"@id\":\"https:\/\/www.helloskola.cz\/zakladni-skola\/zivot-skoly-a-trid\/projekty\/rodili-mluvci-do-skol\/#breadcrumb\"},\"inLanguage\":\"cs\",\"potentialAction\":[{\"@type\":\"ReadAction\",\"target\":[\"https:\/\/www.helloskola.cz\/zakladni-skola\/zivot-skoly-a-trid\/projekty\/rodili-mluvci-do-skol\/\"]}]},{\"@type\":\"ImageObject\",\"inLanguage\":\"cs\",\"@id\":\"https:\/\/www.helloskola.cz\/zakladni-skola\/zivot-skoly-a-trid\/projekty\/rodili-mluvci-do-skol\/#primaryimage\",\"url\":\"https:\/\/www.helloskola.cz\/zakladni-skola\/wp-content\/uploads\/sites\/6\/2022\/05\/zakladka-fallback.png\",\"contentUrl\":\"https:\/\/www.helloskola.cz\/zakladni-skola\/wp-content\/uploads\/sites\/6\/2022\/05\/zakladka-fallback.png\",\"width\":933,\"height\":700},{\"@type\":\"BreadcrumbList\",\"@id\":\"https:\/\/www.helloskola.cz\/zakladni-skola\/zivot-skoly-a-trid\/projekty\/rodili-mluvci-do-skol\/#breadcrumb\",\"itemListElement\":[{\"@type\":\"ListItem\",\"position\":1,\"name\":\"\u00davod\",\"item\":\"https:\/\/www.helloskola.cz\/zakladni-skola\/\"},{\"@type\":\"ListItem\",\"position\":2,\"name\":\"\u017divot \u0161koly\",\"item\":\"https:\/\/www.helloskola.cz\/zakladni-skola\/zivot-skoly-a-trid\/\"},{\"@type\":\"ListItem\",\"position\":3,\"name\":\"Projekty\",\"item\":\"https:\/\/www.helloskola.cz\/zakladni-skola\/zivot-skoly-a-trid\/projekty\/\"},{\"@type\":\"ListItem\",\"position\":4,\"name\":\"Rodil\u00ed mluv\u010d\u00ed do \u0161kol\"}]},{\"@type\":\"WebSite\",\"@id\":\"https:\/\/www.helloskola.cz\/zakladni-skola\/#website\",\"url\":\"https:\/\/www.helloskola.cz\/zakladni-skola\/\",\"name\":\"Z\u00e1kladn\u00ed \u0161kola HELLO\",\"description\":\"\u010desko-anglick\u00e1 z\u00e1kladn\u00ed \u0161kola, Ostrava Poruba\",\"publisher\":{\"@id\":\"https:\/\/www.helloskola.cz\/zakladni-skola\/#organization\"},\"potentialAction\":[{\"@type\":\"SearchAction\",\"target\":{\"@type\":\"EntryPoint\",\"urlTemplate\":\"https:\/\/www.helloskola.cz\/zakladni-skola\/?s={search_term_string}\"},\"query-input\":{\"@type\":\"PropertyValueSpecification\",\"valueRequired\":true,\"valueName\":\"search_term_string\"}}],\"inLanguage\":\"cs\"},{\"@type\":\"Organization\",\"@id\":\"https:\/\/www.helloskola.cz\/zakladni-skola\/#organization\",\"name\":\"Z\u00e1kladn\u00ed \u0161kola Hello\",\"url\":\"https:\/\/www.helloskola.cz\/zakladni-skola\/\",\"logo\":{\"@type\":\"ImageObject\",\"inLanguage\":\"cs\",\"@id\":\"https:\/\/www.helloskola.cz\/zakladni-skola\/#\/schema\/logo\/image\/\",\"url\":\"https:\/\/www.helloskola.cz\/zakladni-skola\/wp-content\/uploads\/sites\/6\/2022\/02\/hello_gy_zakladka_logo.svg\",\"contentUrl\":\"https:\/\/www.helloskola.cz\/zakladni-skola\/wp-content\/uploads\/sites\/6\/2022\/02\/hello_gy_zakladka_logo.svg\",\"width\":100,\"height\":100,\"caption\":\"Z\u00e1kladn\u00ed \u0161kola Hello\"},\"image\":{\"@id\":\"https:\/\/www.helloskola.cz\/zakladni-skola\/#\/schema\/logo\/image\/\"}}]}<\/script>\n<!-- \/ Yoast SEO plugin. -->","yoast_head_json":{"title":"Rodil\u00ed mluv\u010d\u00ed do \u0161kol | Z\u00e1kladn\u00ed \u0161kola HELLO","robots":{"index":"index","follow":"follow","max-snippet":"max-snippet:-1","max-image-preview":"max-image-preview:large","max-video-preview":"max-video-preview:-1"},"canonical":"https:\/\/www.helloskola.cz\/zakladni-skola\/zivot-skoly-a-trid\/projekty\/rodili-mluvci-do-skol\/","og_locale":"cs_CZ","og_type":"article","og_title":"Rodil\u00ed mluv\u010d\u00ed do \u0161kol | Z\u00e1kladn\u00ed \u0161kola HELLO","og_description":"Rodil\u00ed mluv\u010d\u00ed do \u0161kol &#8211; vzd\u011bl\u00e1vac\u00ed kurzy na m\u00edru pro \u017e\u00e1ky z\u00e1kladn\u00edch \u0161kol, pedagogick\u00e9 a&nbsp;vedouc\u00ed pracovn\u00edky z\u00e1kladn\u00edch \u0161kol a&nbsp;\u0161kolsk\u00fdch za\u0159\u00edzen\u00ed z&nbsp;dot\u010den\u00fdch kraj\u016f Gymn\u00e1zium, z\u00e1kladn\u00ed \u0161kola a&nbsp;mate\u0159sk\u00e1 \u0161kola Hello s.r.o.&nbsp;z\u00edskalo finan\u010dn\u00ed podporu z&nbsp;Evropsk\u00e9ho soci\u00e1ln\u00edho fondu na realizaci projektu Rodil\u00ed mluv\u010d\u00ed do \u0161kol, v&nbsp;r\u00e1mci Opera\u010dn\u00edho programu Vzd\u011bl\u00e1v\u00e1n\u00ed pro konkurenceschopnost a&nbsp;nab\u00edz\u00ed zdarma vzd\u011bl\u00e1vac\u00ed aktivity. n\u00e1zev a\u00a0c\u00edle komu je [&hellip;]","og_url":"https:\/\/www.helloskola.cz\/zakladni-skola\/zivot-skoly-a-trid\/projekty\/rodili-mluvci-do-skol\/","og_site_name":"Z\u00e1kladn\u00ed \u0161kola HELLO","article_modified_time":"2022-04-01T08:20:39+00:00","og_image":[{"url":"https:\/\/www.helloskola.cz\/zakladni-skola\/wp-content\/uploads\/sites\/6\/2022\/04\/logo_eu.jpeg","type":"","width":"","height":""}],"twitter_card":"summary_large_image","twitter_misc":{"Odhadovan\u00e1 doba \u010dten\u00ed":"4 minuty"},"schema":{"@context":"https:\/\/schema.org","@graph":[{"@type":"WebPage","@id":"https:\/\/www.helloskola.cz\/zakladni-skola\/zivot-skoly-a-trid\/projekty\/rodili-mluvci-do-skol\/","url":"https:\/\/www.helloskola.cz\/zakladni-skola\/zivot-skoly-a-trid\/projekty\/rodili-mluvci-do-skol\/","name":"Rodil\u00ed mluv\u010d\u00ed do \u0161kol | Z\u00e1kladn\u00ed \u0161kola HELLO","isPartOf":{"@id":"https:\/\/www.helloskola.cz\/zakladni-skola\/#website"},"primaryImageOfPage":{"@id":"https:\/\/www.helloskola.cz\/zakladni-skola\/zivot-skoly-a-trid\/projekty\/rodili-mluvci-do-skol\/#primaryimage"},"image":{"@id":"https:\/\/www.helloskola.cz\/zakladni-skola\/zivot-skoly-a-trid\/projekty\/rodili-mluvci-do-skol\/#primaryimage"},"thumbnailUrl":"https:\/\/www.helloskola.cz\/zakladni-skola\/wp-content\/uploads\/sites\/6\/2022\/05\/zakladka-fallback.png","datePublished":"2022-04-01T07:49:01+00:00","dateModified":"2022-04-01T08:20:39+00:00","breadcrumb":{"@id":"https:\/\/www.helloskola.cz\/zakladni-skola\/zivot-skoly-a-trid\/projekty\/rodili-mluvci-do-skol\/#breadcrumb"},"inLanguage":"cs","potentialAction":[{"@type":"ReadAction","target":["https:\/\/www.helloskola.cz\/zakladni-skola\/zivot-skoly-a-trid\/projekty\/rodili-mluvci-do-skol\/"]}]},{"@type":"ImageObject","inLanguage":"cs","@id":"https:\/\/www.helloskola.cz\/zakladni-skola\/zivot-skoly-a-trid\/projekty\/rodili-mluvci-do-skol\/#primaryimage","url":"https:\/\/www.helloskola.cz\/zakladni-skola\/wp-content\/uploads\/sites\/6\/2022\/05\/zakladka-fallback.png","contentUrl":"https:\/\/www.helloskola.cz\/zakladni-skola\/wp-content\/uploads\/sites\/6\/2022\/05\/zakladka-fallback.png","width":933,"height":700},{"@type":"BreadcrumbList","@id":"https:\/\/www.helloskola.cz\/zakladni-skola\/zivot-skoly-a-trid\/projekty\/rodili-mluvci-do-skol\/#breadcrumb","itemListElement":[{"@type":"ListItem","position":1,"name":"\u00davod","item":"https:\/\/www.helloskola.cz\/zakladni-skola\/"},{"@type":"ListItem","position":2,"name":"\u017divot \u0161koly","item":"https:\/\/www.helloskola.cz\/zakladni-skola\/zivot-skoly-a-trid\/"},{"@type":"ListItem","position":3,"name":"Projekty","item":"https:\/\/www.helloskola.cz\/zakladni-skola\/zivot-skoly-a-trid\/projekty\/"},{"@type":"ListItem","position":4,"name":"Rodil\u00ed mluv\u010d\u00ed do \u0161kol"}]},{"@type":"WebSite","@id":"https:\/\/www.helloskola.cz\/zakladni-skola\/#website","url":"https:\/\/www.helloskola.cz\/zakladni-skola\/","name":"Z\u00e1kladn\u00ed \u0161kola HELLO","description":"\u010desko-anglick\u00e1 z\u00e1kladn\u00ed \u0161kola, Ostrava Poruba","publisher":{"@id":"https:\/\/www.helloskola.cz\/zakladni-skola\/#organization"},"potentialAction":[{"@type":"SearchAction","target":{"@type":"EntryPoint","urlTemplate":"https:\/\/www.helloskola.cz\/zakladni-skola\/?s={search_term_string}"},"query-input":{"@type":"PropertyValueSpecification","valueRequired":true,"valueName":"search_term_string"}}],"inLanguage":"cs"},{"@type":"Organization","@id":"https:\/\/www.helloskola.cz\/zakladni-skola\/#organization","name":"Z\u00e1kladn\u00ed \u0161kola Hello","url":"https:\/\/www.helloskola.cz\/zakladni-skola\/","logo":{"@type":"ImageObject","inLanguage":"cs","@id":"https:\/\/www.helloskola.cz\/zakladni-skola\/#\/schema\/logo\/image\/","url":"https:\/\/www.helloskola.cz\/zakladni-skola\/wp-content\/uploads\/sites\/6\/2022\/02\/hello_gy_zakladka_logo.svg","contentUrl":"https:\/\/www.helloskola.cz\/zakladni-skola\/wp-content\/uploads\/sites\/6\/2022\/02\/hello_gy_zakladka_logo.svg","width":100,"height":100,"caption":"Z\u00e1kladn\u00ed \u0161kola Hello"},"image":{"@id":"https:\/\/www.helloskola.cz\/zakladni-skola\/#\/schema\/logo\/image\/"}}]}},"_links":{"self":[{"href":"https:\/\/www.helloskola.cz\/zakladni-skola\/wp-json\/wp\/v2\/pages\/1934","targetHints":{"allow":["GET"]}}],"collection":[{"href":"https:\/\/www.helloskola.cz\/zakladni-skola\/wp-json\/wp\/v2\/pages"}],"about":[{"href":"https:\/\/www.helloskola.cz\/zakladni-skola\/wp-json\/wp\/v2\/types\/page"}],"author":[{"embeddable":true,"href":"https:\/\/www.helloskola.cz\/zakladni-skola\/wp-json\/wp\/v2\/users\/1"}],"replies":[{"embeddable":true,"href":"https:\/\/www.helloskola.cz\/zakladni-skola\/wp-json\/wp\/v2\/comments?post=1934"}],"version-history":[{"count":8,"href":"https:\/\/www.helloskola.cz\/zakladni-skola\/wp-json\/wp\/v2\/pages\/1934\/revisions"}],"predecessor-version":[{"id":1953,"href":"https:\/\/www.helloskola.cz\/zakladni-skola\/wp-json\/wp\/v2\/pages\/1934\/revisions\/1953"}],"up":[{"embeddable":true,"href":"https:\/\/www.helloskola.cz\/zakladni-skola\/wp-json\/wp\/v2\/pages\/1924"}],"wp:featuredmedia":[{"embeddable":true,"href":"https:\/\/www.helloskola.cz\/zakladni-skola\/wp-json\/wp\/v2\/media\/2575"}],"wp:attachment":[{"href":"https:\/\/www.helloskola.cz\/zakladni-skola\/wp-json\/wp\/v2\/media?parent=1934"}],"curies":[{"name":"wp","href":"https:\/\/api.w.org\/{rel}","templated":true}]}}