{"id":7475,"date":"2026-03-05T18:58:53","date_gmt":"2026-03-05T17:58:53","guid":{"rendered":"https:\/\/www.helloskola.cz\/zakladni-skola\/?post_type=novinky&#038;p=7475"},"modified":"2026-03-31T15:43:57","modified_gmt":"2026-03-31T13:43:57","slug":"nemcina-ktera-otevira-dvere-do-sveta","status":"publish","type":"novinky","link":"https:\/\/www.helloskola.cz\/zakladni-skola\/novinky\/nemcina-ktera-otevira-dvere-do-sveta\/","title":{"rendered":"N\u011bm\u010dina, kter\u00e1 otev\u00edr\u00e1 dve\u0159e do sv\u011bta"},"content":{"rendered":"\n<p>N\u011bm\u010dina u n\u00e1s nen\u00ed jen \u0161koln\u00ed p\u0159edm\u011bt \u2013 je to z\u00e1\u017eitek. \u017d\u00e1ci ji neobjevuj\u00ed pouze v lavic\u00edch, ale p\u0159edev\u0161\u00edm v praxi, tvo\u0159iv\u011b a s chut\u00ed. Ukazujeme jim, \u017ee jazyk m\u00e1 smysl tehdy, kdy\u017e se pou\u017e\u00edv\u00e1 \u2013 p\u0159i komunikaci, tvorb\u011b i pozn\u00e1v\u00e1n\u00ed nov\u00fdch m\u00edst.<\/p>\n\n\n\n<p>Jednou z mnoha aktivit je sout\u011b\u017e Videowettbewerb po\u0159\u00e1dan\u00e1 instituc\u00ed ProLingua. \u017d\u00e1ci dostanou stejn\u00fd text \u2013 v\u011bt\u0161inou kr\u00e1tk\u00fd ske\u010d \u2013 kter\u00fd mus\u00ed nastudovat, sehr\u00e1t a nato\u010dit. V\u00fdsledkem jsou origin\u00e1ln\u00ed videa pln\u00e1 n\u00e1pad\u016f, humoru a t\u00fdmov\u00e9 spolupr\u00e1ce. Jazyk se tak p\u0159irozen\u011b propojuje s kreativitou a modern\u00edmi technologiemi.<\/p>\n\n\n\n<p>Velkou p\u0159idanou hodnotou je tak\u00e9 na\u0161e spolupr\u00e1ce s v\u00fdznamn\u00fdmi institucemi. Jsme partnerem Goethe-Institutu v projektu Deutsch Plus, d\u00edky kter\u00e9mu se pravideln\u011b zapojujeme do atraktivn\u00edch akc\u00ed a program\u016f podporuj\u00edc\u00edch modern\u00ed v\u00fduku n\u011bm\u010diny. \u017d\u00e1ci tak maj\u00ed mo\u017enost za\u017e\u00edt jazyk v autentick\u00e9m kontextu a z\u00edskat nov\u00e9 motivuj\u00edc\u00ed podn\u011bty.<\/p>\n\n\n\n<p>Z\u00e1\u017eitky p\u0159in\u00e1\u0161ej\u00ed i mimo\u0161koln\u00ed aktivity. \u017d\u00e1ci z\u00e1kladn\u00ed \u0161koly se v Opav\u011b z\u00fa\u010dastnili hry Autobahnspiel, kter\u00e1 jim z\u00e1bavnou formou p\u0159ibl\u00ed\u017eila re\u00e1lie n\u011bmecky mluv\u00edc\u00edch zem\u00ed. \u017d\u00e1ci gymn\u00e1zia se ji\u017e podruh\u00e9 vydali na divadeln\u00ed p\u0159edstaven\u00ed inspirovan\u00e9 d\u00edlem Thomase Manna v pod\u00e1n\u00ed student\u016f germanistiky Ostravsk\u00e9 univerzity.&nbsp;<\/p>\n\n\n\n<p>A co n\u00e1s \u010dek\u00e1 d\u00e1l? Na ja\u0159e vyr\u00e1\u017eej\u00ed \u017e\u00e1ci z\u00e1kladn\u00ed \u0161koly i gymn\u00e1zia na z\u00e1jezdy do V\u00eddn\u011b. Ka\u017ed\u00e1 skupina zvl\u00e1\u0161\u0165, ale se stejn\u00fdm c\u00edlem \u2013 poznat slavn\u00e9 pam\u00e1tky, historii a p\u0159edev\u0161\u00edm vyzkou\u0161et n\u011bm\u010dinu p\u0159\u00edmo v re\u00e1ln\u00e9m prost\u0159ed\u00ed. Sv\u00e9 m\u00edsto m\u00e1 i vlastn\u00ed tvorba \u2013 \u017e\u00e1ci 8. t\u0159\u00eddy ji\u017e druh\u00fd rok p\u0159ipravuj\u00ed divadeln\u00ed p\u0159edstaven\u00ed v n\u011bm\u010din\u011b pro sv\u00e9 spolu\u017e\u00e1ky.<\/p>\n\n\n\n<p>N\u011bm\u010dina u n\u00e1s znamen\u00e1 v\u00edc ne\u017e jen v\u00fduku. Je to cesta k nov\u00fdm zku\u0161enostem, sebev\u011bdom\u00ed i otev\u0159en\u00fdm dve\u0159\u00edm do sv\u011bta.<\/p>\n\n\n\n<p><strong>Mgr. Lucie Richt\u00e1rov\u00e1<\/strong><\/p>\n\n\n\n<figure class=\"wp-block-gallery has-nested-images columns-default is-cropped wp-block-gallery-1 is-layout-flex wp-block-gallery-is-layout-flex\">\n<figure class=\"wp-block-image size-large\"><img fetchpriority=\"high\" decoding=\"async\" width=\"461\" height=\"1024\" data-id=\"7484\" src=\"https:\/\/www.helloskola.cz\/zakladni-skola\/wp-content\/uploads\/sites\/6\/2026\/03\/efb4068b-1ca7-4f7c-a593-7035290230fe-2-461x1024.jpg\" alt=\"\" class=\"wp-image-7484\" srcset=\"https:\/\/www.helloskola.cz\/zakladni-skola\/wp-content\/uploads\/sites\/6\/2026\/03\/efb4068b-1ca7-4f7c-a593-7035290230fe-2-461x1024.jpg 461w, https:\/\/www.helloskola.cz\/zakladni-skola\/wp-content\/uploads\/sites\/6\/2026\/03\/efb4068b-1ca7-4f7c-a593-7035290230fe-2-135x300.jpg 135w, https:\/\/www.helloskola.cz\/zakladni-skola\/wp-content\/uploads\/sites\/6\/2026\/03\/efb4068b-1ca7-4f7c-a593-7035290230fe-2-768x1708.jpg 768w, https:\/\/www.helloskola.cz\/zakladni-skola\/wp-content\/uploads\/sites\/6\/2026\/03\/efb4068b-1ca7-4f7c-a593-7035290230fe-2-691x1536.jpg 691w, https:\/\/www.helloskola.cz\/zakladni-skola\/wp-content\/uploads\/sites\/6\/2026\/03\/efb4068b-1ca7-4f7c-a593-7035290230fe-2.jpg 921w\" sizes=\"(max-width: 461px) 100vw, 461px\" \/><\/figure>\n<\/figure>\n\n\n\n<p><\/p>\n","protected":false},"featured_media":7476,"template":"","kategorie-skolni-rok":[60],"class_list":["post-7475","novinky","type-novinky","status-publish","has-post-thumbnail","hentry","kategorie-skolni-rok-2-pololeti-skolni-rok-2025-2026"],"yoast_head":"<!-- This site is optimized with the Yoast SEO plugin v24.8.1 - https:\/\/yoast.com\/wordpress\/plugins\/seo\/ -->\n<title>N\u011bm\u010dina, kter\u00e1 otev\u00edr\u00e1 dve\u0159e do sv\u011bta | Z\u00e1kladn\u00ed \u0161kola HELLO<\/title>\n<meta name=\"robots\" content=\"index, follow, max-snippet:-1, max-image-preview:large, max-video-preview:-1\" \/>\n<link rel=\"canonical\" href=\"https:\/\/www.helloskola.cz\/zakladni-skola\/novinky\/nemcina-ktera-otevira-dvere-do-sveta\/\" \/>\n<meta property=\"og:locale\" content=\"cs_CZ\" \/>\n<meta property=\"og:type\" content=\"article\" \/>\n<meta property=\"og:title\" content=\"N\u011bm\u010dina, kter\u00e1 otev\u00edr\u00e1 dve\u0159e do sv\u011bta | Z\u00e1kladn\u00ed \u0161kola HELLO\" \/>\n<meta property=\"og:description\" content=\"N\u011bm\u010dina u n\u00e1s nen\u00ed jen \u0161koln\u00ed p\u0159edm\u011bt \u2013 je to z\u00e1\u017eitek. \u017d\u00e1ci ji neobjevuj\u00ed pouze v lavic\u00edch, ale p\u0159edev\u0161\u00edm v praxi, tvo\u0159iv\u011b a s chut\u00ed. Ukazujeme jim, \u017ee jazyk m\u00e1 smysl tehdy, kdy\u017e se pou\u017e\u00edv\u00e1 \u2013 p\u0159i komunikaci, tvorb\u011b i pozn\u00e1v\u00e1n\u00ed nov\u00fdch m\u00edst. Jednou z mnoha aktivit je sout\u011b\u017e Videowettbewerb po\u0159\u00e1dan\u00e1 instituc\u00ed ProLingua. \u017d\u00e1ci dostanou [&hellip;]\" \/>\n<meta property=\"og:url\" content=\"https:\/\/www.helloskola.cz\/zakladni-skola\/novinky\/nemcina-ktera-otevira-dvere-do-sveta\/\" \/>\n<meta property=\"og:site_name\" content=\"Z\u00e1kladn\u00ed \u0161kola HELLO\" \/>\n<meta property=\"article:modified_time\" content=\"2026-03-31T13:43:57+00:00\" \/>\n<meta property=\"og:image\" content=\"https:\/\/www.helloskola.cz\/zakladni-skola\/wp-content\/uploads\/sites\/6\/2026\/03\/Spolecne-foto-1.jpg\" \/>\n\t<meta property=\"og:image:width\" content=\"1800\" \/>\n\t<meta property=\"og:image:height\" content=\"1813\" \/>\n\t<meta property=\"og:image:type\" content=\"image\/jpeg\" \/>\n<meta name=\"twitter:card\" content=\"summary_large_image\" \/>\n<meta name=\"twitter:label1\" content=\"Odhadovan\u00e1 doba \u010dten\u00ed\" \/>\n\t<meta name=\"twitter:data1\" content=\"2 minuty\" \/>\n<script type=\"application\/ld+json\" class=\"yoast-schema-graph\">{\"@context\":\"https:\/\/schema.org\",\"@graph\":[{\"@type\":\"WebPage\",\"@id\":\"https:\/\/www.helloskola.cz\/zakladni-skola\/novinky\/nemcina-ktera-otevira-dvere-do-sveta\/\",\"url\":\"https:\/\/www.helloskola.cz\/zakladni-skola\/novinky\/nemcina-ktera-otevira-dvere-do-sveta\/\",\"name\":\"N\u011bm\u010dina, kter\u00e1 otev\u00edr\u00e1 dve\u0159e do sv\u011bta | Z\u00e1kladn\u00ed \u0161kola HELLO\",\"isPartOf\":{\"@id\":\"https:\/\/www.helloskola.cz\/zakladni-skola\/#website\"},\"primaryImageOfPage\":{\"@id\":\"https:\/\/www.helloskola.cz\/zakladni-skola\/novinky\/nemcina-ktera-otevira-dvere-do-sveta\/#primaryimage\"},\"image\":{\"@id\":\"https:\/\/www.helloskola.cz\/zakladni-skola\/novinky\/nemcina-ktera-otevira-dvere-do-sveta\/#primaryimage\"},\"thumbnailUrl\":\"https:\/\/www.helloskola.cz\/zakladni-skola\/wp-content\/uploads\/sites\/6\/2026\/03\/Spolecne-foto-1.jpg\",\"datePublished\":\"2026-03-05T17:58:53+00:00\",\"dateModified\":\"2026-03-31T13:43:57+00:00\",\"breadcrumb\":{\"@id\":\"https:\/\/www.helloskola.cz\/zakladni-skola\/novinky\/nemcina-ktera-otevira-dvere-do-sveta\/#breadcrumb\"},\"inLanguage\":\"cs\",\"potentialAction\":[{\"@type\":\"ReadAction\",\"target\":[\"https:\/\/www.helloskola.cz\/zakladni-skola\/novinky\/nemcina-ktera-otevira-dvere-do-sveta\/\"]}]},{\"@type\":\"ImageObject\",\"inLanguage\":\"cs\",\"@id\":\"https:\/\/www.helloskola.cz\/zakladni-skola\/novinky\/nemcina-ktera-otevira-dvere-do-sveta\/#primaryimage\",\"url\":\"https:\/\/www.helloskola.cz\/zakladni-skola\/wp-content\/uploads\/sites\/6\/2026\/03\/Spolecne-foto-1.jpg\",\"contentUrl\":\"https:\/\/www.helloskola.cz\/zakladni-skola\/wp-content\/uploads\/sites\/6\/2026\/03\/Spolecne-foto-1.jpg\",\"width\":1800,\"height\":1813},{\"@type\":\"BreadcrumbList\",\"@id\":\"https:\/\/www.helloskola.cz\/zakladni-skola\/novinky\/nemcina-ktera-otevira-dvere-do-sveta\/#breadcrumb\",\"itemListElement\":[{\"@type\":\"ListItem\",\"position\":1,\"name\":\"\u00davod\",\"item\":\"https:\/\/www.helloskola.cz\/zakladni-skola\/\"},{\"@type\":\"ListItem\",\"position\":2,\"name\":\"Novinky\",\"item\":\"https:\/\/www.helloskola.cz\/zakladni-skola\/novinky\/\"},{\"@type\":\"ListItem\",\"position\":3,\"name\":\"\u0160koln\u00ed rok 2025\/2026\",\"item\":\"https:\/\/www.helloskola.cz\/zakladni-skola\/kategorie-skolni-rok\/skolni-rok-2025-2026\/\"},{\"@type\":\"ListItem\",\"position\":4,\"name\":\"2. pololet\u00ed\",\"item\":\"https:\/\/www.helloskola.cz\/zakladni-skola\/kategorie-skolni-rok\/2-pololeti-skolni-rok-2025-2026\/\"},{\"@type\":\"ListItem\",\"position\":5,\"name\":\"N\u011bm\u010dina, kter\u00e1 otev\u00edr\u00e1 dve\u0159e do sv\u011bta\"}]},{\"@type\":\"WebSite\",\"@id\":\"https:\/\/www.helloskola.cz\/zakladni-skola\/#website\",\"url\":\"https:\/\/www.helloskola.cz\/zakladni-skola\/\",\"name\":\"Z\u00e1kladn\u00ed \u0161kola HELLO\",\"description\":\"\u010desko-anglick\u00e1 z\u00e1kladn\u00ed \u0161kola, Ostrava Poruba\",\"publisher\":{\"@id\":\"https:\/\/www.helloskola.cz\/zakladni-skola\/#organization\"},\"potentialAction\":[{\"@type\":\"SearchAction\",\"target\":{\"@type\":\"EntryPoint\",\"urlTemplate\":\"https:\/\/www.helloskola.cz\/zakladni-skola\/?s={search_term_string}\"},\"query-input\":{\"@type\":\"PropertyValueSpecification\",\"valueRequired\":true,\"valueName\":\"search_term_string\"}}],\"inLanguage\":\"cs\"},{\"@type\":\"Organization\",\"@id\":\"https:\/\/www.helloskola.cz\/zakladni-skola\/#organization\",\"name\":\"Z\u00e1kladn\u00ed \u0161kola Hello\",\"url\":\"https:\/\/www.helloskola.cz\/zakladni-skola\/\",\"logo\":{\"@type\":\"ImageObject\",\"inLanguage\":\"cs\",\"@id\":\"https:\/\/www.helloskola.cz\/zakladni-skola\/#\/schema\/logo\/image\/\",\"url\":\"https:\/\/www.helloskola.cz\/zakladni-skola\/wp-content\/uploads\/sites\/6\/2022\/02\/hello_gy_zakladka_logo.svg\",\"contentUrl\":\"https:\/\/www.helloskola.cz\/zakladni-skola\/wp-content\/uploads\/sites\/6\/2022\/02\/hello_gy_zakladka_logo.svg\",\"width\":100,\"height\":100,\"caption\":\"Z\u00e1kladn\u00ed \u0161kola Hello\"},\"image\":{\"@id\":\"https:\/\/www.helloskola.cz\/zakladni-skola\/#\/schema\/logo\/image\/\"}}]}<\/script>\n<!-- \/ Yoast SEO plugin. -->","yoast_head_json":{"title":"N\u011bm\u010dina, kter\u00e1 otev\u00edr\u00e1 dve\u0159e do sv\u011bta | Z\u00e1kladn\u00ed \u0161kola HELLO","robots":{"index":"index","follow":"follow","max-snippet":"max-snippet:-1","max-image-preview":"max-image-preview:large","max-video-preview":"max-video-preview:-1"},"canonical":"https:\/\/www.helloskola.cz\/zakladni-skola\/novinky\/nemcina-ktera-otevira-dvere-do-sveta\/","og_locale":"cs_CZ","og_type":"article","og_title":"N\u011bm\u010dina, kter\u00e1 otev\u00edr\u00e1 dve\u0159e do sv\u011bta | Z\u00e1kladn\u00ed \u0161kola HELLO","og_description":"N\u011bm\u010dina u n\u00e1s nen\u00ed jen \u0161koln\u00ed p\u0159edm\u011bt \u2013 je to z\u00e1\u017eitek. \u017d\u00e1ci ji neobjevuj\u00ed pouze v lavic\u00edch, ale p\u0159edev\u0161\u00edm v praxi, tvo\u0159iv\u011b a s chut\u00ed. Ukazujeme jim, \u017ee jazyk m\u00e1 smysl tehdy, kdy\u017e se pou\u017e\u00edv\u00e1 \u2013 p\u0159i komunikaci, tvorb\u011b i pozn\u00e1v\u00e1n\u00ed nov\u00fdch m\u00edst. Jednou z mnoha aktivit je sout\u011b\u017e Videowettbewerb po\u0159\u00e1dan\u00e1 instituc\u00ed ProLingua. \u017d\u00e1ci dostanou [&hellip;]","og_url":"https:\/\/www.helloskola.cz\/zakladni-skola\/novinky\/nemcina-ktera-otevira-dvere-do-sveta\/","og_site_name":"Z\u00e1kladn\u00ed \u0161kola HELLO","article_modified_time":"2026-03-31T13:43:57+00:00","og_image":[{"width":1800,"height":1813,"url":"https:\/\/www.helloskola.cz\/zakladni-skola\/wp-content\/uploads\/sites\/6\/2026\/03\/Spolecne-foto-1.jpg","type":"image\/jpeg"}],"twitter_card":"summary_large_image","twitter_misc":{"Odhadovan\u00e1 doba \u010dten\u00ed":"2 minuty"},"schema":{"@context":"https:\/\/schema.org","@graph":[{"@type":"WebPage","@id":"https:\/\/www.helloskola.cz\/zakladni-skola\/novinky\/nemcina-ktera-otevira-dvere-do-sveta\/","url":"https:\/\/www.helloskola.cz\/zakladni-skola\/novinky\/nemcina-ktera-otevira-dvere-do-sveta\/","name":"N\u011bm\u010dina, kter\u00e1 otev\u00edr\u00e1 dve\u0159e do sv\u011bta | Z\u00e1kladn\u00ed \u0161kola HELLO","isPartOf":{"@id":"https:\/\/www.helloskola.cz\/zakladni-skola\/#website"},"primaryImageOfPage":{"@id":"https:\/\/www.helloskola.cz\/zakladni-skola\/novinky\/nemcina-ktera-otevira-dvere-do-sveta\/#primaryimage"},"image":{"@id":"https:\/\/www.helloskola.cz\/zakladni-skola\/novinky\/nemcina-ktera-otevira-dvere-do-sveta\/#primaryimage"},"thumbnailUrl":"https:\/\/www.helloskola.cz\/zakladni-skola\/wp-content\/uploads\/sites\/6\/2026\/03\/Spolecne-foto-1.jpg","datePublished":"2026-03-05T17:58:53+00:00","dateModified":"2026-03-31T13:43:57+00:00","breadcrumb":{"@id":"https:\/\/www.helloskola.cz\/zakladni-skola\/novinky\/nemcina-ktera-otevira-dvere-do-sveta\/#breadcrumb"},"inLanguage":"cs","potentialAction":[{"@type":"ReadAction","target":["https:\/\/www.helloskola.cz\/zakladni-skola\/novinky\/nemcina-ktera-otevira-dvere-do-sveta\/"]}]},{"@type":"ImageObject","inLanguage":"cs","@id":"https:\/\/www.helloskola.cz\/zakladni-skola\/novinky\/nemcina-ktera-otevira-dvere-do-sveta\/#primaryimage","url":"https:\/\/www.helloskola.cz\/zakladni-skola\/wp-content\/uploads\/sites\/6\/2026\/03\/Spolecne-foto-1.jpg","contentUrl":"https:\/\/www.helloskola.cz\/zakladni-skola\/wp-content\/uploads\/sites\/6\/2026\/03\/Spolecne-foto-1.jpg","width":1800,"height":1813},{"@type":"BreadcrumbList","@id":"https:\/\/www.helloskola.cz\/zakladni-skola\/novinky\/nemcina-ktera-otevira-dvere-do-sveta\/#breadcrumb","itemListElement":[{"@type":"ListItem","position":1,"name":"\u00davod","item":"https:\/\/www.helloskola.cz\/zakladni-skola\/"},{"@type":"ListItem","position":2,"name":"Novinky","item":"https:\/\/www.helloskola.cz\/zakladni-skola\/novinky\/"},{"@type":"ListItem","position":3,"name":"\u0160koln\u00ed rok 2025\/2026","item":"https:\/\/www.helloskola.cz\/zakladni-skola\/kategorie-skolni-rok\/skolni-rok-2025-2026\/"},{"@type":"ListItem","position":4,"name":"2. pololet\u00ed","item":"https:\/\/www.helloskola.cz\/zakladni-skola\/kategorie-skolni-rok\/2-pololeti-skolni-rok-2025-2026\/"},{"@type":"ListItem","position":5,"name":"N\u011bm\u010dina, kter\u00e1 otev\u00edr\u00e1 dve\u0159e do sv\u011bta"}]},{"@type":"WebSite","@id":"https:\/\/www.helloskola.cz\/zakladni-skola\/#website","url":"https:\/\/www.helloskola.cz\/zakladni-skola\/","name":"Z\u00e1kladn\u00ed \u0161kola HELLO","description":"\u010desko-anglick\u00e1 z\u00e1kladn\u00ed \u0161kola, Ostrava Poruba","publisher":{"@id":"https:\/\/www.helloskola.cz\/zakladni-skola\/#organization"},"potentialAction":[{"@type":"SearchAction","target":{"@type":"EntryPoint","urlTemplate":"https:\/\/www.helloskola.cz\/zakladni-skola\/?s={search_term_string}"},"query-input":{"@type":"PropertyValueSpecification","valueRequired":true,"valueName":"search_term_string"}}],"inLanguage":"cs"},{"@type":"Organization","@id":"https:\/\/www.helloskola.cz\/zakladni-skola\/#organization","name":"Z\u00e1kladn\u00ed \u0161kola Hello","url":"https:\/\/www.helloskola.cz\/zakladni-skola\/","logo":{"@type":"ImageObject","inLanguage":"cs","@id":"https:\/\/www.helloskola.cz\/zakladni-skola\/#\/schema\/logo\/image\/","url":"https:\/\/www.helloskola.cz\/zakladni-skola\/wp-content\/uploads\/sites\/6\/2022\/02\/hello_gy_zakladka_logo.svg","contentUrl":"https:\/\/www.helloskola.cz\/zakladni-skola\/wp-content\/uploads\/sites\/6\/2022\/02\/hello_gy_zakladka_logo.svg","width":100,"height":100,"caption":"Z\u00e1kladn\u00ed \u0161kola Hello"},"image":{"@id":"https:\/\/www.helloskola.cz\/zakladni-skola\/#\/schema\/logo\/image\/"}}]}},"_links":{"self":[{"href":"https:\/\/www.helloskola.cz\/zakladni-skola\/wp-json\/wp\/v2\/novinky\/7475","targetHints":{"allow":["GET"]}}],"collection":[{"href":"https:\/\/www.helloskola.cz\/zakladni-skola\/wp-json\/wp\/v2\/novinky"}],"about":[{"href":"https:\/\/www.helloskola.cz\/zakladni-skola\/wp-json\/wp\/v2\/types\/novinky"}],"wp:featuredmedia":[{"embeddable":true,"href":"https:\/\/www.helloskola.cz\/zakladni-skola\/wp-json\/wp\/v2\/media\/7476"}],"wp:attachment":[{"href":"https:\/\/www.helloskola.cz\/zakladni-skola\/wp-json\/wp\/v2\/media?parent=7475"}],"wp:term":[{"taxonomy":"kategorie-skolni-rok","embeddable":true,"href":"https:\/\/www.helloskola.cz\/zakladni-skola\/wp-json\/wp\/v2\/kategorie-skolni-rok?post=7475"}],"curies":[{"name":"wp","href":"https:\/\/api.w.org\/{rel}","templated":true}]}}