{"id":7129,"date":"2025-10-30T17:54:04","date_gmt":"2025-10-30T16:54:04","guid":{"rendered":"https:\/\/www.helloskola.cz\/zakladni-skola\/?post_type=novinky&#038;p=7129"},"modified":"2026-02-21T11:54:12","modified_gmt":"2026-02-21T10:54:12","slug":"hello-miniscience-camp","status":"publish","type":"novinky","link":"https:\/\/www.helloskola.cz\/zakladni-skola\/novinky\/hello-miniscience-camp\/","title":{"rendered":"Hello miniScience Camp"},"content":{"rendered":"\n<p><strong>Badatelsk\u00fd v\u00fdjezd 7. ro\u010dn\u00edku do Kapr\u00e1lova ml\u00fdna<\/strong><\/p>\n\n\n\n<p>Na\u0161i sedm\u00e1ci se vydali na Science Camp do Kapr\u00e1lova ml\u00fdna, kde se t\u0159i dny v\u011bnovali badatelsk\u00fdm aktivit\u00e1m, objevov\u00e1n\u00ed p\u0159\u00edrody a spole\u010dn\u00fdm z\u00e1\u017eitk\u016fm.<\/p>\n\n\n\n<p><strong>Pond\u011bl\u00ed: Tajemstv\u00ed krasu a p\u0159edn\u00e1\u0161ka o plazech<\/strong><\/p>\n\n\n\n<p>Hned prvn\u00ed odpoledne se \u017e\u00e1ci vydali zkoumat krasov\u00e9 \u00fazem\u00ed Moravsk\u00e9ho krasu. U\u010dili se rozpozn\u00e1vat r\u016fzn\u00e9 krasov\u00e9 jevy, p\u0159em\u00fd\u0161leli o jejich vzniku a zji\u0161\u0165ovali, jak se li\u0161\u00ed teplota vody v jeskyni a mimo ni. Zab\u00fdvali se i ot\u00e1zkou, jak \u010dlov\u011bk ovliv\u0148uje krajinu a jak ji utv\u00e1\u0159\u00ed p\u0159\u00edroda sama. V\u0161echny sv\u00e9 poznatky pot\u00e9 zpracovali do kr\u00e1tk\u00fdch vide\u00ed, kter\u00e1 sami nato\u010dili a upravili.<\/p>\n\n\n\n<p>Ve\u010der na n\u011b \u010dekala p\u0159edn\u00e1\u0161ka zoologa pana Zaj\u00ed\u010dka, kter\u00fd se specializuje na plazy. P\u0159ivezl s sebou uk\u00e1zky \u2013 lebku krokod\u00fdla, vaj\u00ed\u010dka had\u016f i \u017eelv a tak\u00e9 \u017eiv\u00e9ho hada, kter\u00e9ho si odv\u00e1\u017en\u00ed \u017e\u00e1ci mohli pohladit &#8211; a poutav\u011b vypr\u00e1v\u011bl o sv\u00fdch zku\u0161enostech s plazy. Nechyb\u011blo ani pou\u010den\u00ed o tom, jak se chovat p\u0159i setk\u00e1n\u00ed se zmij\u00ed a co d\u011blat (a hlavn\u011b ned\u011blat) po u\u0161tknut\u00ed.<\/p>\n\n\n\n<p><strong>\u00dater\u00fd: \u017divot ve vod\u011b a ve\u010dern\u00ed t\u00e1bor\u00e1k<\/strong><\/p>\n\n\n\n<p>Druh\u00fd den se \u017e\u00e1ci rozd\u011blili do dvou badatelsk\u00fdch t\u00fdm\u016f a pustili se do v\u00fdzkumu vodn\u00edch biotop\u016f. Stanovovali si hypot\u00e9zy o teplot\u011b, mno\u017estv\u00ed kysl\u00edku a v\u00fdskytu bezobratl\u00fdch \u017eivo\u010dich\u016f. Pomoc\u00ed oxymetru a teplom\u011bru m\u011b\u0159ili vlastnosti vody, lovili drobn\u00e9 vodn\u00ed organismy a ur\u010dovali je podle ur\u010dovac\u00edch kl\u00ed\u010d\u016f.<\/p>\n\n\n\n<p>Objevili plo\u0161t\u011bnky, pot\u00e1pn\u00edky, ble\u0161ivce, dokonce i larvu v\u00e1\u017eky a s nad\u0161en\u00edm pozorovali i pulce \u017eab v r\u016fzn\u00fdch v\u00fdvojov\u00fdch st\u00e1di\u00edch, kter\u00e9 zde voln\u011b \u017eily.<\/p>\n\n\n\n<p>Mnoh\u00e9 z t\u011bchto \u017eivo\u010dich\u016f n\u00e1sledn\u011b pozorovali pod mikroskopem a navz\u00e1jem pak vyhodnotili sv\u00e9 b\u00e1d\u00e1n\u00ed a p\u0159em\u00fd\u0161leli pro\u010d jim v\u00fdsledky vy\u0161ly pr\u00e1v\u011b tak, jak vy\u0161ly.<\/p>\n\n\n\n<p>Ve\u010der se pak v\u0161ichni se\u0161li u t\u00e1bor\u00e1ku, kde jsme si opekli \u0161pek\u00e1\u010dky a zazp\u00edvali p\u00e1r p\u00edsni\u010dek. Velk\u00fdm z\u00e1\u017eitkem pro mnoh\u00e9 pak byly pe\u010den\u00e9 brambory v uhl\u00edc\u00edch, proto\u017ee je do t\u00e9 doby je\u0161t\u011b nikdy nejedli. Spole\u010dn\u00e1 atmosf\u00e9ra u ohn\u011b byla skv\u011blou te\u010dkou za druh\u00fdm dnem pln\u00fdm pozn\u00e1v\u00e1n\u00ed a z\u00e1bavy.<\/p>\n\n\n\n<p><strong>St\u0159eda: Jeskyn\u011b a angli\u010dtina v praxi<\/strong><\/p>\n\n\n\n<p>Z\u00e1v\u011bre\u010dn\u00e9 dopoledne pat\u0159ilo pr\u016fzkumu bl\u00edzk\u00e9 jeskyn\u011b, kam se \u017e\u00e1ci vydali pod veden\u00edm dvou dobrovolnic z Kapr\u00e1lova ml\u00fdna \u2013 jedn\u00e9 ze \u0160v\u00e9dska a druh\u00e9 z N\u011bmecka. Cel\u00e1 prohl\u00eddka prob\u00edhala v angli\u010dtin\u011b, co\u017e pro d\u011bti p\u0159edstavovalo z\u00e1bavnou v\u00fdzvu i p\u0159\u00edle\u017eitost vyu\u017e\u00edt angli\u010dtinu v praxi.&nbsp;<\/p>\n\n\n\n<p><strong>Na z\u00e1v\u011br<\/strong><\/p>\n\n\n\n<p>Ubytov\u00e1n\u00ed v nov\u011b zrekonstruovan\u00e9 budov\u011b i j\u00eddlo si v\u0161ichni velmi pochvalovali. Ve voln\u00e9m \u010dase si \u017e\u00e1ci mohli zahr\u00e1t stoln\u00ed fotb\u00e1lek, nebo r\u016fzn\u00e9 hry venku. V mal\u00e9m obch\u016fdku si mohli koupit drobn\u00e9 suven\u00fdry. Spole\u010dn\u00e1 cesta vlakem i t\u0159i dny pln\u00e9 z\u00e1\u017eitk\u016f pomohly pos\u00edlit t\u0159\u00eddn\u00ed kolektiv a samostatnost d\u011bt\u00ed.<\/p>\n\n\n\n<p>V\u00fdjezd do Kapr\u00e1lova ml\u00fdna byl pro sedm\u00e1ky skv\u011bl\u00fdm spojen\u00edm u\u010den\u00ed a dobrodru\u017estv\u00ed, na kter\u00e9 budou dlouho vzpom\u00ednat.&nbsp;<\/p>\n\n\n\n<p><strong>Mgr. Michaela Kusiakov\u00e1<\/strong><\/p>\n\n\n\n<p><a href=\"https:\/\/www.facebook.com\/media\/set\/?set=a.1409464377854917&amp;type=3\">FOTOGALERIE<\/a><\/p>\n","protected":false},"featured_media":7138,"template":"","kategorie-skolni-rok":[59],"class_list":["post-7129","novinky","type-novinky","status-publish","has-post-thumbnail","hentry","kategorie-skolni-rok-1-pololeti-skolni-rok-2025-2026"],"yoast_head":"<!-- This site is optimized with the Yoast SEO plugin v24.8.1 - https:\/\/yoast.com\/wordpress\/plugins\/seo\/ -->\n<title>Hello miniScience Camp | Z\u00e1kladn\u00ed \u0161kola HELLO<\/title>\n<meta name=\"robots\" content=\"index, follow, max-snippet:-1, max-image-preview:large, max-video-preview:-1\" \/>\n<link rel=\"canonical\" href=\"https:\/\/www.helloskola.cz\/zakladni-skola\/novinky\/hello-miniscience-camp\/\" \/>\n<meta property=\"og:locale\" content=\"cs_CZ\" \/>\n<meta property=\"og:type\" content=\"article\" \/>\n<meta property=\"og:title\" content=\"Hello miniScience Camp | Z\u00e1kladn\u00ed \u0161kola HELLO\" \/>\n<meta property=\"og:description\" content=\"Badatelsk\u00fd v\u00fdjezd 7. ro\u010dn\u00edku do Kapr\u00e1lova ml\u00fdna Na\u0161i sedm\u00e1ci se vydali na Science Camp do Kapr\u00e1lova ml\u00fdna, kde se t\u0159i dny v\u011bnovali badatelsk\u00fdm aktivit\u00e1m, objevov\u00e1n\u00ed p\u0159\u00edrody a spole\u010dn\u00fdm z\u00e1\u017eitk\u016fm. Pond\u011bl\u00ed: Tajemstv\u00ed krasu a p\u0159edn\u00e1\u0161ka o plazech Hned prvn\u00ed odpoledne se \u017e\u00e1ci vydali zkoumat krasov\u00e9 \u00fazem\u00ed Moravsk\u00e9ho krasu. U\u010dili se rozpozn\u00e1vat r\u016fzn\u00e9 krasov\u00e9 jevy, p\u0159em\u00fd\u0161leli o [&hellip;]\" \/>\n<meta property=\"og:url\" content=\"https:\/\/www.helloskola.cz\/zakladni-skola\/novinky\/hello-miniscience-camp\/\" \/>\n<meta property=\"og:site_name\" content=\"Z\u00e1kladn\u00ed \u0161kola HELLO\" \/>\n<meta property=\"article:modified_time\" content=\"2026-02-21T10:54:12+00:00\" \/>\n<meta property=\"og:image\" content=\"https:\/\/www.helloskola.cz\/zakladni-skola\/wp-content\/uploads\/sites\/6\/2025\/10\/Zalare-nejtemnejsi-4.png\" \/>\n\t<meta property=\"og:image:width\" content=\"1080\" \/>\n\t<meta property=\"og:image:height\" content=\"1080\" \/>\n\t<meta property=\"og:image:type\" content=\"image\/png\" \/>\n<meta name=\"twitter:card\" content=\"summary_large_image\" \/>\n<meta name=\"twitter:label1\" content=\"Odhadovan\u00e1 doba \u010dten\u00ed\" \/>\n\t<meta name=\"twitter:data1\" content=\"3 minuty\" \/>\n<script type=\"application\/ld+json\" class=\"yoast-schema-graph\">{\"@context\":\"https:\/\/schema.org\",\"@graph\":[{\"@type\":\"WebPage\",\"@id\":\"https:\/\/www.helloskola.cz\/zakladni-skola\/novinky\/hello-miniscience-camp\/\",\"url\":\"https:\/\/www.helloskola.cz\/zakladni-skola\/novinky\/hello-miniscience-camp\/\",\"name\":\"Hello miniScience Camp | Z\u00e1kladn\u00ed \u0161kola HELLO\",\"isPartOf\":{\"@id\":\"https:\/\/www.helloskola.cz\/zakladni-skola\/#website\"},\"primaryImageOfPage\":{\"@id\":\"https:\/\/www.helloskola.cz\/zakladni-skola\/novinky\/hello-miniscience-camp\/#primaryimage\"},\"image\":{\"@id\":\"https:\/\/www.helloskola.cz\/zakladni-skola\/novinky\/hello-miniscience-camp\/#primaryimage\"},\"thumbnailUrl\":\"https:\/\/www.helloskola.cz\/zakladni-skola\/wp-content\/uploads\/sites\/6\/2025\/10\/Zalare-nejtemnejsi-4.png\",\"datePublished\":\"2025-10-30T16:54:04+00:00\",\"dateModified\":\"2026-02-21T10:54:12+00:00\",\"breadcrumb\":{\"@id\":\"https:\/\/www.helloskola.cz\/zakladni-skola\/novinky\/hello-miniscience-camp\/#breadcrumb\"},\"inLanguage\":\"cs\",\"potentialAction\":[{\"@type\":\"ReadAction\",\"target\":[\"https:\/\/www.helloskola.cz\/zakladni-skola\/novinky\/hello-miniscience-camp\/\"]}]},{\"@type\":\"ImageObject\",\"inLanguage\":\"cs\",\"@id\":\"https:\/\/www.helloskola.cz\/zakladni-skola\/novinky\/hello-miniscience-camp\/#primaryimage\",\"url\":\"https:\/\/www.helloskola.cz\/zakladni-skola\/wp-content\/uploads\/sites\/6\/2025\/10\/Zalare-nejtemnejsi-4.png\",\"contentUrl\":\"https:\/\/www.helloskola.cz\/zakladni-skola\/wp-content\/uploads\/sites\/6\/2025\/10\/Zalare-nejtemnejsi-4.png\",\"width\":1080,\"height\":1080},{\"@type\":\"BreadcrumbList\",\"@id\":\"https:\/\/www.helloskola.cz\/zakladni-skola\/novinky\/hello-miniscience-camp\/#breadcrumb\",\"itemListElement\":[{\"@type\":\"ListItem\",\"position\":1,\"name\":\"\u00davod\",\"item\":\"https:\/\/www.helloskola.cz\/zakladni-skola\/\"},{\"@type\":\"ListItem\",\"position\":2,\"name\":\"Novinky\",\"item\":\"https:\/\/www.helloskola.cz\/zakladni-skola\/novinky\/\"},{\"@type\":\"ListItem\",\"position\":3,\"name\":\"\u0160koln\u00ed rok 2025\/2026\",\"item\":\"https:\/\/www.helloskola.cz\/zakladni-skola\/kategorie-skolni-rok\/skolni-rok-2025-2026\/\"},{\"@type\":\"ListItem\",\"position\":4,\"name\":\"1. pololet\u00ed\",\"item\":\"https:\/\/www.helloskola.cz\/zakladni-skola\/kategorie-skolni-rok\/1-pololeti-skolni-rok-2025-2026\/\"},{\"@type\":\"ListItem\",\"position\":5,\"name\":\"Hello miniScience Camp\"}]},{\"@type\":\"WebSite\",\"@id\":\"https:\/\/www.helloskola.cz\/zakladni-skola\/#website\",\"url\":\"https:\/\/www.helloskola.cz\/zakladni-skola\/\",\"name\":\"Z\u00e1kladn\u00ed \u0161kola HELLO\",\"description\":\"\u010desko-anglick\u00e1 z\u00e1kladn\u00ed \u0161kola, Ostrava Poruba\",\"publisher\":{\"@id\":\"https:\/\/www.helloskola.cz\/zakladni-skola\/#organization\"},\"potentialAction\":[{\"@type\":\"SearchAction\",\"target\":{\"@type\":\"EntryPoint\",\"urlTemplate\":\"https:\/\/www.helloskola.cz\/zakladni-skola\/?s={search_term_string}\"},\"query-input\":{\"@type\":\"PropertyValueSpecification\",\"valueRequired\":true,\"valueName\":\"search_term_string\"}}],\"inLanguage\":\"cs\"},{\"@type\":\"Organization\",\"@id\":\"https:\/\/www.helloskola.cz\/zakladni-skola\/#organization\",\"name\":\"Z\u00e1kladn\u00ed \u0161kola Hello\",\"url\":\"https:\/\/www.helloskola.cz\/zakladni-skola\/\",\"logo\":{\"@type\":\"ImageObject\",\"inLanguage\":\"cs\",\"@id\":\"https:\/\/www.helloskola.cz\/zakladni-skola\/#\/schema\/logo\/image\/\",\"url\":\"https:\/\/www.helloskola.cz\/zakladni-skola\/wp-content\/uploads\/sites\/6\/2022\/02\/hello_gy_zakladka_logo.svg\",\"contentUrl\":\"https:\/\/www.helloskola.cz\/zakladni-skola\/wp-content\/uploads\/sites\/6\/2022\/02\/hello_gy_zakladka_logo.svg\",\"width\":100,\"height\":100,\"caption\":\"Z\u00e1kladn\u00ed \u0161kola Hello\"},\"image\":{\"@id\":\"https:\/\/www.helloskola.cz\/zakladni-skola\/#\/schema\/logo\/image\/\"}}]}<\/script>\n<!-- \/ Yoast SEO plugin. -->","yoast_head_json":{"title":"Hello miniScience Camp | Z\u00e1kladn\u00ed \u0161kola HELLO","robots":{"index":"index","follow":"follow","max-snippet":"max-snippet:-1","max-image-preview":"max-image-preview:large","max-video-preview":"max-video-preview:-1"},"canonical":"https:\/\/www.helloskola.cz\/zakladni-skola\/novinky\/hello-miniscience-camp\/","og_locale":"cs_CZ","og_type":"article","og_title":"Hello miniScience Camp | Z\u00e1kladn\u00ed \u0161kola HELLO","og_description":"Badatelsk\u00fd v\u00fdjezd 7. ro\u010dn\u00edku do Kapr\u00e1lova ml\u00fdna Na\u0161i sedm\u00e1ci se vydali na Science Camp do Kapr\u00e1lova ml\u00fdna, kde se t\u0159i dny v\u011bnovali badatelsk\u00fdm aktivit\u00e1m, objevov\u00e1n\u00ed p\u0159\u00edrody a spole\u010dn\u00fdm z\u00e1\u017eitk\u016fm. Pond\u011bl\u00ed: Tajemstv\u00ed krasu a p\u0159edn\u00e1\u0161ka o plazech Hned prvn\u00ed odpoledne se \u017e\u00e1ci vydali zkoumat krasov\u00e9 \u00fazem\u00ed Moravsk\u00e9ho krasu. U\u010dili se rozpozn\u00e1vat r\u016fzn\u00e9 krasov\u00e9 jevy, p\u0159em\u00fd\u0161leli o [&hellip;]","og_url":"https:\/\/www.helloskola.cz\/zakladni-skola\/novinky\/hello-miniscience-camp\/","og_site_name":"Z\u00e1kladn\u00ed \u0161kola HELLO","article_modified_time":"2026-02-21T10:54:12+00:00","og_image":[{"width":1080,"height":1080,"url":"https:\/\/www.helloskola.cz\/zakladni-skola\/wp-content\/uploads\/sites\/6\/2025\/10\/Zalare-nejtemnejsi-4.png","type":"image\/png"}],"twitter_card":"summary_large_image","twitter_misc":{"Odhadovan\u00e1 doba \u010dten\u00ed":"3 minuty"},"schema":{"@context":"https:\/\/schema.org","@graph":[{"@type":"WebPage","@id":"https:\/\/www.helloskola.cz\/zakladni-skola\/novinky\/hello-miniscience-camp\/","url":"https:\/\/www.helloskola.cz\/zakladni-skola\/novinky\/hello-miniscience-camp\/","name":"Hello miniScience Camp | Z\u00e1kladn\u00ed \u0161kola HELLO","isPartOf":{"@id":"https:\/\/www.helloskola.cz\/zakladni-skola\/#website"},"primaryImageOfPage":{"@id":"https:\/\/www.helloskola.cz\/zakladni-skola\/novinky\/hello-miniscience-camp\/#primaryimage"},"image":{"@id":"https:\/\/www.helloskola.cz\/zakladni-skola\/novinky\/hello-miniscience-camp\/#primaryimage"},"thumbnailUrl":"https:\/\/www.helloskola.cz\/zakladni-skola\/wp-content\/uploads\/sites\/6\/2025\/10\/Zalare-nejtemnejsi-4.png","datePublished":"2025-10-30T16:54:04+00:00","dateModified":"2026-02-21T10:54:12+00:00","breadcrumb":{"@id":"https:\/\/www.helloskola.cz\/zakladni-skola\/novinky\/hello-miniscience-camp\/#breadcrumb"},"inLanguage":"cs","potentialAction":[{"@type":"ReadAction","target":["https:\/\/www.helloskola.cz\/zakladni-skola\/novinky\/hello-miniscience-camp\/"]}]},{"@type":"ImageObject","inLanguage":"cs","@id":"https:\/\/www.helloskola.cz\/zakladni-skola\/novinky\/hello-miniscience-camp\/#primaryimage","url":"https:\/\/www.helloskola.cz\/zakladni-skola\/wp-content\/uploads\/sites\/6\/2025\/10\/Zalare-nejtemnejsi-4.png","contentUrl":"https:\/\/www.helloskola.cz\/zakladni-skola\/wp-content\/uploads\/sites\/6\/2025\/10\/Zalare-nejtemnejsi-4.png","width":1080,"height":1080},{"@type":"BreadcrumbList","@id":"https:\/\/www.helloskola.cz\/zakladni-skola\/novinky\/hello-miniscience-camp\/#breadcrumb","itemListElement":[{"@type":"ListItem","position":1,"name":"\u00davod","item":"https:\/\/www.helloskola.cz\/zakladni-skola\/"},{"@type":"ListItem","position":2,"name":"Novinky","item":"https:\/\/www.helloskola.cz\/zakladni-skola\/novinky\/"},{"@type":"ListItem","position":3,"name":"\u0160koln\u00ed rok 2025\/2026","item":"https:\/\/www.helloskola.cz\/zakladni-skola\/kategorie-skolni-rok\/skolni-rok-2025-2026\/"},{"@type":"ListItem","position":4,"name":"1. pololet\u00ed","item":"https:\/\/www.helloskola.cz\/zakladni-skola\/kategorie-skolni-rok\/1-pololeti-skolni-rok-2025-2026\/"},{"@type":"ListItem","position":5,"name":"Hello miniScience Camp"}]},{"@type":"WebSite","@id":"https:\/\/www.helloskola.cz\/zakladni-skola\/#website","url":"https:\/\/www.helloskola.cz\/zakladni-skola\/","name":"Z\u00e1kladn\u00ed \u0161kola HELLO","description":"\u010desko-anglick\u00e1 z\u00e1kladn\u00ed \u0161kola, Ostrava Poruba","publisher":{"@id":"https:\/\/www.helloskola.cz\/zakladni-skola\/#organization"},"potentialAction":[{"@type":"SearchAction","target":{"@type":"EntryPoint","urlTemplate":"https:\/\/www.helloskola.cz\/zakladni-skola\/?s={search_term_string}"},"query-input":{"@type":"PropertyValueSpecification","valueRequired":true,"valueName":"search_term_string"}}],"inLanguage":"cs"},{"@type":"Organization","@id":"https:\/\/www.helloskola.cz\/zakladni-skola\/#organization","name":"Z\u00e1kladn\u00ed \u0161kola Hello","url":"https:\/\/www.helloskola.cz\/zakladni-skola\/","logo":{"@type":"ImageObject","inLanguage":"cs","@id":"https:\/\/www.helloskola.cz\/zakladni-skola\/#\/schema\/logo\/image\/","url":"https:\/\/www.helloskola.cz\/zakladni-skola\/wp-content\/uploads\/sites\/6\/2022\/02\/hello_gy_zakladka_logo.svg","contentUrl":"https:\/\/www.helloskola.cz\/zakladni-skola\/wp-content\/uploads\/sites\/6\/2022\/02\/hello_gy_zakladka_logo.svg","width":100,"height":100,"caption":"Z\u00e1kladn\u00ed \u0161kola Hello"},"image":{"@id":"https:\/\/www.helloskola.cz\/zakladni-skola\/#\/schema\/logo\/image\/"}}]}},"_links":{"self":[{"href":"https:\/\/www.helloskola.cz\/zakladni-skola\/wp-json\/wp\/v2\/novinky\/7129","targetHints":{"allow":["GET"]}}],"collection":[{"href":"https:\/\/www.helloskola.cz\/zakladni-skola\/wp-json\/wp\/v2\/novinky"}],"about":[{"href":"https:\/\/www.helloskola.cz\/zakladni-skola\/wp-json\/wp\/v2\/types\/novinky"}],"wp:featuredmedia":[{"embeddable":true,"href":"https:\/\/www.helloskola.cz\/zakladni-skola\/wp-json\/wp\/v2\/media\/7138"}],"wp:attachment":[{"href":"https:\/\/www.helloskola.cz\/zakladni-skola\/wp-json\/wp\/v2\/media?parent=7129"}],"wp:term":[{"taxonomy":"kategorie-skolni-rok","embeddable":true,"href":"https:\/\/www.helloskola.cz\/zakladni-skola\/wp-json\/wp\/v2\/kategorie-skolni-rok?post=7129"}],"curies":[{"name":"wp","href":"https:\/\/api.w.org\/{rel}","templated":true}]}}