{"id":7085,"date":"2025-10-18T15:29:13","date_gmt":"2025-10-18T13:29:13","guid":{"rendered":"https:\/\/www.helloskola.cz\/zakladni-skola\/?post_type=novinky&#038;p=7085"},"modified":"2025-10-18T15:29:13","modified_gmt":"2025-10-18T13:29:13","slug":"kdyz-se-podzim-spoji-s-vedou-leta-i-dobra-nalada","status":"publish","type":"novinky","link":"https:\/\/www.helloskola.cz\/zakladni-skola\/novinky\/kdyz-se-podzim-spoji-s-vedou-leta-i-dobra-nalada\/","title":{"rendered":"Kdy\u017e se podzim spoj\u00ed s v\u011bdou, l\u00e9t\u00e1 i dobr\u00e1 n\u00e1lada!"},"content":{"rendered":"\n<p>\u010ctvr\u0165\u00e1ci skl\u00e1dali a h\u00e1zeli svoje pap\u00edrov\u00e9 \u201evrtulky\u201c , aby ov\u011b<a><\/a>\u0159ili, jak nejl\u00e9pe funguje t\u0159en\u00ed vzduchov\u00fdch molekul\u2026 a taky kdo m\u00e1 nejlep\u0161\u00ed mu\u0161ku! Talent City 2025 ve Futureu.<\/p>\n\n\n\n<p><a href=\"https:\/\/www.rajce.idnes.cz\/helloskola\/album\/4-trida-ve-sk-r-2025-26\/1689267714\" target=\"_blank\" rel=\"noreferrer noopener\">Fotogalerie<\/a><\/p>\n","protected":false},"featured_media":7086,"template":"","kategorie-skolni-rok":[59],"class_list":["post-7085","novinky","type-novinky","status-publish","has-post-thumbnail","hentry","kategorie-skolni-rok-1-pololeti-skolni-rok-2025-2026"],"yoast_head":"<!-- This site is optimized with the Yoast SEO plugin v24.8.1 - https:\/\/yoast.com\/wordpress\/plugins\/seo\/ -->\n<title>Kdy\u017e se podzim spoj\u00ed s v\u011bdou, l\u00e9t\u00e1 i dobr\u00e1 n\u00e1lada! | Z\u00e1kladn\u00ed \u0161kola HELLO<\/title>\n<meta name=\"robots\" content=\"index, follow, max-snippet:-1, max-image-preview:large, max-video-preview:-1\" \/>\n<link rel=\"canonical\" href=\"https:\/\/www.helloskola.cz\/zakladni-skola\/novinky\/kdyz-se-podzim-spoji-s-vedou-leta-i-dobra-nalada\/\" \/>\n<meta property=\"og:locale\" content=\"cs_CZ\" \/>\n<meta property=\"og:type\" content=\"article\" \/>\n<meta property=\"og:title\" content=\"Kdy\u017e se podzim spoj\u00ed s v\u011bdou, l\u00e9t\u00e1 i dobr\u00e1 n\u00e1lada! | Z\u00e1kladn\u00ed \u0161kola HELLO\" \/>\n<meta property=\"og:description\" content=\"\u010ctvr\u0165\u00e1ci skl\u00e1dali a h\u00e1zeli svoje pap\u00edrov\u00e9 \u201evrtulky\u201c , aby ov\u011b\u0159ili, jak nejl\u00e9pe funguje t\u0159en\u00ed vzduchov\u00fdch molekul\u2026 a taky kdo m\u00e1 nejlep\u0161\u00ed mu\u0161ku! Talent City 2025 ve Futureu. Fotogalerie\" \/>\n<meta property=\"og:url\" content=\"https:\/\/www.helloskola.cz\/zakladni-skola\/novinky\/kdyz-se-podzim-spoji-s-vedou-leta-i-dobra-nalada\/\" \/>\n<meta property=\"og:site_name\" content=\"Z\u00e1kladn\u00ed \u0161kola HELLO\" \/>\n<meta property=\"og:image\" content=\"https:\/\/www.helloskola.cz\/zakladni-skola\/wp-content\/uploads\/sites\/6\/2025\/10\/566033837_18082737752482863_8159354039949076391_n.jpg\" \/>\n\t<meta property=\"og:image:width\" content=\"1440\" \/>\n\t<meta property=\"og:image:height\" content=\"1920\" \/>\n\t<meta property=\"og:image:type\" content=\"image\/jpeg\" \/>\n<meta name=\"twitter:card\" content=\"summary_large_image\" \/>\n<meta name=\"twitter:label1\" content=\"Odhadovan\u00e1 doba \u010dten\u00ed\" \/>\n\t<meta name=\"twitter:data1\" content=\"1 minuta\" \/>\n<script type=\"application\/ld+json\" class=\"yoast-schema-graph\">{\"@context\":\"https:\/\/schema.org\",\"@graph\":[{\"@type\":\"WebPage\",\"@id\":\"https:\/\/www.helloskola.cz\/zakladni-skola\/novinky\/kdyz-se-podzim-spoji-s-vedou-leta-i-dobra-nalada\/\",\"url\":\"https:\/\/www.helloskola.cz\/zakladni-skola\/novinky\/kdyz-se-podzim-spoji-s-vedou-leta-i-dobra-nalada\/\",\"name\":\"Kdy\u017e se podzim spoj\u00ed s v\u011bdou, l\u00e9t\u00e1 i dobr\u00e1 n\u00e1lada! | Z\u00e1kladn\u00ed \u0161kola HELLO\",\"isPartOf\":{\"@id\":\"https:\/\/www.helloskola.cz\/zakladni-skola\/#website\"},\"primaryImageOfPage\":{\"@id\":\"https:\/\/www.helloskola.cz\/zakladni-skola\/novinky\/kdyz-se-podzim-spoji-s-vedou-leta-i-dobra-nalada\/#primaryimage\"},\"image\":{\"@id\":\"https:\/\/www.helloskola.cz\/zakladni-skola\/novinky\/kdyz-se-podzim-spoji-s-vedou-leta-i-dobra-nalada\/#primaryimage\"},\"thumbnailUrl\":\"https:\/\/www.helloskola.cz\/zakladni-skola\/wp-content\/uploads\/sites\/6\/2025\/10\/566033837_18082737752482863_8159354039949076391_n.jpg\",\"datePublished\":\"2025-10-18T13:29:13+00:00\",\"breadcrumb\":{\"@id\":\"https:\/\/www.helloskola.cz\/zakladni-skola\/novinky\/kdyz-se-podzim-spoji-s-vedou-leta-i-dobra-nalada\/#breadcrumb\"},\"inLanguage\":\"cs\",\"potentialAction\":[{\"@type\":\"ReadAction\",\"target\":[\"https:\/\/www.helloskola.cz\/zakladni-skola\/novinky\/kdyz-se-podzim-spoji-s-vedou-leta-i-dobra-nalada\/\"]}]},{\"@type\":\"ImageObject\",\"inLanguage\":\"cs\",\"@id\":\"https:\/\/www.helloskola.cz\/zakladni-skola\/novinky\/kdyz-se-podzim-spoji-s-vedou-leta-i-dobra-nalada\/#primaryimage\",\"url\":\"https:\/\/www.helloskola.cz\/zakladni-skola\/wp-content\/uploads\/sites\/6\/2025\/10\/566033837_18082737752482863_8159354039949076391_n.jpg\",\"contentUrl\":\"https:\/\/www.helloskola.cz\/zakladni-skola\/wp-content\/uploads\/sites\/6\/2025\/10\/566033837_18082737752482863_8159354039949076391_n.jpg\",\"width\":1440,\"height\":1920},{\"@type\":\"BreadcrumbList\",\"@id\":\"https:\/\/www.helloskola.cz\/zakladni-skola\/novinky\/kdyz-se-podzim-spoji-s-vedou-leta-i-dobra-nalada\/#breadcrumb\",\"itemListElement\":[{\"@type\":\"ListItem\",\"position\":1,\"name\":\"\u00davod\",\"item\":\"https:\/\/www.helloskola.cz\/zakladni-skola\/\"},{\"@type\":\"ListItem\",\"position\":2,\"name\":\"Novinky\",\"item\":\"https:\/\/www.helloskola.cz\/zakladni-skola\/novinky\/\"},{\"@type\":\"ListItem\",\"position\":3,\"name\":\"\u0160koln\u00ed rok 2025\/2026\",\"item\":\"https:\/\/www.helloskola.cz\/zakladni-skola\/kategorie-skolni-rok\/skolni-rok-2025-2026\/\"},{\"@type\":\"ListItem\",\"position\":4,\"name\":\"1. pololet\u00ed\",\"item\":\"https:\/\/www.helloskola.cz\/zakladni-skola\/kategorie-skolni-rok\/1-pololeti-skolni-rok-2025-2026\/\"},{\"@type\":\"ListItem\",\"position\":5,\"name\":\"Kdy\u017e se podzim spoj\u00ed s v\u011bdou, l\u00e9t\u00e1 i dobr\u00e1 n\u00e1lada!\"}]},{\"@type\":\"WebSite\",\"@id\":\"https:\/\/www.helloskola.cz\/zakladni-skola\/#website\",\"url\":\"https:\/\/www.helloskola.cz\/zakladni-skola\/\",\"name\":\"Z\u00e1kladn\u00ed \u0161kola HELLO\",\"description\":\"\u010desko-anglick\u00e1 z\u00e1kladn\u00ed \u0161kola, Ostrava Poruba\",\"publisher\":{\"@id\":\"https:\/\/www.helloskola.cz\/zakladni-skola\/#organization\"},\"potentialAction\":[{\"@type\":\"SearchAction\",\"target\":{\"@type\":\"EntryPoint\",\"urlTemplate\":\"https:\/\/www.helloskola.cz\/zakladni-skola\/?s={search_term_string}\"},\"query-input\":{\"@type\":\"PropertyValueSpecification\",\"valueRequired\":true,\"valueName\":\"search_term_string\"}}],\"inLanguage\":\"cs\"},{\"@type\":\"Organization\",\"@id\":\"https:\/\/www.helloskola.cz\/zakladni-skola\/#organization\",\"name\":\"Z\u00e1kladn\u00ed \u0161kola Hello\",\"url\":\"https:\/\/www.helloskola.cz\/zakladni-skola\/\",\"logo\":{\"@type\":\"ImageObject\",\"inLanguage\":\"cs\",\"@id\":\"https:\/\/www.helloskola.cz\/zakladni-skola\/#\/schema\/logo\/image\/\",\"url\":\"https:\/\/www.helloskola.cz\/zakladni-skola\/wp-content\/uploads\/sites\/6\/2022\/02\/hello_gy_zakladka_logo.svg\",\"contentUrl\":\"https:\/\/www.helloskola.cz\/zakladni-skola\/wp-content\/uploads\/sites\/6\/2022\/02\/hello_gy_zakladka_logo.svg\",\"width\":100,\"height\":100,\"caption\":\"Z\u00e1kladn\u00ed \u0161kola Hello\"},\"image\":{\"@id\":\"https:\/\/www.helloskola.cz\/zakladni-skola\/#\/schema\/logo\/image\/\"}}]}<\/script>\n<!-- \/ Yoast SEO plugin. -->","yoast_head_json":{"title":"Kdy\u017e se podzim spoj\u00ed s v\u011bdou, l\u00e9t\u00e1 i dobr\u00e1 n\u00e1lada! | Z\u00e1kladn\u00ed \u0161kola HELLO","robots":{"index":"index","follow":"follow","max-snippet":"max-snippet:-1","max-image-preview":"max-image-preview:large","max-video-preview":"max-video-preview:-1"},"canonical":"https:\/\/www.helloskola.cz\/zakladni-skola\/novinky\/kdyz-se-podzim-spoji-s-vedou-leta-i-dobra-nalada\/","og_locale":"cs_CZ","og_type":"article","og_title":"Kdy\u017e se podzim spoj\u00ed s v\u011bdou, l\u00e9t\u00e1 i dobr\u00e1 n\u00e1lada! | Z\u00e1kladn\u00ed \u0161kola HELLO","og_description":"\u010ctvr\u0165\u00e1ci skl\u00e1dali a h\u00e1zeli svoje pap\u00edrov\u00e9 \u201evrtulky\u201c , aby ov\u011b\u0159ili, jak nejl\u00e9pe funguje t\u0159en\u00ed vzduchov\u00fdch molekul\u2026 a taky kdo m\u00e1 nejlep\u0161\u00ed mu\u0161ku! Talent City 2025 ve Futureu. Fotogalerie","og_url":"https:\/\/www.helloskola.cz\/zakladni-skola\/novinky\/kdyz-se-podzim-spoji-s-vedou-leta-i-dobra-nalada\/","og_site_name":"Z\u00e1kladn\u00ed \u0161kola HELLO","og_image":[{"width":1440,"height":1920,"url":"https:\/\/www.helloskola.cz\/zakladni-skola\/wp-content\/uploads\/sites\/6\/2025\/10\/566033837_18082737752482863_8159354039949076391_n.jpg","type":"image\/jpeg"}],"twitter_card":"summary_large_image","twitter_misc":{"Odhadovan\u00e1 doba \u010dten\u00ed":"1 minuta"},"schema":{"@context":"https:\/\/schema.org","@graph":[{"@type":"WebPage","@id":"https:\/\/www.helloskola.cz\/zakladni-skola\/novinky\/kdyz-se-podzim-spoji-s-vedou-leta-i-dobra-nalada\/","url":"https:\/\/www.helloskola.cz\/zakladni-skola\/novinky\/kdyz-se-podzim-spoji-s-vedou-leta-i-dobra-nalada\/","name":"Kdy\u017e se podzim spoj\u00ed s v\u011bdou, l\u00e9t\u00e1 i dobr\u00e1 n\u00e1lada! | Z\u00e1kladn\u00ed \u0161kola HELLO","isPartOf":{"@id":"https:\/\/www.helloskola.cz\/zakladni-skola\/#website"},"primaryImageOfPage":{"@id":"https:\/\/www.helloskola.cz\/zakladni-skola\/novinky\/kdyz-se-podzim-spoji-s-vedou-leta-i-dobra-nalada\/#primaryimage"},"image":{"@id":"https:\/\/www.helloskola.cz\/zakladni-skola\/novinky\/kdyz-se-podzim-spoji-s-vedou-leta-i-dobra-nalada\/#primaryimage"},"thumbnailUrl":"https:\/\/www.helloskola.cz\/zakladni-skola\/wp-content\/uploads\/sites\/6\/2025\/10\/566033837_18082737752482863_8159354039949076391_n.jpg","datePublished":"2025-10-18T13:29:13+00:00","breadcrumb":{"@id":"https:\/\/www.helloskola.cz\/zakladni-skola\/novinky\/kdyz-se-podzim-spoji-s-vedou-leta-i-dobra-nalada\/#breadcrumb"},"inLanguage":"cs","potentialAction":[{"@type":"ReadAction","target":["https:\/\/www.helloskola.cz\/zakladni-skola\/novinky\/kdyz-se-podzim-spoji-s-vedou-leta-i-dobra-nalada\/"]}]},{"@type":"ImageObject","inLanguage":"cs","@id":"https:\/\/www.helloskola.cz\/zakladni-skola\/novinky\/kdyz-se-podzim-spoji-s-vedou-leta-i-dobra-nalada\/#primaryimage","url":"https:\/\/www.helloskola.cz\/zakladni-skola\/wp-content\/uploads\/sites\/6\/2025\/10\/566033837_18082737752482863_8159354039949076391_n.jpg","contentUrl":"https:\/\/www.helloskola.cz\/zakladni-skola\/wp-content\/uploads\/sites\/6\/2025\/10\/566033837_18082737752482863_8159354039949076391_n.jpg","width":1440,"height":1920},{"@type":"BreadcrumbList","@id":"https:\/\/www.helloskola.cz\/zakladni-skola\/novinky\/kdyz-se-podzim-spoji-s-vedou-leta-i-dobra-nalada\/#breadcrumb","itemListElement":[{"@type":"ListItem","position":1,"name":"\u00davod","item":"https:\/\/www.helloskola.cz\/zakladni-skola\/"},{"@type":"ListItem","position":2,"name":"Novinky","item":"https:\/\/www.helloskola.cz\/zakladni-skola\/novinky\/"},{"@type":"ListItem","position":3,"name":"\u0160koln\u00ed rok 2025\/2026","item":"https:\/\/www.helloskola.cz\/zakladni-skola\/kategorie-skolni-rok\/skolni-rok-2025-2026\/"},{"@type":"ListItem","position":4,"name":"1. pololet\u00ed","item":"https:\/\/www.helloskola.cz\/zakladni-skola\/kategorie-skolni-rok\/1-pololeti-skolni-rok-2025-2026\/"},{"@type":"ListItem","position":5,"name":"Kdy\u017e se podzim spoj\u00ed s v\u011bdou, l\u00e9t\u00e1 i dobr\u00e1 n\u00e1lada!"}]},{"@type":"WebSite","@id":"https:\/\/www.helloskola.cz\/zakladni-skola\/#website","url":"https:\/\/www.helloskola.cz\/zakladni-skola\/","name":"Z\u00e1kladn\u00ed \u0161kola HELLO","description":"\u010desko-anglick\u00e1 z\u00e1kladn\u00ed \u0161kola, Ostrava Poruba","publisher":{"@id":"https:\/\/www.helloskola.cz\/zakladni-skola\/#organization"},"potentialAction":[{"@type":"SearchAction","target":{"@type":"EntryPoint","urlTemplate":"https:\/\/www.helloskola.cz\/zakladni-skola\/?s={search_term_string}"},"query-input":{"@type":"PropertyValueSpecification","valueRequired":true,"valueName":"search_term_string"}}],"inLanguage":"cs"},{"@type":"Organization","@id":"https:\/\/www.helloskola.cz\/zakladni-skola\/#organization","name":"Z\u00e1kladn\u00ed \u0161kola Hello","url":"https:\/\/www.helloskola.cz\/zakladni-skola\/","logo":{"@type":"ImageObject","inLanguage":"cs","@id":"https:\/\/www.helloskola.cz\/zakladni-skola\/#\/schema\/logo\/image\/","url":"https:\/\/www.helloskola.cz\/zakladni-skola\/wp-content\/uploads\/sites\/6\/2022\/02\/hello_gy_zakladka_logo.svg","contentUrl":"https:\/\/www.helloskola.cz\/zakladni-skola\/wp-content\/uploads\/sites\/6\/2022\/02\/hello_gy_zakladka_logo.svg","width":100,"height":100,"caption":"Z\u00e1kladn\u00ed \u0161kola Hello"},"image":{"@id":"https:\/\/www.helloskola.cz\/zakladni-skola\/#\/schema\/logo\/image\/"}}]}},"_links":{"self":[{"href":"https:\/\/www.helloskola.cz\/zakladni-skola\/wp-json\/wp\/v2\/novinky\/7085","targetHints":{"allow":["GET"]}}],"collection":[{"href":"https:\/\/www.helloskola.cz\/zakladni-skola\/wp-json\/wp\/v2\/novinky"}],"about":[{"href":"https:\/\/www.helloskola.cz\/zakladni-skola\/wp-json\/wp\/v2\/types\/novinky"}],"wp:featuredmedia":[{"embeddable":true,"href":"https:\/\/www.helloskola.cz\/zakladni-skola\/wp-json\/wp\/v2\/media\/7086"}],"wp:attachment":[{"href":"https:\/\/www.helloskola.cz\/zakladni-skola\/wp-json\/wp\/v2\/media?parent=7085"}],"wp:term":[{"taxonomy":"kategorie-skolni-rok","embeddable":true,"href":"https:\/\/www.helloskola.cz\/zakladni-skola\/wp-json\/wp\/v2\/kategorie-skolni-rok?post=7085"}],"curies":[{"name":"wp","href":"https:\/\/api.w.org\/{rel}","templated":true}]}}