{"id":5044,"date":"2023-10-15T18:27:33","date_gmt":"2023-10-15T16:27:33","guid":{"rendered":"https:\/\/www.helloskola.cz\/zakladni-skola\/?post_type=novinky&#038;p=5044"},"modified":"2023-10-15T18:28:50","modified_gmt":"2023-10-15T16:28:50","slug":"projekt-72-hodin-aneb-pomaham-protoze-chci-5","status":"publish","type":"novinky","link":"https:\/\/www.helloskola.cz\/zakladni-skola\/novinky\/projekt-72-hodin-aneb-pomaham-protoze-chci-5\/","title":{"rendered":"Projekt 72 hodin aneb pom\u00e1h\u00e1m, proto\u017ee chci&#8230;"},"content":{"rendered":"\n<p>I v leto\u0161n\u00edm ro\u010dn\u00edku dobrovolnick\u00e9 akce jsme se zam\u011b\u0159ili na zveleben\u00ed na\u0161\u00ed \u0161koln\u00ed zahrady. Sb\u00edrali jsme list\u00ed, p\u0159ipravili jsme truhl\u00edky na zimu, zasadili cibulky tulip\u00e1n\u016f, o\u010distili &#8222;pocitov\u00fd chodn\u00ed\u010dek&#8220; a ka\u017ed\u00e1 t\u0159\u00edda si zasadila sv\u016fj \u0161e\u0159\u00edkov\u00fd ke\u0159. Nav\u00edc n\u00e1m p\u0159\u00e1lo po\u010das\u00ed, tak\u017ee co v\u00edc si p\u0159\u00e1t &#8230; \ud83d\ude42<\/p>\n\n\n\n<p><a href=\"https:\/\/www.rajce.idnes.cz\/helloskola\/album\/akce-na-zs-ve-sk-r-2023-24\/1613032345\" target=\"_blank\" rel=\"noreferrer noopener\">Fotogalerie<\/a><\/p>\n","protected":false},"featured_media":5045,"template":"","kategorie-skolni-rok":[24],"class_list":["post-5044","novinky","type-novinky","status-publish","has-post-thumbnail","hentry","kategorie-skolni-rok-1-pololeti"],"yoast_head":"<!-- This site is optimized with the Yoast SEO plugin v24.8.1 - https:\/\/yoast.com\/wordpress\/plugins\/seo\/ -->\n<title>Projekt 72 hodin aneb pom\u00e1h\u00e1m, proto\u017ee chci... | Z\u00e1kladn\u00ed \u0161kola HELLO<\/title>\n<meta name=\"robots\" content=\"index, follow, max-snippet:-1, max-image-preview:large, max-video-preview:-1\" \/>\n<link rel=\"canonical\" href=\"https:\/\/www.helloskola.cz\/zakladni-skola\/novinky\/projekt-72-hodin-aneb-pomaham-protoze-chci-5\/\" \/>\n<meta property=\"og:locale\" content=\"cs_CZ\" \/>\n<meta property=\"og:type\" content=\"article\" \/>\n<meta property=\"og:title\" content=\"Projekt 72 hodin aneb pom\u00e1h\u00e1m, proto\u017ee chci... | Z\u00e1kladn\u00ed \u0161kola HELLO\" \/>\n<meta property=\"og:description\" content=\"I v leto\u0161n\u00edm ro\u010dn\u00edku dobrovolnick\u00e9 akce jsme se zam\u011b\u0159ili na zveleben\u00ed na\u0161\u00ed \u0161koln\u00ed zahrady. Sb\u00edrali jsme list\u00ed, p\u0159ipravili jsme truhl\u00edky na zimu, zasadili cibulky tulip\u00e1n\u016f, o\u010distili &#8222;pocitov\u00fd chodn\u00ed\u010dek&#8220; a ka\u017ed\u00e1 t\u0159\u00edda si zasadila sv\u016fj \u0161e\u0159\u00edkov\u00fd ke\u0159. Nav\u00edc n\u00e1m p\u0159\u00e1lo po\u010das\u00ed, tak\u017ee co v\u00edc si p\u0159\u00e1t &#8230; \ud83d\ude42 Fotogalerie\" \/>\n<meta property=\"og:url\" content=\"https:\/\/www.helloskola.cz\/zakladni-skola\/novinky\/projekt-72-hodin-aneb-pomaham-protoze-chci-5\/\" \/>\n<meta property=\"og:site_name\" content=\"Z\u00e1kladn\u00ed \u0161kola HELLO\" \/>\n<meta property=\"article:modified_time\" content=\"2023-10-15T16:28:50+00:00\" \/>\n<meta property=\"og:image\" content=\"https:\/\/www.helloskola.cz\/zakladni-skola\/wp-content\/uploads\/sites\/6\/2023\/10\/WhatsApp-Image-2023-10-15-at-17.50.01.jpeg\" \/>\n\t<meta property=\"og:image:width\" content=\"768\" \/>\n\t<meta property=\"og:image:height\" content=\"1024\" \/>\n\t<meta property=\"og:image:type\" content=\"image\/jpeg\" \/>\n<meta name=\"twitter:card\" content=\"summary_large_image\" \/>\n<meta name=\"twitter:label1\" content=\"Odhadovan\u00e1 doba \u010dten\u00ed\" \/>\n\t<meta name=\"twitter:data1\" content=\"1 minuta\" \/>\n<script type=\"application\/ld+json\" class=\"yoast-schema-graph\">{\"@context\":\"https:\/\/schema.org\",\"@graph\":[{\"@type\":\"WebPage\",\"@id\":\"https:\/\/www.helloskola.cz\/zakladni-skola\/novinky\/projekt-72-hodin-aneb-pomaham-protoze-chci-5\/\",\"url\":\"https:\/\/www.helloskola.cz\/zakladni-skola\/novinky\/projekt-72-hodin-aneb-pomaham-protoze-chci-5\/\",\"name\":\"Projekt 72 hodin aneb pom\u00e1h\u00e1m, proto\u017ee chci... | Z\u00e1kladn\u00ed \u0161kola HELLO\",\"isPartOf\":{\"@id\":\"https:\/\/www.helloskola.cz\/zakladni-skola\/#website\"},\"primaryImageOfPage\":{\"@id\":\"https:\/\/www.helloskola.cz\/zakladni-skola\/novinky\/projekt-72-hodin-aneb-pomaham-protoze-chci-5\/#primaryimage\"},\"image\":{\"@id\":\"https:\/\/www.helloskola.cz\/zakladni-skola\/novinky\/projekt-72-hodin-aneb-pomaham-protoze-chci-5\/#primaryimage\"},\"thumbnailUrl\":\"https:\/\/www.helloskola.cz\/zakladni-skola\/wp-content\/uploads\/sites\/6\/2023\/10\/WhatsApp-Image-2023-10-15-at-17.50.01.jpeg\",\"datePublished\":\"2023-10-15T16:27:33+00:00\",\"dateModified\":\"2023-10-15T16:28:50+00:00\",\"breadcrumb\":{\"@id\":\"https:\/\/www.helloskola.cz\/zakladni-skola\/novinky\/projekt-72-hodin-aneb-pomaham-protoze-chci-5\/#breadcrumb\"},\"inLanguage\":\"cs\",\"potentialAction\":[{\"@type\":\"ReadAction\",\"target\":[\"https:\/\/www.helloskola.cz\/zakladni-skola\/novinky\/projekt-72-hodin-aneb-pomaham-protoze-chci-5\/\"]}]},{\"@type\":\"ImageObject\",\"inLanguage\":\"cs\",\"@id\":\"https:\/\/www.helloskola.cz\/zakladni-skola\/novinky\/projekt-72-hodin-aneb-pomaham-protoze-chci-5\/#primaryimage\",\"url\":\"https:\/\/www.helloskola.cz\/zakladni-skola\/wp-content\/uploads\/sites\/6\/2023\/10\/WhatsApp-Image-2023-10-15-at-17.50.01.jpeg\",\"contentUrl\":\"https:\/\/www.helloskola.cz\/zakladni-skola\/wp-content\/uploads\/sites\/6\/2023\/10\/WhatsApp-Image-2023-10-15-at-17.50.01.jpeg\",\"width\":768,\"height\":1024},{\"@type\":\"BreadcrumbList\",\"@id\":\"https:\/\/www.helloskola.cz\/zakladni-skola\/novinky\/projekt-72-hodin-aneb-pomaham-protoze-chci-5\/#breadcrumb\",\"itemListElement\":[{\"@type\":\"ListItem\",\"position\":1,\"name\":\"\u00davod\",\"item\":\"https:\/\/www.helloskola.cz\/zakladni-skola\/\"},{\"@type\":\"ListItem\",\"position\":2,\"name\":\"Novinky\",\"item\":\"https:\/\/www.helloskola.cz\/zakladni-skola\/novinky\/\"},{\"@type\":\"ListItem\",\"position\":3,\"name\":\"\u0160koln\u00ed rok 2023\/2024\",\"item\":\"https:\/\/www.helloskola.cz\/zakladni-skola\/kategorie-skolni-rok\/skolni-rok-2023-2024\/\"},{\"@type\":\"ListItem\",\"position\":4,\"name\":\"1. pololet\u00ed\",\"item\":\"https:\/\/www.helloskola.cz\/zakladni-skola\/kategorie-skolni-rok\/1-pololeti\/\"},{\"@type\":\"ListItem\",\"position\":5,\"name\":\"Projekt 72 hodin aneb pom\u00e1h\u00e1m, proto\u017ee chci&#8230;\"}]},{\"@type\":\"WebSite\",\"@id\":\"https:\/\/www.helloskola.cz\/zakladni-skola\/#website\",\"url\":\"https:\/\/www.helloskola.cz\/zakladni-skola\/\",\"name\":\"Z\u00e1kladn\u00ed \u0161kola HELLO\",\"description\":\"\u010desko-anglick\u00e1 z\u00e1kladn\u00ed \u0161kola, Ostrava Poruba\",\"publisher\":{\"@id\":\"https:\/\/www.helloskola.cz\/zakladni-skola\/#organization\"},\"potentialAction\":[{\"@type\":\"SearchAction\",\"target\":{\"@type\":\"EntryPoint\",\"urlTemplate\":\"https:\/\/www.helloskola.cz\/zakladni-skola\/?s={search_term_string}\"},\"query-input\":{\"@type\":\"PropertyValueSpecification\",\"valueRequired\":true,\"valueName\":\"search_term_string\"}}],\"inLanguage\":\"cs\"},{\"@type\":\"Organization\",\"@id\":\"https:\/\/www.helloskola.cz\/zakladni-skola\/#organization\",\"name\":\"Z\u00e1kladn\u00ed \u0161kola Hello\",\"url\":\"https:\/\/www.helloskola.cz\/zakladni-skola\/\",\"logo\":{\"@type\":\"ImageObject\",\"inLanguage\":\"cs\",\"@id\":\"https:\/\/www.helloskola.cz\/zakladni-skola\/#\/schema\/logo\/image\/\",\"url\":\"https:\/\/www.helloskola.cz\/zakladni-skola\/wp-content\/uploads\/sites\/6\/2022\/02\/hello_gy_zakladka_logo.svg\",\"contentUrl\":\"https:\/\/www.helloskola.cz\/zakladni-skola\/wp-content\/uploads\/sites\/6\/2022\/02\/hello_gy_zakladka_logo.svg\",\"width\":100,\"height\":100,\"caption\":\"Z\u00e1kladn\u00ed \u0161kola Hello\"},\"image\":{\"@id\":\"https:\/\/www.helloskola.cz\/zakladni-skola\/#\/schema\/logo\/image\/\"}}]}<\/script>\n<!-- \/ Yoast SEO plugin. -->","yoast_head_json":{"title":"Projekt 72 hodin aneb pom\u00e1h\u00e1m, proto\u017ee chci... | Z\u00e1kladn\u00ed \u0161kola HELLO","robots":{"index":"index","follow":"follow","max-snippet":"max-snippet:-1","max-image-preview":"max-image-preview:large","max-video-preview":"max-video-preview:-1"},"canonical":"https:\/\/www.helloskola.cz\/zakladni-skola\/novinky\/projekt-72-hodin-aneb-pomaham-protoze-chci-5\/","og_locale":"cs_CZ","og_type":"article","og_title":"Projekt 72 hodin aneb pom\u00e1h\u00e1m, proto\u017ee chci... | Z\u00e1kladn\u00ed \u0161kola HELLO","og_description":"I v leto\u0161n\u00edm ro\u010dn\u00edku dobrovolnick\u00e9 akce jsme se zam\u011b\u0159ili na zveleben\u00ed na\u0161\u00ed \u0161koln\u00ed zahrady. Sb\u00edrali jsme list\u00ed, p\u0159ipravili jsme truhl\u00edky na zimu, zasadili cibulky tulip\u00e1n\u016f, o\u010distili &#8222;pocitov\u00fd chodn\u00ed\u010dek&#8220; a ka\u017ed\u00e1 t\u0159\u00edda si zasadila sv\u016fj \u0161e\u0159\u00edkov\u00fd ke\u0159. Nav\u00edc n\u00e1m p\u0159\u00e1lo po\u010das\u00ed, tak\u017ee co v\u00edc si p\u0159\u00e1t &#8230; \ud83d\ude42 Fotogalerie","og_url":"https:\/\/www.helloskola.cz\/zakladni-skola\/novinky\/projekt-72-hodin-aneb-pomaham-protoze-chci-5\/","og_site_name":"Z\u00e1kladn\u00ed \u0161kola HELLO","article_modified_time":"2023-10-15T16:28:50+00:00","og_image":[{"width":768,"height":1024,"url":"https:\/\/www.helloskola.cz\/zakladni-skola\/wp-content\/uploads\/sites\/6\/2023\/10\/WhatsApp-Image-2023-10-15-at-17.50.01.jpeg","type":"image\/jpeg"}],"twitter_card":"summary_large_image","twitter_misc":{"Odhadovan\u00e1 doba \u010dten\u00ed":"1 minuta"},"schema":{"@context":"https:\/\/schema.org","@graph":[{"@type":"WebPage","@id":"https:\/\/www.helloskola.cz\/zakladni-skola\/novinky\/projekt-72-hodin-aneb-pomaham-protoze-chci-5\/","url":"https:\/\/www.helloskola.cz\/zakladni-skola\/novinky\/projekt-72-hodin-aneb-pomaham-protoze-chci-5\/","name":"Projekt 72 hodin aneb pom\u00e1h\u00e1m, proto\u017ee chci... | Z\u00e1kladn\u00ed \u0161kola HELLO","isPartOf":{"@id":"https:\/\/www.helloskola.cz\/zakladni-skola\/#website"},"primaryImageOfPage":{"@id":"https:\/\/www.helloskola.cz\/zakladni-skola\/novinky\/projekt-72-hodin-aneb-pomaham-protoze-chci-5\/#primaryimage"},"image":{"@id":"https:\/\/www.helloskola.cz\/zakladni-skola\/novinky\/projekt-72-hodin-aneb-pomaham-protoze-chci-5\/#primaryimage"},"thumbnailUrl":"https:\/\/www.helloskola.cz\/zakladni-skola\/wp-content\/uploads\/sites\/6\/2023\/10\/WhatsApp-Image-2023-10-15-at-17.50.01.jpeg","datePublished":"2023-10-15T16:27:33+00:00","dateModified":"2023-10-15T16:28:50+00:00","breadcrumb":{"@id":"https:\/\/www.helloskola.cz\/zakladni-skola\/novinky\/projekt-72-hodin-aneb-pomaham-protoze-chci-5\/#breadcrumb"},"inLanguage":"cs","potentialAction":[{"@type":"ReadAction","target":["https:\/\/www.helloskola.cz\/zakladni-skola\/novinky\/projekt-72-hodin-aneb-pomaham-protoze-chci-5\/"]}]},{"@type":"ImageObject","inLanguage":"cs","@id":"https:\/\/www.helloskola.cz\/zakladni-skola\/novinky\/projekt-72-hodin-aneb-pomaham-protoze-chci-5\/#primaryimage","url":"https:\/\/www.helloskola.cz\/zakladni-skola\/wp-content\/uploads\/sites\/6\/2023\/10\/WhatsApp-Image-2023-10-15-at-17.50.01.jpeg","contentUrl":"https:\/\/www.helloskola.cz\/zakladni-skola\/wp-content\/uploads\/sites\/6\/2023\/10\/WhatsApp-Image-2023-10-15-at-17.50.01.jpeg","width":768,"height":1024},{"@type":"BreadcrumbList","@id":"https:\/\/www.helloskola.cz\/zakladni-skola\/novinky\/projekt-72-hodin-aneb-pomaham-protoze-chci-5\/#breadcrumb","itemListElement":[{"@type":"ListItem","position":1,"name":"\u00davod","item":"https:\/\/www.helloskola.cz\/zakladni-skola\/"},{"@type":"ListItem","position":2,"name":"Novinky","item":"https:\/\/www.helloskola.cz\/zakladni-skola\/novinky\/"},{"@type":"ListItem","position":3,"name":"\u0160koln\u00ed rok 2023\/2024","item":"https:\/\/www.helloskola.cz\/zakladni-skola\/kategorie-skolni-rok\/skolni-rok-2023-2024\/"},{"@type":"ListItem","position":4,"name":"1. pololet\u00ed","item":"https:\/\/www.helloskola.cz\/zakladni-skola\/kategorie-skolni-rok\/1-pololeti\/"},{"@type":"ListItem","position":5,"name":"Projekt 72 hodin aneb pom\u00e1h\u00e1m, proto\u017ee chci&#8230;"}]},{"@type":"WebSite","@id":"https:\/\/www.helloskola.cz\/zakladni-skola\/#website","url":"https:\/\/www.helloskola.cz\/zakladni-skola\/","name":"Z\u00e1kladn\u00ed \u0161kola HELLO","description":"\u010desko-anglick\u00e1 z\u00e1kladn\u00ed \u0161kola, Ostrava Poruba","publisher":{"@id":"https:\/\/www.helloskola.cz\/zakladni-skola\/#organization"},"potentialAction":[{"@type":"SearchAction","target":{"@type":"EntryPoint","urlTemplate":"https:\/\/www.helloskola.cz\/zakladni-skola\/?s={search_term_string}"},"query-input":{"@type":"PropertyValueSpecification","valueRequired":true,"valueName":"search_term_string"}}],"inLanguage":"cs"},{"@type":"Organization","@id":"https:\/\/www.helloskola.cz\/zakladni-skola\/#organization","name":"Z\u00e1kladn\u00ed \u0161kola Hello","url":"https:\/\/www.helloskola.cz\/zakladni-skola\/","logo":{"@type":"ImageObject","inLanguage":"cs","@id":"https:\/\/www.helloskola.cz\/zakladni-skola\/#\/schema\/logo\/image\/","url":"https:\/\/www.helloskola.cz\/zakladni-skola\/wp-content\/uploads\/sites\/6\/2022\/02\/hello_gy_zakladka_logo.svg","contentUrl":"https:\/\/www.helloskola.cz\/zakladni-skola\/wp-content\/uploads\/sites\/6\/2022\/02\/hello_gy_zakladka_logo.svg","width":100,"height":100,"caption":"Z\u00e1kladn\u00ed \u0161kola Hello"},"image":{"@id":"https:\/\/www.helloskola.cz\/zakladni-skola\/#\/schema\/logo\/image\/"}}]}},"_links":{"self":[{"href":"https:\/\/www.helloskola.cz\/zakladni-skola\/wp-json\/wp\/v2\/novinky\/5044","targetHints":{"allow":["GET"]}}],"collection":[{"href":"https:\/\/www.helloskola.cz\/zakladni-skola\/wp-json\/wp\/v2\/novinky"}],"about":[{"href":"https:\/\/www.helloskola.cz\/zakladni-skola\/wp-json\/wp\/v2\/types\/novinky"}],"wp:featuredmedia":[{"embeddable":true,"href":"https:\/\/www.helloskola.cz\/zakladni-skola\/wp-json\/wp\/v2\/media\/5045"}],"wp:attachment":[{"href":"https:\/\/www.helloskola.cz\/zakladni-skola\/wp-json\/wp\/v2\/media?parent=5044"}],"wp:term":[{"taxonomy":"kategorie-skolni-rok","embeddable":true,"href":"https:\/\/www.helloskola.cz\/zakladni-skola\/wp-json\/wp\/v2\/kategorie-skolni-rok?post=5044"}],"curies":[{"name":"wp","href":"https:\/\/api.w.org\/{rel}","templated":true}]}}