{"id":2976,"date":"2022-05-09T14:46:18","date_gmt":"2022-05-09T12:46:18","guid":{"rendered":"https:\/\/www.helloskola.cz\/zakladni-skola\/?post_type=akce&#038;p=2976"},"modified":"2022-05-09T20:21:29","modified_gmt":"2022-05-09T18:21:29","slug":"t-film-s-kovym-a-janem-cimickym","status":"publish","type":"novinky","link":"https:\/\/www.helloskola.cz\/zakladni-skola\/novinky\/t-film-s-kovym-a-janem-cimickym\/","title":{"rendered":"T-film s&nbsp;Kovym a&nbsp;Janem Cimick\u00fdm"},"content":{"rendered":"\n<p>Ob\u011b hv\u011bzdy se n\u00e1m poda\u0159ilo pozvat do auly gymn\u00e1zia. A&nbsp;oba m\u011bli co \u0159\u00edct. Kovy \u0159e\u0161il d\u011bjiny a&nbsp;jejich nedostate\u010dnou v\u00fduku na st\u0159edn\u00edch \u0161kol\u00e1ch. Jan Cimick\u00fd du\u0161evn\u00ed zdrav\u00ed a&nbsp;psychickou pohodu. Ob\u011bma host\u016fm byli na\u0161i studenti a&nbsp;\u017e\u00e1ky rovnocenn\u00fdmi partnery v&nbsp;diskuzi.<br><a href=\"https:\/\/helloskola.rajce.idnes.cz\/T-film_2020\/1462275556\" target=\"_blank\" rel=\"noreferrer noopener\">Fotogalerie<\/a><\/p>\n","protected":false},"featured_media":2977,"template":"","kategorie-skolni-rok":[30],"class_list":["post-2976","novinky","type-novinky","status-publish","has-post-thumbnail","hentry","kategorie-skolni-rok-1-pololeti-skolni-rok-2020-2021"],"yoast_head":"<!-- This site is optimized with the Yoast SEO plugin v24.8.1 - https:\/\/yoast.com\/wordpress\/plugins\/seo\/ -->\n<title>T-film s&nbsp;Kovym a&nbsp;Janem Cimick\u00fdm | Z\u00e1kladn\u00ed \u0161kola HELLO<\/title>\n<meta name=\"robots\" content=\"index, follow, max-snippet:-1, max-image-preview:large, max-video-preview:-1\" \/>\n<link rel=\"canonical\" href=\"https:\/\/www.helloskola.cz\/zakladni-skola\/novinky\/t-film-s-kovym-a-janem-cimickym\/\" \/>\n<meta property=\"og:locale\" content=\"cs_CZ\" \/>\n<meta property=\"og:type\" content=\"article\" \/>\n<meta property=\"og:title\" content=\"T-film s&nbsp;Kovym a&nbsp;Janem Cimick\u00fdm | Z\u00e1kladn\u00ed \u0161kola HELLO\" \/>\n<meta property=\"og:description\" content=\"Ob\u011b hv\u011bzdy se n\u00e1m poda\u0159ilo pozvat do auly gymn\u00e1zia. A&nbsp;oba m\u011bli co \u0159\u00edct. Kovy \u0159e\u0161il d\u011bjiny a&nbsp;jejich nedostate\u010dnou v\u00fduku na st\u0159edn\u00edch \u0161kol\u00e1ch. Jan Cimick\u00fd du\u0161evn\u00ed zdrav\u00ed a&nbsp;psychickou pohodu. Ob\u011bma host\u016fm byli na\u0161i studenti a&nbsp;\u017e\u00e1ky rovnocenn\u00fdmi partnery v&nbsp;diskuzi.Fotogalerie\" \/>\n<meta property=\"og:url\" content=\"https:\/\/www.helloskola.cz\/zakladni-skola\/novinky\/t-film-s-kovym-a-janem-cimickym\/\" \/>\n<meta property=\"og:site_name\" content=\"Z\u00e1kladn\u00ed \u0161kola HELLO\" \/>\n<meta property=\"article:modified_time\" content=\"2022-05-09T18:21:29+00:00\" \/>\n<meta property=\"og:image\" content=\"https:\/\/www.helloskola.cz\/zakladni-skola\/wp-content\/uploads\/sites\/6\/2022\/05\/1-91.jpg\" \/>\n\t<meta property=\"og:image:width\" content=\"528\" \/>\n\t<meta property=\"og:image:height\" content=\"960\" \/>\n\t<meta property=\"og:image:type\" content=\"image\/jpeg\" \/>\n<meta name=\"twitter:card\" content=\"summary_large_image\" \/>\n<meta name=\"twitter:label1\" content=\"Odhadovan\u00e1 doba \u010dten\u00ed\" \/>\n\t<meta name=\"twitter:data1\" content=\"1 minuta\" \/>\n<script type=\"application\/ld+json\" class=\"yoast-schema-graph\">{\"@context\":\"https:\/\/schema.org\",\"@graph\":[{\"@type\":\"WebPage\",\"@id\":\"https:\/\/www.helloskola.cz\/zakladni-skola\/novinky\/t-film-s-kovym-a-janem-cimickym\/\",\"url\":\"https:\/\/www.helloskola.cz\/zakladni-skola\/novinky\/t-film-s-kovym-a-janem-cimickym\/\",\"name\":\"T-film s&nbsp;Kovym a&nbsp;Janem Cimick\u00fdm | Z\u00e1kladn\u00ed \u0161kola HELLO\",\"isPartOf\":{\"@id\":\"https:\/\/www.helloskola.cz\/zakladni-skola\/#website\"},\"primaryImageOfPage\":{\"@id\":\"https:\/\/www.helloskola.cz\/zakladni-skola\/novinky\/t-film-s-kovym-a-janem-cimickym\/#primaryimage\"},\"image\":{\"@id\":\"https:\/\/www.helloskola.cz\/zakladni-skola\/novinky\/t-film-s-kovym-a-janem-cimickym\/#primaryimage\"},\"thumbnailUrl\":\"https:\/\/www.helloskola.cz\/zakladni-skola\/wp-content\/uploads\/sites\/6\/2022\/05\/1-91.jpg\",\"datePublished\":\"2022-05-09T12:46:18+00:00\",\"dateModified\":\"2022-05-09T18:21:29+00:00\",\"breadcrumb\":{\"@id\":\"https:\/\/www.helloskola.cz\/zakladni-skola\/novinky\/t-film-s-kovym-a-janem-cimickym\/#breadcrumb\"},\"inLanguage\":\"cs\",\"potentialAction\":[{\"@type\":\"ReadAction\",\"target\":[\"https:\/\/www.helloskola.cz\/zakladni-skola\/novinky\/t-film-s-kovym-a-janem-cimickym\/\"]}]},{\"@type\":\"ImageObject\",\"inLanguage\":\"cs\",\"@id\":\"https:\/\/www.helloskola.cz\/zakladni-skola\/novinky\/t-film-s-kovym-a-janem-cimickym\/#primaryimage\",\"url\":\"https:\/\/www.helloskola.cz\/zakladni-skola\/wp-content\/uploads\/sites\/6\/2022\/05\/1-91.jpg\",\"contentUrl\":\"https:\/\/www.helloskola.cz\/zakladni-skola\/wp-content\/uploads\/sites\/6\/2022\/05\/1-91.jpg\",\"width\":528,\"height\":960},{\"@type\":\"BreadcrumbList\",\"@id\":\"https:\/\/www.helloskola.cz\/zakladni-skola\/novinky\/t-film-s-kovym-a-janem-cimickym\/#breadcrumb\",\"itemListElement\":[{\"@type\":\"ListItem\",\"position\":1,\"name\":\"\u00davod\",\"item\":\"https:\/\/www.helloskola.cz\/zakladni-skola\/\"},{\"@type\":\"ListItem\",\"position\":2,\"name\":\"Novinky\",\"item\":\"https:\/\/www.helloskola.cz\/zakladni-skola\/novinky\/\"},{\"@type\":\"ListItem\",\"position\":3,\"name\":\"\u0160koln\u00ed rok 2020\/2021\",\"item\":\"https:\/\/www.helloskola.cz\/zakladni-skola\/kategorie-skolni-rok\/skolni-rok-2020-2021\/\"},{\"@type\":\"ListItem\",\"position\":4,\"name\":\"1. pololet\u00ed\",\"item\":\"https:\/\/www.helloskola.cz\/zakladni-skola\/kategorie-skolni-rok\/1-pololeti-skolni-rok-2020-2021\/\"},{\"@type\":\"ListItem\",\"position\":5,\"name\":\"T-film s&nbsp;Kovym a&nbsp;Janem Cimick\u00fdm\"}]},{\"@type\":\"WebSite\",\"@id\":\"https:\/\/www.helloskola.cz\/zakladni-skola\/#website\",\"url\":\"https:\/\/www.helloskola.cz\/zakladni-skola\/\",\"name\":\"Z\u00e1kladn\u00ed \u0161kola HELLO\",\"description\":\"\u010desko-anglick\u00e1 z\u00e1kladn\u00ed \u0161kola, Ostrava Poruba\",\"publisher\":{\"@id\":\"https:\/\/www.helloskola.cz\/zakladni-skola\/#organization\"},\"potentialAction\":[{\"@type\":\"SearchAction\",\"target\":{\"@type\":\"EntryPoint\",\"urlTemplate\":\"https:\/\/www.helloskola.cz\/zakladni-skola\/?s={search_term_string}\"},\"query-input\":{\"@type\":\"PropertyValueSpecification\",\"valueRequired\":true,\"valueName\":\"search_term_string\"}}],\"inLanguage\":\"cs\"},{\"@type\":\"Organization\",\"@id\":\"https:\/\/www.helloskola.cz\/zakladni-skola\/#organization\",\"name\":\"Z\u00e1kladn\u00ed \u0161kola Hello\",\"url\":\"https:\/\/www.helloskola.cz\/zakladni-skola\/\",\"logo\":{\"@type\":\"ImageObject\",\"inLanguage\":\"cs\",\"@id\":\"https:\/\/www.helloskola.cz\/zakladni-skola\/#\/schema\/logo\/image\/\",\"url\":\"https:\/\/www.helloskola.cz\/zakladni-skola\/wp-content\/uploads\/sites\/6\/2022\/02\/hello_gy_zakladka_logo.svg\",\"contentUrl\":\"https:\/\/www.helloskola.cz\/zakladni-skola\/wp-content\/uploads\/sites\/6\/2022\/02\/hello_gy_zakladka_logo.svg\",\"width\":100,\"height\":100,\"caption\":\"Z\u00e1kladn\u00ed \u0161kola Hello\"},\"image\":{\"@id\":\"https:\/\/www.helloskola.cz\/zakladni-skola\/#\/schema\/logo\/image\/\"}}]}<\/script>\n<!-- \/ Yoast SEO plugin. -->","yoast_head_json":{"title":"T-film s&nbsp;Kovym a&nbsp;Janem Cimick\u00fdm | Z\u00e1kladn\u00ed \u0161kola HELLO","robots":{"index":"index","follow":"follow","max-snippet":"max-snippet:-1","max-image-preview":"max-image-preview:large","max-video-preview":"max-video-preview:-1"},"canonical":"https:\/\/www.helloskola.cz\/zakladni-skola\/novinky\/t-film-s-kovym-a-janem-cimickym\/","og_locale":"cs_CZ","og_type":"article","og_title":"T-film s&nbsp;Kovym a&nbsp;Janem Cimick\u00fdm | Z\u00e1kladn\u00ed \u0161kola HELLO","og_description":"Ob\u011b hv\u011bzdy se n\u00e1m poda\u0159ilo pozvat do auly gymn\u00e1zia. A&nbsp;oba m\u011bli co \u0159\u00edct. Kovy \u0159e\u0161il d\u011bjiny a&nbsp;jejich nedostate\u010dnou v\u00fduku na st\u0159edn\u00edch \u0161kol\u00e1ch. Jan Cimick\u00fd du\u0161evn\u00ed zdrav\u00ed a&nbsp;psychickou pohodu. Ob\u011bma host\u016fm byli na\u0161i studenti a&nbsp;\u017e\u00e1ky rovnocenn\u00fdmi partnery v&nbsp;diskuzi.Fotogalerie","og_url":"https:\/\/www.helloskola.cz\/zakladni-skola\/novinky\/t-film-s-kovym-a-janem-cimickym\/","og_site_name":"Z\u00e1kladn\u00ed \u0161kola HELLO","article_modified_time":"2022-05-09T18:21:29+00:00","og_image":[{"width":528,"height":960,"url":"https:\/\/www.helloskola.cz\/zakladni-skola\/wp-content\/uploads\/sites\/6\/2022\/05\/1-91.jpg","type":"image\/jpeg"}],"twitter_card":"summary_large_image","twitter_misc":{"Odhadovan\u00e1 doba \u010dten\u00ed":"1 minuta"},"schema":{"@context":"https:\/\/schema.org","@graph":[{"@type":"WebPage","@id":"https:\/\/www.helloskola.cz\/zakladni-skola\/novinky\/t-film-s-kovym-a-janem-cimickym\/","url":"https:\/\/www.helloskola.cz\/zakladni-skola\/novinky\/t-film-s-kovym-a-janem-cimickym\/","name":"T-film s&nbsp;Kovym a&nbsp;Janem Cimick\u00fdm | Z\u00e1kladn\u00ed \u0161kola HELLO","isPartOf":{"@id":"https:\/\/www.helloskola.cz\/zakladni-skola\/#website"},"primaryImageOfPage":{"@id":"https:\/\/www.helloskola.cz\/zakladni-skola\/novinky\/t-film-s-kovym-a-janem-cimickym\/#primaryimage"},"image":{"@id":"https:\/\/www.helloskola.cz\/zakladni-skola\/novinky\/t-film-s-kovym-a-janem-cimickym\/#primaryimage"},"thumbnailUrl":"https:\/\/www.helloskola.cz\/zakladni-skola\/wp-content\/uploads\/sites\/6\/2022\/05\/1-91.jpg","datePublished":"2022-05-09T12:46:18+00:00","dateModified":"2022-05-09T18:21:29+00:00","breadcrumb":{"@id":"https:\/\/www.helloskola.cz\/zakladni-skola\/novinky\/t-film-s-kovym-a-janem-cimickym\/#breadcrumb"},"inLanguage":"cs","potentialAction":[{"@type":"ReadAction","target":["https:\/\/www.helloskola.cz\/zakladni-skola\/novinky\/t-film-s-kovym-a-janem-cimickym\/"]}]},{"@type":"ImageObject","inLanguage":"cs","@id":"https:\/\/www.helloskola.cz\/zakladni-skola\/novinky\/t-film-s-kovym-a-janem-cimickym\/#primaryimage","url":"https:\/\/www.helloskola.cz\/zakladni-skola\/wp-content\/uploads\/sites\/6\/2022\/05\/1-91.jpg","contentUrl":"https:\/\/www.helloskola.cz\/zakladni-skola\/wp-content\/uploads\/sites\/6\/2022\/05\/1-91.jpg","width":528,"height":960},{"@type":"BreadcrumbList","@id":"https:\/\/www.helloskola.cz\/zakladni-skola\/novinky\/t-film-s-kovym-a-janem-cimickym\/#breadcrumb","itemListElement":[{"@type":"ListItem","position":1,"name":"\u00davod","item":"https:\/\/www.helloskola.cz\/zakladni-skola\/"},{"@type":"ListItem","position":2,"name":"Novinky","item":"https:\/\/www.helloskola.cz\/zakladni-skola\/novinky\/"},{"@type":"ListItem","position":3,"name":"\u0160koln\u00ed rok 2020\/2021","item":"https:\/\/www.helloskola.cz\/zakladni-skola\/kategorie-skolni-rok\/skolni-rok-2020-2021\/"},{"@type":"ListItem","position":4,"name":"1. pololet\u00ed","item":"https:\/\/www.helloskola.cz\/zakladni-skola\/kategorie-skolni-rok\/1-pololeti-skolni-rok-2020-2021\/"},{"@type":"ListItem","position":5,"name":"T-film s&nbsp;Kovym a&nbsp;Janem Cimick\u00fdm"}]},{"@type":"WebSite","@id":"https:\/\/www.helloskola.cz\/zakladni-skola\/#website","url":"https:\/\/www.helloskola.cz\/zakladni-skola\/","name":"Z\u00e1kladn\u00ed \u0161kola HELLO","description":"\u010desko-anglick\u00e1 z\u00e1kladn\u00ed \u0161kola, Ostrava Poruba","publisher":{"@id":"https:\/\/www.helloskola.cz\/zakladni-skola\/#organization"},"potentialAction":[{"@type":"SearchAction","target":{"@type":"EntryPoint","urlTemplate":"https:\/\/www.helloskola.cz\/zakladni-skola\/?s={search_term_string}"},"query-input":{"@type":"PropertyValueSpecification","valueRequired":true,"valueName":"search_term_string"}}],"inLanguage":"cs"},{"@type":"Organization","@id":"https:\/\/www.helloskola.cz\/zakladni-skola\/#organization","name":"Z\u00e1kladn\u00ed \u0161kola Hello","url":"https:\/\/www.helloskola.cz\/zakladni-skola\/","logo":{"@type":"ImageObject","inLanguage":"cs","@id":"https:\/\/www.helloskola.cz\/zakladni-skola\/#\/schema\/logo\/image\/","url":"https:\/\/www.helloskola.cz\/zakladni-skola\/wp-content\/uploads\/sites\/6\/2022\/02\/hello_gy_zakladka_logo.svg","contentUrl":"https:\/\/www.helloskola.cz\/zakladni-skola\/wp-content\/uploads\/sites\/6\/2022\/02\/hello_gy_zakladka_logo.svg","width":100,"height":100,"caption":"Z\u00e1kladn\u00ed \u0161kola Hello"},"image":{"@id":"https:\/\/www.helloskola.cz\/zakladni-skola\/#\/schema\/logo\/image\/"}}]}},"_links":{"self":[{"href":"https:\/\/www.helloskola.cz\/zakladni-skola\/wp-json\/wp\/v2\/novinky\/2976","targetHints":{"allow":["GET"]}}],"collection":[{"href":"https:\/\/www.helloskola.cz\/zakladni-skola\/wp-json\/wp\/v2\/novinky"}],"about":[{"href":"https:\/\/www.helloskola.cz\/zakladni-skola\/wp-json\/wp\/v2\/types\/novinky"}],"wp:featuredmedia":[{"embeddable":true,"href":"https:\/\/www.helloskola.cz\/zakladni-skola\/wp-json\/wp\/v2\/media\/2977"}],"wp:attachment":[{"href":"https:\/\/www.helloskola.cz\/zakladni-skola\/wp-json\/wp\/v2\/media?parent=2976"}],"wp:term":[{"taxonomy":"kategorie-skolni-rok","embeddable":true,"href":"https:\/\/www.helloskola.cz\/zakladni-skola\/wp-json\/wp\/v2\/kategorie-skolni-rok?post=2976"}],"curies":[{"name":"wp","href":"https:\/\/api.w.org\/{rel}","templated":true}]}}