{"id":2690,"date":"2022-05-06T14:46:27","date_gmt":"2022-05-06T12:46:27","guid":{"rendered":"https:\/\/www.helloskola.cz\/zakladni-skola\/?post_type=akce&#038;p=2690"},"modified":"2022-05-06T14:46:28","modified_gmt":"2022-05-06T12:46:28","slug":"skolni-vylet-terlicka-prehrada","status":"publish","type":"novinky","link":"https:\/\/www.helloskola.cz\/zakladni-skola\/novinky\/skolni-vylet-terlicka-prehrada\/","title":{"rendered":"\u0160koln\u00ed v\u00fdlet &#8211; T\u011brlick\u00e1 p\u0159ehrada"},"content":{"rendered":"\n<p>Po n\u00e1ro\u010dn\u00e9m \u0161koln\u00edm roce si d\u011bti zaslou\u017eily str\u00e1vit n\u011bjak\u00fd \u010das spolu i\u00a0mimo \u0161koln\u00ed prost\u0159ed\u00ed. Proto se v\u0161ichni vydali na 3-denn\u00ed v\u00fdlet na T\u011brlickou p\u0159ehradu. Na penzionu Tarem se postupn\u011b vyst\u0159\u00eddaly v\u0161echny ro\u010dn\u00edky. Programy byly pestr\u00e9, d\u011bti nad\u0161en\u00e9, po\u010das\u00ed vy\u0161lo n\u00e1dhern\u011b, tak\u017ee co v\u00edc jsme si mohli na konec \u0161koln\u00edho roku v\u00edc p\u0159\u00e1t? Pod\u00edvejte se na spokojen\u00e9 v\u00fdrazy na\u0161ich d\u011bt\u00ed&#8230;<br><a href=\"https:\/\/helloskola.rajce.idnes.cz\/3._a_5._trida_na_vylete_Terlicko\/1488458639\" target=\"_blank\" rel=\"noreferrer noopener\">Fotogalerie 3. a\u00a05. t\u0159\u00eddy<\/a><br><a href=\"https:\/\/helloskola.rajce.idnes.cz\/2._a_4._trida_na_vylete_Terlicko\/1488727023\" target=\"_blank\" rel=\"noreferrer noopener\">Fotogalerie 2. a\u00a04. t\u0159\u00eddy<\/a><\/p>\n","protected":false},"featured_media":2691,"template":"","kategorie-skolni-rok":[31],"class_list":["post-2690","novinky","type-novinky","status-publish","has-post-thumbnail","hentry","kategorie-skolni-rok-2-pololeti-skolni-rok-2020-2021"],"yoast_head":"<!-- This site is optimized with the Yoast SEO plugin v24.8.1 - https:\/\/yoast.com\/wordpress\/plugins\/seo\/ -->\n<title>\u0160koln\u00ed v\u00fdlet - T\u011brlick\u00e1 p\u0159ehrada | Z\u00e1kladn\u00ed \u0161kola HELLO<\/title>\n<meta name=\"robots\" content=\"index, follow, max-snippet:-1, max-image-preview:large, max-video-preview:-1\" \/>\n<link rel=\"canonical\" href=\"https:\/\/www.helloskola.cz\/zakladni-skola\/novinky\/skolni-vylet-terlicka-prehrada\/\" \/>\n<meta property=\"og:locale\" content=\"cs_CZ\" \/>\n<meta property=\"og:type\" content=\"article\" \/>\n<meta property=\"og:title\" content=\"\u0160koln\u00ed v\u00fdlet - T\u011brlick\u00e1 p\u0159ehrada | Z\u00e1kladn\u00ed \u0161kola HELLO\" \/>\n<meta property=\"og:description\" content=\"Po n\u00e1ro\u010dn\u00e9m \u0161koln\u00edm roce si d\u011bti zaslou\u017eily str\u00e1vit n\u011bjak\u00fd \u010das spolu i\u00a0mimo \u0161koln\u00ed prost\u0159ed\u00ed. Proto se v\u0161ichni vydali na 3-denn\u00ed v\u00fdlet na T\u011brlickou p\u0159ehradu. Na penzionu Tarem se postupn\u011b vyst\u0159\u00eddaly v\u0161echny ro\u010dn\u00edky. Programy byly pestr\u00e9, d\u011bti nad\u0161en\u00e9, po\u010das\u00ed vy\u0161lo n\u00e1dhern\u011b, tak\u017ee co v\u00edc jsme si mohli na konec \u0161koln\u00edho roku v\u00edc p\u0159\u00e1t? Pod\u00edvejte se na [&hellip;]\" \/>\n<meta property=\"og:url\" content=\"https:\/\/www.helloskola.cz\/zakladni-skola\/novinky\/skolni-vylet-terlicka-prehrada\/\" \/>\n<meta property=\"og:site_name\" content=\"Z\u00e1kladn\u00ed \u0161kola HELLO\" \/>\n<meta property=\"article:modified_time\" content=\"2022-05-06T12:46:28+00:00\" \/>\n<meta property=\"og:image\" content=\"https:\/\/www.helloskola.cz\/zakladni-skola\/wp-content\/uploads\/sites\/6\/2022\/05\/1-21.jpg\" \/>\n\t<meta property=\"og:image:width\" content=\"960\" \/>\n\t<meta property=\"og:image:height\" content=\"720\" \/>\n\t<meta property=\"og:image:type\" content=\"image\/jpeg\" \/>\n<meta name=\"twitter:card\" content=\"summary_large_image\" \/>\n<meta name=\"twitter:label1\" content=\"Odhadovan\u00e1 doba \u010dten\u00ed\" \/>\n\t<meta name=\"twitter:data1\" content=\"1 minuta\" \/>\n<script type=\"application\/ld+json\" class=\"yoast-schema-graph\">{\"@context\":\"https:\/\/schema.org\",\"@graph\":[{\"@type\":\"WebPage\",\"@id\":\"https:\/\/www.helloskola.cz\/zakladni-skola\/novinky\/skolni-vylet-terlicka-prehrada\/\",\"url\":\"https:\/\/www.helloskola.cz\/zakladni-skola\/novinky\/skolni-vylet-terlicka-prehrada\/\",\"name\":\"\u0160koln\u00ed v\u00fdlet - T\u011brlick\u00e1 p\u0159ehrada | Z\u00e1kladn\u00ed \u0161kola HELLO\",\"isPartOf\":{\"@id\":\"https:\/\/www.helloskola.cz\/zakladni-skola\/#website\"},\"primaryImageOfPage\":{\"@id\":\"https:\/\/www.helloskola.cz\/zakladni-skola\/novinky\/skolni-vylet-terlicka-prehrada\/#primaryimage\"},\"image\":{\"@id\":\"https:\/\/www.helloskola.cz\/zakladni-skola\/novinky\/skolni-vylet-terlicka-prehrada\/#primaryimage\"},\"thumbnailUrl\":\"https:\/\/www.helloskola.cz\/zakladni-skola\/wp-content\/uploads\/sites\/6\/2022\/05\/1-21.jpg\",\"datePublished\":\"2022-05-06T12:46:27+00:00\",\"dateModified\":\"2022-05-06T12:46:28+00:00\",\"breadcrumb\":{\"@id\":\"https:\/\/www.helloskola.cz\/zakladni-skola\/novinky\/skolni-vylet-terlicka-prehrada\/#breadcrumb\"},\"inLanguage\":\"cs\",\"potentialAction\":[{\"@type\":\"ReadAction\",\"target\":[\"https:\/\/www.helloskola.cz\/zakladni-skola\/novinky\/skolni-vylet-terlicka-prehrada\/\"]}]},{\"@type\":\"ImageObject\",\"inLanguage\":\"cs\",\"@id\":\"https:\/\/www.helloskola.cz\/zakladni-skola\/novinky\/skolni-vylet-terlicka-prehrada\/#primaryimage\",\"url\":\"https:\/\/www.helloskola.cz\/zakladni-skola\/wp-content\/uploads\/sites\/6\/2022\/05\/1-21.jpg\",\"contentUrl\":\"https:\/\/www.helloskola.cz\/zakladni-skola\/wp-content\/uploads\/sites\/6\/2022\/05\/1-21.jpg\",\"width\":960,\"height\":720},{\"@type\":\"BreadcrumbList\",\"@id\":\"https:\/\/www.helloskola.cz\/zakladni-skola\/novinky\/skolni-vylet-terlicka-prehrada\/#breadcrumb\",\"itemListElement\":[{\"@type\":\"ListItem\",\"position\":1,\"name\":\"\u00davod\",\"item\":\"https:\/\/www.helloskola.cz\/zakladni-skola\/\"},{\"@type\":\"ListItem\",\"position\":2,\"name\":\"Novinky\",\"item\":\"https:\/\/www.helloskola.cz\/zakladni-skola\/novinky\/\"},{\"@type\":\"ListItem\",\"position\":3,\"name\":\"\u0160koln\u00ed rok 2020\/2021\",\"item\":\"https:\/\/www.helloskola.cz\/zakladni-skola\/kategorie-skolni-rok\/skolni-rok-2020-2021\/\"},{\"@type\":\"ListItem\",\"position\":4,\"name\":\"2. pololet\u00ed\",\"item\":\"https:\/\/www.helloskola.cz\/zakladni-skola\/kategorie-skolni-rok\/2-pololeti-skolni-rok-2020-2021\/\"},{\"@type\":\"ListItem\",\"position\":5,\"name\":\"\u0160koln\u00ed v\u00fdlet &#8211; T\u011brlick\u00e1 p\u0159ehrada\"}]},{\"@type\":\"WebSite\",\"@id\":\"https:\/\/www.helloskola.cz\/zakladni-skola\/#website\",\"url\":\"https:\/\/www.helloskola.cz\/zakladni-skola\/\",\"name\":\"Z\u00e1kladn\u00ed \u0161kola HELLO\",\"description\":\"\u010desko-anglick\u00e1 z\u00e1kladn\u00ed \u0161kola, Ostrava Poruba\",\"publisher\":{\"@id\":\"https:\/\/www.helloskola.cz\/zakladni-skola\/#organization\"},\"potentialAction\":[{\"@type\":\"SearchAction\",\"target\":{\"@type\":\"EntryPoint\",\"urlTemplate\":\"https:\/\/www.helloskola.cz\/zakladni-skola\/?s={search_term_string}\"},\"query-input\":{\"@type\":\"PropertyValueSpecification\",\"valueRequired\":true,\"valueName\":\"search_term_string\"}}],\"inLanguage\":\"cs\"},{\"@type\":\"Organization\",\"@id\":\"https:\/\/www.helloskola.cz\/zakladni-skola\/#organization\",\"name\":\"Z\u00e1kladn\u00ed \u0161kola Hello\",\"url\":\"https:\/\/www.helloskola.cz\/zakladni-skola\/\",\"logo\":{\"@type\":\"ImageObject\",\"inLanguage\":\"cs\",\"@id\":\"https:\/\/www.helloskola.cz\/zakladni-skola\/#\/schema\/logo\/image\/\",\"url\":\"https:\/\/www.helloskola.cz\/zakladni-skola\/wp-content\/uploads\/sites\/6\/2022\/02\/hello_gy_zakladka_logo.svg\",\"contentUrl\":\"https:\/\/www.helloskola.cz\/zakladni-skola\/wp-content\/uploads\/sites\/6\/2022\/02\/hello_gy_zakladka_logo.svg\",\"width\":100,\"height\":100,\"caption\":\"Z\u00e1kladn\u00ed \u0161kola Hello\"},\"image\":{\"@id\":\"https:\/\/www.helloskola.cz\/zakladni-skola\/#\/schema\/logo\/image\/\"}}]}<\/script>\n<!-- \/ Yoast SEO plugin. -->","yoast_head_json":{"title":"\u0160koln\u00ed v\u00fdlet - T\u011brlick\u00e1 p\u0159ehrada | Z\u00e1kladn\u00ed \u0161kola HELLO","robots":{"index":"index","follow":"follow","max-snippet":"max-snippet:-1","max-image-preview":"max-image-preview:large","max-video-preview":"max-video-preview:-1"},"canonical":"https:\/\/www.helloskola.cz\/zakladni-skola\/novinky\/skolni-vylet-terlicka-prehrada\/","og_locale":"cs_CZ","og_type":"article","og_title":"\u0160koln\u00ed v\u00fdlet - T\u011brlick\u00e1 p\u0159ehrada | Z\u00e1kladn\u00ed \u0161kola HELLO","og_description":"Po n\u00e1ro\u010dn\u00e9m \u0161koln\u00edm roce si d\u011bti zaslou\u017eily str\u00e1vit n\u011bjak\u00fd \u010das spolu i\u00a0mimo \u0161koln\u00ed prost\u0159ed\u00ed. Proto se v\u0161ichni vydali na 3-denn\u00ed v\u00fdlet na T\u011brlickou p\u0159ehradu. Na penzionu Tarem se postupn\u011b vyst\u0159\u00eddaly v\u0161echny ro\u010dn\u00edky. Programy byly pestr\u00e9, d\u011bti nad\u0161en\u00e9, po\u010das\u00ed vy\u0161lo n\u00e1dhern\u011b, tak\u017ee co v\u00edc jsme si mohli na konec \u0161koln\u00edho roku v\u00edc p\u0159\u00e1t? Pod\u00edvejte se na [&hellip;]","og_url":"https:\/\/www.helloskola.cz\/zakladni-skola\/novinky\/skolni-vylet-terlicka-prehrada\/","og_site_name":"Z\u00e1kladn\u00ed \u0161kola HELLO","article_modified_time":"2022-05-06T12:46:28+00:00","og_image":[{"width":960,"height":720,"url":"https:\/\/www.helloskola.cz\/zakladni-skola\/wp-content\/uploads\/sites\/6\/2022\/05\/1-21.jpg","type":"image\/jpeg"}],"twitter_card":"summary_large_image","twitter_misc":{"Odhadovan\u00e1 doba \u010dten\u00ed":"1 minuta"},"schema":{"@context":"https:\/\/schema.org","@graph":[{"@type":"WebPage","@id":"https:\/\/www.helloskola.cz\/zakladni-skola\/novinky\/skolni-vylet-terlicka-prehrada\/","url":"https:\/\/www.helloskola.cz\/zakladni-skola\/novinky\/skolni-vylet-terlicka-prehrada\/","name":"\u0160koln\u00ed v\u00fdlet - T\u011brlick\u00e1 p\u0159ehrada | Z\u00e1kladn\u00ed \u0161kola HELLO","isPartOf":{"@id":"https:\/\/www.helloskola.cz\/zakladni-skola\/#website"},"primaryImageOfPage":{"@id":"https:\/\/www.helloskola.cz\/zakladni-skola\/novinky\/skolni-vylet-terlicka-prehrada\/#primaryimage"},"image":{"@id":"https:\/\/www.helloskola.cz\/zakladni-skola\/novinky\/skolni-vylet-terlicka-prehrada\/#primaryimage"},"thumbnailUrl":"https:\/\/www.helloskola.cz\/zakladni-skola\/wp-content\/uploads\/sites\/6\/2022\/05\/1-21.jpg","datePublished":"2022-05-06T12:46:27+00:00","dateModified":"2022-05-06T12:46:28+00:00","breadcrumb":{"@id":"https:\/\/www.helloskola.cz\/zakladni-skola\/novinky\/skolni-vylet-terlicka-prehrada\/#breadcrumb"},"inLanguage":"cs","potentialAction":[{"@type":"ReadAction","target":["https:\/\/www.helloskola.cz\/zakladni-skola\/novinky\/skolni-vylet-terlicka-prehrada\/"]}]},{"@type":"ImageObject","inLanguage":"cs","@id":"https:\/\/www.helloskola.cz\/zakladni-skola\/novinky\/skolni-vylet-terlicka-prehrada\/#primaryimage","url":"https:\/\/www.helloskola.cz\/zakladni-skola\/wp-content\/uploads\/sites\/6\/2022\/05\/1-21.jpg","contentUrl":"https:\/\/www.helloskola.cz\/zakladni-skola\/wp-content\/uploads\/sites\/6\/2022\/05\/1-21.jpg","width":960,"height":720},{"@type":"BreadcrumbList","@id":"https:\/\/www.helloskola.cz\/zakladni-skola\/novinky\/skolni-vylet-terlicka-prehrada\/#breadcrumb","itemListElement":[{"@type":"ListItem","position":1,"name":"\u00davod","item":"https:\/\/www.helloskola.cz\/zakladni-skola\/"},{"@type":"ListItem","position":2,"name":"Novinky","item":"https:\/\/www.helloskola.cz\/zakladni-skola\/novinky\/"},{"@type":"ListItem","position":3,"name":"\u0160koln\u00ed rok 2020\/2021","item":"https:\/\/www.helloskola.cz\/zakladni-skola\/kategorie-skolni-rok\/skolni-rok-2020-2021\/"},{"@type":"ListItem","position":4,"name":"2. pololet\u00ed","item":"https:\/\/www.helloskola.cz\/zakladni-skola\/kategorie-skolni-rok\/2-pololeti-skolni-rok-2020-2021\/"},{"@type":"ListItem","position":5,"name":"\u0160koln\u00ed v\u00fdlet &#8211; T\u011brlick\u00e1 p\u0159ehrada"}]},{"@type":"WebSite","@id":"https:\/\/www.helloskola.cz\/zakladni-skola\/#website","url":"https:\/\/www.helloskola.cz\/zakladni-skola\/","name":"Z\u00e1kladn\u00ed \u0161kola HELLO","description":"\u010desko-anglick\u00e1 z\u00e1kladn\u00ed \u0161kola, Ostrava Poruba","publisher":{"@id":"https:\/\/www.helloskola.cz\/zakladni-skola\/#organization"},"potentialAction":[{"@type":"SearchAction","target":{"@type":"EntryPoint","urlTemplate":"https:\/\/www.helloskola.cz\/zakladni-skola\/?s={search_term_string}"},"query-input":{"@type":"PropertyValueSpecification","valueRequired":true,"valueName":"search_term_string"}}],"inLanguage":"cs"},{"@type":"Organization","@id":"https:\/\/www.helloskola.cz\/zakladni-skola\/#organization","name":"Z\u00e1kladn\u00ed \u0161kola Hello","url":"https:\/\/www.helloskola.cz\/zakladni-skola\/","logo":{"@type":"ImageObject","inLanguage":"cs","@id":"https:\/\/www.helloskola.cz\/zakladni-skola\/#\/schema\/logo\/image\/","url":"https:\/\/www.helloskola.cz\/zakladni-skola\/wp-content\/uploads\/sites\/6\/2022\/02\/hello_gy_zakladka_logo.svg","contentUrl":"https:\/\/www.helloskola.cz\/zakladni-skola\/wp-content\/uploads\/sites\/6\/2022\/02\/hello_gy_zakladka_logo.svg","width":100,"height":100,"caption":"Z\u00e1kladn\u00ed \u0161kola Hello"},"image":{"@id":"https:\/\/www.helloskola.cz\/zakladni-skola\/#\/schema\/logo\/image\/"}}]}},"_links":{"self":[{"href":"https:\/\/www.helloskola.cz\/zakladni-skola\/wp-json\/wp\/v2\/novinky\/2690","targetHints":{"allow":["GET"]}}],"collection":[{"href":"https:\/\/www.helloskola.cz\/zakladni-skola\/wp-json\/wp\/v2\/novinky"}],"about":[{"href":"https:\/\/www.helloskola.cz\/zakladni-skola\/wp-json\/wp\/v2\/types\/novinky"}],"wp:featuredmedia":[{"embeddable":true,"href":"https:\/\/www.helloskola.cz\/zakladni-skola\/wp-json\/wp\/v2\/media\/2691"}],"wp:attachment":[{"href":"https:\/\/www.helloskola.cz\/zakladni-skola\/wp-json\/wp\/v2\/media?parent=2690"}],"wp:term":[{"taxonomy":"kategorie-skolni-rok","embeddable":true,"href":"https:\/\/www.helloskola.cz\/zakladni-skola\/wp-json\/wp\/v2\/kategorie-skolni-rok?post=2690"}],"curies":[{"name":"wp","href":"https:\/\/api.w.org\/{rel}","templated":true}]}}