{"id":2345,"date":"2022-01-17T15:07:00","date_gmt":"2022-01-17T14:07:00","guid":{"rendered":"https:\/\/www.helloskola.cz\/zakladni-skola\/?post_type=akce&#038;p=2345"},"modified":"2022-05-09T20:46:16","modified_gmt":"2022-05-09T18:46:16","slug":"lyzarsky-vycvik-na-skalce","status":"publish","type":"novinky","link":"https:\/\/www.helloskola.cz\/zakladni-skola\/novinky\/lyzarsky-vycvik-na-skalce\/","title":{"rendered":"Ly\u017ea\u0159sk\u00fd v\u00fdcvik na Skalce"},"content":{"rendered":"\n<p>Nejmlad\u0161\u00ed d\u011bti z&nbsp;M\u0160 a&nbsp;Z\u0160 se u\u010dily ly\u017eovat na Skalce. I&nbsp;p\u0159es prom\u011bnliv\u00e9 po\u010das\u00ed, kter\u00e9 nebylo v\u017edy p\u0159\u00edjemn\u00e9, si to d\u011bti nad\u0161en\u011b u\u017e\u00edvaly a&nbsp;nejrad\u011bji by tam ly\u017eovali po\u0159\u00e1d. V&nbsp;p\u00e1tek je \u010dekal z\u00e1vod a&nbsp;spole\u010dn\u00e9 zakon\u010den\u00ed.<\/p>\n\n\n\n<p><a href=\"https:\/\/helloskola.rajce.idnes.cz\/Lyzovani_na_Skalce\/1522646089\" target=\"_blank\" rel=\"noreferrer noopener\">Fotogalerie<\/a><\/p>\n","protected":false},"featured_media":2346,"template":"","kategorie-skolni-rok":[28],"class_list":["post-2345","novinky","type-novinky","status-publish","has-post-thumbnail","hentry","kategorie-skolni-rok-1-pololeti-skolni-rok-2021-2022"],"yoast_head":"<!-- This site is optimized with the Yoast SEO plugin v24.8.1 - https:\/\/yoast.com\/wordpress\/plugins\/seo\/ -->\n<title>Ly\u017ea\u0159sk\u00fd v\u00fdcvik na Skalce | Z\u00e1kladn\u00ed \u0161kola HELLO<\/title>\n<meta name=\"robots\" content=\"index, follow, max-snippet:-1, max-image-preview:large, max-video-preview:-1\" \/>\n<link rel=\"canonical\" href=\"https:\/\/www.helloskola.cz\/zakladni-skola\/novinky\/lyzarsky-vycvik-na-skalce\/\" \/>\n<meta property=\"og:locale\" content=\"cs_CZ\" \/>\n<meta property=\"og:type\" content=\"article\" \/>\n<meta property=\"og:title\" content=\"Ly\u017ea\u0159sk\u00fd v\u00fdcvik na Skalce | Z\u00e1kladn\u00ed \u0161kola HELLO\" \/>\n<meta property=\"og:description\" content=\"Nejmlad\u0161\u00ed d\u011bti z&nbsp;M\u0160 a&nbsp;Z\u0160 se u\u010dily ly\u017eovat na Skalce. I&nbsp;p\u0159es prom\u011bnliv\u00e9 po\u010das\u00ed, kter\u00e9 nebylo v\u017edy p\u0159\u00edjemn\u00e9, si to d\u011bti nad\u0161en\u011b u\u017e\u00edvaly a&nbsp;nejrad\u011bji by tam ly\u017eovali po\u0159\u00e1d. V&nbsp;p\u00e1tek je \u010dekal z\u00e1vod a&nbsp;spole\u010dn\u00e9 zakon\u010den\u00ed. Fotogalerie\" \/>\n<meta property=\"og:url\" content=\"https:\/\/www.helloskola.cz\/zakladni-skola\/novinky\/lyzarsky-vycvik-na-skalce\/\" \/>\n<meta property=\"og:site_name\" content=\"Z\u00e1kladn\u00ed \u0161kola HELLO\" \/>\n<meta property=\"article:modified_time\" content=\"2022-05-09T18:46:16+00:00\" \/>\n<meta property=\"og:image\" content=\"https:\/\/www.helloskola.cz\/zakladni-skola\/wp-content\/uploads\/sites\/6\/2022\/04\/1-14.jpg\" \/>\n\t<meta property=\"og:image:width\" content=\"1200\" \/>\n\t<meta property=\"og:image:height\" content=\"1600\" \/>\n\t<meta property=\"og:image:type\" content=\"image\/jpeg\" \/>\n<meta name=\"twitter:card\" content=\"summary_large_image\" \/>\n<meta name=\"twitter:label1\" content=\"Odhadovan\u00e1 doba \u010dten\u00ed\" \/>\n\t<meta name=\"twitter:data1\" content=\"1 minuta\" \/>\n<script type=\"application\/ld+json\" class=\"yoast-schema-graph\">{\"@context\":\"https:\/\/schema.org\",\"@graph\":[{\"@type\":\"WebPage\",\"@id\":\"https:\/\/www.helloskola.cz\/zakladni-skola\/novinky\/lyzarsky-vycvik-na-skalce\/\",\"url\":\"https:\/\/www.helloskola.cz\/zakladni-skola\/novinky\/lyzarsky-vycvik-na-skalce\/\",\"name\":\"Ly\u017ea\u0159sk\u00fd v\u00fdcvik na Skalce | Z\u00e1kladn\u00ed \u0161kola HELLO\",\"isPartOf\":{\"@id\":\"https:\/\/www.helloskola.cz\/zakladni-skola\/#website\"},\"primaryImageOfPage\":{\"@id\":\"https:\/\/www.helloskola.cz\/zakladni-skola\/novinky\/lyzarsky-vycvik-na-skalce\/#primaryimage\"},\"image\":{\"@id\":\"https:\/\/www.helloskola.cz\/zakladni-skola\/novinky\/lyzarsky-vycvik-na-skalce\/#primaryimage\"},\"thumbnailUrl\":\"https:\/\/www.helloskola.cz\/zakladni-skola\/wp-content\/uploads\/sites\/6\/2022\/04\/1-14.jpg\",\"datePublished\":\"2022-01-17T14:07:00+00:00\",\"dateModified\":\"2022-05-09T18:46:16+00:00\",\"breadcrumb\":{\"@id\":\"https:\/\/www.helloskola.cz\/zakladni-skola\/novinky\/lyzarsky-vycvik-na-skalce\/#breadcrumb\"},\"inLanguage\":\"cs\",\"potentialAction\":[{\"@type\":\"ReadAction\",\"target\":[\"https:\/\/www.helloskola.cz\/zakladni-skola\/novinky\/lyzarsky-vycvik-na-skalce\/\"]}]},{\"@type\":\"ImageObject\",\"inLanguage\":\"cs\",\"@id\":\"https:\/\/www.helloskola.cz\/zakladni-skola\/novinky\/lyzarsky-vycvik-na-skalce\/#primaryimage\",\"url\":\"https:\/\/www.helloskola.cz\/zakladni-skola\/wp-content\/uploads\/sites\/6\/2022\/04\/1-14.jpg\",\"contentUrl\":\"https:\/\/www.helloskola.cz\/zakladni-skola\/wp-content\/uploads\/sites\/6\/2022\/04\/1-14.jpg\",\"width\":1200,\"height\":1600},{\"@type\":\"BreadcrumbList\",\"@id\":\"https:\/\/www.helloskola.cz\/zakladni-skola\/novinky\/lyzarsky-vycvik-na-skalce\/#breadcrumb\",\"itemListElement\":[{\"@type\":\"ListItem\",\"position\":1,\"name\":\"\u00davod\",\"item\":\"https:\/\/www.helloskola.cz\/zakladni-skola\/\"},{\"@type\":\"ListItem\",\"position\":2,\"name\":\"Novinky\",\"item\":\"https:\/\/www.helloskola.cz\/zakladni-skola\/novinky\/\"},{\"@type\":\"ListItem\",\"position\":3,\"name\":\"\u0160koln\u00ed rok 2021\/2022\",\"item\":\"https:\/\/www.helloskola.cz\/zakladni-skola\/kategorie-skolni-rok\/skolni-rok-2021-2022\/\"},{\"@type\":\"ListItem\",\"position\":4,\"name\":\"1. pololet\u00ed\",\"item\":\"https:\/\/www.helloskola.cz\/zakladni-skola\/kategorie-skolni-rok\/1-pololeti-skolni-rok-2021-2022\/\"},{\"@type\":\"ListItem\",\"position\":5,\"name\":\"Ly\u017ea\u0159sk\u00fd v\u00fdcvik na Skalce\"}]},{\"@type\":\"WebSite\",\"@id\":\"https:\/\/www.helloskola.cz\/zakladni-skola\/#website\",\"url\":\"https:\/\/www.helloskola.cz\/zakladni-skola\/\",\"name\":\"Z\u00e1kladn\u00ed \u0161kola HELLO\",\"description\":\"\u010desko-anglick\u00e1 z\u00e1kladn\u00ed \u0161kola, Ostrava Poruba\",\"publisher\":{\"@id\":\"https:\/\/www.helloskola.cz\/zakladni-skola\/#organization\"},\"potentialAction\":[{\"@type\":\"SearchAction\",\"target\":{\"@type\":\"EntryPoint\",\"urlTemplate\":\"https:\/\/www.helloskola.cz\/zakladni-skola\/?s={search_term_string}\"},\"query-input\":{\"@type\":\"PropertyValueSpecification\",\"valueRequired\":true,\"valueName\":\"search_term_string\"}}],\"inLanguage\":\"cs\"},{\"@type\":\"Organization\",\"@id\":\"https:\/\/www.helloskola.cz\/zakladni-skola\/#organization\",\"name\":\"Z\u00e1kladn\u00ed \u0161kola Hello\",\"url\":\"https:\/\/www.helloskola.cz\/zakladni-skola\/\",\"logo\":{\"@type\":\"ImageObject\",\"inLanguage\":\"cs\",\"@id\":\"https:\/\/www.helloskola.cz\/zakladni-skola\/#\/schema\/logo\/image\/\",\"url\":\"https:\/\/www.helloskola.cz\/zakladni-skola\/wp-content\/uploads\/sites\/6\/2022\/02\/hello_gy_zakladka_logo.svg\",\"contentUrl\":\"https:\/\/www.helloskola.cz\/zakladni-skola\/wp-content\/uploads\/sites\/6\/2022\/02\/hello_gy_zakladka_logo.svg\",\"width\":100,\"height\":100,\"caption\":\"Z\u00e1kladn\u00ed \u0161kola Hello\"},\"image\":{\"@id\":\"https:\/\/www.helloskola.cz\/zakladni-skola\/#\/schema\/logo\/image\/\"}}]}<\/script>\n<!-- \/ Yoast SEO plugin. -->","yoast_head_json":{"title":"Ly\u017ea\u0159sk\u00fd v\u00fdcvik na Skalce | Z\u00e1kladn\u00ed \u0161kola HELLO","robots":{"index":"index","follow":"follow","max-snippet":"max-snippet:-1","max-image-preview":"max-image-preview:large","max-video-preview":"max-video-preview:-1"},"canonical":"https:\/\/www.helloskola.cz\/zakladni-skola\/novinky\/lyzarsky-vycvik-na-skalce\/","og_locale":"cs_CZ","og_type":"article","og_title":"Ly\u017ea\u0159sk\u00fd v\u00fdcvik na Skalce | Z\u00e1kladn\u00ed \u0161kola HELLO","og_description":"Nejmlad\u0161\u00ed d\u011bti z&nbsp;M\u0160 a&nbsp;Z\u0160 se u\u010dily ly\u017eovat na Skalce. I&nbsp;p\u0159es prom\u011bnliv\u00e9 po\u010das\u00ed, kter\u00e9 nebylo v\u017edy p\u0159\u00edjemn\u00e9, si to d\u011bti nad\u0161en\u011b u\u017e\u00edvaly a&nbsp;nejrad\u011bji by tam ly\u017eovali po\u0159\u00e1d. V&nbsp;p\u00e1tek je \u010dekal z\u00e1vod a&nbsp;spole\u010dn\u00e9 zakon\u010den\u00ed. Fotogalerie","og_url":"https:\/\/www.helloskola.cz\/zakladni-skola\/novinky\/lyzarsky-vycvik-na-skalce\/","og_site_name":"Z\u00e1kladn\u00ed \u0161kola HELLO","article_modified_time":"2022-05-09T18:46:16+00:00","og_image":[{"width":1200,"height":1600,"url":"https:\/\/www.helloskola.cz\/zakladni-skola\/wp-content\/uploads\/sites\/6\/2022\/04\/1-14.jpg","type":"image\/jpeg"}],"twitter_card":"summary_large_image","twitter_misc":{"Odhadovan\u00e1 doba \u010dten\u00ed":"1 minuta"},"schema":{"@context":"https:\/\/schema.org","@graph":[{"@type":"WebPage","@id":"https:\/\/www.helloskola.cz\/zakladni-skola\/novinky\/lyzarsky-vycvik-na-skalce\/","url":"https:\/\/www.helloskola.cz\/zakladni-skola\/novinky\/lyzarsky-vycvik-na-skalce\/","name":"Ly\u017ea\u0159sk\u00fd v\u00fdcvik na Skalce | Z\u00e1kladn\u00ed \u0161kola HELLO","isPartOf":{"@id":"https:\/\/www.helloskola.cz\/zakladni-skola\/#website"},"primaryImageOfPage":{"@id":"https:\/\/www.helloskola.cz\/zakladni-skola\/novinky\/lyzarsky-vycvik-na-skalce\/#primaryimage"},"image":{"@id":"https:\/\/www.helloskola.cz\/zakladni-skola\/novinky\/lyzarsky-vycvik-na-skalce\/#primaryimage"},"thumbnailUrl":"https:\/\/www.helloskola.cz\/zakladni-skola\/wp-content\/uploads\/sites\/6\/2022\/04\/1-14.jpg","datePublished":"2022-01-17T14:07:00+00:00","dateModified":"2022-05-09T18:46:16+00:00","breadcrumb":{"@id":"https:\/\/www.helloskola.cz\/zakladni-skola\/novinky\/lyzarsky-vycvik-na-skalce\/#breadcrumb"},"inLanguage":"cs","potentialAction":[{"@type":"ReadAction","target":["https:\/\/www.helloskola.cz\/zakladni-skola\/novinky\/lyzarsky-vycvik-na-skalce\/"]}]},{"@type":"ImageObject","inLanguage":"cs","@id":"https:\/\/www.helloskola.cz\/zakladni-skola\/novinky\/lyzarsky-vycvik-na-skalce\/#primaryimage","url":"https:\/\/www.helloskola.cz\/zakladni-skola\/wp-content\/uploads\/sites\/6\/2022\/04\/1-14.jpg","contentUrl":"https:\/\/www.helloskola.cz\/zakladni-skola\/wp-content\/uploads\/sites\/6\/2022\/04\/1-14.jpg","width":1200,"height":1600},{"@type":"BreadcrumbList","@id":"https:\/\/www.helloskola.cz\/zakladni-skola\/novinky\/lyzarsky-vycvik-na-skalce\/#breadcrumb","itemListElement":[{"@type":"ListItem","position":1,"name":"\u00davod","item":"https:\/\/www.helloskola.cz\/zakladni-skola\/"},{"@type":"ListItem","position":2,"name":"Novinky","item":"https:\/\/www.helloskola.cz\/zakladni-skola\/novinky\/"},{"@type":"ListItem","position":3,"name":"\u0160koln\u00ed rok 2021\/2022","item":"https:\/\/www.helloskola.cz\/zakladni-skola\/kategorie-skolni-rok\/skolni-rok-2021-2022\/"},{"@type":"ListItem","position":4,"name":"1. pololet\u00ed","item":"https:\/\/www.helloskola.cz\/zakladni-skola\/kategorie-skolni-rok\/1-pololeti-skolni-rok-2021-2022\/"},{"@type":"ListItem","position":5,"name":"Ly\u017ea\u0159sk\u00fd v\u00fdcvik na Skalce"}]},{"@type":"WebSite","@id":"https:\/\/www.helloskola.cz\/zakladni-skola\/#website","url":"https:\/\/www.helloskola.cz\/zakladni-skola\/","name":"Z\u00e1kladn\u00ed \u0161kola HELLO","description":"\u010desko-anglick\u00e1 z\u00e1kladn\u00ed \u0161kola, Ostrava Poruba","publisher":{"@id":"https:\/\/www.helloskola.cz\/zakladni-skola\/#organization"},"potentialAction":[{"@type":"SearchAction","target":{"@type":"EntryPoint","urlTemplate":"https:\/\/www.helloskola.cz\/zakladni-skola\/?s={search_term_string}"},"query-input":{"@type":"PropertyValueSpecification","valueRequired":true,"valueName":"search_term_string"}}],"inLanguage":"cs"},{"@type":"Organization","@id":"https:\/\/www.helloskola.cz\/zakladni-skola\/#organization","name":"Z\u00e1kladn\u00ed \u0161kola Hello","url":"https:\/\/www.helloskola.cz\/zakladni-skola\/","logo":{"@type":"ImageObject","inLanguage":"cs","@id":"https:\/\/www.helloskola.cz\/zakladni-skola\/#\/schema\/logo\/image\/","url":"https:\/\/www.helloskola.cz\/zakladni-skola\/wp-content\/uploads\/sites\/6\/2022\/02\/hello_gy_zakladka_logo.svg","contentUrl":"https:\/\/www.helloskola.cz\/zakladni-skola\/wp-content\/uploads\/sites\/6\/2022\/02\/hello_gy_zakladka_logo.svg","width":100,"height":100,"caption":"Z\u00e1kladn\u00ed \u0161kola Hello"},"image":{"@id":"https:\/\/www.helloskola.cz\/zakladni-skola\/#\/schema\/logo\/image\/"}}]}},"_links":{"self":[{"href":"https:\/\/www.helloskola.cz\/zakladni-skola\/wp-json\/wp\/v2\/novinky\/2345","targetHints":{"allow":["GET"]}}],"collection":[{"href":"https:\/\/www.helloskola.cz\/zakladni-skola\/wp-json\/wp\/v2\/novinky"}],"about":[{"href":"https:\/\/www.helloskola.cz\/zakladni-skola\/wp-json\/wp\/v2\/types\/novinky"}],"wp:featuredmedia":[{"embeddable":true,"href":"https:\/\/www.helloskola.cz\/zakladni-skola\/wp-json\/wp\/v2\/media\/2346"}],"wp:attachment":[{"href":"https:\/\/www.helloskola.cz\/zakladni-skola\/wp-json\/wp\/v2\/media?parent=2345"}],"wp:term":[{"taxonomy":"kategorie-skolni-rok","embeddable":true,"href":"https:\/\/www.helloskola.cz\/zakladni-skola\/wp-json\/wp\/v2\/kategorie-skolni-rok?post=2345"}],"curies":[{"name":"wp","href":"https:\/\/api.w.org\/{rel}","templated":true}]}}