{"id":2319,"date":"2021-10-01T14:10:00","date_gmt":"2021-10-01T12:10:00","guid":{"rendered":"https:\/\/www.helloskola.cz\/zakladni-skola\/?post_type=akce&#038;p=2319"},"modified":"2022-05-09T20:36:19","modified_gmt":"2022-05-09T18:36:19","slug":"evropsky-den-jazyku","status":"publish","type":"novinky","link":"https:\/\/www.helloskola.cz\/zakladni-skola\/novinky\/evropsky-den-jazyku\/","title":{"rendered":"Evropsk\u00fd den jazyk\u016f &#8211; 5. t\u0159\u00edda prv\u0148\u00e1\u010dk\u016fm a druh\u00e1\u010dk\u016fm"},"content":{"rendered":"\n<p class=\"has-medium-font-size\"><\/p>\n\n\n\n<p>Prv\u0148\u00e1\u010dci a&nbsp;druh\u00e1\u010dci se d\u00edky sv\u00fdm star\u0161\u00edm spolu\u017e\u00e1k\u016fm dozv\u011bd\u011bli mnoho informac\u00ed o&nbsp;\u0160v\u00e9dsku a&nbsp;\u0158ecku &#8230; nechyb\u011bla ochutn\u00e1vka m\u00edstn\u00edch specialit ani z\u00e1bavn\u00e9 aktivity &#8230;<\/p>\n\n\n\n<p><a href=\"https:\/\/helloskola.rajce.idnes.cz\/Evropsky_den_jazyku_-_1.,_2._a_5._trida\/1509131857\" target=\"_blank\" rel=\"noreferrer noopener\">Fotogalerie<\/a><\/p>\n","protected":false},"featured_media":2320,"template":"","kategorie-skolni-rok":[28],"class_list":["post-2319","novinky","type-novinky","status-publish","has-post-thumbnail","hentry","kategorie-skolni-rok-1-pololeti-skolni-rok-2021-2022"],"yoast_head":"<!-- This site is optimized with the Yoast SEO plugin v24.8.1 - https:\/\/yoast.com\/wordpress\/plugins\/seo\/ -->\n<title>Evropsk\u00fd den jazyk\u016f - 5. t\u0159\u00edda prv\u0148\u00e1\u010dk\u016fm a druh\u00e1\u010dk\u016fm | Z\u00e1kladn\u00ed \u0161kola HELLO<\/title>\n<meta name=\"robots\" content=\"index, follow, max-snippet:-1, max-image-preview:large, max-video-preview:-1\" \/>\n<link rel=\"canonical\" href=\"https:\/\/www.helloskola.cz\/zakladni-skola\/novinky\/evropsky-den-jazyku\/\" \/>\n<meta property=\"og:locale\" content=\"cs_CZ\" \/>\n<meta property=\"og:type\" content=\"article\" \/>\n<meta property=\"og:title\" content=\"Evropsk\u00fd den jazyk\u016f - 5. t\u0159\u00edda prv\u0148\u00e1\u010dk\u016fm a druh\u00e1\u010dk\u016fm | Z\u00e1kladn\u00ed \u0161kola HELLO\" \/>\n<meta property=\"og:description\" content=\"Prv\u0148\u00e1\u010dci a&nbsp;druh\u00e1\u010dci se d\u00edky sv\u00fdm star\u0161\u00edm spolu\u017e\u00e1k\u016fm dozv\u011bd\u011bli mnoho informac\u00ed o&nbsp;\u0160v\u00e9dsku a&nbsp;\u0158ecku &#8230; nechyb\u011bla ochutn\u00e1vka m\u00edstn\u00edch specialit ani z\u00e1bavn\u00e9 aktivity &#8230; Fotogalerie\" \/>\n<meta property=\"og:url\" content=\"https:\/\/www.helloskola.cz\/zakladni-skola\/novinky\/evropsky-den-jazyku\/\" \/>\n<meta property=\"og:site_name\" content=\"Z\u00e1kladn\u00ed \u0161kola HELLO\" \/>\n<meta property=\"article:modified_time\" content=\"2022-05-09T18:36:19+00:00\" \/>\n<meta property=\"og:image\" content=\"https:\/\/www.helloskola.cz\/zakladni-skola\/wp-content\/uploads\/sites\/6\/2022\/04\/1-2.jpg\" \/>\n\t<meta property=\"og:image:width\" content=\"1600\" \/>\n\t<meta property=\"og:image:height\" content=\"900\" \/>\n\t<meta property=\"og:image:type\" content=\"image\/jpeg\" \/>\n<meta name=\"twitter:card\" content=\"summary_large_image\" \/>\n<meta name=\"twitter:label1\" content=\"Odhadovan\u00e1 doba \u010dten\u00ed\" \/>\n\t<meta name=\"twitter:data1\" content=\"1 minuta\" \/>\n<script type=\"application\/ld+json\" class=\"yoast-schema-graph\">{\"@context\":\"https:\/\/schema.org\",\"@graph\":[{\"@type\":\"WebPage\",\"@id\":\"https:\/\/www.helloskola.cz\/zakladni-skola\/novinky\/evropsky-den-jazyku\/\",\"url\":\"https:\/\/www.helloskola.cz\/zakladni-skola\/novinky\/evropsky-den-jazyku\/\",\"name\":\"Evropsk\u00fd den jazyk\u016f - 5. t\u0159\u00edda prv\u0148\u00e1\u010dk\u016fm a druh\u00e1\u010dk\u016fm | Z\u00e1kladn\u00ed \u0161kola HELLO\",\"isPartOf\":{\"@id\":\"https:\/\/www.helloskola.cz\/zakladni-skola\/#website\"},\"primaryImageOfPage\":{\"@id\":\"https:\/\/www.helloskola.cz\/zakladni-skola\/novinky\/evropsky-den-jazyku\/#primaryimage\"},\"image\":{\"@id\":\"https:\/\/www.helloskola.cz\/zakladni-skola\/novinky\/evropsky-den-jazyku\/#primaryimage\"},\"thumbnailUrl\":\"https:\/\/www.helloskola.cz\/zakladni-skola\/wp-content\/uploads\/sites\/6\/2022\/04\/1-2.jpg\",\"datePublished\":\"2021-10-01T12:10:00+00:00\",\"dateModified\":\"2022-05-09T18:36:19+00:00\",\"breadcrumb\":{\"@id\":\"https:\/\/www.helloskola.cz\/zakladni-skola\/novinky\/evropsky-den-jazyku\/#breadcrumb\"},\"inLanguage\":\"cs\",\"potentialAction\":[{\"@type\":\"ReadAction\",\"target\":[\"https:\/\/www.helloskola.cz\/zakladni-skola\/novinky\/evropsky-den-jazyku\/\"]}]},{\"@type\":\"ImageObject\",\"inLanguage\":\"cs\",\"@id\":\"https:\/\/www.helloskola.cz\/zakladni-skola\/novinky\/evropsky-den-jazyku\/#primaryimage\",\"url\":\"https:\/\/www.helloskola.cz\/zakladni-skola\/wp-content\/uploads\/sites\/6\/2022\/04\/1-2.jpg\",\"contentUrl\":\"https:\/\/www.helloskola.cz\/zakladni-skola\/wp-content\/uploads\/sites\/6\/2022\/04\/1-2.jpg\",\"width\":1600,\"height\":900},{\"@type\":\"BreadcrumbList\",\"@id\":\"https:\/\/www.helloskola.cz\/zakladni-skola\/novinky\/evropsky-den-jazyku\/#breadcrumb\",\"itemListElement\":[{\"@type\":\"ListItem\",\"position\":1,\"name\":\"\u00davod\",\"item\":\"https:\/\/www.helloskola.cz\/zakladni-skola\/\"},{\"@type\":\"ListItem\",\"position\":2,\"name\":\"Novinky\",\"item\":\"https:\/\/www.helloskola.cz\/zakladni-skola\/novinky\/\"},{\"@type\":\"ListItem\",\"position\":3,\"name\":\"\u0160koln\u00ed rok 2021\/2022\",\"item\":\"https:\/\/www.helloskola.cz\/zakladni-skola\/kategorie-skolni-rok\/skolni-rok-2021-2022\/\"},{\"@type\":\"ListItem\",\"position\":4,\"name\":\"1. pololet\u00ed\",\"item\":\"https:\/\/www.helloskola.cz\/zakladni-skola\/kategorie-skolni-rok\/1-pololeti-skolni-rok-2021-2022\/\"},{\"@type\":\"ListItem\",\"position\":5,\"name\":\"Evropsk\u00fd den jazyk\u016f &#8211; 5. t\u0159\u00edda prv\u0148\u00e1\u010dk\u016fm a druh\u00e1\u010dk\u016fm\"}]},{\"@type\":\"WebSite\",\"@id\":\"https:\/\/www.helloskola.cz\/zakladni-skola\/#website\",\"url\":\"https:\/\/www.helloskola.cz\/zakladni-skola\/\",\"name\":\"Z\u00e1kladn\u00ed \u0161kola HELLO\",\"description\":\"\u010desko-anglick\u00e1 z\u00e1kladn\u00ed \u0161kola, Ostrava Poruba\",\"publisher\":{\"@id\":\"https:\/\/www.helloskola.cz\/zakladni-skola\/#organization\"},\"potentialAction\":[{\"@type\":\"SearchAction\",\"target\":{\"@type\":\"EntryPoint\",\"urlTemplate\":\"https:\/\/www.helloskola.cz\/zakladni-skola\/?s={search_term_string}\"},\"query-input\":{\"@type\":\"PropertyValueSpecification\",\"valueRequired\":true,\"valueName\":\"search_term_string\"}}],\"inLanguage\":\"cs\"},{\"@type\":\"Organization\",\"@id\":\"https:\/\/www.helloskola.cz\/zakladni-skola\/#organization\",\"name\":\"Z\u00e1kladn\u00ed \u0161kola Hello\",\"url\":\"https:\/\/www.helloskola.cz\/zakladni-skola\/\",\"logo\":{\"@type\":\"ImageObject\",\"inLanguage\":\"cs\",\"@id\":\"https:\/\/www.helloskola.cz\/zakladni-skola\/#\/schema\/logo\/image\/\",\"url\":\"https:\/\/www.helloskola.cz\/zakladni-skola\/wp-content\/uploads\/sites\/6\/2022\/02\/hello_gy_zakladka_logo.svg\",\"contentUrl\":\"https:\/\/www.helloskola.cz\/zakladni-skola\/wp-content\/uploads\/sites\/6\/2022\/02\/hello_gy_zakladka_logo.svg\",\"width\":100,\"height\":100,\"caption\":\"Z\u00e1kladn\u00ed \u0161kola Hello\"},\"image\":{\"@id\":\"https:\/\/www.helloskola.cz\/zakladni-skola\/#\/schema\/logo\/image\/\"}}]}<\/script>\n<!-- \/ Yoast SEO plugin. -->","yoast_head_json":{"title":"Evropsk\u00fd den jazyk\u016f - 5. t\u0159\u00edda prv\u0148\u00e1\u010dk\u016fm a druh\u00e1\u010dk\u016fm | Z\u00e1kladn\u00ed \u0161kola HELLO","robots":{"index":"index","follow":"follow","max-snippet":"max-snippet:-1","max-image-preview":"max-image-preview:large","max-video-preview":"max-video-preview:-1"},"canonical":"https:\/\/www.helloskola.cz\/zakladni-skola\/novinky\/evropsky-den-jazyku\/","og_locale":"cs_CZ","og_type":"article","og_title":"Evropsk\u00fd den jazyk\u016f - 5. t\u0159\u00edda prv\u0148\u00e1\u010dk\u016fm a druh\u00e1\u010dk\u016fm | Z\u00e1kladn\u00ed \u0161kola HELLO","og_description":"Prv\u0148\u00e1\u010dci a&nbsp;druh\u00e1\u010dci se d\u00edky sv\u00fdm star\u0161\u00edm spolu\u017e\u00e1k\u016fm dozv\u011bd\u011bli mnoho informac\u00ed o&nbsp;\u0160v\u00e9dsku a&nbsp;\u0158ecku &#8230; nechyb\u011bla ochutn\u00e1vka m\u00edstn\u00edch specialit ani z\u00e1bavn\u00e9 aktivity &#8230; Fotogalerie","og_url":"https:\/\/www.helloskola.cz\/zakladni-skola\/novinky\/evropsky-den-jazyku\/","og_site_name":"Z\u00e1kladn\u00ed \u0161kola HELLO","article_modified_time":"2022-05-09T18:36:19+00:00","og_image":[{"width":1600,"height":900,"url":"https:\/\/www.helloskola.cz\/zakladni-skola\/wp-content\/uploads\/sites\/6\/2022\/04\/1-2.jpg","type":"image\/jpeg"}],"twitter_card":"summary_large_image","twitter_misc":{"Odhadovan\u00e1 doba \u010dten\u00ed":"1 minuta"},"schema":{"@context":"https:\/\/schema.org","@graph":[{"@type":"WebPage","@id":"https:\/\/www.helloskola.cz\/zakladni-skola\/novinky\/evropsky-den-jazyku\/","url":"https:\/\/www.helloskola.cz\/zakladni-skola\/novinky\/evropsky-den-jazyku\/","name":"Evropsk\u00fd den jazyk\u016f - 5. t\u0159\u00edda prv\u0148\u00e1\u010dk\u016fm a druh\u00e1\u010dk\u016fm | Z\u00e1kladn\u00ed \u0161kola HELLO","isPartOf":{"@id":"https:\/\/www.helloskola.cz\/zakladni-skola\/#website"},"primaryImageOfPage":{"@id":"https:\/\/www.helloskola.cz\/zakladni-skola\/novinky\/evropsky-den-jazyku\/#primaryimage"},"image":{"@id":"https:\/\/www.helloskola.cz\/zakladni-skola\/novinky\/evropsky-den-jazyku\/#primaryimage"},"thumbnailUrl":"https:\/\/www.helloskola.cz\/zakladni-skola\/wp-content\/uploads\/sites\/6\/2022\/04\/1-2.jpg","datePublished":"2021-10-01T12:10:00+00:00","dateModified":"2022-05-09T18:36:19+00:00","breadcrumb":{"@id":"https:\/\/www.helloskola.cz\/zakladni-skola\/novinky\/evropsky-den-jazyku\/#breadcrumb"},"inLanguage":"cs","potentialAction":[{"@type":"ReadAction","target":["https:\/\/www.helloskola.cz\/zakladni-skola\/novinky\/evropsky-den-jazyku\/"]}]},{"@type":"ImageObject","inLanguage":"cs","@id":"https:\/\/www.helloskola.cz\/zakladni-skola\/novinky\/evropsky-den-jazyku\/#primaryimage","url":"https:\/\/www.helloskola.cz\/zakladni-skola\/wp-content\/uploads\/sites\/6\/2022\/04\/1-2.jpg","contentUrl":"https:\/\/www.helloskola.cz\/zakladni-skola\/wp-content\/uploads\/sites\/6\/2022\/04\/1-2.jpg","width":1600,"height":900},{"@type":"BreadcrumbList","@id":"https:\/\/www.helloskola.cz\/zakladni-skola\/novinky\/evropsky-den-jazyku\/#breadcrumb","itemListElement":[{"@type":"ListItem","position":1,"name":"\u00davod","item":"https:\/\/www.helloskola.cz\/zakladni-skola\/"},{"@type":"ListItem","position":2,"name":"Novinky","item":"https:\/\/www.helloskola.cz\/zakladni-skola\/novinky\/"},{"@type":"ListItem","position":3,"name":"\u0160koln\u00ed rok 2021\/2022","item":"https:\/\/www.helloskola.cz\/zakladni-skola\/kategorie-skolni-rok\/skolni-rok-2021-2022\/"},{"@type":"ListItem","position":4,"name":"1. pololet\u00ed","item":"https:\/\/www.helloskola.cz\/zakladni-skola\/kategorie-skolni-rok\/1-pololeti-skolni-rok-2021-2022\/"},{"@type":"ListItem","position":5,"name":"Evropsk\u00fd den jazyk\u016f &#8211; 5. t\u0159\u00edda prv\u0148\u00e1\u010dk\u016fm a druh\u00e1\u010dk\u016fm"}]},{"@type":"WebSite","@id":"https:\/\/www.helloskola.cz\/zakladni-skola\/#website","url":"https:\/\/www.helloskola.cz\/zakladni-skola\/","name":"Z\u00e1kladn\u00ed \u0161kola HELLO","description":"\u010desko-anglick\u00e1 z\u00e1kladn\u00ed \u0161kola, Ostrava Poruba","publisher":{"@id":"https:\/\/www.helloskola.cz\/zakladni-skola\/#organization"},"potentialAction":[{"@type":"SearchAction","target":{"@type":"EntryPoint","urlTemplate":"https:\/\/www.helloskola.cz\/zakladni-skola\/?s={search_term_string}"},"query-input":{"@type":"PropertyValueSpecification","valueRequired":true,"valueName":"search_term_string"}}],"inLanguage":"cs"},{"@type":"Organization","@id":"https:\/\/www.helloskola.cz\/zakladni-skola\/#organization","name":"Z\u00e1kladn\u00ed \u0161kola Hello","url":"https:\/\/www.helloskola.cz\/zakladni-skola\/","logo":{"@type":"ImageObject","inLanguage":"cs","@id":"https:\/\/www.helloskola.cz\/zakladni-skola\/#\/schema\/logo\/image\/","url":"https:\/\/www.helloskola.cz\/zakladni-skola\/wp-content\/uploads\/sites\/6\/2022\/02\/hello_gy_zakladka_logo.svg","contentUrl":"https:\/\/www.helloskola.cz\/zakladni-skola\/wp-content\/uploads\/sites\/6\/2022\/02\/hello_gy_zakladka_logo.svg","width":100,"height":100,"caption":"Z\u00e1kladn\u00ed \u0161kola Hello"},"image":{"@id":"https:\/\/www.helloskola.cz\/zakladni-skola\/#\/schema\/logo\/image\/"}}]}},"_links":{"self":[{"href":"https:\/\/www.helloskola.cz\/zakladni-skola\/wp-json\/wp\/v2\/novinky\/2319","targetHints":{"allow":["GET"]}}],"collection":[{"href":"https:\/\/www.helloskola.cz\/zakladni-skola\/wp-json\/wp\/v2\/novinky"}],"about":[{"href":"https:\/\/www.helloskola.cz\/zakladni-skola\/wp-json\/wp\/v2\/types\/novinky"}],"wp:featuredmedia":[{"embeddable":true,"href":"https:\/\/www.helloskola.cz\/zakladni-skola\/wp-json\/wp\/v2\/media\/2320"}],"wp:attachment":[{"href":"https:\/\/www.helloskola.cz\/zakladni-skola\/wp-json\/wp\/v2\/media?parent=2319"}],"wp:term":[{"taxonomy":"kategorie-skolni-rok","embeddable":true,"href":"https:\/\/www.helloskola.cz\/zakladni-skola\/wp-json\/wp\/v2\/kategorie-skolni-rok?post=2319"}],"curies":[{"name":"wp","href":"https:\/\/api.w.org\/{rel}","templated":true}]}}