{"id":2230,"date":"2022-04-05T14:47:19","date_gmt":"2022-04-05T12:47:19","guid":{"rendered":"https:\/\/www.helloskola.cz\/materska-skolka\/?page_id=2230"},"modified":"2026-01-19T10:53:48","modified_gmt":"2026-01-19T09:53:48","slug":"o-programu-zacit-spolu","status":"publish","type":"page","link":"https:\/\/www.helloskola.cz\/materska-skolka\/o-nas\/o-programu-zacit-spolu\/","title":{"rendered":"O programu Za\u010d\u00edt spolu"},"content":{"rendered":"\n<figure class=\"wp-block-image size-full is-resized\"><a href=\"https:\/\/www.zacitspolu.eu\/\"><img fetchpriority=\"high\" decoding=\"async\" width=\"247\" height=\"266\" src=\"https:\/\/www.helloskola.cz\/materska-skolka\/wp-content\/uploads\/sites\/7\/2026\/01\/Zacit-spolu.png\" alt=\"\" class=\"wp-image-4457\" style=\"width:108px;height:auto\"\/><\/a><\/figure>\n\n\n\n<h2 class=\"wp-block-heading\">Podstata programu<\/h2>\n\n\n\n<p><strong>Program Step by step &#8211; Za\u010d\u00edt spolu&nbsp;<\/strong>je vzd\u011bl\u00e1vac\u00ed program zd\u016fraz\u0148uj\u00edc\u00ed&nbsp;<strong>individu\u00e1ln\u00ed p\u0159\u00edstup k&nbsp;d\u00edt\u011bti, partnerstv\u00ed rodiny, \u0161koly a&nbsp;\u0161ir\u0161\u00ed spole\u010dnosti&nbsp;<\/strong>v&nbsp;oblasti v\u00fdchovy a&nbsp;vzd\u011bl\u00e1v\u00e1n\u00ed. Prosazuje a&nbsp;umo\u017e\u0148uje&nbsp;<strong>inkluzi d\u011bt\u00ed se speci\u00e1ln\u00edmi pot\u0159ebami&nbsp;<\/strong>(d\u011bt\u00ed nadpr\u016fm\u011brn\u011b nadan\u00fdch, d\u011bt\u00ed s&nbsp;v\u00fdvojov\u00fdmi poruchami, d\u011bt\u00ed s&nbsp;posti\u017een\u00edm, velmi se osv\u011bd\u010duje u&nbsp;d\u011bt\u00ed z&nbsp;r\u016fzn\u00fdch etnick\u00fdch men\u0161in). D\u00e1le klade d\u016fraz na&nbsp;<strong>podn\u011btn\u00e9 prost\u0159ed\u00ed&nbsp;<\/strong>&#8211; netradi\u010dn\u00ed \u010dlen\u011bn\u00ed t\u0159\u00eddy do center aktivit,&nbsp;<strong>kooperativn\u00ed u\u010den\u00ed, projektov\u00e9 vyu\u010dov\u00e1n\u00ed a&nbsp;integrovanou tematickou v\u00fduku&nbsp;<\/strong>. Ji\u017e od M\u0160 se \u00fasp\u011b\u0161n\u011b pracuje se&nbsp;<strong>sebehodnocen\u00edm&nbsp;<\/strong>(prost\u0159ednictv\u00edm&nbsp;<strong>portfolia a&nbsp;individu\u00e1ln\u00edho vzd\u011bl\u00e1vac\u00edho programu&nbsp;<\/strong>) d\u011bt\u00ed, co\u017e posiluje pozitivn\u00ed motivaci d\u011bt\u00ed k&nbsp;aktivn\u00edmu a&nbsp;samostatn\u00e9mu u\u010den\u00ed.<\/p>\n\n\n\n<p><a href=\"https:\/\/www.helloskola.cz\/materska-skolka\/step-by-step\/\">FOTOGALERIE<\/a><\/p>\n\n\n\n<p><a href=\"https:\/\/www.zacitspolu.eu\/\">V\u00cdCE O PROGRAMU<\/a><\/p>\n\n\n\n<h3 class=\"wp-block-heading\">Filozofick\u00fd z\u00e1klad programu Za\u010d\u00edt spolu a&nbsp;jeho c\u00edle<\/h3>\n\n\n\n<p>Bez ohledu na to, kde \u017eij\u00ed, budou muset dne\u0161n\u00ed d\u011bti \u010delit po cel\u00fd sv\u016fj \u017eivot zm\u011bn\u00e1m: soci\u00e1ln\u00edm a&nbsp;politick\u00fdm, zm\u011bn\u00e1m prost\u0159ed\u00ed, zm\u011bn\u00e1m ve v\u011bd\u011b a&nbsp;technice, zm\u011bn\u00e1m v&nbsp;pr\u016fmyslu vedouc\u00edm ke zm\u011bn\u00e1m na trhu pr\u00e1ce a&nbsp;dal\u0161\u00edm.<br><br>Program Za\u010d\u00edt spolu uzn\u00e1v\u00e1, oce\u0148uje a&nbsp;podn\u011bcuje v\u00fdvoj t\u011bch charakteristick\u00fdch rys\u016f osobnosti, kter\u00e9 budou v&nbsp;rychle se m\u011bn\u00edc\u00ed dob\u011b obzvl\u00e1\u0161\u0165 pot\u0159ebn\u00e9. Intenzivn\u011b rozv\u00edj\u00ed t\u0159i kl\u00ed\u010dov\u00e9 \u017eivotn\u00ed dovednosti dne\u0161n\u00ed doby:<\/p>\n\n\n\n<ul class=\"wp-block-list\">\n<li>komunikaci<\/li>\n\n\n\n<li>spolupr\u00e1ci<\/li>\n\n\n\n<li>\u0159e\u0161en\u00ed probl\u00e9m\u016f<\/li>\n<\/ul>\n\n\n\n<p>P\u0159ipravujeme d\u011bti na to, aby se v&nbsp;budoucnu aktivn\u011b zaj\u00edmaly o&nbsp;u\u010den\u00ed, um\u011bly se samy a&nbsp;efektivn\u011b u\u010dit, u\u010den\u00ed je bavilo a&nbsp;nebylo pro n\u011b spojeno s&nbsp;nadm\u011brn\u00fdm stresem. Mezi dal\u0161\u00ed c\u00edle, kter\u00e9 pom\u00e1haj\u00ed rozv\u00edjet tyto schopnosti pat\u0159\u00ed:<\/p>\n\n\n\n<ul class=\"wp-block-list\">\n<li>p\u0159ij\u00edmat zm\u011bny a&nbsp;aktivn\u011b se s&nbsp;nimi vyrovn\u00e1vat<\/li>\n\n\n\n<li>kriticky myslet a&nbsp;um\u011bt si vyb\u00edrat, n\u00e9st za svou volbu odpov\u011bdnost<\/li>\n\n\n\n<li>rozpozn\u00e1vat probl\u00e9my a&nbsp;\u0159e\u0161it je<\/li>\n\n\n\n<li>b\u00fdt tv\u016fr\u010d\u00ed, m\u00edt p\u0159edstavivost<\/li>\n\n\n\n<li>sd\u00edlet z\u00e1jem a&nbsp;odpov\u011bdnost v\u016f\u010di spole\u010denstv\u00ed<\/li>\n\n\n\n<li>podporovat t\u011blesn\u00fd rozvoj a&nbsp;zdrav\u00ed d\u00edt\u011bte, jeho osobn\u00ed spokojenost a&nbsp;pohodu.<\/li>\n<\/ul>\n\n\n\n<h2 class=\"wp-block-heading\">Principy programu Za\u010d\u00edt spolu<\/h2>\n\n\n\n<h3 class=\"wp-block-heading\">D\u016fraz na individu\u00e1ln\u00ed p\u0159\u00edstup ke ka\u017ed\u00e9mu d\u00edt\u011bti<\/h3>\n\n\n\n<ul class=\"wp-block-list\">\n<li>umo\u017e\u0148ovat ka\u017ed\u00e9mu d\u00edt\u011bti, aby se vyv\u00edjelo vlastn\u00edm tempem<\/li>\n\n\n\n<li>stanovit pro ka\u017ed\u00e9 d\u00edt\u011b individu\u00e1ln\u00ed pl\u00e1n<\/li>\n\n\n\n<li>t\u00e9maticky pl\u00e1novat \u010dinnosti podle z\u00e1jmu a&nbsp;pot\u0159eb d\u011bt\u00ed, vytv\u00e1\u0159et projekty.<\/li>\n\n\n\n<li>integrovat individu\u00e1ln\u00ed c\u00edle do obvykl\u00fdch denn\u00edch \u010dinnost\u00ed a&nbsp;do celkov\u00e9ho t\u00fddenn\u00edho pl\u00e1nu<\/li>\n<\/ul>\n\n\n\n<h3 class=\"wp-block-heading\">D\u016fraz na samostatn\u00e9 rozhodov\u00e1n\u00ed a&nbsp;volbu d\u00edt\u011bte a&nbsp;p\u0159ij\u00edm\u00e1n\u00ed odpov\u011bdnosti za ni<\/h3>\n\n\n\n<ul class=\"wp-block-list\">\n<li>nad\u00e1le pracovat v&nbsp;centrech aktivity, doplnit je vhodn\u00fdmi pom\u016fckami, se kter\u00fdmi si mohou d\u011bti hr\u00e1t, zkoumat je. Takto p\u0159ipravit podm\u00ednky pro integrovan\u00e9 (celostn\u00ed) u\u010den\u00ed.<\/li>\n<\/ul>\n\n\n\n<h3 class=\"wp-block-heading\">D\u016fraz na \u00fa\u010dast rodiny<\/h3>\n\n\n\n<ul class=\"wp-block-list\">\n<li>rodinu br\u00e1t jako prvotn\u00ed a&nbsp;nezastupitelnou ve v\u00fdchov\u011b d\u011bt\u00ed<\/li>\n\n\n\n<li>komunika\u010dn\u00ed strategie, zkvalitnit pr\u00e1ci rodi\u010dovsk\u00e9 rady<\/li>\n\n\n\n<li>rodi\u010d\u016fm nab\u00edzet odbornou literaturu a&nbsp;pedagogickou konzulta\u010dn\u00ed poradnu<\/li>\n\n\n\n<li>vytv\u00e1\u0159et i&nbsp;nad\u00e1le podm\u00ednky rodi\u010d\u016fm pro aktivn\u00ed zapojen\u00ed do v\u00fdchovn\u00fdch<br>\u010dinnost\u00ed d\u011bt\u00ed v&nbsp;pr\u016fb\u011bhu cel\u00e9ho dne, vytv\u00e1\u0159et prostor pro spolurozhodov\u00e1n\u00ed, vz\u00e1jemnou odpov\u011bdnost.<\/li>\n\n\n\n<li>vytv\u00e1\u0159et dobr\u00e9 partnersk\u00e9 vztahy mezi rodinou a&nbsp;t\u00fdmem \u0161koly<\/li>\n<\/ul>\n\n\n\n<h3 class=\"wp-block-heading\">Inkluze d\u011bt\u00ed se speci\u00e1ln\u00edmi vzd\u011bl\u00e1vac\u00edmi pot\u0159ebami<\/h3>\n\n\n\n<ul class=\"wp-block-list\">\n<li>vytv\u00e1\u0159et podm\u00ednky pro inkluz\u00edvn\u00ed vzd\u011bl\u00e1v\u00e1n\u00ed, za\u0159azen\u00ed d\u011bt\u00ed se speci\u00e1ln\u00edmi pot\u0159ebami (samostudium u\u010ditelek, odborn\u00e9 semin\u00e1\u0159e, spolupr\u00e1ce s&nbsp;neurologem, pediatrem, psychologem, SPC, rehabilita\u010dn\u00edm centrem)<\/li>\n<\/ul>\n\n\n\n<p>Cel\u00fd program Za\u010d\u00edt spolu je koncipov\u00e1n na z\u00e1klad\u011b vz\u00e1jemn\u00e9 tolerance, d\u011bti jsou vedeny ke zdrav\u00e9mu \u017eivotn\u00edmu stylu, odolnosti v\u016f\u010di stres\u016fm a&nbsp;zdrav\u00ed \u0161kodliv\u00fdm vliv\u016fm, kter\u00e9 mohou v\u00e9st ke zneu\u017e\u00edvan\u00ed a&nbsp;z\u00e1vislosti na n\u00e1vykov\u00e9 l\u00e1tky a&nbsp;je v&nbsp;naprost\u00e9m souladu s&nbsp;R\u00e1mcov\u00fdm programem pro p\u0159ed\u0161koln\u00ed vzd\u011bl\u00e1v\u00e1n\u00ed.<\/p>\n","protected":false},"excerpt":{"rendered":"<p>Podstata programu Program Step by step &#8211; Za\u010d\u00edt spolu&nbsp;je vzd\u011bl\u00e1vac\u00ed program zd\u016fraz\u0148uj\u00edc\u00ed&nbsp;individu\u00e1ln\u00ed p\u0159\u00edstup k&nbsp;d\u00edt\u011bti, partnerstv\u00ed rodiny, \u0161koly a&nbsp;\u0161ir\u0161\u00ed spole\u010dnosti&nbsp;v&nbsp;oblasti v\u00fdchovy a&nbsp;vzd\u011bl\u00e1v\u00e1n\u00ed. Prosazuje a&nbsp;umo\u017e\u0148uje&nbsp;inkluzi d\u011bt\u00ed se speci\u00e1ln\u00edmi pot\u0159ebami&nbsp;(d\u011bt\u00ed nadpr\u016fm\u011brn\u011b nadan\u00fdch, d\u011bt\u00ed s&nbsp;v\u00fdvojov\u00fdmi poruchami, d\u011bt\u00ed s&nbsp;posti\u017een\u00edm, velmi se osv\u011bd\u010duje u&nbsp;d\u011bt\u00ed z&nbsp;r\u016fzn\u00fdch etnick\u00fdch men\u0161in). D\u00e1le klade d\u016fraz na&nbsp;podn\u011btn\u00e9 prost\u0159ed\u00ed&nbsp;&#8211; netradi\u010dn\u00ed \u010dlen\u011bn\u00ed t\u0159\u00eddy do center aktivit,&nbsp;kooperativn\u00ed u\u010den\u00ed, projektov\u00e9 vyu\u010dov\u00e1n\u00ed [&hellip;]<\/p>\n","protected":false},"author":1,"featured_media":2572,"parent":2222,"menu_order":0,"comment_status":"closed","ping_status":"closed","template":"","meta":{"footnotes":""},"class_list":["post-2230","page","type-page","status-publish","has-post-thumbnail","hentry"],"yoast_head":"<!-- This site is optimized with the Yoast SEO plugin v24.8.1 - https:\/\/yoast.com\/wordpress\/plugins\/seo\/ -->\n<title>O programu Za\u010d\u00edt spolu | Mate\u0159sk\u00e1 \u0161kolka HELLO Teddy<\/title>\n<meta name=\"robots\" content=\"index, follow, max-snippet:-1, max-image-preview:large, max-video-preview:-1\" \/>\n<link rel=\"canonical\" href=\"https:\/\/www.helloskola.cz\/materska-skolka\/o-nas\/o-programu-zacit-spolu\/\" \/>\n<meta property=\"og:locale\" content=\"cs_CZ\" \/>\n<meta property=\"og:type\" content=\"article\" \/>\n<meta property=\"og:title\" content=\"O programu Za\u010d\u00edt spolu | Mate\u0159sk\u00e1 \u0161kolka HELLO Teddy\" \/>\n<meta property=\"og:description\" content=\"Podstata programu Program Step by step &#8211; Za\u010d\u00edt spolu&nbsp;je vzd\u011bl\u00e1vac\u00ed program zd\u016fraz\u0148uj\u00edc\u00ed&nbsp;individu\u00e1ln\u00ed p\u0159\u00edstup k&nbsp;d\u00edt\u011bti, partnerstv\u00ed rodiny, \u0161koly a&nbsp;\u0161ir\u0161\u00ed spole\u010dnosti&nbsp;v&nbsp;oblasti v\u00fdchovy a&nbsp;vzd\u011bl\u00e1v\u00e1n\u00ed. Prosazuje a&nbsp;umo\u017e\u0148uje&nbsp;inkluzi d\u011bt\u00ed se speci\u00e1ln\u00edmi pot\u0159ebami&nbsp;(d\u011bt\u00ed nadpr\u016fm\u011brn\u011b nadan\u00fdch, d\u011bt\u00ed s&nbsp;v\u00fdvojov\u00fdmi poruchami, d\u011bt\u00ed s&nbsp;posti\u017een\u00edm, velmi se osv\u011bd\u010duje u&nbsp;d\u011bt\u00ed z&nbsp;r\u016fzn\u00fdch etnick\u00fdch men\u0161in). D\u00e1le klade d\u016fraz na&nbsp;podn\u011btn\u00e9 prost\u0159ed\u00ed&nbsp;&#8211; netradi\u010dn\u00ed \u010dlen\u011bn\u00ed t\u0159\u00eddy do center aktivit,&nbsp;kooperativn\u00ed u\u010den\u00ed, projektov\u00e9 vyu\u010dov\u00e1n\u00ed [&hellip;]\" \/>\n<meta property=\"og:url\" content=\"https:\/\/www.helloskola.cz\/materska-skolka\/o-nas\/o-programu-zacit-spolu\/\" \/>\n<meta property=\"og:site_name\" content=\"Mate\u0159sk\u00e1 \u0161kolka HELLO Teddy\" \/>\n<meta property=\"article:modified_time\" content=\"2026-01-19T09:53:48+00:00\" \/>\n<meta property=\"og:image\" content=\"https:\/\/www.helloskola.cz\/materska-skolka\/wp-content\/uploads\/sites\/7\/2026\/01\/Zacit-spolu.png\" \/>\n\t<meta property=\"og:image:width\" content=\"247\" \/>\n\t<meta property=\"og:image:height\" content=\"266\" \/>\n\t<meta property=\"og:image:type\" content=\"image\/png\" \/>\n<meta name=\"twitter:card\" content=\"summary_large_image\" \/>\n<meta name=\"twitter:label1\" content=\"Odhadovan\u00e1 doba \u010dten\u00ed\" \/>\n\t<meta name=\"twitter:data1\" content=\"3 minuty\" \/>\n<script type=\"application\/ld+json\" class=\"yoast-schema-graph\">{\"@context\":\"https:\/\/schema.org\",\"@graph\":[{\"@type\":\"WebPage\",\"@id\":\"https:\/\/www.helloskola.cz\/materska-skolka\/o-nas\/o-programu-zacit-spolu\/\",\"url\":\"https:\/\/www.helloskola.cz\/materska-skolka\/o-nas\/o-programu-zacit-spolu\/\",\"name\":\"O programu Za\u010d\u00edt spolu | Mate\u0159sk\u00e1 \u0161kolka HELLO Teddy\",\"isPartOf\":{\"@id\":\"https:\/\/www.helloskola.cz\/materska-skolka\/#website\"},\"primaryImageOfPage\":{\"@id\":\"https:\/\/www.helloskola.cz\/materska-skolka\/o-nas\/o-programu-zacit-spolu\/#primaryimage\"},\"image\":{\"@id\":\"https:\/\/www.helloskola.cz\/materska-skolka\/o-nas\/o-programu-zacit-spolu\/#primaryimage\"},\"thumbnailUrl\":\"https:\/\/www.helloskola.cz\/materska-skolka\/wp-content\/uploads\/sites\/7\/2022\/05\/skolka-fallback.png\",\"datePublished\":\"2022-04-05T12:47:19+00:00\",\"dateModified\":\"2026-01-19T09:53:48+00:00\",\"breadcrumb\":{\"@id\":\"https:\/\/www.helloskola.cz\/materska-skolka\/o-nas\/o-programu-zacit-spolu\/#breadcrumb\"},\"inLanguage\":\"cs\",\"potentialAction\":[{\"@type\":\"ReadAction\",\"target\":[\"https:\/\/www.helloskola.cz\/materska-skolka\/o-nas\/o-programu-zacit-spolu\/\"]}]},{\"@type\":\"ImageObject\",\"inLanguage\":\"cs\",\"@id\":\"https:\/\/www.helloskola.cz\/materska-skolka\/o-nas\/o-programu-zacit-spolu\/#primaryimage\",\"url\":\"https:\/\/www.helloskola.cz\/materska-skolka\/wp-content\/uploads\/sites\/7\/2022\/05\/skolka-fallback.png\",\"contentUrl\":\"https:\/\/www.helloskola.cz\/materska-skolka\/wp-content\/uploads\/sites\/7\/2022\/05\/skolka-fallback.png\",\"width\":933,\"height\":700},{\"@type\":\"BreadcrumbList\",\"@id\":\"https:\/\/www.helloskola.cz\/materska-skolka\/o-nas\/o-programu-zacit-spolu\/#breadcrumb\",\"itemListElement\":[{\"@type\":\"ListItem\",\"position\":1,\"name\":\"\u00davod\",\"item\":\"https:\/\/www.helloskola.cz\/materska-skolka\/\"},{\"@type\":\"ListItem\",\"position\":2,\"name\":\"O n\u00e1s\",\"item\":\"https:\/\/www.helloskola.cz\/materska-skolka\/o-nas\/\"},{\"@type\":\"ListItem\",\"position\":3,\"name\":\"O programu Za\u010d\u00edt spolu\"}]},{\"@type\":\"WebSite\",\"@id\":\"https:\/\/www.helloskola.cz\/materska-skolka\/#website\",\"url\":\"https:\/\/www.helloskola.cz\/materska-skolka\/\",\"name\":\"Mate\u0159sk\u00e1 \u0161kolka HELLO Teddy\",\"description\":\"\u010desko-anglick\u00e1 z\u00e1kladn\u00ed \u0161kolka, Ostrava\",\"publisher\":{\"@id\":\"https:\/\/www.helloskola.cz\/materska-skolka\/#organization\"},\"potentialAction\":[{\"@type\":\"SearchAction\",\"target\":{\"@type\":\"EntryPoint\",\"urlTemplate\":\"https:\/\/www.helloskola.cz\/materska-skolka\/?s={search_term_string}\"},\"query-input\":{\"@type\":\"PropertyValueSpecification\",\"valueRequired\":true,\"valueName\":\"search_term_string\"}}],\"inLanguage\":\"cs\"},{\"@type\":\"Organization\",\"@id\":\"https:\/\/www.helloskola.cz\/materska-skolka\/#organization\",\"name\":\"Mate\u0159sk\u00e1 \u0161kolka Hello Teddy\",\"url\":\"https:\/\/www.helloskola.cz\/materska-skolka\/\",\"logo\":{\"@type\":\"ImageObject\",\"inLanguage\":\"cs\",\"@id\":\"https:\/\/www.helloskola.cz\/materska-skolka\/#\/schema\/logo\/image\/\",\"url\":\"https:\/\/www.helloskola.cz\/materska-skolka\/wp-content\/uploads\/sites\/7\/2022\/02\/hello_skolka_logo.svg\",\"contentUrl\":\"https:\/\/www.helloskola.cz\/materska-skolka\/wp-content\/uploads\/sites\/7\/2022\/02\/hello_skolka_logo.svg\",\"width\":100,\"height\":100,\"caption\":\"Mate\u0159sk\u00e1 \u0161kolka Hello Teddy\"},\"image\":{\"@id\":\"https:\/\/www.helloskola.cz\/materska-skolka\/#\/schema\/logo\/image\/\"}}]}<\/script>\n<!-- \/ Yoast SEO plugin. -->","yoast_head_json":{"title":"O programu Za\u010d\u00edt spolu | Mate\u0159sk\u00e1 \u0161kolka HELLO Teddy","robots":{"index":"index","follow":"follow","max-snippet":"max-snippet:-1","max-image-preview":"max-image-preview:large","max-video-preview":"max-video-preview:-1"},"canonical":"https:\/\/www.helloskola.cz\/materska-skolka\/o-nas\/o-programu-zacit-spolu\/","og_locale":"cs_CZ","og_type":"article","og_title":"O programu Za\u010d\u00edt spolu | Mate\u0159sk\u00e1 \u0161kolka HELLO Teddy","og_description":"Podstata programu Program Step by step &#8211; Za\u010d\u00edt spolu&nbsp;je vzd\u011bl\u00e1vac\u00ed program zd\u016fraz\u0148uj\u00edc\u00ed&nbsp;individu\u00e1ln\u00ed p\u0159\u00edstup k&nbsp;d\u00edt\u011bti, partnerstv\u00ed rodiny, \u0161koly a&nbsp;\u0161ir\u0161\u00ed spole\u010dnosti&nbsp;v&nbsp;oblasti v\u00fdchovy a&nbsp;vzd\u011bl\u00e1v\u00e1n\u00ed. Prosazuje a&nbsp;umo\u017e\u0148uje&nbsp;inkluzi d\u011bt\u00ed se speci\u00e1ln\u00edmi pot\u0159ebami&nbsp;(d\u011bt\u00ed nadpr\u016fm\u011brn\u011b nadan\u00fdch, d\u011bt\u00ed s&nbsp;v\u00fdvojov\u00fdmi poruchami, d\u011bt\u00ed s&nbsp;posti\u017een\u00edm, velmi se osv\u011bd\u010duje u&nbsp;d\u011bt\u00ed z&nbsp;r\u016fzn\u00fdch etnick\u00fdch men\u0161in). D\u00e1le klade d\u016fraz na&nbsp;podn\u011btn\u00e9 prost\u0159ed\u00ed&nbsp;&#8211; netradi\u010dn\u00ed \u010dlen\u011bn\u00ed t\u0159\u00eddy do center aktivit,&nbsp;kooperativn\u00ed u\u010den\u00ed, projektov\u00e9 vyu\u010dov\u00e1n\u00ed [&hellip;]","og_url":"https:\/\/www.helloskola.cz\/materska-skolka\/o-nas\/o-programu-zacit-spolu\/","og_site_name":"Mate\u0159sk\u00e1 \u0161kolka HELLO Teddy","article_modified_time":"2026-01-19T09:53:48+00:00","og_image":[{"width":247,"height":266,"url":"https:\/\/www.helloskola.cz\/materska-skolka\/wp-content\/uploads\/sites\/7\/2026\/01\/Zacit-spolu.png","type":"image\/png"}],"twitter_card":"summary_large_image","twitter_misc":{"Odhadovan\u00e1 doba \u010dten\u00ed":"3 minuty"},"schema":{"@context":"https:\/\/schema.org","@graph":[{"@type":"WebPage","@id":"https:\/\/www.helloskola.cz\/materska-skolka\/o-nas\/o-programu-zacit-spolu\/","url":"https:\/\/www.helloskola.cz\/materska-skolka\/o-nas\/o-programu-zacit-spolu\/","name":"O programu Za\u010d\u00edt spolu | Mate\u0159sk\u00e1 \u0161kolka HELLO Teddy","isPartOf":{"@id":"https:\/\/www.helloskola.cz\/materska-skolka\/#website"},"primaryImageOfPage":{"@id":"https:\/\/www.helloskola.cz\/materska-skolka\/o-nas\/o-programu-zacit-spolu\/#primaryimage"},"image":{"@id":"https:\/\/www.helloskola.cz\/materska-skolka\/o-nas\/o-programu-zacit-spolu\/#primaryimage"},"thumbnailUrl":"https:\/\/www.helloskola.cz\/materska-skolka\/wp-content\/uploads\/sites\/7\/2022\/05\/skolka-fallback.png","datePublished":"2022-04-05T12:47:19+00:00","dateModified":"2026-01-19T09:53:48+00:00","breadcrumb":{"@id":"https:\/\/www.helloskola.cz\/materska-skolka\/o-nas\/o-programu-zacit-spolu\/#breadcrumb"},"inLanguage":"cs","potentialAction":[{"@type":"ReadAction","target":["https:\/\/www.helloskola.cz\/materska-skolka\/o-nas\/o-programu-zacit-spolu\/"]}]},{"@type":"ImageObject","inLanguage":"cs","@id":"https:\/\/www.helloskola.cz\/materska-skolka\/o-nas\/o-programu-zacit-spolu\/#primaryimage","url":"https:\/\/www.helloskola.cz\/materska-skolka\/wp-content\/uploads\/sites\/7\/2022\/05\/skolka-fallback.png","contentUrl":"https:\/\/www.helloskola.cz\/materska-skolka\/wp-content\/uploads\/sites\/7\/2022\/05\/skolka-fallback.png","width":933,"height":700},{"@type":"BreadcrumbList","@id":"https:\/\/www.helloskola.cz\/materska-skolka\/o-nas\/o-programu-zacit-spolu\/#breadcrumb","itemListElement":[{"@type":"ListItem","position":1,"name":"\u00davod","item":"https:\/\/www.helloskola.cz\/materska-skolka\/"},{"@type":"ListItem","position":2,"name":"O n\u00e1s","item":"https:\/\/www.helloskola.cz\/materska-skolka\/o-nas\/"},{"@type":"ListItem","position":3,"name":"O programu Za\u010d\u00edt spolu"}]},{"@type":"WebSite","@id":"https:\/\/www.helloskola.cz\/materska-skolka\/#website","url":"https:\/\/www.helloskola.cz\/materska-skolka\/","name":"Mate\u0159sk\u00e1 \u0161kolka HELLO Teddy","description":"\u010desko-anglick\u00e1 z\u00e1kladn\u00ed \u0161kolka, Ostrava","publisher":{"@id":"https:\/\/www.helloskola.cz\/materska-skolka\/#organization"},"potentialAction":[{"@type":"SearchAction","target":{"@type":"EntryPoint","urlTemplate":"https:\/\/www.helloskola.cz\/materska-skolka\/?s={search_term_string}"},"query-input":{"@type":"PropertyValueSpecification","valueRequired":true,"valueName":"search_term_string"}}],"inLanguage":"cs"},{"@type":"Organization","@id":"https:\/\/www.helloskola.cz\/materska-skolka\/#organization","name":"Mate\u0159sk\u00e1 \u0161kolka Hello Teddy","url":"https:\/\/www.helloskola.cz\/materska-skolka\/","logo":{"@type":"ImageObject","inLanguage":"cs","@id":"https:\/\/www.helloskola.cz\/materska-skolka\/#\/schema\/logo\/image\/","url":"https:\/\/www.helloskola.cz\/materska-skolka\/wp-content\/uploads\/sites\/7\/2022\/02\/hello_skolka_logo.svg","contentUrl":"https:\/\/www.helloskola.cz\/materska-skolka\/wp-content\/uploads\/sites\/7\/2022\/02\/hello_skolka_logo.svg","width":100,"height":100,"caption":"Mate\u0159sk\u00e1 \u0161kolka Hello Teddy"},"image":{"@id":"https:\/\/www.helloskola.cz\/materska-skolka\/#\/schema\/logo\/image\/"}}]}},"_links":{"self":[{"href":"https:\/\/www.helloskola.cz\/materska-skolka\/wp-json\/wp\/v2\/pages\/2230","targetHints":{"allow":["GET"]}}],"collection":[{"href":"https:\/\/www.helloskola.cz\/materska-skolka\/wp-json\/wp\/v2\/pages"}],"about":[{"href":"https:\/\/www.helloskola.cz\/materska-skolka\/wp-json\/wp\/v2\/types\/page"}],"author":[{"embeddable":true,"href":"https:\/\/www.helloskola.cz\/materska-skolka\/wp-json\/wp\/v2\/users\/1"}],"replies":[{"embeddable":true,"href":"https:\/\/www.helloskola.cz\/materska-skolka\/wp-json\/wp\/v2\/comments?post=2230"}],"version-history":[{"count":10,"href":"https:\/\/www.helloskola.cz\/materska-skolka\/wp-json\/wp\/v2\/pages\/2230\/revisions"}],"predecessor-version":[{"id":4459,"href":"https:\/\/www.helloskola.cz\/materska-skolka\/wp-json\/wp\/v2\/pages\/2230\/revisions\/4459"}],"up":[{"embeddable":true,"href":"https:\/\/www.helloskola.cz\/materska-skolka\/wp-json\/wp\/v2\/pages\/2222"}],"wp:featuredmedia":[{"embeddable":true,"href":"https:\/\/www.helloskola.cz\/materska-skolka\/wp-json\/wp\/v2\/media\/2572"}],"wp:attachment":[{"href":"https:\/\/www.helloskola.cz\/materska-skolka\/wp-json\/wp\/v2\/media?parent=2230"}],"curies":[{"name":"wp","href":"https:\/\/api.w.org\/{rel}","templated":true}]}}