{"id":3462,"date":"2022-08-16T14:56:06","date_gmt":"2022-08-16T12:56:06","guid":{"rendered":"https:\/\/www.helloskola.cz\/materska-skolka\/?post_type=akce&#038;p=3462"},"modified":"2022-08-16T14:56:08","modified_gmt":"2022-08-16T12:56:08","slug":"ostravice-tri-dny-na-cerstvem-vzduchu-prospeji-malym-i-velkym","status":"publish","type":"novinky","link":"https:\/\/www.helloskola.cz\/materska-skolka\/novinky\/ostravice-tri-dny-na-cerstvem-vzduchu-prospeji-malym-i-velkym\/","title":{"rendered":"OSTRAVICE &#8211; T\u0159i dny na \u010derstv\u00e9m vzduchu prosp\u011bj\u00ed mal\u00fdm i velk\u00fdm."},"content":{"rendered":"\n<figure class=\"wp-block-gallery has-nested-images columns-default is-cropped wp-block-gallery-1 is-layout-flex wp-block-gallery-is-layout-flex\">\n<figure class=\"wp-block-image size-large\"><img fetchpriority=\"high\" decoding=\"async\" width=\"350\" height=\"262\" data-id=\"3463\" src=\"https:\/\/www.helloskola.cz\/materska-skolka\/wp-content\/uploads\/sites\/7\/2022\/08\/DSCN3850.jpg\" alt=\"\" class=\"wp-image-3463\" srcset=\"https:\/\/www.helloskola.cz\/materska-skolka\/wp-content\/uploads\/sites\/7\/2022\/08\/DSCN3850.jpg 350w, https:\/\/www.helloskola.cz\/materska-skolka\/wp-content\/uploads\/sites\/7\/2022\/08\/DSCN3850-300x225.jpg 300w\" sizes=\"(max-width: 350px) 100vw, 350px\" \/><\/figure>\n\n\n\n<figure class=\"wp-block-image size-large\"><img decoding=\"async\" width=\"350\" height=\"262\" data-id=\"3464\" src=\"https:\/\/www.helloskola.cz\/materska-skolka\/wp-content\/uploads\/sites\/7\/2022\/08\/DSCN3885.jpg\" alt=\"\" class=\"wp-image-3464\" srcset=\"https:\/\/www.helloskola.cz\/materska-skolka\/wp-content\/uploads\/sites\/7\/2022\/08\/DSCN3885.jpg 350w, https:\/\/www.helloskola.cz\/materska-skolka\/wp-content\/uploads\/sites\/7\/2022\/08\/DSCN3885-300x225.jpg 300w\" sizes=\"(max-width: 350px) 100vw, 350px\" \/><\/figure>\n\n\n\n<figure class=\"wp-block-image size-large\"><img decoding=\"async\" width=\"350\" height=\"262\" data-id=\"3466\" src=\"https:\/\/www.helloskola.cz\/materska-skolka\/wp-content\/uploads\/sites\/7\/2022\/08\/DSCN3916.jpg\" alt=\"\" class=\"wp-image-3466\" srcset=\"https:\/\/www.helloskola.cz\/materska-skolka\/wp-content\/uploads\/sites\/7\/2022\/08\/DSCN3916.jpg 350w, https:\/\/www.helloskola.cz\/materska-skolka\/wp-content\/uploads\/sites\/7\/2022\/08\/DSCN3916-300x225.jpg 300w\" sizes=\"(max-width: 350px) 100vw, 350px\" \/><\/figure>\n\n\n\n<figure class=\"wp-block-image size-large\"><img loading=\"lazy\" decoding=\"async\" width=\"350\" height=\"262\" data-id=\"3465\" src=\"https:\/\/www.helloskola.cz\/materska-skolka\/wp-content\/uploads\/sites\/7\/2022\/08\/DSCN3949.jpg\" alt=\"\" class=\"wp-image-3465\" srcset=\"https:\/\/www.helloskola.cz\/materska-skolka\/wp-content\/uploads\/sites\/7\/2022\/08\/DSCN3949.jpg 350w, https:\/\/www.helloskola.cz\/materska-skolka\/wp-content\/uploads\/sites\/7\/2022\/08\/DSCN3949-300x225.jpg 300w\" sizes=\"(max-width: 350px) 100vw, 350px\" \/><\/figure>\n\n\n\n<figure class=\"wp-block-image size-large\"><img loading=\"lazy\" decoding=\"async\" width=\"350\" height=\"262\" data-id=\"3468\" src=\"https:\/\/www.helloskola.cz\/materska-skolka\/wp-content\/uploads\/sites\/7\/2022\/08\/DSCN3984.jpg\" alt=\"\" class=\"wp-image-3468\" srcset=\"https:\/\/www.helloskola.cz\/materska-skolka\/wp-content\/uploads\/sites\/7\/2022\/08\/DSCN3984.jpg 350w, https:\/\/www.helloskola.cz\/materska-skolka\/wp-content\/uploads\/sites\/7\/2022\/08\/DSCN3984-300x225.jpg 300w\" sizes=\"(max-width: 350px) 100vw, 350px\" \/><\/figure>\n\n\n\n<figure class=\"wp-block-image size-large\"><img loading=\"lazy\" decoding=\"async\" width=\"350\" height=\"262\" data-id=\"3467\" src=\"https:\/\/www.helloskola.cz\/materska-skolka\/wp-content\/uploads\/sites\/7\/2022\/08\/DSCN3990.jpg\" alt=\"\" class=\"wp-image-3467\" srcset=\"https:\/\/www.helloskola.cz\/materska-skolka\/wp-content\/uploads\/sites\/7\/2022\/08\/DSCN3990.jpg 350w, https:\/\/www.helloskola.cz\/materska-skolka\/wp-content\/uploads\/sites\/7\/2022\/08\/DSCN3990-300x225.jpg 300w\" sizes=\"(max-width: 350px) 100vw, 350px\" \/><\/figure>\n\n\n\n<figure class=\"wp-block-image size-large\"><img loading=\"lazy\" decoding=\"async\" width=\"350\" height=\"262\" data-id=\"3469\" src=\"https:\/\/www.helloskola.cz\/materska-skolka\/wp-content\/uploads\/sites\/7\/2022\/08\/DSCN4041.jpg\" alt=\"\" class=\"wp-image-3469\" srcset=\"https:\/\/www.helloskola.cz\/materska-skolka\/wp-content\/uploads\/sites\/7\/2022\/08\/DSCN4041.jpg 350w, https:\/\/www.helloskola.cz\/materska-skolka\/wp-content\/uploads\/sites\/7\/2022\/08\/DSCN4041-300x225.jpg 300w\" sizes=\"(max-width: 350px) 100vw, 350px\" \/><\/figure>\n\n\n\n<figure class=\"wp-block-image size-large\"><img loading=\"lazy\" decoding=\"async\" width=\"350\" height=\"262\" data-id=\"3470\" src=\"https:\/\/www.helloskola.cz\/materska-skolka\/wp-content\/uploads\/sites\/7\/2022\/08\/DSCN4119.jpg\" alt=\"\" class=\"wp-image-3470\" srcset=\"https:\/\/www.helloskola.cz\/materska-skolka\/wp-content\/uploads\/sites\/7\/2022\/08\/DSCN4119.jpg 350w, https:\/\/www.helloskola.cz\/materska-skolka\/wp-content\/uploads\/sites\/7\/2022\/08\/DSCN4119-300x225.jpg 300w\" sizes=\"(max-width: 350px) 100vw, 350px\" \/><\/figure>\n<\/figure>\n","protected":false},"featured_media":3469,"template":"","kategorie-skolni-rok":[51,19],"class_list":["post-3462","novinky","type-novinky","status-publish","has-post-thumbnail","hentry","kategorie-skolni-rok-2-pololeti-skolni-rok-2019-2020","kategorie-skolni-rok-skolni-rok-2019-2020"],"yoast_head":"<!-- This site is optimized with the Yoast SEO plugin v24.8.1 - https:\/\/yoast.com\/wordpress\/plugins\/seo\/ -->\n<title>OSTRAVICE - T\u0159i dny na \u010derstv\u00e9m vzduchu prosp\u011bj\u00ed mal\u00fdm i velk\u00fdm. | Mate\u0159sk\u00e1 \u0161kolka HELLO Teddy<\/title>\n<meta name=\"robots\" content=\"index, follow, max-snippet:-1, max-image-preview:large, max-video-preview:-1\" \/>\n<link rel=\"canonical\" href=\"https:\/\/www.helloskola.cz\/materska-skolka\/novinky\/ostravice-tri-dny-na-cerstvem-vzduchu-prospeji-malym-i-velkym\/\" \/>\n<meta property=\"og:locale\" content=\"cs_CZ\" \/>\n<meta property=\"og:type\" content=\"article\" \/>\n<meta property=\"og:title\" content=\"OSTRAVICE - T\u0159i dny na \u010derstv\u00e9m vzduchu prosp\u011bj\u00ed mal\u00fdm i velk\u00fdm. | Mate\u0159sk\u00e1 \u0161kolka HELLO Teddy\" \/>\n<meta property=\"og:url\" content=\"https:\/\/www.helloskola.cz\/materska-skolka\/novinky\/ostravice-tri-dny-na-cerstvem-vzduchu-prospeji-malym-i-velkym\/\" \/>\n<meta property=\"og:site_name\" content=\"Mate\u0159sk\u00e1 \u0161kolka HELLO Teddy\" \/>\n<meta property=\"article:modified_time\" content=\"2022-08-16T12:56:08+00:00\" \/>\n<meta property=\"og:image\" content=\"https:\/\/www.helloskola.cz\/materska-skolka\/wp-content\/uploads\/sites\/7\/2022\/08\/DSCN4041.jpg\" \/>\n\t<meta property=\"og:image:width\" content=\"350\" \/>\n\t<meta property=\"og:image:height\" content=\"262\" \/>\n\t<meta property=\"og:image:type\" content=\"image\/jpeg\" \/>\n<meta name=\"twitter:card\" content=\"summary_large_image\" \/>\n<meta name=\"twitter:label1\" content=\"Odhadovan\u00e1 doba \u010dten\u00ed\" \/>\n\t<meta name=\"twitter:data1\" content=\"2 minuty\" \/>\n<script type=\"application\/ld+json\" class=\"yoast-schema-graph\">{\"@context\":\"https:\/\/schema.org\",\"@graph\":[{\"@type\":\"WebPage\",\"@id\":\"https:\/\/www.helloskola.cz\/materska-skolka\/novinky\/ostravice-tri-dny-na-cerstvem-vzduchu-prospeji-malym-i-velkym\/\",\"url\":\"https:\/\/www.helloskola.cz\/materska-skolka\/novinky\/ostravice-tri-dny-na-cerstvem-vzduchu-prospeji-malym-i-velkym\/\",\"name\":\"OSTRAVICE - T\u0159i dny na \u010derstv\u00e9m vzduchu prosp\u011bj\u00ed mal\u00fdm i velk\u00fdm. | Mate\u0159sk\u00e1 \u0161kolka HELLO Teddy\",\"isPartOf\":{\"@id\":\"https:\/\/www.helloskola.cz\/materska-skolka\/#website\"},\"primaryImageOfPage\":{\"@id\":\"https:\/\/www.helloskola.cz\/materska-skolka\/novinky\/ostravice-tri-dny-na-cerstvem-vzduchu-prospeji-malym-i-velkym\/#primaryimage\"},\"image\":{\"@id\":\"https:\/\/www.helloskola.cz\/materska-skolka\/novinky\/ostravice-tri-dny-na-cerstvem-vzduchu-prospeji-malym-i-velkym\/#primaryimage\"},\"thumbnailUrl\":\"https:\/\/www.helloskola.cz\/materska-skolka\/wp-content\/uploads\/sites\/7\/2022\/08\/DSCN4041.jpg\",\"datePublished\":\"2022-08-16T12:56:06+00:00\",\"dateModified\":\"2022-08-16T12:56:08+00:00\",\"breadcrumb\":{\"@id\":\"https:\/\/www.helloskola.cz\/materska-skolka\/novinky\/ostravice-tri-dny-na-cerstvem-vzduchu-prospeji-malym-i-velkym\/#breadcrumb\"},\"inLanguage\":\"cs\",\"potentialAction\":[{\"@type\":\"ReadAction\",\"target\":[\"https:\/\/www.helloskola.cz\/materska-skolka\/novinky\/ostravice-tri-dny-na-cerstvem-vzduchu-prospeji-malym-i-velkym\/\"]}]},{\"@type\":\"ImageObject\",\"inLanguage\":\"cs\",\"@id\":\"https:\/\/www.helloskola.cz\/materska-skolka\/novinky\/ostravice-tri-dny-na-cerstvem-vzduchu-prospeji-malym-i-velkym\/#primaryimage\",\"url\":\"https:\/\/www.helloskola.cz\/materska-skolka\/wp-content\/uploads\/sites\/7\/2022\/08\/DSCN4041.jpg\",\"contentUrl\":\"https:\/\/www.helloskola.cz\/materska-skolka\/wp-content\/uploads\/sites\/7\/2022\/08\/DSCN4041.jpg\",\"width\":350,\"height\":262},{\"@type\":\"BreadcrumbList\",\"@id\":\"https:\/\/www.helloskola.cz\/materska-skolka\/novinky\/ostravice-tri-dny-na-cerstvem-vzduchu-prospeji-malym-i-velkym\/#breadcrumb\",\"itemListElement\":[{\"@type\":\"ListItem\",\"position\":1,\"name\":\"\u00davod\",\"item\":\"https:\/\/www.helloskola.cz\/materska-skolka\/\"},{\"@type\":\"ListItem\",\"position\":2,\"name\":\"Novinky\",\"item\":\"https:\/\/www.helloskola.cz\/materska-skolka\/novinky\/\"},{\"@type\":\"ListItem\",\"position\":3,\"name\":\"\u0160koln\u00ed rok 2019\/2020\",\"item\":\"https:\/\/www.helloskola.cz\/materska-skolka\/kategorie-skolni-rok\/skolni-rok-2019-2020\/\"},{\"@type\":\"ListItem\",\"position\":4,\"name\":\"OSTRAVICE &#8211; T\u0159i dny na \u010derstv\u00e9m vzduchu prosp\u011bj\u00ed mal\u00fdm i velk\u00fdm.\"}]},{\"@type\":\"WebSite\",\"@id\":\"https:\/\/www.helloskola.cz\/materska-skolka\/#website\",\"url\":\"https:\/\/www.helloskola.cz\/materska-skolka\/\",\"name\":\"Mate\u0159sk\u00e1 \u0161kolka HELLO Teddy\",\"description\":\"\u010desko-anglick\u00e1 z\u00e1kladn\u00ed \u0161kolka, Ostrava\",\"publisher\":{\"@id\":\"https:\/\/www.helloskola.cz\/materska-skolka\/#organization\"},\"potentialAction\":[{\"@type\":\"SearchAction\",\"target\":{\"@type\":\"EntryPoint\",\"urlTemplate\":\"https:\/\/www.helloskola.cz\/materska-skolka\/?s={search_term_string}\"},\"query-input\":{\"@type\":\"PropertyValueSpecification\",\"valueRequired\":true,\"valueName\":\"search_term_string\"}}],\"inLanguage\":\"cs\"},{\"@type\":\"Organization\",\"@id\":\"https:\/\/www.helloskola.cz\/materska-skolka\/#organization\",\"name\":\"Mate\u0159sk\u00e1 \u0161kolka Hello Teddy\",\"url\":\"https:\/\/www.helloskola.cz\/materska-skolka\/\",\"logo\":{\"@type\":\"ImageObject\",\"inLanguage\":\"cs\",\"@id\":\"https:\/\/www.helloskola.cz\/materska-skolka\/#\/schema\/logo\/image\/\",\"url\":\"https:\/\/www.helloskola.cz\/materska-skolka\/wp-content\/uploads\/sites\/7\/2022\/02\/hello_skolka_logo.svg\",\"contentUrl\":\"https:\/\/www.helloskola.cz\/materska-skolka\/wp-content\/uploads\/sites\/7\/2022\/02\/hello_skolka_logo.svg\",\"width\":100,\"height\":100,\"caption\":\"Mate\u0159sk\u00e1 \u0161kolka Hello Teddy\"},\"image\":{\"@id\":\"https:\/\/www.helloskola.cz\/materska-skolka\/#\/schema\/logo\/image\/\"}}]}<\/script>\n<!-- \/ Yoast SEO plugin. -->","yoast_head_json":{"title":"OSTRAVICE - T\u0159i dny na \u010derstv\u00e9m vzduchu prosp\u011bj\u00ed mal\u00fdm i velk\u00fdm. | Mate\u0159sk\u00e1 \u0161kolka HELLO Teddy","robots":{"index":"index","follow":"follow","max-snippet":"max-snippet:-1","max-image-preview":"max-image-preview:large","max-video-preview":"max-video-preview:-1"},"canonical":"https:\/\/www.helloskola.cz\/materska-skolka\/novinky\/ostravice-tri-dny-na-cerstvem-vzduchu-prospeji-malym-i-velkym\/","og_locale":"cs_CZ","og_type":"article","og_title":"OSTRAVICE - T\u0159i dny na \u010derstv\u00e9m vzduchu prosp\u011bj\u00ed mal\u00fdm i velk\u00fdm. | Mate\u0159sk\u00e1 \u0161kolka HELLO Teddy","og_url":"https:\/\/www.helloskola.cz\/materska-skolka\/novinky\/ostravice-tri-dny-na-cerstvem-vzduchu-prospeji-malym-i-velkym\/","og_site_name":"Mate\u0159sk\u00e1 \u0161kolka HELLO Teddy","article_modified_time":"2022-08-16T12:56:08+00:00","og_image":[{"width":350,"height":262,"url":"https:\/\/www.helloskola.cz\/materska-skolka\/wp-content\/uploads\/sites\/7\/2022\/08\/DSCN4041.jpg","type":"image\/jpeg"}],"twitter_card":"summary_large_image","twitter_misc":{"Odhadovan\u00e1 doba \u010dten\u00ed":"2 minuty"},"schema":{"@context":"https:\/\/schema.org","@graph":[{"@type":"WebPage","@id":"https:\/\/www.helloskola.cz\/materska-skolka\/novinky\/ostravice-tri-dny-na-cerstvem-vzduchu-prospeji-malym-i-velkym\/","url":"https:\/\/www.helloskola.cz\/materska-skolka\/novinky\/ostravice-tri-dny-na-cerstvem-vzduchu-prospeji-malym-i-velkym\/","name":"OSTRAVICE - T\u0159i dny na \u010derstv\u00e9m vzduchu prosp\u011bj\u00ed mal\u00fdm i velk\u00fdm. | Mate\u0159sk\u00e1 \u0161kolka HELLO Teddy","isPartOf":{"@id":"https:\/\/www.helloskola.cz\/materska-skolka\/#website"},"primaryImageOfPage":{"@id":"https:\/\/www.helloskola.cz\/materska-skolka\/novinky\/ostravice-tri-dny-na-cerstvem-vzduchu-prospeji-malym-i-velkym\/#primaryimage"},"image":{"@id":"https:\/\/www.helloskola.cz\/materska-skolka\/novinky\/ostravice-tri-dny-na-cerstvem-vzduchu-prospeji-malym-i-velkym\/#primaryimage"},"thumbnailUrl":"https:\/\/www.helloskola.cz\/materska-skolka\/wp-content\/uploads\/sites\/7\/2022\/08\/DSCN4041.jpg","datePublished":"2022-08-16T12:56:06+00:00","dateModified":"2022-08-16T12:56:08+00:00","breadcrumb":{"@id":"https:\/\/www.helloskola.cz\/materska-skolka\/novinky\/ostravice-tri-dny-na-cerstvem-vzduchu-prospeji-malym-i-velkym\/#breadcrumb"},"inLanguage":"cs","potentialAction":[{"@type":"ReadAction","target":["https:\/\/www.helloskola.cz\/materska-skolka\/novinky\/ostravice-tri-dny-na-cerstvem-vzduchu-prospeji-malym-i-velkym\/"]}]},{"@type":"ImageObject","inLanguage":"cs","@id":"https:\/\/www.helloskola.cz\/materska-skolka\/novinky\/ostravice-tri-dny-na-cerstvem-vzduchu-prospeji-malym-i-velkym\/#primaryimage","url":"https:\/\/www.helloskola.cz\/materska-skolka\/wp-content\/uploads\/sites\/7\/2022\/08\/DSCN4041.jpg","contentUrl":"https:\/\/www.helloskola.cz\/materska-skolka\/wp-content\/uploads\/sites\/7\/2022\/08\/DSCN4041.jpg","width":350,"height":262},{"@type":"BreadcrumbList","@id":"https:\/\/www.helloskola.cz\/materska-skolka\/novinky\/ostravice-tri-dny-na-cerstvem-vzduchu-prospeji-malym-i-velkym\/#breadcrumb","itemListElement":[{"@type":"ListItem","position":1,"name":"\u00davod","item":"https:\/\/www.helloskola.cz\/materska-skolka\/"},{"@type":"ListItem","position":2,"name":"Novinky","item":"https:\/\/www.helloskola.cz\/materska-skolka\/novinky\/"},{"@type":"ListItem","position":3,"name":"\u0160koln\u00ed rok 2019\/2020","item":"https:\/\/www.helloskola.cz\/materska-skolka\/kategorie-skolni-rok\/skolni-rok-2019-2020\/"},{"@type":"ListItem","position":4,"name":"OSTRAVICE &#8211; T\u0159i dny na \u010derstv\u00e9m vzduchu prosp\u011bj\u00ed mal\u00fdm i velk\u00fdm."}]},{"@type":"WebSite","@id":"https:\/\/www.helloskola.cz\/materska-skolka\/#website","url":"https:\/\/www.helloskola.cz\/materska-skolka\/","name":"Mate\u0159sk\u00e1 \u0161kolka HELLO Teddy","description":"\u010desko-anglick\u00e1 z\u00e1kladn\u00ed \u0161kolka, Ostrava","publisher":{"@id":"https:\/\/www.helloskola.cz\/materska-skolka\/#organization"},"potentialAction":[{"@type":"SearchAction","target":{"@type":"EntryPoint","urlTemplate":"https:\/\/www.helloskola.cz\/materska-skolka\/?s={search_term_string}"},"query-input":{"@type":"PropertyValueSpecification","valueRequired":true,"valueName":"search_term_string"}}],"inLanguage":"cs"},{"@type":"Organization","@id":"https:\/\/www.helloskola.cz\/materska-skolka\/#organization","name":"Mate\u0159sk\u00e1 \u0161kolka Hello Teddy","url":"https:\/\/www.helloskola.cz\/materska-skolka\/","logo":{"@type":"ImageObject","inLanguage":"cs","@id":"https:\/\/www.helloskola.cz\/materska-skolka\/#\/schema\/logo\/image\/","url":"https:\/\/www.helloskola.cz\/materska-skolka\/wp-content\/uploads\/sites\/7\/2022\/02\/hello_skolka_logo.svg","contentUrl":"https:\/\/www.helloskola.cz\/materska-skolka\/wp-content\/uploads\/sites\/7\/2022\/02\/hello_skolka_logo.svg","width":100,"height":100,"caption":"Mate\u0159sk\u00e1 \u0161kolka Hello Teddy"},"image":{"@id":"https:\/\/www.helloskola.cz\/materska-skolka\/#\/schema\/logo\/image\/"}}]}},"_links":{"self":[{"href":"https:\/\/www.helloskola.cz\/materska-skolka\/wp-json\/wp\/v2\/novinky\/3462","targetHints":{"allow":["GET"]}}],"collection":[{"href":"https:\/\/www.helloskola.cz\/materska-skolka\/wp-json\/wp\/v2\/novinky"}],"about":[{"href":"https:\/\/www.helloskola.cz\/materska-skolka\/wp-json\/wp\/v2\/types\/novinky"}],"wp:featuredmedia":[{"embeddable":true,"href":"https:\/\/www.helloskola.cz\/materska-skolka\/wp-json\/wp\/v2\/media\/3469"}],"wp:attachment":[{"href":"https:\/\/www.helloskola.cz\/materska-skolka\/wp-json\/wp\/v2\/media?parent=3462"}],"wp:term":[{"taxonomy":"kategorie-skolni-rok","embeddable":true,"href":"https:\/\/www.helloskola.cz\/materska-skolka\/wp-json\/wp\/v2\/kategorie-skolni-rok?post=3462"}],"curies":[{"name":"wp","href":"https:\/\/api.w.org\/{rel}","templated":true}]}}