{"id":5667,"date":"2026-01-11T21:17:54","date_gmt":"2026-01-11T20:17:54","guid":{"rendered":"https:\/\/www.helloskola.cz\/gymnazium\/?page_id=5667"},"modified":"2026-01-11T21:20:08","modified_gmt":"2026-01-11T20:20:08","slug":"telesna-vychova","status":"publish","type":"page","link":"https:\/\/www.helloskola.cz\/gymnazium\/pro-studenty\/predmety-a-informace\/telesna-vychova\/","title":{"rendered":"T\u011blesn\u00e1 v\u00fdchova"},"content":{"rendered":"\n<p>P\u0159edseda PK &#8211; Mgr. David Kr\u010dm\u00e1\u0159<\/p>\n\n\n\n<p>Mgr. Daniel Honka, Nat\u00e1lie Ryb\u00e1rikov\u00e1<\/p>\n\n\n\n<p>T\u011blesn\u00e1 v\u00fdchova na na\u0161em gymn\u00e1ziu je zam\u011b\u0159ena na pravideln\u00fd a pestr\u00fd pohyb, rozvoj t\u011blesn\u00e9 zdatnosti a vytv\u00e1\u0159en\u00ed pozitivn\u00edho vztahu k aktivn\u00edmu \u017eivotn\u00edmu stylu. V\u00fduka prob\u00edh\u00e1 v r\u016fzn\u00fdch prost\u0159ed\u00edch a nab\u00edz\u00ed student\u016fm mo\u017enost vyzkou\u0161et si \u0161irok\u00e9 spektrum pohybov\u00fdch aktivit.<\/p>\n\n\n\n<p>\u0160kola velkou t\u011blocvi\u010dnou s\u00e1lem.<br>V s\u00e1le se soust\u0159ed\u00edme p\u0159edev\u0161\u00edm na fitness cvi\u010den\u00ed, kruhov\u00e9 tr\u00e9ninky a rozvoj z\u00e1kladn\u00edch pohybov\u00fdch dovednost\u00ed.<br>Velk\u00e1 t\u011blocvi\u010dna poskytuje prostor pro m\u00ed\u010dov\u00e9 sporty, badminton, z\u00e1klady gymnastiky, \u0161plh a dal\u0161\u00ed pohybov\u00e9 \u010dinnosti rozv\u00edjej\u00edc\u00ed obratnost, spolupr\u00e1ci a hern\u00ed dovednosti.<\/p>\n\n\n\n<p>V teplej\u0161\u00edch m\u011bs\u00edc\u00edch je v\u00fduka dopln\u011bna o pobyt venku a atletickou pr\u016fpravu, zejm\u00e9na b\u011bhy, vrhy a hody, kter\u00e9 p\u0159isp\u00edvaj\u00ed k rozvoji kondice a vytrvalosti.<\/p>\n\n\n\n<p>Sou\u010d\u00e1st\u00ed t\u011blesn\u00e9 v\u00fdchovy je tak\u00e9 projekt Pohyb v p\u0159\u00edrod\u011b a outdoorov\u00e9 aktivity, kter\u00fd prob\u00edh\u00e1 jednou za pololet\u00ed formou celo\u0161koln\u00ed turistick\u00e9 vych\u00e1zky. Tato aktivita je povinnou sou\u010d\u00e1st\u00ed t\u011blesn\u00e9 v\u00fdchovy a pod\u00edl\u00ed se na celkov\u00e9m hodnocen\u00ed p\u0159edm\u011btu. V p\u0159\u00edpad\u011b ne\u00fa\u010dasti je nutn\u00e9 tuto povinnou slo\u017eku nahradit n\u00e1hradn\u00edm pln\u011bn\u00edm dle stanoven\u00fdch podm\u00ednek.<\/p>\n\n\n\n<figure class=\"wp-block-gallery has-nested-images columns-default is-cropped wp-block-gallery-1 is-layout-flex wp-block-gallery-is-layout-flex\">\n<figure class=\"wp-block-image size-large\"><img fetchpriority=\"high\" decoding=\"async\" width=\"1024\" height=\"683\" data-id=\"5668\" src=\"https:\/\/www.helloskola.cz\/gymnazium\/wp-content\/uploads\/sites\/3\/2026\/01\/s1-30-1024x683.jpg\" alt=\"\" class=\"wp-image-5668\" srcset=\"https:\/\/www.helloskola.cz\/gymnazium\/wp-content\/uploads\/sites\/3\/2026\/01\/s1-30-1024x683.jpg 1024w, https:\/\/www.helloskola.cz\/gymnazium\/wp-content\/uploads\/sites\/3\/2026\/01\/s1-30-300x200.jpg 300w, https:\/\/www.helloskola.cz\/gymnazium\/wp-content\/uploads\/sites\/3\/2026\/01\/s1-30-768x512.jpg 768w, https:\/\/www.helloskola.cz\/gymnazium\/wp-content\/uploads\/sites\/3\/2026\/01\/s1-30-1536x1024.jpg 1536w, https:\/\/www.helloskola.cz\/gymnazium\/wp-content\/uploads\/sites\/3\/2026\/01\/s1-30-2048x1365.jpg 2048w\" sizes=\"(max-width: 1024px) 100vw, 1024px\" \/><\/figure>\n\n\n\n<figure class=\"wp-block-image size-large\"><img decoding=\"async\" width=\"683\" height=\"1024\" data-id=\"5670\" src=\"https:\/\/www.helloskola.cz\/gymnazium\/wp-content\/uploads\/sites\/3\/2026\/01\/s1-33-683x1024.jpg\" alt=\"\" class=\"wp-image-5670\" srcset=\"https:\/\/www.helloskola.cz\/gymnazium\/wp-content\/uploads\/sites\/3\/2026\/01\/s1-33-683x1024.jpg 683w, https:\/\/www.helloskola.cz\/gymnazium\/wp-content\/uploads\/sites\/3\/2026\/01\/s1-33-200x300.jpg 200w, https:\/\/www.helloskola.cz\/gymnazium\/wp-content\/uploads\/sites\/3\/2026\/01\/s1-33-768x1152.jpg 768w, https:\/\/www.helloskola.cz\/gymnazium\/wp-content\/uploads\/sites\/3\/2026\/01\/s1-33-1024x1536.jpg 1024w, https:\/\/www.helloskola.cz\/gymnazium\/wp-content\/uploads\/sites\/3\/2026\/01\/s1-33-1365x2048.jpg 1365w, https:\/\/www.helloskola.cz\/gymnazium\/wp-content\/uploads\/sites\/3\/2026\/01\/s1-33-scaled.jpg 1707w\" sizes=\"(max-width: 683px) 100vw, 683px\" \/><\/figure>\n\n\n\n<figure class=\"wp-block-image size-large\"><img decoding=\"async\" width=\"1024\" height=\"683\" data-id=\"5669\" src=\"https:\/\/www.helloskola.cz\/gymnazium\/wp-content\/uploads\/sites\/3\/2026\/01\/s1-38-1024x683.jpg\" alt=\"\" class=\"wp-image-5669\" srcset=\"https:\/\/www.helloskola.cz\/gymnazium\/wp-content\/uploads\/sites\/3\/2026\/01\/s1-38-1024x683.jpg 1024w, https:\/\/www.helloskola.cz\/gymnazium\/wp-content\/uploads\/sites\/3\/2026\/01\/s1-38-300x200.jpg 300w, https:\/\/www.helloskola.cz\/gymnazium\/wp-content\/uploads\/sites\/3\/2026\/01\/s1-38-768x512.jpg 768w, https:\/\/www.helloskola.cz\/gymnazium\/wp-content\/uploads\/sites\/3\/2026\/01\/s1-38-1536x1024.jpg 1536w, https:\/\/www.helloskola.cz\/gymnazium\/wp-content\/uploads\/sites\/3\/2026\/01\/s1-38-2048x1365.jpg 2048w\" sizes=\"(max-width: 1024px) 100vw, 1024px\" \/><\/figure>\n<\/figure>\n\n\n\n<figure class=\"wp-block-gallery has-nested-images columns-default is-cropped wp-block-gallery-2 is-layout-flex wp-block-gallery-is-layout-flex\">\n<figure class=\"wp-block-image size-large\"><img loading=\"lazy\" decoding=\"async\" width=\"475\" height=\"797\" data-id=\"5672\" src=\"https:\/\/www.helloskola.cz\/gymnazium\/wp-content\/uploads\/sites\/3\/2026\/01\/Prasiva3.jpg\" alt=\"\" class=\"wp-image-5672\" srcset=\"https:\/\/www.helloskola.cz\/gymnazium\/wp-content\/uploads\/sites\/3\/2026\/01\/Prasiva3.jpg 475w, https:\/\/www.helloskola.cz\/gymnazium\/wp-content\/uploads\/sites\/3\/2026\/01\/Prasiva3-179x300.jpg 179w\" sizes=\"(max-width: 475px) 100vw, 475px\" \/><\/figure>\n\n\n\n<figure class=\"wp-block-image size-large\"><img loading=\"lazy\" decoding=\"async\" width=\"477\" height=\"812\" data-id=\"5674\" src=\"https:\/\/www.helloskola.cz\/gymnazium\/wp-content\/uploads\/sites\/3\/2026\/01\/Praseiva2.jpg\" alt=\"\" class=\"wp-image-5674\" srcset=\"https:\/\/www.helloskola.cz\/gymnazium\/wp-content\/uploads\/sites\/3\/2026\/01\/Praseiva2.jpg 477w, https:\/\/www.helloskola.cz\/gymnazium\/wp-content\/uploads\/sites\/3\/2026\/01\/Praseiva2-176x300.jpg 176w\" sizes=\"(max-width: 477px) 100vw, 477px\" \/><\/figure>\n\n\n\n<figure class=\"wp-block-image size-large\"><img loading=\"lazy\" decoding=\"async\" width=\"475\" height=\"763\" data-id=\"5673\" src=\"https:\/\/www.helloskola.cz\/gymnazium\/wp-content\/uploads\/sites\/3\/2026\/01\/Prasiva.jpg\" alt=\"\" class=\"wp-image-5673\" srcset=\"https:\/\/www.helloskola.cz\/gymnazium\/wp-content\/uploads\/sites\/3\/2026\/01\/Prasiva.jpg 475w, https:\/\/www.helloskola.cz\/gymnazium\/wp-content\/uploads\/sites\/3\/2026\/01\/Prasiva-187x300.jpg 187w\" sizes=\"(max-width: 475px) 100vw, 475px\" \/><\/figure>\n<\/figure>\n\n\n\n<h2 class=\"wp-block-heading\">Semin\u00e1\u0159 sportovn\u00edch v\u011bd<\/h2>\n\n\n\n<p>P\u0159edm\u011bt seznamuje studenty se z\u00e1klady sportovn\u00ed v\u011bdy a jej\u00edm praktick\u00fdm vyu\u017eit\u00edm v oblasti pohybu, sportovn\u00edho v\u00fdkonu a zdrav\u00ed. Je koncipov\u00e1n jako propojen\u00ed teoretick\u00e9 v\u00fduky s projektovou prac\u00ed a praktick\u00fdmi uk\u00e1zkami. Studenti z\u00edskaj\u00ed p\u0159ehled v kl\u00ed\u010dov\u00fdch oblastech sportovn\u00ed v\u011bdy, mezi kter\u00e9 pat\u0159\u00ed anatomie, fyziologie, biomechanika, psychologie sportu, <strong>v\u00fd\u017eiva<\/strong>, diagnostika z\u00e1t\u011b\u017ee a sou\u010dasn\u00e9 trendy ve sportu.<\/p>\n\n\n\n<p>V\u00fdznamnou sou\u010d\u00e1st\u00ed p\u0159edm\u011btu je <strong>diagnostika zat\u00ed\u017een\u00ed a testov\u00e1n\u00ed fyzick\u00e9 zdatnosti<\/strong>, v\u010detn\u011b pr\u00e1ce s tepovou frekvenc\u00ed, subjektivn\u00edho vn\u00edm\u00e1n\u00ed n\u00e1mahy a z\u00e1kladn\u00edch z\u00e1t\u011b\u017eov\u00fdch test\u016f. Studenti se sezn\u00e1m\u00ed s principy m\u011b\u0159en\u00ed a vyhodnocov\u00e1n\u00ed fyzick\u00e9 zdatnosti a porovn\u00e1n\u00edm objektivn\u00edch a subjektivn\u00edch ukazatel\u016f v\u00fdkonu. Sou\u010d\u00e1st\u00ed v\u00fduky je tak\u00e9 <strong>n\u00e1v\u0161t\u011bva specializovan\u00e9 laborato\u0159e<\/strong>, kde se studenti setkaj\u00ed s modern\u00edmi metodami m\u011b\u0159en\u00ed a diagnostiky sportovn\u00edho v\u00fdkonu. V\u00fdstupem p\u0159edm\u011btu je semestr\u00e1ln\u00ed projekt a jeho prezentace, kter\u00e1 propojuje teoretick\u00e9 poznatky s praktick\u00fdm pohledem na sport a pohybovou aktivitu.<\/p>\n\n\n\n<h2 class=\"wp-block-heading\">Kurzy v r\u00e1mci t\u011blesn\u00e9 v\u00fdchovy<\/h2>\n\n\n\n<p>Sou\u010d\u00e1st\u00ed nab\u00eddky t\u011blesn\u00e9 v\u00fdchovy na na\u0161em gymn\u00e1ziu jsou tak\u00e9 nepovinn\u00e9 kurzy, kter\u00e9 student\u016fm umo\u017e\u0148uj\u00ed roz\u0161\u00ed\u0159it pohybov\u00e9 zku\u0161enosti, za\u017e\u00edt \u0161kolu v jin\u00e9m prost\u0159ed\u00ed a zapojit se do aktivit podporuj\u00edc\u00edch spolupr\u00e1ci, samostatnost a aktivn\u00ed tr\u00e1ven\u00ed voln\u00e9ho \u010dasu.<\/p>\n\n\n\n<h3 class=\"wp-block-heading\">Adapta\u010dn\u00ed kurz (1. ro\u010dn\u00edk)<\/h3>\n\n\n\n<p>Adapta\u010dn\u00ed kurz je ur\u010den student\u016fm 1. ro\u010dn\u00edku gymn\u00e1zia a tradi\u010dn\u011b prob\u00edh\u00e1 v oblasti Kru\u017eberska. Jeho hlavn\u00edm c\u00edlem je vz\u00e1jemn\u00e9 pozn\u00e1n\u00ed, stmelov\u00e1n\u00ed kolektivu a usnadn\u011bn\u00ed p\u0159echodu na st\u0159edo\u0161kolsk\u00e9 studium.<\/p>\n\n\n\n<p>Program kurzu je zalo\u017een na pohybov\u00fdch, kreativn\u00edch a teambuildingov\u00fdch aktivit\u00e1ch, kter\u00e9 p\u0159irozenou a z\u00e1bavnou formou podporuj\u00ed spolupr\u00e1ci, komunikaci a d\u016fv\u011bru mezi studenty. Nechyb\u00ed pobyt v p\u0159\u00edrod\u011b, t\u00fdmov\u00e9 hry ani aktivity rozv\u00edjej\u00edc\u00ed samostatnost a zodpov\u011bdnost.<\/p>\n\n\n\n<figure class=\"wp-block-gallery has-nested-images columns-default is-cropped wp-block-gallery-3 is-layout-flex wp-block-gallery-is-layout-flex\">\n<figure class=\"wp-block-image size-large\"><img loading=\"lazy\" decoding=\"async\" width=\"677\" height=\"843\" data-id=\"5676\" src=\"https:\/\/www.helloskola.cz\/gymnazium\/wp-content\/uploads\/sites\/3\/2026\/01\/adaptak2.jpg\" alt=\"\" class=\"wp-image-5676\" srcset=\"https:\/\/www.helloskola.cz\/gymnazium\/wp-content\/uploads\/sites\/3\/2026\/01\/adaptak2.jpg 677w, https:\/\/www.helloskola.cz\/gymnazium\/wp-content\/uploads\/sites\/3\/2026\/01\/adaptak2-241x300.jpg 241w\" sizes=\"(max-width: 677px) 100vw, 677px\" \/><\/figure>\n\n\n\n<figure class=\"wp-block-image size-large\"><img loading=\"lazy\" decoding=\"async\" width=\"676\" height=\"845\" data-id=\"5675\" src=\"https:\/\/www.helloskola.cz\/gymnazium\/wp-content\/uploads\/sites\/3\/2026\/01\/adaptak.jpg\" alt=\"\" class=\"wp-image-5675\" srcset=\"https:\/\/www.helloskola.cz\/gymnazium\/wp-content\/uploads\/sites\/3\/2026\/01\/adaptak.jpg 676w, https:\/\/www.helloskola.cz\/gymnazium\/wp-content\/uploads\/sites\/3\/2026\/01\/adaptak-240x300.jpg 240w\" sizes=\"(max-width: 676px) 100vw, 676px\" \/><\/figure>\n<\/figure>\n\n\n\n<h3 class=\"wp-block-heading\">Ly\u017ea\u0159sk\u00fd v\u00fdcvikov\u00fd kurz (1.\u20132. ro\u010dn\u00edk)<\/h3>\n\n\n\n<p>Ly\u017ea\u0159sk\u00fd v\u00fdcvikov\u00fd kurz je prim\u00e1rn\u011b ur\u010den pro studenty 1. ro\u010dn\u00edku, v p\u0159\u00edpad\u011b voln\u00e9 kapacity je umo\u017en\u011bna \u00fa\u010dast tak\u00e9 student\u016fm 2. ro\u010dn\u00edku. Kurz se kon\u00e1 v oblasti Prad\u011bdu, kter\u00e1 nab\u00edz\u00ed kvalitn\u00ed podm\u00ednky a vysokou jistotu sn\u011bhov\u00e9 pokr\u00fdvky.<\/p>\n\n\n\n<p>N\u00e1pln\u00ed kurzu je zdokonalov\u00e1n\u00ed sjezdov\u00e9ho i b\u011b\u017eeck\u00e9ho ly\u017eov\u00e1n\u00ed, p\u0159izp\u016fsoben\u00e9 \u00farovni jednotliv\u00fdch \u00fa\u010dastn\u00edk\u016f. D\u016fraz je kladen nejen na techniku pohybu, ale tak\u00e9 na bezpe\u010dnost, spr\u00e1vn\u00e9 n\u00e1vyky a pohyb v horsk\u00e9m prost\u0159ed\u00ed.<\/p>\n\n\n\n<figure class=\"wp-block-gallery has-nested-images columns-default is-cropped wp-block-gallery-4 is-layout-flex wp-block-gallery-is-layout-flex\">\n<figure class=\"wp-block-image size-large\"><img loading=\"lazy\" decoding=\"async\" width=\"853\" height=\"661\" data-id=\"5677\" src=\"https:\/\/www.helloskola.cz\/gymnazium\/wp-content\/uploads\/sites\/3\/2026\/01\/lyzak2.jpg\" alt=\"\" class=\"wp-image-5677\" srcset=\"https:\/\/www.helloskola.cz\/gymnazium\/wp-content\/uploads\/sites\/3\/2026\/01\/lyzak2.jpg 853w, https:\/\/www.helloskola.cz\/gymnazium\/wp-content\/uploads\/sites\/3\/2026\/01\/lyzak2-300x232.jpg 300w, https:\/\/www.helloskola.cz\/gymnazium\/wp-content\/uploads\/sites\/3\/2026\/01\/lyzak2-768x595.jpg 768w\" sizes=\"(max-width: 853px) 100vw, 853px\" \/><\/figure>\n\n\n\n<figure class=\"wp-block-image size-large\"><img loading=\"lazy\" decoding=\"async\" width=\"803\" height=\"637\" data-id=\"5678\" src=\"https:\/\/www.helloskola.cz\/gymnazium\/wp-content\/uploads\/sites\/3\/2026\/01\/lyzak.jpg\" alt=\"\" class=\"wp-image-5678\" srcset=\"https:\/\/www.helloskola.cz\/gymnazium\/wp-content\/uploads\/sites\/3\/2026\/01\/lyzak.jpg 803w, https:\/\/www.helloskola.cz\/gymnazium\/wp-content\/uploads\/sites\/3\/2026\/01\/lyzak-300x238.jpg 300w, https:\/\/www.helloskola.cz\/gymnazium\/wp-content\/uploads\/sites\/3\/2026\/01\/lyzak-768x609.jpg 768w\" sizes=\"(max-width: 803px) 100vw, 803px\" \/><\/figure>\n<\/figure>\n\n\n\n<h3 class=\"wp-block-heading\">Letn\u00ed kurz (3. ro\u010dn\u00edk)<\/h3>\n\n\n\n<p>Letn\u00ed kurz je koncipov\u00e1n pro studenty 3. ro\u010dn\u00edku a nab\u00edz\u00ed mo\u017enost volby zam\u011b\u0159en\u00ed. Ka\u017ed\u00fd ro\u010dn\u00edk si prost\u0159ednictv\u00edm hlasov\u00e1n\u00ed vyb\u00edr\u00e1 jednu ze dvou variant:<\/p>\n\n\n\n<ul class=\"wp-block-list\">\n<li>vod\u00e1ck\u00fd kurz,<\/li>\n\n\n\n<li>nebo letn\u00ed sportovn\u00ed kurz.<\/li>\n<\/ul>\n\n\n\n<p>Vod\u00e1ck\u00fd kurz je zam\u011b\u0159en na pohyb na vod\u011b, spolupr\u00e1ci pos\u00e1dky a pobyt v p\u0159\u00edrod\u011b, zat\u00edmco letn\u00ed sportovn\u00ed kurz nab\u00edz\u00ed pestrou \u0161k\u00e1lu aktivit, jako je cyklistika, horolezectv\u00ed, sportovn\u00ed hry a dal\u0161\u00ed outdoorov\u00e9 \u010dinnosti. Ob\u011b varianty podporuj\u00ed aktivn\u00ed p\u0159\u00edstup k pohybu, posiluj\u00ed t\u00fdmov\u00e9ho ducha a p\u0159in\u00e1\u0161ej\u00ed student\u016fm intenzivn\u00ed spole\u010dn\u00e9 z\u00e1\u017eitky.<\/p>\n\n\n\n<h2 class=\"wp-block-heading\">POHYB JAKO Z\u00c1BAVA<\/h2>\n\n\n\n<p>Milujeme pohyb, a proto podporujeme na\u0161e studenty. Ti pravideln\u011b organizuj\u00ed <a href=\"https:\/\/www.instagram.com\/p\/DSkUztujPP8\/\">Sportovn\u00ed den<\/a>. Pedagogov\u00e9 pak ka\u017ed\u00fd rok vyz\u00fdvaj\u00ed maturanti ke sportovn\u00edmu kl\u00e1n\u00ed. <a href=\"https:\/\/www.instagram.com\/p\/DSLGEuzjMey\/\">PEDAGOGOV\u00c9 X MATURANTI<\/a><\/p>\n\n\n\n<p>A pochopiteln\u011b reprezentujeme:<\/p>\n\n\n\n<figure class=\"wp-block-gallery has-nested-images columns-default is-cropped wp-block-gallery-5 is-layout-flex wp-block-gallery-is-layout-flex\">\n<figure class=\"wp-block-image size-large\"><img loading=\"lazy\" decoding=\"async\" width=\"463\" height=\"632\" data-id=\"5679\" src=\"https:\/\/www.helloskola.cz\/gymnazium\/wp-content\/uploads\/sites\/3\/2026\/01\/Sporty.jpg\" alt=\"\" class=\"wp-image-5679\" srcset=\"https:\/\/www.helloskola.cz\/gymnazium\/wp-content\/uploads\/sites\/3\/2026\/01\/Sporty.jpg 463w, https:\/\/www.helloskola.cz\/gymnazium\/wp-content\/uploads\/sites\/3\/2026\/01\/Sporty-220x300.jpg 220w\" sizes=\"(max-width: 463px) 100vw, 463px\" \/><\/figure>\n\n\n\n<figure class=\"wp-block-image size-large\"><img loading=\"lazy\" decoding=\"async\" width=\"640\" height=\"810\" data-id=\"5681\" src=\"https:\/\/www.helloskola.cz\/gymnazium\/wp-content\/uploads\/sites\/3\/2026\/01\/repre2.jpg\" alt=\"\" class=\"wp-image-5681\" srcset=\"https:\/\/www.helloskola.cz\/gymnazium\/wp-content\/uploads\/sites\/3\/2026\/01\/repre2.jpg 640w, https:\/\/www.helloskola.cz\/gymnazium\/wp-content\/uploads\/sites\/3\/2026\/01\/repre2-237x300.jpg 237w\" sizes=\"(max-width: 640px) 100vw, 640px\" \/><\/figure>\n\n\n\n<figure class=\"wp-block-image size-large\"><img loading=\"lazy\" decoding=\"async\" width=\"475\" height=\"796\" data-id=\"5680\" src=\"https:\/\/www.helloskola.cz\/gymnazium\/wp-content\/uploads\/sites\/3\/2026\/01\/Repre.jpg\" alt=\"\" class=\"wp-image-5680\" srcset=\"https:\/\/www.helloskola.cz\/gymnazium\/wp-content\/uploads\/sites\/3\/2026\/01\/Repre.jpg 475w, https:\/\/www.helloskola.cz\/gymnazium\/wp-content\/uploads\/sites\/3\/2026\/01\/Repre-179x300.jpg 179w\" sizes=\"(max-width: 475px) 100vw, 475px\" \/><\/figure>\n<\/figure>\n","protected":false},"excerpt":{"rendered":"<p>P\u0159edseda PK &#8211; Mgr. David Kr\u010dm\u00e1\u0159 Mgr. Daniel Honka, Nat\u00e1lie Ryb\u00e1rikov\u00e1 T\u011blesn\u00e1 v\u00fdchova na na\u0161em gymn\u00e1ziu je zam\u011b\u0159ena na pravideln\u00fd a pestr\u00fd pohyb, rozvoj t\u011blesn\u00e9 zdatnosti a vytv\u00e1\u0159en\u00ed pozitivn\u00edho vztahu k aktivn\u00edmu \u017eivotn\u00edmu stylu. V\u00fduka prob\u00edh\u00e1 v r\u016fzn\u00fdch prost\u0159ed\u00edch a nab\u00edz\u00ed student\u016fm mo\u017enost vyzkou\u0161et si \u0161irok\u00e9 spektrum pohybov\u00fdch aktivit. \u0160kola velkou t\u011blocvi\u010dnou s\u00e1lem.V s\u00e1le se [&hellip;]<\/p>\n","protected":false},"author":3,"featured_media":1779,"parent":987,"menu_order":0,"comment_status":"closed","ping_status":"closed","template":"","meta":{"footnotes":""},"class_list":["post-5667","page","type-page","status-publish","has-post-thumbnail","hentry"],"yoast_head":"<!-- This site is optimized with the Yoast SEO plugin v24.8.1 - https:\/\/yoast.com\/wordpress\/plugins\/seo\/ -->\n<title>T\u011blesn\u00e1 v\u00fdchova | Gymn\u00e1zium HELLO<\/title>\n<meta name=\"robots\" content=\"index, follow, max-snippet:-1, max-image-preview:large, max-video-preview:-1\" \/>\n<link rel=\"canonical\" href=\"https:\/\/www.helloskola.cz\/gymnazium\/pro-studenty\/predmety-a-informace\/telesna-vychova\/\" \/>\n<meta property=\"og:locale\" content=\"cs_CZ\" \/>\n<meta property=\"og:type\" content=\"article\" \/>\n<meta property=\"og:title\" content=\"T\u011blesn\u00e1 v\u00fdchova | Gymn\u00e1zium HELLO\" \/>\n<meta property=\"og:description\" content=\"P\u0159edseda PK &#8211; Mgr. David Kr\u010dm\u00e1\u0159 Mgr. Daniel Honka, Nat\u00e1lie Ryb\u00e1rikov\u00e1 T\u011blesn\u00e1 v\u00fdchova na na\u0161em gymn\u00e1ziu je zam\u011b\u0159ena na pravideln\u00fd a pestr\u00fd pohyb, rozvoj t\u011blesn\u00e9 zdatnosti a vytv\u00e1\u0159en\u00ed pozitivn\u00edho vztahu k aktivn\u00edmu \u017eivotn\u00edmu stylu. V\u00fduka prob\u00edh\u00e1 v r\u016fzn\u00fdch prost\u0159ed\u00edch a nab\u00edz\u00ed student\u016fm mo\u017enost vyzkou\u0161et si \u0161irok\u00e9 spektrum pohybov\u00fdch aktivit. \u0160kola velkou t\u011blocvi\u010dnou s\u00e1lem.V s\u00e1le se [&hellip;]\" \/>\n<meta property=\"og:url\" content=\"https:\/\/www.helloskola.cz\/gymnazium\/pro-studenty\/predmety-a-informace\/telesna-vychova\/\" \/>\n<meta property=\"og:site_name\" content=\"Gymn\u00e1zium HELLO\" \/>\n<meta property=\"article:modified_time\" content=\"2026-01-11T20:20:08+00:00\" \/>\n<meta property=\"og:image\" content=\"https:\/\/www.helloskola.cz\/gymnazium\/wp-content\/uploads\/sites\/3\/2026\/01\/s1-30-scaled.jpg\" \/>\n\t<meta property=\"og:image:width\" content=\"2560\" \/>\n\t<meta property=\"og:image:height\" content=\"1707\" \/>\n\t<meta property=\"og:image:type\" content=\"image\/jpeg\" \/>\n<meta name=\"twitter:card\" content=\"summary_large_image\" \/>\n<meta name=\"twitter:label1\" content=\"Odhadovan\u00e1 doba \u010dten\u00ed\" \/>\n\t<meta name=\"twitter:data1\" content=\"6 minut\" \/>\n<script type=\"application\/ld+json\" class=\"yoast-schema-graph\">{\"@context\":\"https:\/\/schema.org\",\"@graph\":[{\"@type\":\"WebPage\",\"@id\":\"https:\/\/www.helloskola.cz\/gymnazium\/pro-studenty\/predmety-a-informace\/telesna-vychova\/\",\"url\":\"https:\/\/www.helloskola.cz\/gymnazium\/pro-studenty\/predmety-a-informace\/telesna-vychova\/\",\"name\":\"T\u011blesn\u00e1 v\u00fdchova | Gymn\u00e1zium HELLO\",\"isPartOf\":{\"@id\":\"https:\/\/www.helloskola.cz\/gymnazium\/#website\"},\"primaryImageOfPage\":{\"@id\":\"https:\/\/www.helloskola.cz\/gymnazium\/pro-studenty\/predmety-a-informace\/telesna-vychova\/#primaryimage\"},\"image\":{\"@id\":\"https:\/\/www.helloskola.cz\/gymnazium\/pro-studenty\/predmety-a-informace\/telesna-vychova\/#primaryimage\"},\"thumbnailUrl\":\"https:\/\/www.helloskola.cz\/gymnazium\/wp-content\/uploads\/sites\/3\/2022\/05\/gympl-fallback.png\",\"datePublished\":\"2026-01-11T20:17:54+00:00\",\"dateModified\":\"2026-01-11T20:20:08+00:00\",\"breadcrumb\":{\"@id\":\"https:\/\/www.helloskola.cz\/gymnazium\/pro-studenty\/predmety-a-informace\/telesna-vychova\/#breadcrumb\"},\"inLanguage\":\"cs\",\"potentialAction\":[{\"@type\":\"ReadAction\",\"target\":[\"https:\/\/www.helloskola.cz\/gymnazium\/pro-studenty\/predmety-a-informace\/telesna-vychova\/\"]}]},{\"@type\":\"ImageObject\",\"inLanguage\":\"cs\",\"@id\":\"https:\/\/www.helloskola.cz\/gymnazium\/pro-studenty\/predmety-a-informace\/telesna-vychova\/#primaryimage\",\"url\":\"https:\/\/www.helloskola.cz\/gymnazium\/wp-content\/uploads\/sites\/3\/2022\/05\/gympl-fallback.png\",\"contentUrl\":\"https:\/\/www.helloskola.cz\/gymnazium\/wp-content\/uploads\/sites\/3\/2022\/05\/gympl-fallback.png\",\"width\":933,\"height\":700},{\"@type\":\"BreadcrumbList\",\"@id\":\"https:\/\/www.helloskola.cz\/gymnazium\/pro-studenty\/predmety-a-informace\/telesna-vychova\/#breadcrumb\",\"itemListElement\":[{\"@type\":\"ListItem\",\"position\":1,\"name\":\"\u00davod\",\"item\":\"https:\/\/www.helloskola.cz\/gymnazium\/\"},{\"@type\":\"ListItem\",\"position\":2,\"name\":\"Pro studenty\",\"item\":\"https:\/\/www.helloskola.cz\/gymnazium\/pro-studenty\/\"},{\"@type\":\"ListItem\",\"position\":3,\"name\":\"P\u0159edm\u011bty a informace\",\"item\":\"https:\/\/www.helloskola.cz\/gymnazium\/pro-studenty\/predmety-a-informace\/\"},{\"@type\":\"ListItem\",\"position\":4,\"name\":\"T\u011blesn\u00e1 v\u00fdchova\"}]},{\"@type\":\"WebSite\",\"@id\":\"https:\/\/www.helloskola.cz\/gymnazium\/#website\",\"url\":\"https:\/\/www.helloskola.cz\/gymnazium\/\",\"name\":\"Gymn\u00e1zium HELLO\",\"description\":\"St\u0159edn\u00ed \u0161kola s pos\u00edlenou v\u00fdukou ciz\u00edch jazyk\u016f\",\"publisher\":{\"@id\":\"https:\/\/www.helloskola.cz\/gymnazium\/#organization\"},\"potentialAction\":[{\"@type\":\"SearchAction\",\"target\":{\"@type\":\"EntryPoint\",\"urlTemplate\":\"https:\/\/www.helloskola.cz\/gymnazium\/?s={search_term_string}\"},\"query-input\":{\"@type\":\"PropertyValueSpecification\",\"valueRequired\":true,\"valueName\":\"search_term_string\"}}],\"inLanguage\":\"cs\"},{\"@type\":\"Organization\",\"@id\":\"https:\/\/www.helloskola.cz\/gymnazium\/#organization\",\"name\":\"Gymn\u00e1zium Hello\",\"url\":\"https:\/\/www.helloskola.cz\/gymnazium\/\",\"logo\":{\"@type\":\"ImageObject\",\"inLanguage\":\"cs\",\"@id\":\"https:\/\/www.helloskola.cz\/gymnazium\/#\/schema\/logo\/image\/\",\"url\":\"https:\/\/www.helloskola.cz\/gymnazium\/wp-content\/uploads\/sites\/3\/2022\/02\/hello_gy_cmyk-1.svg\",\"contentUrl\":\"https:\/\/www.helloskola.cz\/gymnazium\/wp-content\/uploads\/sites\/3\/2022\/02\/hello_gy_cmyk-1.svg\",\"width\":100,\"height\":100,\"caption\":\"Gymn\u00e1zium Hello\"},\"image\":{\"@id\":\"https:\/\/www.helloskola.cz\/gymnazium\/#\/schema\/logo\/image\/\"}}]}<\/script>\n<!-- \/ Yoast SEO plugin. -->","yoast_head_json":{"title":"T\u011blesn\u00e1 v\u00fdchova | Gymn\u00e1zium HELLO","robots":{"index":"index","follow":"follow","max-snippet":"max-snippet:-1","max-image-preview":"max-image-preview:large","max-video-preview":"max-video-preview:-1"},"canonical":"https:\/\/www.helloskola.cz\/gymnazium\/pro-studenty\/predmety-a-informace\/telesna-vychova\/","og_locale":"cs_CZ","og_type":"article","og_title":"T\u011blesn\u00e1 v\u00fdchova | Gymn\u00e1zium HELLO","og_description":"P\u0159edseda PK &#8211; Mgr. David Kr\u010dm\u00e1\u0159 Mgr. Daniel Honka, Nat\u00e1lie Ryb\u00e1rikov\u00e1 T\u011blesn\u00e1 v\u00fdchova na na\u0161em gymn\u00e1ziu je zam\u011b\u0159ena na pravideln\u00fd a pestr\u00fd pohyb, rozvoj t\u011blesn\u00e9 zdatnosti a vytv\u00e1\u0159en\u00ed pozitivn\u00edho vztahu k aktivn\u00edmu \u017eivotn\u00edmu stylu. V\u00fduka prob\u00edh\u00e1 v r\u016fzn\u00fdch prost\u0159ed\u00edch a nab\u00edz\u00ed student\u016fm mo\u017enost vyzkou\u0161et si \u0161irok\u00e9 spektrum pohybov\u00fdch aktivit. \u0160kola velkou t\u011blocvi\u010dnou s\u00e1lem.V s\u00e1le se [&hellip;]","og_url":"https:\/\/www.helloskola.cz\/gymnazium\/pro-studenty\/predmety-a-informace\/telesna-vychova\/","og_site_name":"Gymn\u00e1zium HELLO","article_modified_time":"2026-01-11T20:20:08+00:00","og_image":[{"width":2560,"height":1707,"url":"https:\/\/www.helloskola.cz\/gymnazium\/wp-content\/uploads\/sites\/3\/2026\/01\/s1-30-scaled.jpg","type":"image\/jpeg"}],"twitter_card":"summary_large_image","twitter_misc":{"Odhadovan\u00e1 doba \u010dten\u00ed":"6 minut"},"schema":{"@context":"https:\/\/schema.org","@graph":[{"@type":"WebPage","@id":"https:\/\/www.helloskola.cz\/gymnazium\/pro-studenty\/predmety-a-informace\/telesna-vychova\/","url":"https:\/\/www.helloskola.cz\/gymnazium\/pro-studenty\/predmety-a-informace\/telesna-vychova\/","name":"T\u011blesn\u00e1 v\u00fdchova | Gymn\u00e1zium HELLO","isPartOf":{"@id":"https:\/\/www.helloskola.cz\/gymnazium\/#website"},"primaryImageOfPage":{"@id":"https:\/\/www.helloskola.cz\/gymnazium\/pro-studenty\/predmety-a-informace\/telesna-vychova\/#primaryimage"},"image":{"@id":"https:\/\/www.helloskola.cz\/gymnazium\/pro-studenty\/predmety-a-informace\/telesna-vychova\/#primaryimage"},"thumbnailUrl":"https:\/\/www.helloskola.cz\/gymnazium\/wp-content\/uploads\/sites\/3\/2022\/05\/gympl-fallback.png","datePublished":"2026-01-11T20:17:54+00:00","dateModified":"2026-01-11T20:20:08+00:00","breadcrumb":{"@id":"https:\/\/www.helloskola.cz\/gymnazium\/pro-studenty\/predmety-a-informace\/telesna-vychova\/#breadcrumb"},"inLanguage":"cs","potentialAction":[{"@type":"ReadAction","target":["https:\/\/www.helloskola.cz\/gymnazium\/pro-studenty\/predmety-a-informace\/telesna-vychova\/"]}]},{"@type":"ImageObject","inLanguage":"cs","@id":"https:\/\/www.helloskola.cz\/gymnazium\/pro-studenty\/predmety-a-informace\/telesna-vychova\/#primaryimage","url":"https:\/\/www.helloskola.cz\/gymnazium\/wp-content\/uploads\/sites\/3\/2022\/05\/gympl-fallback.png","contentUrl":"https:\/\/www.helloskola.cz\/gymnazium\/wp-content\/uploads\/sites\/3\/2022\/05\/gympl-fallback.png","width":933,"height":700},{"@type":"BreadcrumbList","@id":"https:\/\/www.helloskola.cz\/gymnazium\/pro-studenty\/predmety-a-informace\/telesna-vychova\/#breadcrumb","itemListElement":[{"@type":"ListItem","position":1,"name":"\u00davod","item":"https:\/\/www.helloskola.cz\/gymnazium\/"},{"@type":"ListItem","position":2,"name":"Pro studenty","item":"https:\/\/www.helloskola.cz\/gymnazium\/pro-studenty\/"},{"@type":"ListItem","position":3,"name":"P\u0159edm\u011bty a informace","item":"https:\/\/www.helloskola.cz\/gymnazium\/pro-studenty\/predmety-a-informace\/"},{"@type":"ListItem","position":4,"name":"T\u011blesn\u00e1 v\u00fdchova"}]},{"@type":"WebSite","@id":"https:\/\/www.helloskola.cz\/gymnazium\/#website","url":"https:\/\/www.helloskola.cz\/gymnazium\/","name":"Gymn\u00e1zium HELLO","description":"St\u0159edn\u00ed \u0161kola s pos\u00edlenou v\u00fdukou ciz\u00edch jazyk\u016f","publisher":{"@id":"https:\/\/www.helloskola.cz\/gymnazium\/#organization"},"potentialAction":[{"@type":"SearchAction","target":{"@type":"EntryPoint","urlTemplate":"https:\/\/www.helloskola.cz\/gymnazium\/?s={search_term_string}"},"query-input":{"@type":"PropertyValueSpecification","valueRequired":true,"valueName":"search_term_string"}}],"inLanguage":"cs"},{"@type":"Organization","@id":"https:\/\/www.helloskola.cz\/gymnazium\/#organization","name":"Gymn\u00e1zium Hello","url":"https:\/\/www.helloskola.cz\/gymnazium\/","logo":{"@type":"ImageObject","inLanguage":"cs","@id":"https:\/\/www.helloskola.cz\/gymnazium\/#\/schema\/logo\/image\/","url":"https:\/\/www.helloskola.cz\/gymnazium\/wp-content\/uploads\/sites\/3\/2022\/02\/hello_gy_cmyk-1.svg","contentUrl":"https:\/\/www.helloskola.cz\/gymnazium\/wp-content\/uploads\/sites\/3\/2022\/02\/hello_gy_cmyk-1.svg","width":100,"height":100,"caption":"Gymn\u00e1zium Hello"},"image":{"@id":"https:\/\/www.helloskola.cz\/gymnazium\/#\/schema\/logo\/image\/"}}]}},"_links":{"self":[{"href":"https:\/\/www.helloskola.cz\/gymnazium\/wp-json\/wp\/v2\/pages\/5667","targetHints":{"allow":["GET"]}}],"collection":[{"href":"https:\/\/www.helloskola.cz\/gymnazium\/wp-json\/wp\/v2\/pages"}],"about":[{"href":"https:\/\/www.helloskola.cz\/gymnazium\/wp-json\/wp\/v2\/types\/page"}],"author":[{"embeddable":true,"href":"https:\/\/www.helloskola.cz\/gymnazium\/wp-json\/wp\/v2\/users\/3"}],"replies":[{"embeddable":true,"href":"https:\/\/www.helloskola.cz\/gymnazium\/wp-json\/wp\/v2\/comments?post=5667"}],"version-history":[{"count":2,"href":"https:\/\/www.helloskola.cz\/gymnazium\/wp-json\/wp\/v2\/pages\/5667\/revisions"}],"predecessor-version":[{"id":5683,"href":"https:\/\/www.helloskola.cz\/gymnazium\/wp-json\/wp\/v2\/pages\/5667\/revisions\/5683"}],"up":[{"embeddable":true,"href":"https:\/\/www.helloskola.cz\/gymnazium\/wp-json\/wp\/v2\/pages\/987"}],"wp:featuredmedia":[{"embeddable":true,"href":"https:\/\/www.helloskola.cz\/gymnazium\/wp-json\/wp\/v2\/media\/1779"}],"wp:attachment":[{"href":"https:\/\/www.helloskola.cz\/gymnazium\/wp-json\/wp\/v2\/media?parent=5667"}],"curies":[{"name":"wp","href":"https:\/\/api.w.org\/{rel}","templated":true}]}}