{"id":5662,"date":"2026-01-06T09:59:00","date_gmt":"2026-01-06T08:59:00","guid":{"rendered":"https:\/\/www.helloskola.cz\/gymnazium\/?page_id=5662"},"modified":"2026-01-06T09:59:01","modified_gmt":"2026-01-06T08:59:01","slug":"esteticka-vychova","status":"publish","type":"page","link":"https:\/\/www.helloskola.cz\/gymnazium\/pro-studenty\/predmety-a-informace\/esteticka-vychova\/","title":{"rendered":"Estetick\u00e1 v\u00fdchova"},"content":{"rendered":"\n<h2 class=\"wp-block-heading\">U\u010ditel\u00e9:<\/h2>\n\n\n\n<p>Bc. Tereza Wolgemuth Drnovsk\u00e1 \u2013 p\u0159edseda p\u0159edm\u011btov\u00e9 komise, V\u00fdtvarn\u00fd v\u00fdchova, V\u00fdtvarn\u00fd obor<\/p>\n\n\n\n<p>Mgr. Jana Pavli\u0161t\u00edkov\u00e1 \u2013 Hudebn\u00ed v\u00fdchova, Hudebn\u00ed obor<\/p>\n\n\n\n<p>Mgr. Veronika B\u00e1rtov\u00e1 \u2013 Hudebn\u00ed v\u00fdchova, Hudebn\u00ed obor<\/p>\n\n\n\n<p>Bc. Krist\u00fdna Hude\u010dkov\u00e1 \u2013 Hudebn\u00ed v\u00fdchova<\/p>\n\n\n\n<figure class=\"wp-block-gallery has-nested-images columns-default is-cropped wp-block-gallery-1 is-layout-flex wp-block-gallery-is-layout-flex\">\n<figure class=\"wp-block-image size-large\"><img fetchpriority=\"high\" decoding=\"async\" width=\"516\" height=\"383\" data-id=\"5663\" src=\"https:\/\/www.helloskola.cz\/gymnazium\/wp-content\/uploads\/sites\/3\/2026\/01\/Ucitele-estetickych-predmetu.png\" alt=\"\" class=\"wp-image-5663\" srcset=\"https:\/\/www.helloskola.cz\/gymnazium\/wp-content\/uploads\/sites\/3\/2026\/01\/Ucitele-estetickych-predmetu.png 516w, https:\/\/www.helloskola.cz\/gymnazium\/wp-content\/uploads\/sites\/3\/2026\/01\/Ucitele-estetickych-predmetu-300x223.png 300w\" sizes=\"(max-width: 516px) 100vw, 516px\" \/><\/figure>\n<\/figure>\n\n\n\n<p>P\u0159edm\u011bty:<\/p>\n\n\n\n<p><strong>V\u00fdtvarn\u00e1 v\u00fdchova a V\u00fdtvarn\u00fd obor<\/strong><\/p>\n\n\n\n<p>M\u00e1me k&nbsp;dispozici samostatnou v\u00fdtvarnou u\u010debnu a nov\u011b samostatnou keramickou d\u00edlnu. R\u00e1di zkou\u0161\u00edme tradi\u010dn\u00ed i netradi\u010dn\u00ed v\u00fdtvarn\u00e9 techniky. \u00da\u010dastn\u00edme se sout\u011b\u017e\u00ed a d\u00edla \u017e\u00e1k\u016f a student\u016f m\u016f\u017eete pozorovat v\u0161ude po \u0161kole.<\/p>\n\n\n\n<p><strong>Hudebn\u00ed v\u00fdchova a Hudebn\u00ed obor<\/strong><\/p>\n\n\n\n<p>Hudebka se vyu\u010duje p\u0159edev\u0161\u00edm v&nbsp;nov\u011b z\u0159\u00edzen\u00e9 hudebn\u011b, vybaven\u00e9 hudebn\u00edmi n\u00e1stroji jako klav\u00edr, dechov\u00e9 n\u00e1stroje, perkusy, nebo elektronick\u00e9 bic\u00ed. Zp\u00edv\u00e1me na v\u00e1no\u010dn\u00edm jarmarku ve \u0161kole i na Al\u0161ov\u011b n\u00e1m\u011bst\u00ed.<\/p>\n\n\n\n<p><strong>Estetick\u00fd semin\u00e1\u0159<\/strong><\/p>\n\n\n\n<p>Spojili jsme se a propojujeme v\u00fdtvarnou a hudebn\u00ed kulturu v&nbsp;um\u011bn\u00edm nabit\u00e9m Estetick\u00e9m semin\u00e1\u0159i. Chod\u00edme na v\u00fdstavy, koncerty i hudebn\u00ed p\u0159edstaven\u00ed \u010di workshopy.<\/p>\n\n\n\n<p>Co doporu\u010dujeme nav\u0161t\u00edvit:<\/p>\n\n\n\n<p><strong><u>Ostrava<\/u><\/strong><\/p>\n\n\n\n<p>Galerie PLATO&nbsp;&nbsp;&nbsp;&nbsp;&nbsp;&nbsp;&nbsp;&nbsp;&nbsp;&nbsp;&nbsp;&nbsp;&nbsp;&nbsp;&nbsp;&nbsp;&nbsp;&nbsp;&nbsp;&nbsp;&nbsp;&nbsp;&nbsp;&nbsp;&nbsp;&nbsp;&nbsp;&nbsp;&nbsp;&nbsp;&nbsp;&nbsp;&nbsp;&nbsp;&nbsp;&nbsp;&nbsp;&nbsp;&nbsp;&nbsp;&nbsp;&nbsp; <a href=\"https:\/\/plato-ostrava.cz\/\">https:\/\/plato-ostrava.cz\/<\/a><\/p>\n\n\n\n<p>Galerie v\u00fdtvarn\u00e9ho um\u011bn\u00ed Ostrava&nbsp;&nbsp;&nbsp;&nbsp;&nbsp; <a href=\"https:\/\/www.gvuo.cz\/\">https:\/\/www.gvuo.cz\/<\/a><\/p>\n\n\n\n<p>GDM CONTEMPORARY&nbsp;&nbsp;&nbsp;&nbsp;&nbsp;&nbsp;&nbsp;&nbsp;&nbsp;&nbsp;&nbsp;&nbsp;&nbsp;&nbsp;&nbsp;&nbsp;&nbsp;&nbsp;&nbsp;&nbsp;&nbsp;&nbsp;&nbsp;&nbsp;&nbsp;&nbsp; <a href=\"https:\/\/www.facebook.com\/gdmcontemporary\/\">https:\/\/www.facebook.com\/gdmcontemporary\/<\/a><\/p>\n\n\n\n<p>N\u00e1rodn\u00ed divadlo moravskoslezsk\u00e9&nbsp;&nbsp;&nbsp;&nbsp;&nbsp;&nbsp; <a href=\"https:\/\/www.ndm.cz\/cz\/\">https:\/\/www.ndm.cz\/cz\/<\/a><\/p>\n\n\n\n<p>Divadlo Petra Bezru\u010de&nbsp;&nbsp;&nbsp;&nbsp;&nbsp;&nbsp;&nbsp;&nbsp;&nbsp;&nbsp;&nbsp;&nbsp;&nbsp;&nbsp;&nbsp;&nbsp;&nbsp;&nbsp;&nbsp;&nbsp;&nbsp;&nbsp;&nbsp;&nbsp;&nbsp;&nbsp;&nbsp;&nbsp; <a href=\"https:\/\/www.bezruci.cz\/\">https:\/\/www.bezruci.cz\/<\/a><\/p>\n\n\n\n<p>Divadlo loutek&nbsp;&nbsp;&nbsp;&nbsp;&nbsp;&nbsp;&nbsp;&nbsp;&nbsp;&nbsp;&nbsp;&nbsp;&nbsp;&nbsp;&nbsp;&nbsp;&nbsp;&nbsp;&nbsp;&nbsp;&nbsp;&nbsp;&nbsp;&nbsp;&nbsp;&nbsp;&nbsp;&nbsp;&nbsp;&nbsp;&nbsp;&nbsp;&nbsp;&nbsp;&nbsp;&nbsp;&nbsp;&nbsp;&nbsp;&nbsp;&nbsp;&nbsp;&nbsp; <a href=\"https:\/\/www.divadloloutek.cz\/\">https:\/\/www.divadloloutek.cz\/<\/a><\/p>\n\n\n\n<p>Jan\u00e1\u010dkova filharmonie Ostrava&nbsp;&nbsp;&nbsp;&nbsp;&nbsp;&nbsp;&nbsp;&nbsp;&nbsp;&nbsp;&nbsp;&nbsp; <a href=\"https:\/\/www.jfo.cz\/\">https:\/\/www.jfo.cz\/<\/a><\/p>\n\n\n\n<p><strong><u>Praha<\/u><\/strong><\/p>\n\n\n\n<p>Muzeum Kampa&nbsp;&nbsp;&nbsp;&nbsp;&nbsp;&nbsp;&nbsp;&nbsp;&nbsp;&nbsp;&nbsp;&nbsp;&nbsp;&nbsp;&nbsp;&nbsp;&nbsp;&nbsp;&nbsp;&nbsp;&nbsp;&nbsp;&nbsp;&nbsp;&nbsp;&nbsp;&nbsp;&nbsp;&nbsp;&nbsp;&nbsp;&nbsp;&nbsp;&nbsp;&nbsp;&nbsp;&nbsp;&nbsp;&nbsp; <a href=\"https:\/\/www.museumkampa.cz\/\">https:\/\/www.museumkampa.cz\/<\/a><\/p>\n\n\n\n<p>Galerie DOX&nbsp;&nbsp;&nbsp;&nbsp;&nbsp;&nbsp;&nbsp;&nbsp;&nbsp;&nbsp;&nbsp;&nbsp;&nbsp;&nbsp;&nbsp;&nbsp;&nbsp;&nbsp;&nbsp;&nbsp;&nbsp;&nbsp;&nbsp;&nbsp;&nbsp;&nbsp;&nbsp;&nbsp;&nbsp;&nbsp;&nbsp;&nbsp;&nbsp;&nbsp;&nbsp;&nbsp;&nbsp;&nbsp;&nbsp;&nbsp;&nbsp;&nbsp;&nbsp;&nbsp;&nbsp;&nbsp; <a href=\"https:\/\/www.dox.cz\/\">https:\/\/www.dox.cz\/<\/a><\/p>\n\n\n\n<p>Veletr\u017en\u00ed pal\u00e1c&nbsp;&nbsp;&nbsp;&nbsp;&nbsp;&nbsp;&nbsp;&nbsp;&nbsp;&nbsp;&nbsp;&nbsp;&nbsp;&nbsp;&nbsp;&nbsp;&nbsp;&nbsp;&nbsp;&nbsp;&nbsp;&nbsp;&nbsp;&nbsp;&nbsp;&nbsp;&nbsp;&nbsp;&nbsp;&nbsp;&nbsp;&nbsp;&nbsp;&nbsp;&nbsp;&nbsp;&nbsp;&nbsp;&nbsp;&nbsp;&nbsp;&nbsp; <a href=\"https:\/\/www.ngprague.cz\/o-nas\/budovy\/veletrzni-palac\">https:\/\/www.ngprague.cz\/o-nas\/budovy\/veletrzni-palac<\/a><\/p>\n\n\n\n<p><strong><u>Olomouc<\/u><\/strong><\/p>\n\n\n\n<p>Muzeum um\u011bn\u00ed Olomouc&nbsp;&nbsp;&nbsp;&nbsp;&nbsp;&nbsp;&nbsp;&nbsp;&nbsp;&nbsp;&nbsp;&nbsp;&nbsp;&nbsp;&nbsp;&nbsp;&nbsp;&nbsp;&nbsp;&nbsp;&nbsp; <a href=\"https:\/\/muo.cz\/\">https:\/\/muo.cz\/<\/a><\/p>\n","protected":false},"excerpt":{"rendered":"<p>U\u010ditel\u00e9: Bc. Tereza Wolgemuth Drnovsk\u00e1 \u2013 p\u0159edseda p\u0159edm\u011btov\u00e9 komise, V\u00fdtvarn\u00fd v\u00fdchova, V\u00fdtvarn\u00fd obor Mgr. Jana Pavli\u0161t\u00edkov\u00e1 \u2013 Hudebn\u00ed v\u00fdchova, Hudebn\u00ed obor Mgr. Veronika B\u00e1rtov\u00e1 \u2013 Hudebn\u00ed v\u00fdchova, Hudebn\u00ed obor Bc. Krist\u00fdna Hude\u010dkov\u00e1 \u2013 Hudebn\u00ed v\u00fdchova P\u0159edm\u011bty: V\u00fdtvarn\u00e1 v\u00fdchova a V\u00fdtvarn\u00fd obor M\u00e1me k&nbsp;dispozici samostatnou v\u00fdtvarnou u\u010debnu a nov\u011b samostatnou keramickou d\u00edlnu. R\u00e1di zkou\u0161\u00edme tradi\u010dn\u00ed i [&hellip;]<\/p>\n","protected":false},"author":3,"featured_media":1779,"parent":987,"menu_order":0,"comment_status":"closed","ping_status":"closed","template":"","meta":{"footnotes":""},"class_list":["post-5662","page","type-page","status-publish","has-post-thumbnail","hentry"],"yoast_head":"<!-- This site is optimized with the Yoast SEO plugin v24.8.1 - https:\/\/yoast.com\/wordpress\/plugins\/seo\/ -->\n<title>Estetick\u00e1 v\u00fdchova | Gymn\u00e1zium HELLO<\/title>\n<meta name=\"robots\" content=\"index, follow, max-snippet:-1, max-image-preview:large, max-video-preview:-1\" \/>\n<link rel=\"canonical\" href=\"https:\/\/www.helloskola.cz\/gymnazium\/pro-studenty\/predmety-a-informace\/esteticka-vychova\/\" \/>\n<meta property=\"og:locale\" content=\"cs_CZ\" \/>\n<meta property=\"og:type\" content=\"article\" \/>\n<meta property=\"og:title\" content=\"Estetick\u00e1 v\u00fdchova | Gymn\u00e1zium HELLO\" \/>\n<meta property=\"og:description\" content=\"U\u010ditel\u00e9: Bc. Tereza Wolgemuth Drnovsk\u00e1 \u2013 p\u0159edseda p\u0159edm\u011btov\u00e9 komise, V\u00fdtvarn\u00fd v\u00fdchova, V\u00fdtvarn\u00fd obor Mgr. Jana Pavli\u0161t\u00edkov\u00e1 \u2013 Hudebn\u00ed v\u00fdchova, Hudebn\u00ed obor Mgr. Veronika B\u00e1rtov\u00e1 \u2013 Hudebn\u00ed v\u00fdchova, Hudebn\u00ed obor Bc. Krist\u00fdna Hude\u010dkov\u00e1 \u2013 Hudebn\u00ed v\u00fdchova P\u0159edm\u011bty: V\u00fdtvarn\u00e1 v\u00fdchova a V\u00fdtvarn\u00fd obor M\u00e1me k&nbsp;dispozici samostatnou v\u00fdtvarnou u\u010debnu a nov\u011b samostatnou keramickou d\u00edlnu. R\u00e1di zkou\u0161\u00edme tradi\u010dn\u00ed i [&hellip;]\" \/>\n<meta property=\"og:url\" content=\"https:\/\/www.helloskola.cz\/gymnazium\/pro-studenty\/predmety-a-informace\/esteticka-vychova\/\" \/>\n<meta property=\"og:site_name\" content=\"Gymn\u00e1zium HELLO\" \/>\n<meta property=\"article:modified_time\" content=\"2026-01-06T08:59:01+00:00\" \/>\n<meta property=\"og:image\" content=\"https:\/\/www.helloskola.cz\/gymnazium\/wp-content\/uploads\/sites\/3\/2026\/01\/Ucitele-estetickych-predmetu.png\" \/>\n\t<meta property=\"og:image:width\" content=\"516\" \/>\n\t<meta property=\"og:image:height\" content=\"383\" \/>\n\t<meta property=\"og:image:type\" content=\"image\/png\" \/>\n<meta name=\"twitter:card\" content=\"summary_large_image\" \/>\n<meta name=\"twitter:label1\" content=\"Odhadovan\u00e1 doba \u010dten\u00ed\" \/>\n\t<meta name=\"twitter:data1\" content=\"2 minuty\" \/>\n<script type=\"application\/ld+json\" class=\"yoast-schema-graph\">{\"@context\":\"https:\/\/schema.org\",\"@graph\":[{\"@type\":\"WebPage\",\"@id\":\"https:\/\/www.helloskola.cz\/gymnazium\/pro-studenty\/predmety-a-informace\/esteticka-vychova\/\",\"url\":\"https:\/\/www.helloskola.cz\/gymnazium\/pro-studenty\/predmety-a-informace\/esteticka-vychova\/\",\"name\":\"Estetick\u00e1 v\u00fdchova | Gymn\u00e1zium HELLO\",\"isPartOf\":{\"@id\":\"https:\/\/www.helloskola.cz\/gymnazium\/#website\"},\"primaryImageOfPage\":{\"@id\":\"https:\/\/www.helloskola.cz\/gymnazium\/pro-studenty\/predmety-a-informace\/esteticka-vychova\/#primaryimage\"},\"image\":{\"@id\":\"https:\/\/www.helloskola.cz\/gymnazium\/pro-studenty\/predmety-a-informace\/esteticka-vychova\/#primaryimage\"},\"thumbnailUrl\":\"https:\/\/www.helloskola.cz\/gymnazium\/wp-content\/uploads\/sites\/3\/2022\/05\/gympl-fallback.png\",\"datePublished\":\"2026-01-06T08:59:00+00:00\",\"dateModified\":\"2026-01-06T08:59:01+00:00\",\"breadcrumb\":{\"@id\":\"https:\/\/www.helloskola.cz\/gymnazium\/pro-studenty\/predmety-a-informace\/esteticka-vychova\/#breadcrumb\"},\"inLanguage\":\"cs\",\"potentialAction\":[{\"@type\":\"ReadAction\",\"target\":[\"https:\/\/www.helloskola.cz\/gymnazium\/pro-studenty\/predmety-a-informace\/esteticka-vychova\/\"]}]},{\"@type\":\"ImageObject\",\"inLanguage\":\"cs\",\"@id\":\"https:\/\/www.helloskola.cz\/gymnazium\/pro-studenty\/predmety-a-informace\/esteticka-vychova\/#primaryimage\",\"url\":\"https:\/\/www.helloskola.cz\/gymnazium\/wp-content\/uploads\/sites\/3\/2022\/05\/gympl-fallback.png\",\"contentUrl\":\"https:\/\/www.helloskola.cz\/gymnazium\/wp-content\/uploads\/sites\/3\/2022\/05\/gympl-fallback.png\",\"width\":933,\"height\":700},{\"@type\":\"BreadcrumbList\",\"@id\":\"https:\/\/www.helloskola.cz\/gymnazium\/pro-studenty\/predmety-a-informace\/esteticka-vychova\/#breadcrumb\",\"itemListElement\":[{\"@type\":\"ListItem\",\"position\":1,\"name\":\"\u00davod\",\"item\":\"https:\/\/www.helloskola.cz\/gymnazium\/\"},{\"@type\":\"ListItem\",\"position\":2,\"name\":\"Pro studenty\",\"item\":\"https:\/\/www.helloskola.cz\/gymnazium\/pro-studenty\/\"},{\"@type\":\"ListItem\",\"position\":3,\"name\":\"P\u0159edm\u011bty a informace\",\"item\":\"https:\/\/www.helloskola.cz\/gymnazium\/pro-studenty\/predmety-a-informace\/\"},{\"@type\":\"ListItem\",\"position\":4,\"name\":\"Estetick\u00e1 v\u00fdchova\"}]},{\"@type\":\"WebSite\",\"@id\":\"https:\/\/www.helloskola.cz\/gymnazium\/#website\",\"url\":\"https:\/\/www.helloskola.cz\/gymnazium\/\",\"name\":\"Gymn\u00e1zium HELLO\",\"description\":\"St\u0159edn\u00ed \u0161kola s pos\u00edlenou v\u00fdukou ciz\u00edch jazyk\u016f\",\"publisher\":{\"@id\":\"https:\/\/www.helloskola.cz\/gymnazium\/#organization\"},\"potentialAction\":[{\"@type\":\"SearchAction\",\"target\":{\"@type\":\"EntryPoint\",\"urlTemplate\":\"https:\/\/www.helloskola.cz\/gymnazium\/?s={search_term_string}\"},\"query-input\":{\"@type\":\"PropertyValueSpecification\",\"valueRequired\":true,\"valueName\":\"search_term_string\"}}],\"inLanguage\":\"cs\"},{\"@type\":\"Organization\",\"@id\":\"https:\/\/www.helloskola.cz\/gymnazium\/#organization\",\"name\":\"Gymn\u00e1zium Hello\",\"url\":\"https:\/\/www.helloskola.cz\/gymnazium\/\",\"logo\":{\"@type\":\"ImageObject\",\"inLanguage\":\"cs\",\"@id\":\"https:\/\/www.helloskola.cz\/gymnazium\/#\/schema\/logo\/image\/\",\"url\":\"https:\/\/www.helloskola.cz\/gymnazium\/wp-content\/uploads\/sites\/3\/2022\/02\/hello_gy_cmyk-1.svg\",\"contentUrl\":\"https:\/\/www.helloskola.cz\/gymnazium\/wp-content\/uploads\/sites\/3\/2022\/02\/hello_gy_cmyk-1.svg\",\"width\":100,\"height\":100,\"caption\":\"Gymn\u00e1zium Hello\"},\"image\":{\"@id\":\"https:\/\/www.helloskola.cz\/gymnazium\/#\/schema\/logo\/image\/\"}}]}<\/script>\n<!-- \/ Yoast SEO plugin. -->","yoast_head_json":{"title":"Estetick\u00e1 v\u00fdchova | Gymn\u00e1zium HELLO","robots":{"index":"index","follow":"follow","max-snippet":"max-snippet:-1","max-image-preview":"max-image-preview:large","max-video-preview":"max-video-preview:-1"},"canonical":"https:\/\/www.helloskola.cz\/gymnazium\/pro-studenty\/predmety-a-informace\/esteticka-vychova\/","og_locale":"cs_CZ","og_type":"article","og_title":"Estetick\u00e1 v\u00fdchova | Gymn\u00e1zium HELLO","og_description":"U\u010ditel\u00e9: Bc. Tereza Wolgemuth Drnovsk\u00e1 \u2013 p\u0159edseda p\u0159edm\u011btov\u00e9 komise, V\u00fdtvarn\u00fd v\u00fdchova, V\u00fdtvarn\u00fd obor Mgr. Jana Pavli\u0161t\u00edkov\u00e1 \u2013 Hudebn\u00ed v\u00fdchova, Hudebn\u00ed obor Mgr. Veronika B\u00e1rtov\u00e1 \u2013 Hudebn\u00ed v\u00fdchova, Hudebn\u00ed obor Bc. Krist\u00fdna Hude\u010dkov\u00e1 \u2013 Hudebn\u00ed v\u00fdchova P\u0159edm\u011bty: V\u00fdtvarn\u00e1 v\u00fdchova a V\u00fdtvarn\u00fd obor M\u00e1me k&nbsp;dispozici samostatnou v\u00fdtvarnou u\u010debnu a nov\u011b samostatnou keramickou d\u00edlnu. R\u00e1di zkou\u0161\u00edme tradi\u010dn\u00ed i [&hellip;]","og_url":"https:\/\/www.helloskola.cz\/gymnazium\/pro-studenty\/predmety-a-informace\/esteticka-vychova\/","og_site_name":"Gymn\u00e1zium HELLO","article_modified_time":"2026-01-06T08:59:01+00:00","og_image":[{"width":516,"height":383,"url":"https:\/\/www.helloskola.cz\/gymnazium\/wp-content\/uploads\/sites\/3\/2026\/01\/Ucitele-estetickych-predmetu.png","type":"image\/png"}],"twitter_card":"summary_large_image","twitter_misc":{"Odhadovan\u00e1 doba \u010dten\u00ed":"2 minuty"},"schema":{"@context":"https:\/\/schema.org","@graph":[{"@type":"WebPage","@id":"https:\/\/www.helloskola.cz\/gymnazium\/pro-studenty\/predmety-a-informace\/esteticka-vychova\/","url":"https:\/\/www.helloskola.cz\/gymnazium\/pro-studenty\/predmety-a-informace\/esteticka-vychova\/","name":"Estetick\u00e1 v\u00fdchova | Gymn\u00e1zium HELLO","isPartOf":{"@id":"https:\/\/www.helloskola.cz\/gymnazium\/#website"},"primaryImageOfPage":{"@id":"https:\/\/www.helloskola.cz\/gymnazium\/pro-studenty\/predmety-a-informace\/esteticka-vychova\/#primaryimage"},"image":{"@id":"https:\/\/www.helloskola.cz\/gymnazium\/pro-studenty\/predmety-a-informace\/esteticka-vychova\/#primaryimage"},"thumbnailUrl":"https:\/\/www.helloskola.cz\/gymnazium\/wp-content\/uploads\/sites\/3\/2022\/05\/gympl-fallback.png","datePublished":"2026-01-06T08:59:00+00:00","dateModified":"2026-01-06T08:59:01+00:00","breadcrumb":{"@id":"https:\/\/www.helloskola.cz\/gymnazium\/pro-studenty\/predmety-a-informace\/esteticka-vychova\/#breadcrumb"},"inLanguage":"cs","potentialAction":[{"@type":"ReadAction","target":["https:\/\/www.helloskola.cz\/gymnazium\/pro-studenty\/predmety-a-informace\/esteticka-vychova\/"]}]},{"@type":"ImageObject","inLanguage":"cs","@id":"https:\/\/www.helloskola.cz\/gymnazium\/pro-studenty\/predmety-a-informace\/esteticka-vychova\/#primaryimage","url":"https:\/\/www.helloskola.cz\/gymnazium\/wp-content\/uploads\/sites\/3\/2022\/05\/gympl-fallback.png","contentUrl":"https:\/\/www.helloskola.cz\/gymnazium\/wp-content\/uploads\/sites\/3\/2022\/05\/gympl-fallback.png","width":933,"height":700},{"@type":"BreadcrumbList","@id":"https:\/\/www.helloskola.cz\/gymnazium\/pro-studenty\/predmety-a-informace\/esteticka-vychova\/#breadcrumb","itemListElement":[{"@type":"ListItem","position":1,"name":"\u00davod","item":"https:\/\/www.helloskola.cz\/gymnazium\/"},{"@type":"ListItem","position":2,"name":"Pro studenty","item":"https:\/\/www.helloskola.cz\/gymnazium\/pro-studenty\/"},{"@type":"ListItem","position":3,"name":"P\u0159edm\u011bty a informace","item":"https:\/\/www.helloskola.cz\/gymnazium\/pro-studenty\/predmety-a-informace\/"},{"@type":"ListItem","position":4,"name":"Estetick\u00e1 v\u00fdchova"}]},{"@type":"WebSite","@id":"https:\/\/www.helloskola.cz\/gymnazium\/#website","url":"https:\/\/www.helloskola.cz\/gymnazium\/","name":"Gymn\u00e1zium HELLO","description":"St\u0159edn\u00ed \u0161kola s pos\u00edlenou v\u00fdukou ciz\u00edch jazyk\u016f","publisher":{"@id":"https:\/\/www.helloskola.cz\/gymnazium\/#organization"},"potentialAction":[{"@type":"SearchAction","target":{"@type":"EntryPoint","urlTemplate":"https:\/\/www.helloskola.cz\/gymnazium\/?s={search_term_string}"},"query-input":{"@type":"PropertyValueSpecification","valueRequired":true,"valueName":"search_term_string"}}],"inLanguage":"cs"},{"@type":"Organization","@id":"https:\/\/www.helloskola.cz\/gymnazium\/#organization","name":"Gymn\u00e1zium Hello","url":"https:\/\/www.helloskola.cz\/gymnazium\/","logo":{"@type":"ImageObject","inLanguage":"cs","@id":"https:\/\/www.helloskola.cz\/gymnazium\/#\/schema\/logo\/image\/","url":"https:\/\/www.helloskola.cz\/gymnazium\/wp-content\/uploads\/sites\/3\/2022\/02\/hello_gy_cmyk-1.svg","contentUrl":"https:\/\/www.helloskola.cz\/gymnazium\/wp-content\/uploads\/sites\/3\/2022\/02\/hello_gy_cmyk-1.svg","width":100,"height":100,"caption":"Gymn\u00e1zium Hello"},"image":{"@id":"https:\/\/www.helloskola.cz\/gymnazium\/#\/schema\/logo\/image\/"}}]}},"_links":{"self":[{"href":"https:\/\/www.helloskola.cz\/gymnazium\/wp-json\/wp\/v2\/pages\/5662","targetHints":{"allow":["GET"]}}],"collection":[{"href":"https:\/\/www.helloskola.cz\/gymnazium\/wp-json\/wp\/v2\/pages"}],"about":[{"href":"https:\/\/www.helloskola.cz\/gymnazium\/wp-json\/wp\/v2\/types\/page"}],"author":[{"embeddable":true,"href":"https:\/\/www.helloskola.cz\/gymnazium\/wp-json\/wp\/v2\/users\/3"}],"replies":[{"embeddable":true,"href":"https:\/\/www.helloskola.cz\/gymnazium\/wp-json\/wp\/v2\/comments?post=5662"}],"version-history":[{"count":1,"href":"https:\/\/www.helloskola.cz\/gymnazium\/wp-json\/wp\/v2\/pages\/5662\/revisions"}],"predecessor-version":[{"id":5664,"href":"https:\/\/www.helloskola.cz\/gymnazium\/wp-json\/wp\/v2\/pages\/5662\/revisions\/5664"}],"up":[{"embeddable":true,"href":"https:\/\/www.helloskola.cz\/gymnazium\/wp-json\/wp\/v2\/pages\/987"}],"wp:featuredmedia":[{"embeddable":true,"href":"https:\/\/www.helloskola.cz\/gymnazium\/wp-json\/wp\/v2\/media\/1779"}],"wp:attachment":[{"href":"https:\/\/www.helloskola.cz\/gymnazium\/wp-json\/wp\/v2\/media?parent=5662"}],"curies":[{"name":"wp","href":"https:\/\/api.w.org\/{rel}","templated":true}]}}