{"id":4397,"date":"2023-08-25T14:47:41","date_gmt":"2023-08-25T12:47:41","guid":{"rendered":"https:\/\/www.helloskola.cz\/gymnazium\/?page_id=4397"},"modified":"2023-08-25T14:51:47","modified_gmt":"2023-08-25T12:51:47","slug":"odborne-karierove-a-polytechnicke-vzdelavani-v-msk-ii","status":"publish","type":"page","link":"https:\/\/www.helloskola.cz\/gymnazium\/projekty\/odborne-karierove-a-polytechnicke-vzdelavani-v-msk-ii\/","title":{"rendered":"<strong>Odborn\u00e9, kari\u00e9rov\u00e9 a polytechnick\u00e9 vzd\u011bl\u00e1v\u00e1n\u00ed v MSK II.<\/strong>"},"content":{"rendered":"\n<p><strong>Registra\u010dn\u00ed \u010d\u00edslo:&nbsp;\u010d.&nbsp;CZ.02.3.68\/0.0\/0.0\/19_078\/0019613&nbsp;<\/strong>&nbsp;<\/p>\n\n\n\n<p><strong>obdob\u00ed realizace: 1.3.2022 &#8211; 31.11.2023<\/strong><\/p>\n\n\n\n<p>Projekt zam\u011b\u0159en na&nbsp;poskytov\u00e1n\u00ed kari\u00e9rov\u00e9ho poradenstv\u00ed \u017e\u00e1k\u016fm st\u0159edn\u00ed \u0161koly&nbsp;v r\u00e1mci Opera\u010dn\u00edho programu V\u00fdzkum, v\u00fdvoj a vzd\u011bl\u00e1v\u00e1n\u00ed&nbsp;v obdob\u00ed od&nbsp;1.b\u0159ezna 2022 do&nbsp;31.&nbsp;listopadu 2023. Ve \u0161koln\u00edm roce 2022\/2023 jsme spolupracovali s Ing. So\u0148ou&nbsp;Gajdaczovou,&nbsp;Mgr. Ivanou Seberovou a Mgr. So\u0148ou Plh\u00e1kovou.&nbsp;Pro gymnazisty&nbsp;z 2.&nbsp;a 3. ro\u010dn\u00edku&nbsp;byly realizov\u00e1ny&nbsp;workshopy&nbsp;a individu\u00e1ln\u00ed konzultace&nbsp;se zam\u011b\u0159en\u00edm na sebepozn\u00e1n\u00ed,&nbsp;odhalen\u00ed siln\u00fdch str\u00e1nek&nbsp;a potenci\u00e1lu, profesn\u00ed c\u00edle, mapov\u00e1n\u00ed kari\u00e9rn\u00edho&nbsp;ter\u00e9nu.&nbsp;Pro \u010dtvrt\u00fd ro\u010dn\u00edk to byly t\u00e9mata t\u00fdkaj\u00edc\u00ed se zvl\u00e1d\u00e1n\u00ed stresu v souvislosti s maturitou.&nbsp;<\/p>\n","protected":false},"excerpt":{"rendered":"<p>Registra\u010dn\u00ed \u010d\u00edslo:&nbsp;\u010d.&nbsp;CZ.02.3.68\/0.0\/0.0\/19_078\/0019613&nbsp;&nbsp; obdob\u00ed realizace: 1.3.2022 &#8211; 31.11.2023 Projekt zam\u011b\u0159en na&nbsp;poskytov\u00e1n\u00ed kari\u00e9rov\u00e9ho poradenstv\u00ed \u017e\u00e1k\u016fm st\u0159edn\u00ed \u0161koly&nbsp;v r\u00e1mci Opera\u010dn\u00edho programu V\u00fdzkum, v\u00fdvoj a vzd\u011bl\u00e1v\u00e1n\u00ed&nbsp;v obdob\u00ed od&nbsp;1.b\u0159ezna 2022 do&nbsp;31.&nbsp;listopadu 2023. Ve \u0161koln\u00edm roce 2022\/2023 jsme spolupracovali s Ing. So\u0148ou&nbsp;Gajdaczovou,&nbsp;Mgr. Ivanou Seberovou a Mgr. So\u0148ou Plh\u00e1kovou.&nbsp;Pro gymnazisty&nbsp;z 2.&nbsp;a 3. ro\u010dn\u00edku&nbsp;byly realizov\u00e1ny&nbsp;workshopy&nbsp;a individu\u00e1ln\u00ed konzultace&nbsp;se zam\u011b\u0159en\u00edm na sebepozn\u00e1n\u00ed,&nbsp;odhalen\u00ed siln\u00fdch str\u00e1nek&nbsp;a potenci\u00e1lu, [&hellip;]<\/p>\n","protected":false},"author":3,"featured_media":1779,"parent":1117,"menu_order":0,"comment_status":"closed","ping_status":"closed","template":"","meta":{"footnotes":""},"class_list":["post-4397","page","type-page","status-publish","has-post-thumbnail","hentry"],"yoast_head":"<!-- This site is optimized with the Yoast SEO plugin v24.8.1 - https:\/\/yoast.com\/wordpress\/plugins\/seo\/ -->\n<title>Odborn\u00e9, kari\u00e9rov\u00e9 a polytechnick\u00e9 vzd\u011bl\u00e1v\u00e1n\u00ed v MSK II. | Gymn\u00e1zium HELLO<\/title>\n<meta name=\"robots\" content=\"index, follow, max-snippet:-1, max-image-preview:large, max-video-preview:-1\" \/>\n<link rel=\"canonical\" href=\"https:\/\/www.helloskola.cz\/gymnazium\/projekty\/odborne-karierove-a-polytechnicke-vzdelavani-v-msk-ii\/\" \/>\n<meta property=\"og:locale\" content=\"cs_CZ\" \/>\n<meta property=\"og:type\" content=\"article\" \/>\n<meta property=\"og:title\" content=\"Odborn\u00e9, kari\u00e9rov\u00e9 a polytechnick\u00e9 vzd\u011bl\u00e1v\u00e1n\u00ed v MSK II. | Gymn\u00e1zium HELLO\" \/>\n<meta property=\"og:description\" content=\"Registra\u010dn\u00ed \u010d\u00edslo:&nbsp;\u010d.&nbsp;CZ.02.3.68\/0.0\/0.0\/19_078\/0019613&nbsp;&nbsp; obdob\u00ed realizace: 1.3.2022 &#8211; 31.11.2023 Projekt zam\u011b\u0159en na&nbsp;poskytov\u00e1n\u00ed kari\u00e9rov\u00e9ho poradenstv\u00ed \u017e\u00e1k\u016fm st\u0159edn\u00ed \u0161koly&nbsp;v r\u00e1mci Opera\u010dn\u00edho programu V\u00fdzkum, v\u00fdvoj a vzd\u011bl\u00e1v\u00e1n\u00ed&nbsp;v obdob\u00ed od&nbsp;1.b\u0159ezna 2022 do&nbsp;31.&nbsp;listopadu 2023. Ve \u0161koln\u00edm roce 2022\/2023 jsme spolupracovali s Ing. So\u0148ou&nbsp;Gajdaczovou,&nbsp;Mgr. Ivanou Seberovou a Mgr. So\u0148ou Plh\u00e1kovou.&nbsp;Pro gymnazisty&nbsp;z 2.&nbsp;a 3. ro\u010dn\u00edku&nbsp;byly realizov\u00e1ny&nbsp;workshopy&nbsp;a individu\u00e1ln\u00ed konzultace&nbsp;se zam\u011b\u0159en\u00edm na sebepozn\u00e1n\u00ed,&nbsp;odhalen\u00ed siln\u00fdch str\u00e1nek&nbsp;a potenci\u00e1lu, [&hellip;]\" \/>\n<meta property=\"og:url\" content=\"https:\/\/www.helloskola.cz\/gymnazium\/projekty\/odborne-karierove-a-polytechnicke-vzdelavani-v-msk-ii\/\" \/>\n<meta property=\"og:site_name\" content=\"Gymn\u00e1zium HELLO\" \/>\n<meta property=\"article:modified_time\" content=\"2023-08-25T12:51:47+00:00\" \/>\n<meta name=\"twitter:card\" content=\"summary_large_image\" \/>\n<meta name=\"twitter:label1\" content=\"Odhadovan\u00e1 doba \u010dten\u00ed\" \/>\n\t<meta name=\"twitter:data1\" content=\"1 minuta\" \/>\n<script type=\"application\/ld+json\" class=\"yoast-schema-graph\">{\"@context\":\"https:\/\/schema.org\",\"@graph\":[{\"@type\":\"WebPage\",\"@id\":\"https:\/\/www.helloskola.cz\/gymnazium\/projekty\/odborne-karierove-a-polytechnicke-vzdelavani-v-msk-ii\/\",\"url\":\"https:\/\/www.helloskola.cz\/gymnazium\/projekty\/odborne-karierove-a-polytechnicke-vzdelavani-v-msk-ii\/\",\"name\":\"Odborn\u00e9, kari\u00e9rov\u00e9 a polytechnick\u00e9 vzd\u011bl\u00e1v\u00e1n\u00ed v MSK II. | Gymn\u00e1zium HELLO\",\"isPartOf\":{\"@id\":\"https:\/\/www.helloskola.cz\/gymnazium\/#website\"},\"primaryImageOfPage\":{\"@id\":\"https:\/\/www.helloskola.cz\/gymnazium\/projekty\/odborne-karierove-a-polytechnicke-vzdelavani-v-msk-ii\/#primaryimage\"},\"image\":{\"@id\":\"https:\/\/www.helloskola.cz\/gymnazium\/projekty\/odborne-karierove-a-polytechnicke-vzdelavani-v-msk-ii\/#primaryimage\"},\"thumbnailUrl\":\"https:\/\/www.helloskola.cz\/gymnazium\/wp-content\/uploads\/sites\/3\/2022\/05\/gympl-fallback.png\",\"datePublished\":\"2023-08-25T12:47:41+00:00\",\"dateModified\":\"2023-08-25T12:51:47+00:00\",\"breadcrumb\":{\"@id\":\"https:\/\/www.helloskola.cz\/gymnazium\/projekty\/odborne-karierove-a-polytechnicke-vzdelavani-v-msk-ii\/#breadcrumb\"},\"inLanguage\":\"cs\",\"potentialAction\":[{\"@type\":\"ReadAction\",\"target\":[\"https:\/\/www.helloskola.cz\/gymnazium\/projekty\/odborne-karierove-a-polytechnicke-vzdelavani-v-msk-ii\/\"]}]},{\"@type\":\"ImageObject\",\"inLanguage\":\"cs\",\"@id\":\"https:\/\/www.helloskola.cz\/gymnazium\/projekty\/odborne-karierove-a-polytechnicke-vzdelavani-v-msk-ii\/#primaryimage\",\"url\":\"https:\/\/www.helloskola.cz\/gymnazium\/wp-content\/uploads\/sites\/3\/2022\/05\/gympl-fallback.png\",\"contentUrl\":\"https:\/\/www.helloskola.cz\/gymnazium\/wp-content\/uploads\/sites\/3\/2022\/05\/gympl-fallback.png\",\"width\":933,\"height\":700},{\"@type\":\"BreadcrumbList\",\"@id\":\"https:\/\/www.helloskola.cz\/gymnazium\/projekty\/odborne-karierove-a-polytechnicke-vzdelavani-v-msk-ii\/#breadcrumb\",\"itemListElement\":[{\"@type\":\"ListItem\",\"position\":1,\"name\":\"\u00davod\",\"item\":\"https:\/\/www.helloskola.cz\/gymnazium\/\"},{\"@type\":\"ListItem\",\"position\":2,\"name\":\"Projekty\",\"item\":\"https:\/\/www.helloskola.cz\/gymnazium\/projekty\/\"},{\"@type\":\"ListItem\",\"position\":3,\"name\":\"Odborn\u00e9, kari\u00e9rov\u00e9 a polytechnick\u00e9 vzd\u011bl\u00e1v\u00e1n\u00ed v MSK II.\"}]},{\"@type\":\"WebSite\",\"@id\":\"https:\/\/www.helloskola.cz\/gymnazium\/#website\",\"url\":\"https:\/\/www.helloskola.cz\/gymnazium\/\",\"name\":\"Gymn\u00e1zium HELLO\",\"description\":\"St\u0159edn\u00ed \u0161kola s pos\u00edlenou v\u00fdukou ciz\u00edch jazyk\u016f\",\"publisher\":{\"@id\":\"https:\/\/www.helloskola.cz\/gymnazium\/#organization\"},\"potentialAction\":[{\"@type\":\"SearchAction\",\"target\":{\"@type\":\"EntryPoint\",\"urlTemplate\":\"https:\/\/www.helloskola.cz\/gymnazium\/?s={search_term_string}\"},\"query-input\":{\"@type\":\"PropertyValueSpecification\",\"valueRequired\":true,\"valueName\":\"search_term_string\"}}],\"inLanguage\":\"cs\"},{\"@type\":\"Organization\",\"@id\":\"https:\/\/www.helloskola.cz\/gymnazium\/#organization\",\"name\":\"Gymn\u00e1zium Hello\",\"url\":\"https:\/\/www.helloskola.cz\/gymnazium\/\",\"logo\":{\"@type\":\"ImageObject\",\"inLanguage\":\"cs\",\"@id\":\"https:\/\/www.helloskola.cz\/gymnazium\/#\/schema\/logo\/image\/\",\"url\":\"https:\/\/www.helloskola.cz\/gymnazium\/wp-content\/uploads\/sites\/3\/2022\/02\/hello_gy_cmyk-1.svg\",\"contentUrl\":\"https:\/\/www.helloskola.cz\/gymnazium\/wp-content\/uploads\/sites\/3\/2022\/02\/hello_gy_cmyk-1.svg\",\"width\":100,\"height\":100,\"caption\":\"Gymn\u00e1zium Hello\"},\"image\":{\"@id\":\"https:\/\/www.helloskola.cz\/gymnazium\/#\/schema\/logo\/image\/\"}}]}<\/script>\n<!-- \/ Yoast SEO plugin. -->","yoast_head_json":{"title":"Odborn\u00e9, kari\u00e9rov\u00e9 a polytechnick\u00e9 vzd\u011bl\u00e1v\u00e1n\u00ed v MSK II. | Gymn\u00e1zium HELLO","robots":{"index":"index","follow":"follow","max-snippet":"max-snippet:-1","max-image-preview":"max-image-preview:large","max-video-preview":"max-video-preview:-1"},"canonical":"https:\/\/www.helloskola.cz\/gymnazium\/projekty\/odborne-karierove-a-polytechnicke-vzdelavani-v-msk-ii\/","og_locale":"cs_CZ","og_type":"article","og_title":"Odborn\u00e9, kari\u00e9rov\u00e9 a polytechnick\u00e9 vzd\u011bl\u00e1v\u00e1n\u00ed v MSK II. | Gymn\u00e1zium HELLO","og_description":"Registra\u010dn\u00ed \u010d\u00edslo:&nbsp;\u010d.&nbsp;CZ.02.3.68\/0.0\/0.0\/19_078\/0019613&nbsp;&nbsp; obdob\u00ed realizace: 1.3.2022 &#8211; 31.11.2023 Projekt zam\u011b\u0159en na&nbsp;poskytov\u00e1n\u00ed kari\u00e9rov\u00e9ho poradenstv\u00ed \u017e\u00e1k\u016fm st\u0159edn\u00ed \u0161koly&nbsp;v r\u00e1mci Opera\u010dn\u00edho programu V\u00fdzkum, v\u00fdvoj a vzd\u011bl\u00e1v\u00e1n\u00ed&nbsp;v obdob\u00ed od&nbsp;1.b\u0159ezna 2022 do&nbsp;31.&nbsp;listopadu 2023. Ve \u0161koln\u00edm roce 2022\/2023 jsme spolupracovali s Ing. So\u0148ou&nbsp;Gajdaczovou,&nbsp;Mgr. Ivanou Seberovou a Mgr. So\u0148ou Plh\u00e1kovou.&nbsp;Pro gymnazisty&nbsp;z 2.&nbsp;a 3. ro\u010dn\u00edku&nbsp;byly realizov\u00e1ny&nbsp;workshopy&nbsp;a individu\u00e1ln\u00ed konzultace&nbsp;se zam\u011b\u0159en\u00edm na sebepozn\u00e1n\u00ed,&nbsp;odhalen\u00ed siln\u00fdch str\u00e1nek&nbsp;a potenci\u00e1lu, [&hellip;]","og_url":"https:\/\/www.helloskola.cz\/gymnazium\/projekty\/odborne-karierove-a-polytechnicke-vzdelavani-v-msk-ii\/","og_site_name":"Gymn\u00e1zium HELLO","article_modified_time":"2023-08-25T12:51:47+00:00","twitter_card":"summary_large_image","twitter_misc":{"Odhadovan\u00e1 doba \u010dten\u00ed":"1 minuta"},"schema":{"@context":"https:\/\/schema.org","@graph":[{"@type":"WebPage","@id":"https:\/\/www.helloskola.cz\/gymnazium\/projekty\/odborne-karierove-a-polytechnicke-vzdelavani-v-msk-ii\/","url":"https:\/\/www.helloskola.cz\/gymnazium\/projekty\/odborne-karierove-a-polytechnicke-vzdelavani-v-msk-ii\/","name":"Odborn\u00e9, kari\u00e9rov\u00e9 a polytechnick\u00e9 vzd\u011bl\u00e1v\u00e1n\u00ed v MSK II. | Gymn\u00e1zium HELLO","isPartOf":{"@id":"https:\/\/www.helloskola.cz\/gymnazium\/#website"},"primaryImageOfPage":{"@id":"https:\/\/www.helloskola.cz\/gymnazium\/projekty\/odborne-karierove-a-polytechnicke-vzdelavani-v-msk-ii\/#primaryimage"},"image":{"@id":"https:\/\/www.helloskola.cz\/gymnazium\/projekty\/odborne-karierove-a-polytechnicke-vzdelavani-v-msk-ii\/#primaryimage"},"thumbnailUrl":"https:\/\/www.helloskola.cz\/gymnazium\/wp-content\/uploads\/sites\/3\/2022\/05\/gympl-fallback.png","datePublished":"2023-08-25T12:47:41+00:00","dateModified":"2023-08-25T12:51:47+00:00","breadcrumb":{"@id":"https:\/\/www.helloskola.cz\/gymnazium\/projekty\/odborne-karierove-a-polytechnicke-vzdelavani-v-msk-ii\/#breadcrumb"},"inLanguage":"cs","potentialAction":[{"@type":"ReadAction","target":["https:\/\/www.helloskola.cz\/gymnazium\/projekty\/odborne-karierove-a-polytechnicke-vzdelavani-v-msk-ii\/"]}]},{"@type":"ImageObject","inLanguage":"cs","@id":"https:\/\/www.helloskola.cz\/gymnazium\/projekty\/odborne-karierove-a-polytechnicke-vzdelavani-v-msk-ii\/#primaryimage","url":"https:\/\/www.helloskola.cz\/gymnazium\/wp-content\/uploads\/sites\/3\/2022\/05\/gympl-fallback.png","contentUrl":"https:\/\/www.helloskola.cz\/gymnazium\/wp-content\/uploads\/sites\/3\/2022\/05\/gympl-fallback.png","width":933,"height":700},{"@type":"BreadcrumbList","@id":"https:\/\/www.helloskola.cz\/gymnazium\/projekty\/odborne-karierove-a-polytechnicke-vzdelavani-v-msk-ii\/#breadcrumb","itemListElement":[{"@type":"ListItem","position":1,"name":"\u00davod","item":"https:\/\/www.helloskola.cz\/gymnazium\/"},{"@type":"ListItem","position":2,"name":"Projekty","item":"https:\/\/www.helloskola.cz\/gymnazium\/projekty\/"},{"@type":"ListItem","position":3,"name":"Odborn\u00e9, kari\u00e9rov\u00e9 a polytechnick\u00e9 vzd\u011bl\u00e1v\u00e1n\u00ed v MSK II."}]},{"@type":"WebSite","@id":"https:\/\/www.helloskola.cz\/gymnazium\/#website","url":"https:\/\/www.helloskola.cz\/gymnazium\/","name":"Gymn\u00e1zium HELLO","description":"St\u0159edn\u00ed \u0161kola s pos\u00edlenou v\u00fdukou ciz\u00edch jazyk\u016f","publisher":{"@id":"https:\/\/www.helloskola.cz\/gymnazium\/#organization"},"potentialAction":[{"@type":"SearchAction","target":{"@type":"EntryPoint","urlTemplate":"https:\/\/www.helloskola.cz\/gymnazium\/?s={search_term_string}"},"query-input":{"@type":"PropertyValueSpecification","valueRequired":true,"valueName":"search_term_string"}}],"inLanguage":"cs"},{"@type":"Organization","@id":"https:\/\/www.helloskola.cz\/gymnazium\/#organization","name":"Gymn\u00e1zium Hello","url":"https:\/\/www.helloskola.cz\/gymnazium\/","logo":{"@type":"ImageObject","inLanguage":"cs","@id":"https:\/\/www.helloskola.cz\/gymnazium\/#\/schema\/logo\/image\/","url":"https:\/\/www.helloskola.cz\/gymnazium\/wp-content\/uploads\/sites\/3\/2022\/02\/hello_gy_cmyk-1.svg","contentUrl":"https:\/\/www.helloskola.cz\/gymnazium\/wp-content\/uploads\/sites\/3\/2022\/02\/hello_gy_cmyk-1.svg","width":100,"height":100,"caption":"Gymn\u00e1zium Hello"},"image":{"@id":"https:\/\/www.helloskola.cz\/gymnazium\/#\/schema\/logo\/image\/"}}]}},"_links":{"self":[{"href":"https:\/\/www.helloskola.cz\/gymnazium\/wp-json\/wp\/v2\/pages\/4397","targetHints":{"allow":["GET"]}}],"collection":[{"href":"https:\/\/www.helloskola.cz\/gymnazium\/wp-json\/wp\/v2\/pages"}],"about":[{"href":"https:\/\/www.helloskola.cz\/gymnazium\/wp-json\/wp\/v2\/types\/page"}],"author":[{"embeddable":true,"href":"https:\/\/www.helloskola.cz\/gymnazium\/wp-json\/wp\/v2\/users\/3"}],"replies":[{"embeddable":true,"href":"https:\/\/www.helloskola.cz\/gymnazium\/wp-json\/wp\/v2\/comments?post=4397"}],"version-history":[{"count":3,"href":"https:\/\/www.helloskola.cz\/gymnazium\/wp-json\/wp\/v2\/pages\/4397\/revisions"}],"predecessor-version":[{"id":4400,"href":"https:\/\/www.helloskola.cz\/gymnazium\/wp-json\/wp\/v2\/pages\/4397\/revisions\/4400"}],"up":[{"embeddable":true,"href":"https:\/\/www.helloskola.cz\/gymnazium\/wp-json\/wp\/v2\/pages\/1117"}],"wp:featuredmedia":[{"embeddable":true,"href":"https:\/\/www.helloskola.cz\/gymnazium\/wp-json\/wp\/v2\/media\/1779"}],"wp:attachment":[{"href":"https:\/\/www.helloskola.cz\/gymnazium\/wp-json\/wp\/v2\/media?parent=4397"}],"curies":[{"name":"wp","href":"https:\/\/api.w.org\/{rel}","templated":true}]}}