{"id":1099,"date":"2022-03-13T01:37:24","date_gmt":"2022-03-13T00:37:24","guid":{"rendered":"https:\/\/www.helloskola.cz\/gymnazium\/?page_id=1099"},"modified":"2025-09-07T07:16:57","modified_gmt":"2025-09-07T05:16:57","slug":"absolventi","status":"publish","type":"page","link":"https:\/\/www.helloskola.cz\/gymnazium\/absolventi\/","title":{"rendered":"Absolventi"},"content":{"rendered":"\n<h2 class=\"wp-block-heading\">Absolventi 2025<\/h2>\n\n\n\n<p>Letos u\u017e dv\u011b paraleln\u00ed t\u0159\u00eddy. <\/p>\n\n\n\n<figure class=\"wp-block-gallery has-nested-images columns-default is-cropped wp-block-gallery-1 is-layout-flex wp-block-gallery-is-layout-flex\">\n<figure class=\"wp-block-image size-large\"><img fetchpriority=\"high\" decoding=\"async\" width=\"792\" height=\"522\" data-id=\"5393\" src=\"https:\/\/www.helloskola.cz\/gymnazium\/wp-content\/uploads\/sites\/3\/2025\/08\/4b.png\" alt=\"\" class=\"wp-image-5393\" srcset=\"https:\/\/www.helloskola.cz\/gymnazium\/wp-content\/uploads\/sites\/3\/2025\/08\/4b.png 792w, https:\/\/www.helloskola.cz\/gymnazium\/wp-content\/uploads\/sites\/3\/2025\/08\/4b-300x198.png 300w, https:\/\/www.helloskola.cz\/gymnazium\/wp-content\/uploads\/sites\/3\/2025\/08\/4b-768x506.png 768w\" sizes=\"(max-width: 792px) 100vw, 792px\" \/><\/figure>\n\n\n\n<figure class=\"wp-block-image size-large\"><img decoding=\"async\" width=\"842\" height=\"523\" data-id=\"5392\" src=\"https:\/\/www.helloskola.cz\/gymnazium\/wp-content\/uploads\/sites\/3\/2025\/08\/4a.png\" alt=\"\" class=\"wp-image-5392\" srcset=\"https:\/\/www.helloskola.cz\/gymnazium\/wp-content\/uploads\/sites\/3\/2025\/08\/4a.png 842w, https:\/\/www.helloskola.cz\/gymnazium\/wp-content\/uploads\/sites\/3\/2025\/08\/4a-300x186.png 300w, https:\/\/www.helloskola.cz\/gymnazium\/wp-content\/uploads\/sites\/3\/2025\/08\/4a-768x477.png 768w\" sizes=\"(max-width: 842px) 100vw, 842px\" \/><\/figure>\n<\/figure>\n\n\n\n<p><strong>A na kter\u00fdch vysok\u00fdch \u0161kol\u00e1ch za\u010dnou studovat?<\/strong><\/p>\n\n\n\n<p>Masarykova univerzita Brno &#8211; nap\u0159. Psychologie, U\u010ditelstv\u00ed 1. stupn\u011b, <\/p>\n\n\n\n<p>Karlova univerzita Praha &#8211; nap\u0159. MatFyz, Psychologie aj.<\/p>\n\n\n\n<p>Vysok\u00e9 u\u010den\u00ed technick\u00e9 Brno &#8211; nap\u0159. Chemick\u00e1 fakulta, <\/p>\n\n\n\n<p>Univerzita Palack\u00e9ho Olomouc &#8211; nap\u0159. Katedra Asijsk\u00fdch studi\u00ed- Japonsk\u00e1 filologie, Medi\u00e1ln\u00ed studia<\/p>\n\n\n\n<p>Mendelova univerzita Brno<\/p>\n\n\n\n<p>Univerzita Tom\u00e1\u0161e Bati Zl\u00edn<\/p>\n\n\n\n<p>V\u0160B Ostrava &#8211; nap\u0159. Ekonomika a pr\u00e1vo v podnik\u00e1n\u00ed, Hornicko-geologick\u00e1 fakulta, Bezpe\u010dnostn\u00ed in\u017een\u00fdrstv\u00ed<\/p>\n\n\n\n<p>Ostravsk\u00e1 univerzita &#8211; nap\u0159. Leka\u0159sk\u00e1 fakulta &#8211; Zubn\u00ed l\u00e9ka\u0159stv\u00ed, Filozofick\u00e1 a Pedagogick\u00e1 fakulta:  U\u010ditelstv\u00ed \u0160J, NJ, Ciz\u00ed jazyky pro firemn\u00ed praxi, Sociologie&#8230;<\/p>\n\n\n\n<p>Slezsk\u00e1 univerzita Opava &#8211; nap\u0159. Angli\u010dtina v odborn\u00e9 praxi, Angli\u010dtina<\/p>\n\n\n\n<p>Vy\u0161\u0161\u00ed odborn\u00e1 \u0161kola medi\u00e1ln\u00ed tvorby&#8230;<\/p>\n\n\n\n<h2 class=\"wp-block-heading\">Absolventi 2024<\/h2>\n\n\n\n<figure class=\"wp-block-image size-large\"><img decoding=\"async\" width=\"1024\" height=\"703\" src=\"https:\/\/www.helloskola.cz\/gymnazium\/wp-content\/uploads\/sites\/3\/2024\/08\/1000062927-1-1024x703.jpg\" alt=\"\" class=\"wp-image-4956\" srcset=\"https:\/\/www.helloskola.cz\/gymnazium\/wp-content\/uploads\/sites\/3\/2024\/08\/1000062927-1-1024x703.jpg 1024w, https:\/\/www.helloskola.cz\/gymnazium\/wp-content\/uploads\/sites\/3\/2024\/08\/1000062927-1-300x206.jpg 300w, https:\/\/www.helloskola.cz\/gymnazium\/wp-content\/uploads\/sites\/3\/2024\/08\/1000062927-1-768x527.jpg 768w, https:\/\/www.helloskola.cz\/gymnazium\/wp-content\/uploads\/sites\/3\/2024\/08\/1000062927-1.jpg 1214w\" sizes=\"(max-width: 1024px) 100vw, 1024px\" \/><\/figure>\n\n\n\n<p><strong>A kter\u00e9 obory za\u010dnou na\u0161i absolventi studovat? A na jak\u00fdch vysok\u00fdch \u0161kol\u00e1ch?<\/strong><\/p>\n\n\n\n<p>The University of Alabama at Birmingham &#8211; Biomedical Sciences<\/p>\n\n\n\n<p>Univerzita Karlova &#8211; MatFyz<\/p>\n\n\n\n<p>UPOL &#8211; P\u0159\u00edrodov\u011bdeck\u00e1 fakulta &#8211; Biochemie<\/p>\n\n\n\n<p>UPOL &#8211; Pedagogick\u00e1 fakulta &#8211; Angli\u010dtina, V\u00fdtvarn\u00e1 v\u00fdchova<\/p>\n\n\n\n<p>V\u0160E Praha &#8211; Podnikov\u00e1 ekonomie a management<\/p>\n\n\n\n<p>V\u0160E Praha &#8211; Procesn\u00ed \u0159\u00edzen\u00ed<\/p>\n\n\n\n<p>Jiho\u010desk\u00e1 univerzita &#8211; Cestovn\u00ed ruch<\/p>\n\n\n\n<p>Panevropsk\u00e1 univerzita &#8211; Bezpe\u010dnostn\u00ed management, Pr\u00e1vo<\/p>\n\n\n\n<p>Panevropsk\u00e1 univerzita &#8211; Kriminologie a kriminalistika<\/p>\n\n\n\n<p>V\u0160B &#8211; Management, Marketing<\/p>\n\n\n\n<p>OSU &#8211; Sociologie a Anglick\u00e1 filologie, Ciz\u00ed jazyky pro firemn\u00ed praxi, Anglick\u00e1 filologie a Geografie<\/p>\n\n\n\n<p>V\u0160B &#8211; Management<\/p>\n\n\n\n<p>A Lucka je na Nov\u00e9m Z\u00e9landu &#8211; sledujte jej\u00ed <a href=\"https:\/\/www.youtube.com\/watch?v=JmZoXJaWvGA\">vlog<\/a><\/p>\n\n\n\n<h2 class=\"wp-block-heading\">Absolventi 2023<\/h2>\n\n\n\n<figure class=\"wp-block-image size-large\"><img loading=\"lazy\" decoding=\"async\" width=\"1024\" height=\"768\" src=\"https:\/\/www.helloskola.cz\/gymnazium\/wp-content\/uploads\/sites\/3\/2023\/06\/20230607_162845-1-1024x768.jpg\" alt=\"\" class=\"wp-image-4370\" srcset=\"https:\/\/www.helloskola.cz\/gymnazium\/wp-content\/uploads\/sites\/3\/2023\/06\/20230607_162845-1-1024x768.jpg 1024w, https:\/\/www.helloskola.cz\/gymnazium\/wp-content\/uploads\/sites\/3\/2023\/06\/20230607_162845-1-300x225.jpg 300w, https:\/\/www.helloskola.cz\/gymnazium\/wp-content\/uploads\/sites\/3\/2023\/06\/20230607_162845-1-768x576.jpg 768w, https:\/\/www.helloskola.cz\/gymnazium\/wp-content\/uploads\/sites\/3\/2023\/06\/20230607_162845-1-1536x1152.jpg 1536w, https:\/\/www.helloskola.cz\/gymnazium\/wp-content\/uploads\/sites\/3\/2023\/06\/20230607_162845-1-2048x1536.jpg 2048w\" sizes=\"(max-width: 1024px) 100vw, 1024px\" \/><figcaption class=\"wp-element-caption\">A kter\u00e9 obory a \u0161koly na\u0161i absolventi zvolili?<\/figcaption><\/figure>\n\n\n\n<p>MCI &#8211; Management Center Innsbruck &#8211; Byznys v oblasti cestovn\u00edho ruchu<\/p>\n\n\n\n<p>University of New York in Prague (M\u00e9dia a komunikace)<\/p>\n\n\n\n<p>Univerzita Palack\u00e9ho v Olomouci (Pr\u00e1vnick\u00e1 fakulta, Psychologie)<\/p>\n\n\n\n<p>Ostravsk\u00e1 univerzita (V\u0161eobecn\u00e9 l\u00e9ka\u0159stv\u00ed, Anglick\u00e1 filologie &#8211; Angli\u010dtina pro odbornou a profesn\u00ed komunikaci, Sociologie, Informatika, Z\u00e1klady spole\u010densk\u00fdch v\u011bd, Biologie, Angli\u010dtina, \u010cesk\u00fd jazyk a literatura, Filosofie, Politick\u00e1 a kulturn\u00ed geografie, Experiment\u00e1ln\u00ed biologie, Psychologie a pedagogika)<\/p>\n\n\n\n<p>V\u0160B (Ekonomie, Marketing, Management, Sportovn\u00ed management)<\/p>\n\n\n\n<p>Slezsk\u00e1 univerzita (Ekonomie a Management)<\/p>\n\n\n\n<p><\/p>\n\n\n\n<h2 class=\"wp-block-heading\">Absolventi 2022<\/h2>\n\n\n\n<figure class=\"wp-block-image size-large\"><img loading=\"lazy\" decoding=\"async\" width=\"1024\" height=\"683\" src=\"https:\/\/www.helloskola.cz\/gymnazium\/wp-content\/uploads\/sites\/3\/2022\/07\/DSC01265-1024x683.jpg\" alt=\"\" class=\"wp-image-2463\" srcset=\"https:\/\/www.helloskola.cz\/gymnazium\/wp-content\/uploads\/sites\/3\/2022\/07\/DSC01265-1024x683.jpg 1024w, https:\/\/www.helloskola.cz\/gymnazium\/wp-content\/uploads\/sites\/3\/2022\/07\/DSC01265-300x200.jpg 300w, https:\/\/www.helloskola.cz\/gymnazium\/wp-content\/uploads\/sites\/3\/2022\/07\/DSC01265-768x512.jpg 768w, https:\/\/www.helloskola.cz\/gymnazium\/wp-content\/uploads\/sites\/3\/2022\/07\/DSC01265-1536x1024.jpg 1536w, https:\/\/www.helloskola.cz\/gymnazium\/wp-content\/uploads\/sites\/3\/2022\/07\/DSC01265-2048x1365.jpg 2048w\" sizes=\"(max-width: 1024px) 100vw, 1024px\" \/><figcaption class=\"wp-element-caption\">Na\u0161im leto\u0161n\u00edm maturant\u016fm se otev\u00edraj\u00ed tyto vysok\u00e9 \u0161koly a obory:<\/figcaption><\/figure>\n\n\n\n<p>Univerzita Palack\u00e9ho Olomouc: Pr\u00e1vnick\u00e1 fakulta, \u0160pan\u011bl\u0161tina a mezin\u00e1rodn\u00ed vztahy, Angli\u010dtina + N\u011bm\u010dina<\/p>\n\n\n\n<p>Nizozemsko (Breda): Logistika<\/p>\n\n\n\n<p>V\u0160B: Stavebn\u00ed fakulta (architektura\/stavitelstv\u00ed)<\/p>\n\n\n\n<p>OSU: Politick\u00e1 a kulturn\u00ed geografie, Angli\u010dtina a informatika, Angli\u010dtina a historie<\/p>\n\n\n\n<p>Farmaceutick\u00e1 fakulta v Hradci Kr\u00e1lov\u00e9, Management a podnik\u00e1n\u00ed Newton University, Mana\u017eersk\u00e1 psychologie Newton University, Slezsk\u00e1 univerzita v Opav\u011b: Dent\u00e1ln\u00ed hygiena, Porodnictv\u00ed, V\u0161eobecn\u00e1 sestra&#8230;<\/p>\n\n\n\n<h2 class=\"wp-block-heading\">Absolventi 2021<\/h2>\n\n\n\n<h3 class=\"wp-block-heading\">B\u00e1ra se do Iowy dostala!!!<\/h3>\n\n\n\n<p>\u010ct\u011bte rozhovor:&nbsp;<a href=\"https:\/\/www.helloskola.cz\/gymnazium\/wp-content\/uploads\/sites\/3\/2022\/05\/Z-Hello-do-Iowy.pdf\" target=\"_blank\" rel=\"noreferrer noopener\">Z Hello do Iowy.pdf<\/a><\/p>\n\n\n\n<figure class=\"wp-block-gallery has-nested-images columns-default is-cropped wp-block-gallery-2 is-layout-flex wp-block-gallery-is-layout-flex\">\n<figure class=\"wp-block-image size-large\"><img loading=\"lazy\" decoding=\"async\" width=\"600\" height=\"600\" data-id=\"1102\" src=\"https:\/\/www.helloskola.cz\/gymnazium\/wp-content\/uploads\/sites\/3\/2022\/03\/Ba\u0301ra-edited.jpeg\" alt=\"\" class=\"wp-image-1102\" srcset=\"https:\/\/www.helloskola.cz\/gymnazium\/wp-content\/uploads\/sites\/3\/2022\/03\/Ba\u0301ra-edited.jpeg 600w, https:\/\/www.helloskola.cz\/gymnazium\/wp-content\/uploads\/sites\/3\/2022\/03\/Ba\u0301ra-edited-300x300.jpeg 300w, https:\/\/www.helloskola.cz\/gymnazium\/wp-content\/uploads\/sites\/3\/2022\/03\/Ba\u0301ra-edited-150x150.jpeg 150w\" sizes=\"(max-width: 600px) 100vw, 600px\" \/><\/figure>\n\n\n\n<figure class=\"wp-block-image size-large\"><img loading=\"lazy\" decoding=\"async\" width=\"600\" height=\"450\" data-id=\"1101\" src=\"https:\/\/www.helloskola.cz\/gymnazium\/wp-content\/uploads\/sites\/3\/2022\/03\/iowa.jpeg\" alt=\"\" class=\"wp-image-1101\" srcset=\"https:\/\/www.helloskola.cz\/gymnazium\/wp-content\/uploads\/sites\/3\/2022\/03\/iowa.jpeg 600w, https:\/\/www.helloskola.cz\/gymnazium\/wp-content\/uploads\/sites\/3\/2022\/03\/iowa-300x225.jpeg 300w\" sizes=\"(max-width: 600px) 100vw, 600px\" \/><\/figure>\n<\/figure>\n\n\n\n<h3 class=\"wp-block-heading\">Skv\u011bl\u00e1 parta mlad\u00fdch lid\u00ed<\/h3>\n\n\n\n<figure class=\"wp-block-image size-full\"><img loading=\"lazy\" decoding=\"async\" width=\"600\" height=\"450\" src=\"https:\/\/www.helloskola.cz\/gymnazium\/wp-content\/uploads\/sites\/3\/2022\/03\/MicrosoftTeams-image-118.jpeg\" alt=\"\" class=\"wp-image-1103\" srcset=\"https:\/\/www.helloskola.cz\/gymnazium\/wp-content\/uploads\/sites\/3\/2022\/03\/MicrosoftTeams-image-118.jpeg 600w, https:\/\/www.helloskola.cz\/gymnazium\/wp-content\/uploads\/sites\/3\/2022\/03\/MicrosoftTeams-image-118-300x225.jpeg 300w\" sizes=\"(max-width: 600px) 100vw, 600px\" \/><\/figure>\n\n\n\n<p>Maturanti 2021 se mohou pochlubit sv\u00fdmi vysok\u00fdmi \u0161kolami. Jsou p\u0159ijati a&nbsp;cesta k&nbsp;vysn\u011bn\u00fdm specializac\u00edm se jim otev\u00edr\u00e1:<\/p>\n\n\n\n<ul class=\"wp-block-list\">\n<li>Karlova Univerzita: Pr\u00e1vnick\u00e1 fakulta<\/li>\n\n\n\n<li>University of IOWA: obor Komunikace<\/li>\n\n\n\n<li>Univerzita Palack\u00e9ho v&nbsp;Olomouci: Evropsk\u00e1 studia a&nbsp;diplomacie, Mezin\u00e1rodn\u00ed vztahy a&nbsp;bezpe\u010dnost, Politologie a&nbsp;ve\u0159ejn\u00e1 politika, Sociologie se specializac\u00ed na soc. antropologii, Pr\u00e1vnick\u00e1 fakulta, U\u010ditelstv\u00ed ob\u010dansk\u00e1 v\u00fdchova a&nbsp;angli\u010dtina, Japonsk\u00e1 filologie a&nbsp;filozofie, Ekonomicko-mana\u017eersk\u00e1 studia, Ob\u010dansk\u00e1 v\u00fdchova a&nbsp;geografie se zam\u011b\u0159en\u00edm na vzd\u011bl\u00e1v\u00e1n\u00ed, Aplikovan\u00e1 matematika v&nbsp;ekonomick\u00e9 praxi, Informa\u010dn\u00ed technologie<\/li>\n\n\n\n<li>Univerzita Tom\u00e1\u0161e Bati Zl\u00edn: Fakulta procesn\u00edho in\u017een\u00fdrstv\u00ed, obor Technologick\u00e1 za\u0159\u00edzen\u00ed<\/li>\n\n\n\n<li>Ostravsk\u00e1 univerzita v&nbsp;Ostrav\u011b: Sociologie, U\u010ditelstv\u00ed M\u0160<\/li>\n\n\n\n<li>V\u0160B: Architektura<\/li>\n\n\n\n<li>VO\u0160 Praha: Cestovn\u00ed ruch<\/li>\n<\/ul>\n\n\n\n<h3 class=\"wp-block-heading\">Hello maturanti 2021 hodnot\u00ed gympl<\/h3>\n\n\n\n<figure class=\"wp-block-embed is-type-video is-provider-youtube wp-block-embed-youtube wp-embed-aspect-16-9 wp-has-aspect-ratio\"><div class=\"wp-block-embed__wrapper\">\n<iframe title=\"Hello maturanti hodnot\u00ed gympl\" width=\"800\" height=\"450\" src=\"https:\/\/www.youtube.com\/embed\/DIhjM_AcNCU?feature=oembed\" frameborder=\"0\" allow=\"accelerometer; autoplay; clipboard-write; encrypted-media; gyroscope; picture-in-picture; web-share\" referrerpolicy=\"strict-origin-when-cross-origin\" allowfullscreen><\/iframe>\n<\/div><\/figure>\n\n\n\n<h2 class=\"wp-block-heading\">Absolventi 2020<\/h2>\n\n\n\n<p>Jejich maturitn\u00ed rok byl velmi n\u00e1ro\u010dn\u00fd a&nbsp;do posledn\u00ed chv\u00edle nejist\u00fd. Ale zvl\u00e1dli to. 27 absolvent\u016f vyrazilo do sv\u011bta a&nbsp;studuj\u00ed a&nbsp;pracuj\u00ed a&nbsp;d\u011blaj\u00ed n\u00e1m radost. 26 jich bylo p\u0159ijato ke studiu na vysok\u00fdch \u0161kol\u00e1ch.<\/p>\n\n\n\n<figure class=\"wp-block-gallery has-nested-images columns-default is-cropped wp-block-gallery-3 is-layout-flex wp-block-gallery-is-layout-flex\">\n<figure class=\"wp-block-image size-large\"><a href=\"https:\/\/www.helloskola.cz\/gymnazium\/wp-content\/uploads\/sites\/3\/2022\/03\/tablo1.jpeg\"><img loading=\"lazy\" decoding=\"async\" width=\"600\" height=\"703\" data-id=\"1105\" src=\"https:\/\/www.helloskola.cz\/gymnazium\/wp-content\/uploads\/sites\/3\/2022\/03\/tablo1.jpeg\" alt=\"\" class=\"wp-image-1105\" srcset=\"https:\/\/www.helloskola.cz\/gymnazium\/wp-content\/uploads\/sites\/3\/2022\/03\/tablo1.jpeg 600w, https:\/\/www.helloskola.cz\/gymnazium\/wp-content\/uploads\/sites\/3\/2022\/03\/tablo1-256x300.jpeg 256w\" sizes=\"(max-width: 600px) 100vw, 600px\" \/><\/a><\/figure>\n\n\n\n<figure class=\"wp-block-image size-large\"><a href=\"https:\/\/www.helloskola.cz\/gymnazium\/wp-content\/uploads\/sites\/3\/2022\/03\/tablo2.jpeg\"><img loading=\"lazy\" decoding=\"async\" width=\"600\" height=\"874\" data-id=\"1106\" src=\"https:\/\/www.helloskola.cz\/gymnazium\/wp-content\/uploads\/sites\/3\/2022\/03\/tablo2.jpeg\" alt=\"\" class=\"wp-image-1106\" srcset=\"https:\/\/www.helloskola.cz\/gymnazium\/wp-content\/uploads\/sites\/3\/2022\/03\/tablo2.jpeg 600w, https:\/\/www.helloskola.cz\/gymnazium\/wp-content\/uploads\/sites\/3\/2022\/03\/tablo2-206x300.jpeg 206w\" sizes=\"(max-width: 600px) 100vw, 600px\" \/><\/a><\/figure>\n\n\n\n<figure class=\"wp-block-image size-large\"><a href=\"https:\/\/www.helloskola.cz\/gymnazium\/wp-content\/uploads\/sites\/3\/2022\/03\/tablo3-1.jpeg\"><img loading=\"lazy\" decoding=\"async\" width=\"600\" height=\"728\" data-id=\"1107\" src=\"https:\/\/www.helloskola.cz\/gymnazium\/wp-content\/uploads\/sites\/3\/2022\/03\/tablo3-1.jpeg\" alt=\"\" class=\"wp-image-1107\" srcset=\"https:\/\/www.helloskola.cz\/gymnazium\/wp-content\/uploads\/sites\/3\/2022\/03\/tablo3-1.jpeg 600w, https:\/\/www.helloskola.cz\/gymnazium\/wp-content\/uploads\/sites\/3\/2022\/03\/tablo3-1-247x300.jpeg 247w\" sizes=\"(max-width: 600px) 100vw, 600px\" \/><\/a><\/figure>\n<\/figure>\n\n\n\n<h3 class=\"wp-block-heading\">Aktu\u00e1ln\u011b studuj\u00ed nap\u0159\u00edklad:<\/h3>\n\n\n\n<p>Nanomateri\u00e1lov\u00e1 chemie &#8211; UPOL\/\/ \u010c\u00ednsk\u00e1 filologie &#8211; Katedra asijsk\u00fdch studi\u00ed &#8211; UPOL\/\/ Farmaceutick\u00e1 fakulta Hradec Kr\u00e1lov\u00e9 &#8211; Univerzita Karlova\/\/ Lesnick\u00e1 a&nbsp;d\u0159eva\u0159sk\u00e1 fakulta &#8211; Mendelova univerzita Brno\/\/ Technologie leteck\u00e9 dopravy &#8211; V\u0160B Fakulta managementu a&nbsp;informatiky &#8211; Univerzita Tom\u00e1\u0161e Bati Zl\u00edn\/\/ Angli\u010dtina pro odbornou praxi &#8211; Slezsk\u00e1 univerzita Opava\/\/ Spole\u010densk\u00e9 v\u011bdy a&nbsp;historie &#8211; OSU\/\/ U\u010ditelstv\u00ed pro 1. stupe\u0148 a&nbsp;speci\u00e1ln\u00ed pedagogika &#8211; UPOL\/\/ \u010ce\u0161tina a&nbsp;sociologie &#8211; OU\/\/ Anglick\u00e1 filologie a&nbsp;\u010desk\u00fd jazyk a&nbsp;literatura &#8211; Slezsk\u00e1 univerzita Opava\/\/ Management &#8211; V\u0160B\/\/ Cestovn\u00ed ruch a&nbsp;turismus &#8211; Slezsk\u00e1 univerzita Opava\/\/ aj.<\/p>\n\n\n\n<div class=\"wp-block-columns is-layout-flex wp-container-core-columns-is-layout-28f84493 wp-block-columns-is-layout-flex\">\n<div class=\"wp-block-column is-layout-flow wp-block-column-is-layout-flow\" style=\"flex-basis:33.33%\">\n<figure class=\"wp-block-image size-full\"><img loading=\"lazy\" decoding=\"async\" width=\"600\" height=\"450\" src=\"https:\/\/www.helloskola.cz\/gymnazium\/wp-content\/uploads\/sites\/3\/2022\/03\/Michal.jpeg\" alt=\"\" class=\"wp-image-1108\" srcset=\"https:\/\/www.helloskola.cz\/gymnazium\/wp-content\/uploads\/sites\/3\/2022\/03\/Michal.jpeg 600w, https:\/\/www.helloskola.cz\/gymnazium\/wp-content\/uploads\/sites\/3\/2022\/03\/Michal-300x225.jpeg 300w\" sizes=\"(max-width: 600px) 100vw, 600px\" \/><\/figure>\n<\/div>\n\n\n\n<div class=\"wp-block-column is-layout-flow wp-block-column-is-layout-flow\" style=\"flex-basis:66.66%\">\n<h3 class=\"wp-block-heading\">Student Michal Just v&nbsp;Tanz\u00e1nii<\/h3>\n\n\n\n<p>P\u0159e\u010dt\u011bte si rozhovor s&nbsp;Michalem pro \u010dasopis Rodina a&nbsp;\u0161kola:<\/p>\n\n\n\n<p><a href=\"https:\/\/www.helloskola.cz\/gymnazium\/wp-content\/uploads\/sites\/3\/2022\/05\/Je-jednoduche\u0301-sede\u030ct-doma-a-mi\u0301t-vyhrane\u030cny\u0301-na\u0301zor.pdf\" target=\"_blank\" rel=\"noreferrer noopener\">Je jednoduch\u00e9 sed\u011bt doma a&nbsp;m\u00edt vyhran\u011bn\u00fd n\u00e1zor<\/a><\/p>\n<\/div>\n<\/div>\n","protected":false},"excerpt":{"rendered":"<p>Absolventi 2025 Letos u\u017e dv\u011b paraleln\u00ed t\u0159\u00eddy. A na kter\u00fdch vysok\u00fdch \u0161kol\u00e1ch za\u010dnou studovat? Masarykova univerzita Brno &#8211; nap\u0159. Psychologie, U\u010ditelstv\u00ed 1. stupn\u011b, Karlova univerzita Praha &#8211; nap\u0159. MatFyz, Psychologie aj. Vysok\u00e9 u\u010den\u00ed technick\u00e9 Brno &#8211; nap\u0159. Chemick\u00e1 fakulta, Univerzita Palack\u00e9ho Olomouc &#8211; nap\u0159. Katedra Asijsk\u00fdch studi\u00ed- Japonsk\u00e1 filologie, Medi\u00e1ln\u00ed studia Mendelova univerzita Brno Univerzita [&hellip;]<\/p>\n","protected":false},"author":1,"featured_media":1779,"parent":0,"menu_order":0,"comment_status":"closed","ping_status":"closed","template":"","meta":{"footnotes":""},"class_list":["post-1099","page","type-page","status-publish","has-post-thumbnail","hentry"],"yoast_head":"<!-- This site is optimized with the Yoast SEO plugin v24.8.1 - https:\/\/yoast.com\/wordpress\/plugins\/seo\/ -->\n<title>Absolventi | Gymn\u00e1zium HELLO<\/title>\n<meta name=\"robots\" content=\"index, follow, max-snippet:-1, max-image-preview:large, max-video-preview:-1\" \/>\n<link rel=\"canonical\" href=\"https:\/\/www.helloskola.cz\/gymnazium\/absolventi\/\" \/>\n<meta property=\"og:locale\" content=\"cs_CZ\" \/>\n<meta property=\"og:type\" content=\"article\" \/>\n<meta property=\"og:title\" content=\"Absolventi | Gymn\u00e1zium HELLO\" \/>\n<meta property=\"og:description\" content=\"Absolventi 2025 Letos u\u017e dv\u011b paraleln\u00ed t\u0159\u00eddy. A na kter\u00fdch vysok\u00fdch \u0161kol\u00e1ch za\u010dnou studovat? Masarykova univerzita Brno &#8211; nap\u0159. Psychologie, U\u010ditelstv\u00ed 1. stupn\u011b, Karlova univerzita Praha &#8211; nap\u0159. MatFyz, Psychologie aj. Vysok\u00e9 u\u010den\u00ed technick\u00e9 Brno &#8211; nap\u0159. Chemick\u00e1 fakulta, Univerzita Palack\u00e9ho Olomouc &#8211; nap\u0159. Katedra Asijsk\u00fdch studi\u00ed- Japonsk\u00e1 filologie, Medi\u00e1ln\u00ed studia Mendelova univerzita Brno Univerzita [&hellip;]\" \/>\n<meta property=\"og:url\" content=\"https:\/\/www.helloskola.cz\/gymnazium\/absolventi\/\" \/>\n<meta property=\"og:site_name\" content=\"Gymn\u00e1zium HELLO\" \/>\n<meta property=\"article:modified_time\" content=\"2025-09-07T05:16:57+00:00\" \/>\n<meta property=\"og:image\" content=\"https:\/\/www.helloskola.cz\/gymnazium\/wp-content\/uploads\/sites\/3\/2025\/08\/4b.png\" \/>\n\t<meta property=\"og:image:width\" content=\"792\" \/>\n\t<meta property=\"og:image:height\" content=\"522\" \/>\n\t<meta property=\"og:image:type\" content=\"image\/png\" \/>\n<meta name=\"twitter:card\" content=\"summary_large_image\" \/>\n<meta name=\"twitter:label1\" content=\"Odhadovan\u00e1 doba \u010dten\u00ed\" \/>\n\t<meta name=\"twitter:data1\" content=\"6 minut\" \/>\n<script type=\"application\/ld+json\" class=\"yoast-schema-graph\">{\"@context\":\"https:\/\/schema.org\",\"@graph\":[{\"@type\":\"WebPage\",\"@id\":\"https:\/\/www.helloskola.cz\/gymnazium\/absolventi\/\",\"url\":\"https:\/\/www.helloskola.cz\/gymnazium\/absolventi\/\",\"name\":\"Absolventi | Gymn\u00e1zium HELLO\",\"isPartOf\":{\"@id\":\"https:\/\/www.helloskola.cz\/gymnazium\/#website\"},\"primaryImageOfPage\":{\"@id\":\"https:\/\/www.helloskola.cz\/gymnazium\/absolventi\/#primaryimage\"},\"image\":{\"@id\":\"https:\/\/www.helloskola.cz\/gymnazium\/absolventi\/#primaryimage\"},\"thumbnailUrl\":\"https:\/\/www.helloskola.cz\/gymnazium\/wp-content\/uploads\/sites\/3\/2022\/05\/gympl-fallback.png\",\"datePublished\":\"2022-03-13T00:37:24+00:00\",\"dateModified\":\"2025-09-07T05:16:57+00:00\",\"breadcrumb\":{\"@id\":\"https:\/\/www.helloskola.cz\/gymnazium\/absolventi\/#breadcrumb\"},\"inLanguage\":\"cs\",\"potentialAction\":[{\"@type\":\"ReadAction\",\"target\":[\"https:\/\/www.helloskola.cz\/gymnazium\/absolventi\/\"]}]},{\"@type\":\"ImageObject\",\"inLanguage\":\"cs\",\"@id\":\"https:\/\/www.helloskola.cz\/gymnazium\/absolventi\/#primaryimage\",\"url\":\"https:\/\/www.helloskola.cz\/gymnazium\/wp-content\/uploads\/sites\/3\/2022\/05\/gympl-fallback.png\",\"contentUrl\":\"https:\/\/www.helloskola.cz\/gymnazium\/wp-content\/uploads\/sites\/3\/2022\/05\/gympl-fallback.png\",\"width\":933,\"height\":700},{\"@type\":\"BreadcrumbList\",\"@id\":\"https:\/\/www.helloskola.cz\/gymnazium\/absolventi\/#breadcrumb\",\"itemListElement\":[{\"@type\":\"ListItem\",\"position\":1,\"name\":\"\u00davod\",\"item\":\"https:\/\/www.helloskola.cz\/gymnazium\/\"},{\"@type\":\"ListItem\",\"position\":2,\"name\":\"Absolventi\"}]},{\"@type\":\"WebSite\",\"@id\":\"https:\/\/www.helloskola.cz\/gymnazium\/#website\",\"url\":\"https:\/\/www.helloskola.cz\/gymnazium\/\",\"name\":\"Gymn\u00e1zium HELLO\",\"description\":\"St\u0159edn\u00ed \u0161kola s pos\u00edlenou v\u00fdukou ciz\u00edch jazyk\u016f\",\"publisher\":{\"@id\":\"https:\/\/www.helloskola.cz\/gymnazium\/#organization\"},\"potentialAction\":[{\"@type\":\"SearchAction\",\"target\":{\"@type\":\"EntryPoint\",\"urlTemplate\":\"https:\/\/www.helloskola.cz\/gymnazium\/?s={search_term_string}\"},\"query-input\":{\"@type\":\"PropertyValueSpecification\",\"valueRequired\":true,\"valueName\":\"search_term_string\"}}],\"inLanguage\":\"cs\"},{\"@type\":\"Organization\",\"@id\":\"https:\/\/www.helloskola.cz\/gymnazium\/#organization\",\"name\":\"Gymn\u00e1zium Hello\",\"url\":\"https:\/\/www.helloskola.cz\/gymnazium\/\",\"logo\":{\"@type\":\"ImageObject\",\"inLanguage\":\"cs\",\"@id\":\"https:\/\/www.helloskola.cz\/gymnazium\/#\/schema\/logo\/image\/\",\"url\":\"https:\/\/www.helloskola.cz\/gymnazium\/wp-content\/uploads\/sites\/3\/2022\/02\/hello_gy_cmyk-1.svg\",\"contentUrl\":\"https:\/\/www.helloskola.cz\/gymnazium\/wp-content\/uploads\/sites\/3\/2022\/02\/hello_gy_cmyk-1.svg\",\"width\":100,\"height\":100,\"caption\":\"Gymn\u00e1zium Hello\"},\"image\":{\"@id\":\"https:\/\/www.helloskola.cz\/gymnazium\/#\/schema\/logo\/image\/\"}}]}<\/script>\n<!-- \/ Yoast SEO plugin. -->","yoast_head_json":{"title":"Absolventi | Gymn\u00e1zium HELLO","robots":{"index":"index","follow":"follow","max-snippet":"max-snippet:-1","max-image-preview":"max-image-preview:large","max-video-preview":"max-video-preview:-1"},"canonical":"https:\/\/www.helloskola.cz\/gymnazium\/absolventi\/","og_locale":"cs_CZ","og_type":"article","og_title":"Absolventi | Gymn\u00e1zium HELLO","og_description":"Absolventi 2025 Letos u\u017e dv\u011b paraleln\u00ed t\u0159\u00eddy. A na kter\u00fdch vysok\u00fdch \u0161kol\u00e1ch za\u010dnou studovat? Masarykova univerzita Brno &#8211; nap\u0159. Psychologie, U\u010ditelstv\u00ed 1. stupn\u011b, Karlova univerzita Praha &#8211; nap\u0159. MatFyz, Psychologie aj. Vysok\u00e9 u\u010den\u00ed technick\u00e9 Brno &#8211; nap\u0159. Chemick\u00e1 fakulta, Univerzita Palack\u00e9ho Olomouc &#8211; nap\u0159. Katedra Asijsk\u00fdch studi\u00ed- Japonsk\u00e1 filologie, Medi\u00e1ln\u00ed studia Mendelova univerzita Brno Univerzita [&hellip;]","og_url":"https:\/\/www.helloskola.cz\/gymnazium\/absolventi\/","og_site_name":"Gymn\u00e1zium HELLO","article_modified_time":"2025-09-07T05:16:57+00:00","og_image":[{"width":792,"height":522,"url":"https:\/\/www.helloskola.cz\/gymnazium\/wp-content\/uploads\/sites\/3\/2025\/08\/4b.png","type":"image\/png"}],"twitter_card":"summary_large_image","twitter_misc":{"Odhadovan\u00e1 doba \u010dten\u00ed":"6 minut"},"schema":{"@context":"https:\/\/schema.org","@graph":[{"@type":"WebPage","@id":"https:\/\/www.helloskola.cz\/gymnazium\/absolventi\/","url":"https:\/\/www.helloskola.cz\/gymnazium\/absolventi\/","name":"Absolventi | Gymn\u00e1zium HELLO","isPartOf":{"@id":"https:\/\/www.helloskola.cz\/gymnazium\/#website"},"primaryImageOfPage":{"@id":"https:\/\/www.helloskola.cz\/gymnazium\/absolventi\/#primaryimage"},"image":{"@id":"https:\/\/www.helloskola.cz\/gymnazium\/absolventi\/#primaryimage"},"thumbnailUrl":"https:\/\/www.helloskola.cz\/gymnazium\/wp-content\/uploads\/sites\/3\/2022\/05\/gympl-fallback.png","datePublished":"2022-03-13T00:37:24+00:00","dateModified":"2025-09-07T05:16:57+00:00","breadcrumb":{"@id":"https:\/\/www.helloskola.cz\/gymnazium\/absolventi\/#breadcrumb"},"inLanguage":"cs","potentialAction":[{"@type":"ReadAction","target":["https:\/\/www.helloskola.cz\/gymnazium\/absolventi\/"]}]},{"@type":"ImageObject","inLanguage":"cs","@id":"https:\/\/www.helloskola.cz\/gymnazium\/absolventi\/#primaryimage","url":"https:\/\/www.helloskola.cz\/gymnazium\/wp-content\/uploads\/sites\/3\/2022\/05\/gympl-fallback.png","contentUrl":"https:\/\/www.helloskola.cz\/gymnazium\/wp-content\/uploads\/sites\/3\/2022\/05\/gympl-fallback.png","width":933,"height":700},{"@type":"BreadcrumbList","@id":"https:\/\/www.helloskola.cz\/gymnazium\/absolventi\/#breadcrumb","itemListElement":[{"@type":"ListItem","position":1,"name":"\u00davod","item":"https:\/\/www.helloskola.cz\/gymnazium\/"},{"@type":"ListItem","position":2,"name":"Absolventi"}]},{"@type":"WebSite","@id":"https:\/\/www.helloskola.cz\/gymnazium\/#website","url":"https:\/\/www.helloskola.cz\/gymnazium\/","name":"Gymn\u00e1zium HELLO","description":"St\u0159edn\u00ed \u0161kola s pos\u00edlenou v\u00fdukou ciz\u00edch jazyk\u016f","publisher":{"@id":"https:\/\/www.helloskola.cz\/gymnazium\/#organization"},"potentialAction":[{"@type":"SearchAction","target":{"@type":"EntryPoint","urlTemplate":"https:\/\/www.helloskola.cz\/gymnazium\/?s={search_term_string}"},"query-input":{"@type":"PropertyValueSpecification","valueRequired":true,"valueName":"search_term_string"}}],"inLanguage":"cs"},{"@type":"Organization","@id":"https:\/\/www.helloskola.cz\/gymnazium\/#organization","name":"Gymn\u00e1zium Hello","url":"https:\/\/www.helloskola.cz\/gymnazium\/","logo":{"@type":"ImageObject","inLanguage":"cs","@id":"https:\/\/www.helloskola.cz\/gymnazium\/#\/schema\/logo\/image\/","url":"https:\/\/www.helloskola.cz\/gymnazium\/wp-content\/uploads\/sites\/3\/2022\/02\/hello_gy_cmyk-1.svg","contentUrl":"https:\/\/www.helloskola.cz\/gymnazium\/wp-content\/uploads\/sites\/3\/2022\/02\/hello_gy_cmyk-1.svg","width":100,"height":100,"caption":"Gymn\u00e1zium Hello"},"image":{"@id":"https:\/\/www.helloskola.cz\/gymnazium\/#\/schema\/logo\/image\/"}}]}},"_links":{"self":[{"href":"https:\/\/www.helloskola.cz\/gymnazium\/wp-json\/wp\/v2\/pages\/1099","targetHints":{"allow":["GET"]}}],"collection":[{"href":"https:\/\/www.helloskola.cz\/gymnazium\/wp-json\/wp\/v2\/pages"}],"about":[{"href":"https:\/\/www.helloskola.cz\/gymnazium\/wp-json\/wp\/v2\/types\/page"}],"author":[{"embeddable":true,"href":"https:\/\/www.helloskola.cz\/gymnazium\/wp-json\/wp\/v2\/users\/1"}],"replies":[{"embeddable":true,"href":"https:\/\/www.helloskola.cz\/gymnazium\/wp-json\/wp\/v2\/comments?post=1099"}],"version-history":[{"count":17,"href":"https:\/\/www.helloskola.cz\/gymnazium\/wp-json\/wp\/v2\/pages\/1099\/revisions"}],"predecessor-version":[{"id":5424,"href":"https:\/\/www.helloskola.cz\/gymnazium\/wp-json\/wp\/v2\/pages\/1099\/revisions\/5424"}],"wp:featuredmedia":[{"embeddable":true,"href":"https:\/\/www.helloskola.cz\/gymnazium\/wp-json\/wp\/v2\/media\/1779"}],"wp:attachment":[{"href":"https:\/\/www.helloskola.cz\/gymnazium\/wp-json\/wp\/v2\/media?parent=1099"}],"curies":[{"name":"wp","href":"https:\/\/api.w.org\/{rel}","templated":true}]}}