{"id":5813,"date":"2026-03-29T16:40:09","date_gmt":"2026-03-29T14:40:09","guid":{"rendered":"https:\/\/www.helloskola.cz\/gymnazium\/?post_type=novinky&#038;p=5813"},"modified":"2026-03-29T16:40:10","modified_gmt":"2026-03-29T14:40:10","slug":"nemcina-ktera-otevira-dvere-do-sveta","status":"publish","type":"novinky","link":"https:\/\/www.helloskola.cz\/gymnazium\/novinky\/nemcina-ktera-otevira-dvere-do-sveta\/","title":{"rendered":"N\u011bm\u010dina, kter\u00e1 otev\u00edr\u00e1 dve\u0159e do sv\u011bta"},"content":{"rendered":"\n<p>N\u011bm\u010dina u n\u00e1s nen\u00ed jen \u0161koln\u00ed p\u0159edm\u011bt \u2013 je to z\u00e1\u017eitek. \u017d\u00e1ci ji neobjevuj\u00ed pouze v lavic\u00edch, ale p\u0159edev\u0161\u00edm v praxi, tvo\u0159iv\u011b a s chut\u00ed. Ukazujeme jim, \u017ee jazyk m\u00e1 smysl tehdy, kdy\u017e se pou\u017e\u00edv\u00e1 \u2013 p\u0159i komunikaci, tvorb\u011b i pozn\u00e1v\u00e1n\u00ed nov\u00fdch m\u00edst.<\/p>\n\n\n\n<p>Jednou z mnoha aktivit je sout\u011b\u017e Videowettbewerb po\u0159\u00e1dan\u00e1 instituc\u00ed ProLingua. \u017d\u00e1ci dostanou stejn\u00fd text \u2013 v\u011bt\u0161inou kr\u00e1tk\u00fd ske\u010d \u2013 kter\u00fd mus\u00ed nastudovat, sehr\u00e1t a nato\u010dit. V\u00fdsledkem jsou origin\u00e1ln\u00ed videa pln\u00e1 n\u00e1pad\u016f, humoru a t\u00fdmov\u00e9 spolupr\u00e1ce. Jazyk se tak p\u0159irozen\u011b propojuje s kreativitou a modern\u00edmi technologiemi.<\/p>\n\n\n\n<p>Velkou p\u0159idanou hodnotou je tak\u00e9 na\u0161e spolupr\u00e1ce s v\u00fdznamn\u00fdmi institucemi. Jsme partnerem Goethe-Institutu v projektu Deutsch Plus, d\u00edky kter\u00e9mu se pravideln\u011b zapojujeme do atraktivn\u00edch akc\u00ed a program\u016f podporuj\u00edc\u00edch modern\u00ed v\u00fduku n\u011bm\u010diny. \u017d\u00e1ci tak maj\u00ed mo\u017enost za\u017e\u00edt jazyk v autentick\u00e9m kontextu a z\u00edskat nov\u00e9 motivuj\u00edc\u00ed podn\u011bty.<\/p>\n\n\n\n<p>Z\u00e1\u017eitky p\u0159in\u00e1\u0161ej\u00ed i mimo\u0161koln\u00ed aktivity. \u017d\u00e1ci gymn\u00e1zia se ji\u017e podruh\u00e9 vydali na divadeln\u00ed p\u0159edstaven\u00ed inspirovan\u00e9 d\u00edlem Thomase Manna v pod\u00e1n\u00ed student\u016f germanistiky Ostravsk\u00e9 univerzity.\u00a0<\/p>\n\n\n\n<p>A co n\u00e1s \u010dek\u00e1 d\u00e1l? Na ja\u0159e vyr\u00e1\u017eej\u00ed \u017e\u00e1ci na z\u00e1jezd do V\u00eddn\u011b poznat slavn\u00e9 pam\u00e1tky, historii a p\u0159edev\u0161\u00edm vyzkou\u0161et n\u011bm\u010dinu p\u0159\u00edmo v re\u00e1ln\u00e9m prost\u0159ed\u00ed. <\/p>\n\n\n\n<p>N\u011bm\u010dina u n\u00e1s znamen\u00e1 v\u00edc ne\u017e jen v\u00fduku. Je to cesta k nov\u00fdm zku\u0161enostem, sebev\u011bdom\u00ed i otev\u0159en\u00fdm dve\u0159\u00edm do sv\u011bta.<\/p>\n\n\n\n<figure class=\"wp-block-image size-large\"><img fetchpriority=\"high\" decoding=\"async\" width=\"1024\" height=\"598\" src=\"https:\/\/www.helloskola.cz\/gymnazium\/wp-content\/uploads\/sites\/3\/2026\/03\/681beb3a-9264-47bd-8de7-8f9203860402-1024x598.jpg\" alt=\"\" class=\"wp-image-5815\" srcset=\"https:\/\/www.helloskola.cz\/gymnazium\/wp-content\/uploads\/sites\/3\/2026\/03\/681beb3a-9264-47bd-8de7-8f9203860402-1024x598.jpg 1024w, https:\/\/www.helloskola.cz\/gymnazium\/wp-content\/uploads\/sites\/3\/2026\/03\/681beb3a-9264-47bd-8de7-8f9203860402-300x175.jpg 300w, https:\/\/www.helloskola.cz\/gymnazium\/wp-content\/uploads\/sites\/3\/2026\/03\/681beb3a-9264-47bd-8de7-8f9203860402-768x448.jpg 768w, https:\/\/www.helloskola.cz\/gymnazium\/wp-content\/uploads\/sites\/3\/2026\/03\/681beb3a-9264-47bd-8de7-8f9203860402-1536x896.jpg 1536w, https:\/\/www.helloskola.cz\/gymnazium\/wp-content\/uploads\/sites\/3\/2026\/03\/681beb3a-9264-47bd-8de7-8f9203860402.jpg 1542w\" sizes=\"(max-width: 1024px) 100vw, 1024px\" \/><\/figure>\n","protected":false},"featured_media":5814,"template":"","kategorie-skolni-rok":[57],"class_list":["post-5813","novinky","type-novinky","status-publish","has-post-thumbnail","hentry","kategorie-skolni-rok-2-pololeti-skolni-rok-2025-2026"],"yoast_head":"<!-- This site is optimized with the Yoast SEO plugin v24.8.1 - https:\/\/yoast.com\/wordpress\/plugins\/seo\/ -->\n<title>N\u011bm\u010dina, kter\u00e1 otev\u00edr\u00e1 dve\u0159e do sv\u011bta | Gymn\u00e1zium HELLO<\/title>\n<meta name=\"robots\" content=\"index, follow, max-snippet:-1, max-image-preview:large, max-video-preview:-1\" \/>\n<link rel=\"canonical\" href=\"https:\/\/www.helloskola.cz\/gymnazium\/novinky\/nemcina-ktera-otevira-dvere-do-sveta\/\" \/>\n<meta property=\"og:locale\" content=\"cs_CZ\" \/>\n<meta property=\"og:type\" content=\"article\" \/>\n<meta property=\"og:title\" content=\"N\u011bm\u010dina, kter\u00e1 otev\u00edr\u00e1 dve\u0159e do sv\u011bta | Gymn\u00e1zium HELLO\" \/>\n<meta property=\"og:description\" content=\"N\u011bm\u010dina u n\u00e1s nen\u00ed jen \u0161koln\u00ed p\u0159edm\u011bt \u2013 je to z\u00e1\u017eitek. \u017d\u00e1ci ji neobjevuj\u00ed pouze v lavic\u00edch, ale p\u0159edev\u0161\u00edm v praxi, tvo\u0159iv\u011b a s chut\u00ed. Ukazujeme jim, \u017ee jazyk m\u00e1 smysl tehdy, kdy\u017e se pou\u017e\u00edv\u00e1 \u2013 p\u0159i komunikaci, tvorb\u011b i pozn\u00e1v\u00e1n\u00ed nov\u00fdch m\u00edst. Jednou z mnoha aktivit je sout\u011b\u017e Videowettbewerb po\u0159\u00e1dan\u00e1 instituc\u00ed ProLingua. \u017d\u00e1ci dostanou [&hellip;]\" \/>\n<meta property=\"og:url\" content=\"https:\/\/www.helloskola.cz\/gymnazium\/novinky\/nemcina-ktera-otevira-dvere-do-sveta\/\" \/>\n<meta property=\"og:site_name\" content=\"Gymn\u00e1zium HELLO\" \/>\n<meta property=\"article:modified_time\" content=\"2026-03-29T14:40:10+00:00\" \/>\n<meta property=\"og:image\" content=\"https:\/\/www.helloskola.cz\/gymnazium\/wp-content\/uploads\/sites\/3\/2026\/03\/a2fe18ad-cf38-4772-8d83-06a18458ee7d.jpg\" \/>\n\t<meta property=\"og:image:width\" content=\"774\" \/>\n\t<meta property=\"og:image:height\" content=\"454\" \/>\n\t<meta property=\"og:image:type\" content=\"image\/jpeg\" \/>\n<meta name=\"twitter:card\" content=\"summary_large_image\" \/>\n<meta name=\"twitter:label1\" content=\"Odhadovan\u00e1 doba \u010dten\u00ed\" \/>\n\t<meta name=\"twitter:data1\" content=\"2 minuty\" \/>\n<script type=\"application\/ld+json\" class=\"yoast-schema-graph\">{\"@context\":\"https:\/\/schema.org\",\"@graph\":[{\"@type\":\"WebPage\",\"@id\":\"https:\/\/www.helloskola.cz\/gymnazium\/novinky\/nemcina-ktera-otevira-dvere-do-sveta\/\",\"url\":\"https:\/\/www.helloskola.cz\/gymnazium\/novinky\/nemcina-ktera-otevira-dvere-do-sveta\/\",\"name\":\"N\u011bm\u010dina, kter\u00e1 otev\u00edr\u00e1 dve\u0159e do sv\u011bta | Gymn\u00e1zium HELLO\",\"isPartOf\":{\"@id\":\"https:\/\/www.helloskola.cz\/gymnazium\/#website\"},\"primaryImageOfPage\":{\"@id\":\"https:\/\/www.helloskola.cz\/gymnazium\/novinky\/nemcina-ktera-otevira-dvere-do-sveta\/#primaryimage\"},\"image\":{\"@id\":\"https:\/\/www.helloskola.cz\/gymnazium\/novinky\/nemcina-ktera-otevira-dvere-do-sveta\/#primaryimage\"},\"thumbnailUrl\":\"https:\/\/www.helloskola.cz\/gymnazium\/wp-content\/uploads\/sites\/3\/2026\/03\/a2fe18ad-cf38-4772-8d83-06a18458ee7d.jpg\",\"datePublished\":\"2026-03-29T14:40:09+00:00\",\"dateModified\":\"2026-03-29T14:40:10+00:00\",\"breadcrumb\":{\"@id\":\"https:\/\/www.helloskola.cz\/gymnazium\/novinky\/nemcina-ktera-otevira-dvere-do-sveta\/#breadcrumb\"},\"inLanguage\":\"cs\",\"potentialAction\":[{\"@type\":\"ReadAction\",\"target\":[\"https:\/\/www.helloskola.cz\/gymnazium\/novinky\/nemcina-ktera-otevira-dvere-do-sveta\/\"]}]},{\"@type\":\"ImageObject\",\"inLanguage\":\"cs\",\"@id\":\"https:\/\/www.helloskola.cz\/gymnazium\/novinky\/nemcina-ktera-otevira-dvere-do-sveta\/#primaryimage\",\"url\":\"https:\/\/www.helloskola.cz\/gymnazium\/wp-content\/uploads\/sites\/3\/2026\/03\/a2fe18ad-cf38-4772-8d83-06a18458ee7d.jpg\",\"contentUrl\":\"https:\/\/www.helloskola.cz\/gymnazium\/wp-content\/uploads\/sites\/3\/2026\/03\/a2fe18ad-cf38-4772-8d83-06a18458ee7d.jpg\",\"width\":774,\"height\":454},{\"@type\":\"BreadcrumbList\",\"@id\":\"https:\/\/www.helloskola.cz\/gymnazium\/novinky\/nemcina-ktera-otevira-dvere-do-sveta\/#breadcrumb\",\"itemListElement\":[{\"@type\":\"ListItem\",\"position\":1,\"name\":\"\u00davod\",\"item\":\"https:\/\/www.helloskola.cz\/gymnazium\/\"},{\"@type\":\"ListItem\",\"position\":2,\"name\":\"Novinky\",\"item\":\"https:\/\/www.helloskola.cz\/gymnazium\/novinky\/\"},{\"@type\":\"ListItem\",\"position\":3,\"name\":\"\u0160koln\u00ed rok 2025\/2026\",\"item\":\"https:\/\/www.helloskola.cz\/gymnazium\/kategorie-skolni-rok\/skolni-rok-2025-2026\/\"},{\"@type\":\"ListItem\",\"position\":4,\"name\":\"2. pololet\u00ed\",\"item\":\"https:\/\/www.helloskola.cz\/gymnazium\/kategorie-skolni-rok\/2-pololeti-skolni-rok-2025-2026\/\"},{\"@type\":\"ListItem\",\"position\":5,\"name\":\"N\u011bm\u010dina, kter\u00e1 otev\u00edr\u00e1 dve\u0159e do sv\u011bta\"}]},{\"@type\":\"WebSite\",\"@id\":\"https:\/\/www.helloskola.cz\/gymnazium\/#website\",\"url\":\"https:\/\/www.helloskola.cz\/gymnazium\/\",\"name\":\"Gymn\u00e1zium HELLO\",\"description\":\"St\u0159edn\u00ed \u0161kola s pos\u00edlenou v\u00fdukou ciz\u00edch jazyk\u016f\",\"publisher\":{\"@id\":\"https:\/\/www.helloskola.cz\/gymnazium\/#organization\"},\"potentialAction\":[{\"@type\":\"SearchAction\",\"target\":{\"@type\":\"EntryPoint\",\"urlTemplate\":\"https:\/\/www.helloskola.cz\/gymnazium\/?s={search_term_string}\"},\"query-input\":{\"@type\":\"PropertyValueSpecification\",\"valueRequired\":true,\"valueName\":\"search_term_string\"}}],\"inLanguage\":\"cs\"},{\"@type\":\"Organization\",\"@id\":\"https:\/\/www.helloskola.cz\/gymnazium\/#organization\",\"name\":\"Gymn\u00e1zium Hello\",\"url\":\"https:\/\/www.helloskola.cz\/gymnazium\/\",\"logo\":{\"@type\":\"ImageObject\",\"inLanguage\":\"cs\",\"@id\":\"https:\/\/www.helloskola.cz\/gymnazium\/#\/schema\/logo\/image\/\",\"url\":\"https:\/\/www.helloskola.cz\/gymnazium\/wp-content\/uploads\/sites\/3\/2022\/02\/hello_gy_cmyk-1.svg\",\"contentUrl\":\"https:\/\/www.helloskola.cz\/gymnazium\/wp-content\/uploads\/sites\/3\/2022\/02\/hello_gy_cmyk-1.svg\",\"width\":100,\"height\":100,\"caption\":\"Gymn\u00e1zium Hello\"},\"image\":{\"@id\":\"https:\/\/www.helloskola.cz\/gymnazium\/#\/schema\/logo\/image\/\"}}]}<\/script>\n<!-- \/ Yoast SEO plugin. -->","yoast_head_json":{"title":"N\u011bm\u010dina, kter\u00e1 otev\u00edr\u00e1 dve\u0159e do sv\u011bta | Gymn\u00e1zium HELLO","robots":{"index":"index","follow":"follow","max-snippet":"max-snippet:-1","max-image-preview":"max-image-preview:large","max-video-preview":"max-video-preview:-1"},"canonical":"https:\/\/www.helloskola.cz\/gymnazium\/novinky\/nemcina-ktera-otevira-dvere-do-sveta\/","og_locale":"cs_CZ","og_type":"article","og_title":"N\u011bm\u010dina, kter\u00e1 otev\u00edr\u00e1 dve\u0159e do sv\u011bta | Gymn\u00e1zium HELLO","og_description":"N\u011bm\u010dina u n\u00e1s nen\u00ed jen \u0161koln\u00ed p\u0159edm\u011bt \u2013 je to z\u00e1\u017eitek. \u017d\u00e1ci ji neobjevuj\u00ed pouze v lavic\u00edch, ale p\u0159edev\u0161\u00edm v praxi, tvo\u0159iv\u011b a s chut\u00ed. Ukazujeme jim, \u017ee jazyk m\u00e1 smysl tehdy, kdy\u017e se pou\u017e\u00edv\u00e1 \u2013 p\u0159i komunikaci, tvorb\u011b i pozn\u00e1v\u00e1n\u00ed nov\u00fdch m\u00edst. Jednou z mnoha aktivit je sout\u011b\u017e Videowettbewerb po\u0159\u00e1dan\u00e1 instituc\u00ed ProLingua. \u017d\u00e1ci dostanou [&hellip;]","og_url":"https:\/\/www.helloskola.cz\/gymnazium\/novinky\/nemcina-ktera-otevira-dvere-do-sveta\/","og_site_name":"Gymn\u00e1zium HELLO","article_modified_time":"2026-03-29T14:40:10+00:00","og_image":[{"width":774,"height":454,"url":"https:\/\/www.helloskola.cz\/gymnazium\/wp-content\/uploads\/sites\/3\/2026\/03\/a2fe18ad-cf38-4772-8d83-06a18458ee7d.jpg","type":"image\/jpeg"}],"twitter_card":"summary_large_image","twitter_misc":{"Odhadovan\u00e1 doba \u010dten\u00ed":"2 minuty"},"schema":{"@context":"https:\/\/schema.org","@graph":[{"@type":"WebPage","@id":"https:\/\/www.helloskola.cz\/gymnazium\/novinky\/nemcina-ktera-otevira-dvere-do-sveta\/","url":"https:\/\/www.helloskola.cz\/gymnazium\/novinky\/nemcina-ktera-otevira-dvere-do-sveta\/","name":"N\u011bm\u010dina, kter\u00e1 otev\u00edr\u00e1 dve\u0159e do sv\u011bta | Gymn\u00e1zium HELLO","isPartOf":{"@id":"https:\/\/www.helloskola.cz\/gymnazium\/#website"},"primaryImageOfPage":{"@id":"https:\/\/www.helloskola.cz\/gymnazium\/novinky\/nemcina-ktera-otevira-dvere-do-sveta\/#primaryimage"},"image":{"@id":"https:\/\/www.helloskola.cz\/gymnazium\/novinky\/nemcina-ktera-otevira-dvere-do-sveta\/#primaryimage"},"thumbnailUrl":"https:\/\/www.helloskola.cz\/gymnazium\/wp-content\/uploads\/sites\/3\/2026\/03\/a2fe18ad-cf38-4772-8d83-06a18458ee7d.jpg","datePublished":"2026-03-29T14:40:09+00:00","dateModified":"2026-03-29T14:40:10+00:00","breadcrumb":{"@id":"https:\/\/www.helloskola.cz\/gymnazium\/novinky\/nemcina-ktera-otevira-dvere-do-sveta\/#breadcrumb"},"inLanguage":"cs","potentialAction":[{"@type":"ReadAction","target":["https:\/\/www.helloskola.cz\/gymnazium\/novinky\/nemcina-ktera-otevira-dvere-do-sveta\/"]}]},{"@type":"ImageObject","inLanguage":"cs","@id":"https:\/\/www.helloskola.cz\/gymnazium\/novinky\/nemcina-ktera-otevira-dvere-do-sveta\/#primaryimage","url":"https:\/\/www.helloskola.cz\/gymnazium\/wp-content\/uploads\/sites\/3\/2026\/03\/a2fe18ad-cf38-4772-8d83-06a18458ee7d.jpg","contentUrl":"https:\/\/www.helloskola.cz\/gymnazium\/wp-content\/uploads\/sites\/3\/2026\/03\/a2fe18ad-cf38-4772-8d83-06a18458ee7d.jpg","width":774,"height":454},{"@type":"BreadcrumbList","@id":"https:\/\/www.helloskola.cz\/gymnazium\/novinky\/nemcina-ktera-otevira-dvere-do-sveta\/#breadcrumb","itemListElement":[{"@type":"ListItem","position":1,"name":"\u00davod","item":"https:\/\/www.helloskola.cz\/gymnazium\/"},{"@type":"ListItem","position":2,"name":"Novinky","item":"https:\/\/www.helloskola.cz\/gymnazium\/novinky\/"},{"@type":"ListItem","position":3,"name":"\u0160koln\u00ed rok 2025\/2026","item":"https:\/\/www.helloskola.cz\/gymnazium\/kategorie-skolni-rok\/skolni-rok-2025-2026\/"},{"@type":"ListItem","position":4,"name":"2. pololet\u00ed","item":"https:\/\/www.helloskola.cz\/gymnazium\/kategorie-skolni-rok\/2-pololeti-skolni-rok-2025-2026\/"},{"@type":"ListItem","position":5,"name":"N\u011bm\u010dina, kter\u00e1 otev\u00edr\u00e1 dve\u0159e do sv\u011bta"}]},{"@type":"WebSite","@id":"https:\/\/www.helloskola.cz\/gymnazium\/#website","url":"https:\/\/www.helloskola.cz\/gymnazium\/","name":"Gymn\u00e1zium HELLO","description":"St\u0159edn\u00ed \u0161kola s pos\u00edlenou v\u00fdukou ciz\u00edch jazyk\u016f","publisher":{"@id":"https:\/\/www.helloskola.cz\/gymnazium\/#organization"},"potentialAction":[{"@type":"SearchAction","target":{"@type":"EntryPoint","urlTemplate":"https:\/\/www.helloskola.cz\/gymnazium\/?s={search_term_string}"},"query-input":{"@type":"PropertyValueSpecification","valueRequired":true,"valueName":"search_term_string"}}],"inLanguage":"cs"},{"@type":"Organization","@id":"https:\/\/www.helloskola.cz\/gymnazium\/#organization","name":"Gymn\u00e1zium Hello","url":"https:\/\/www.helloskola.cz\/gymnazium\/","logo":{"@type":"ImageObject","inLanguage":"cs","@id":"https:\/\/www.helloskola.cz\/gymnazium\/#\/schema\/logo\/image\/","url":"https:\/\/www.helloskola.cz\/gymnazium\/wp-content\/uploads\/sites\/3\/2022\/02\/hello_gy_cmyk-1.svg","contentUrl":"https:\/\/www.helloskola.cz\/gymnazium\/wp-content\/uploads\/sites\/3\/2022\/02\/hello_gy_cmyk-1.svg","width":100,"height":100,"caption":"Gymn\u00e1zium Hello"},"image":{"@id":"https:\/\/www.helloskola.cz\/gymnazium\/#\/schema\/logo\/image\/"}}]}},"_links":{"self":[{"href":"https:\/\/www.helloskola.cz\/gymnazium\/wp-json\/wp\/v2\/novinky\/5813","targetHints":{"allow":["GET"]}}],"collection":[{"href":"https:\/\/www.helloskola.cz\/gymnazium\/wp-json\/wp\/v2\/novinky"}],"about":[{"href":"https:\/\/www.helloskola.cz\/gymnazium\/wp-json\/wp\/v2\/types\/novinky"}],"wp:featuredmedia":[{"embeddable":true,"href":"https:\/\/www.helloskola.cz\/gymnazium\/wp-json\/wp\/v2\/media\/5814"}],"wp:attachment":[{"href":"https:\/\/www.helloskola.cz\/gymnazium\/wp-json\/wp\/v2\/media?parent=5813"}],"wp:term":[{"taxonomy":"kategorie-skolni-rok","embeddable":true,"href":"https:\/\/www.helloskola.cz\/gymnazium\/wp-json\/wp\/v2\/kategorie-skolni-rok?post=5813"}],"curies":[{"name":"wp","href":"https:\/\/api.w.org\/{rel}","templated":true}]}}