{"id":5221,"date":"2025-02-27T20:40:09","date_gmt":"2025-02-27T19:40:09","guid":{"rendered":"https:\/\/www.helloskola.cz\/gymnazium\/?post_type=novinky&#038;p=5221"},"modified":"2025-02-27T20:40:11","modified_gmt":"2025-02-27T19:40:11","slug":"herman-ministrem-obrany-litvy","status":"publish","type":"novinky","link":"https:\/\/www.helloskola.cz\/gymnazium\/novinky\/herman-ministrem-obrany-litvy\/","title":{"rendered":"Herman ministrem obrany Litvy"},"content":{"rendered":"\n<p>Kdy\u017e jsem se zapojil do Raising Europe\u2019s Stars, netu\u0161il jsem, jak intenzivn\u00ed a inspirativn\u00ed z\u00e1\u017eitek to bude. Diskuze v mal\u00fdch skupin\u00e1ch m\u011b donutila opatrn\u011b debatovat o t\u00e9matech, ve kter\u00fdch jsem se d\u0159\u00edve moc nevyznal. Nejv\u00edc m\u011b ale nadchla simula\u010dn\u00ed hra v Mohu\u010di, kde jsem se ocitl v roli ministra obrany Litvy a musel h\u00e1jit sv\u00e9 n\u00e1zory p\u0159ed vrstevn\u00edky z N\u011bmecka, Francie a Polska. Byli jsme tam t\u0159i dny \u2013 prvn\u00ed den byl seznamovac\u00ed, druh\u00fd prob\u011bhlo plen\u00e1rn\u00ed zased\u00e1n\u00ed na t\u00e9ma ekologie a Green Dealu a t\u0159et\u00ed den se v\u011bnoval obran\u011b. C\u00edtil jsem se jako ryba ve vod\u011b, kdy\u017e jsem mohl otev\u0159en\u011b diskutovat o velmi kontroverzn\u00edch t\u00e9matech, jako je politika nebo LGBT, s lidmi, kte\u0159\u00ed byli objektivn\u00ed a sv\u00e9 n\u00e1zory podpo\u0159ili fakty z historie nebo v\u011bdeck\u00e9ho v\u00fdzkumu. Bylo \u00fa\u017easn\u00e9 vid\u011bt, jak snadno se d\u00e1 dohodnout s inteligentn\u00edmi lidmi, a odj\u00ed\u017ed\u011bl jsem s pocitem, \u017ee na hlasu mlad\u00fdch skute\u010dn\u011b z\u00e1le\u017e\u00ed.<\/p>\n\n\n\n<p><strong>German Shcherban<\/strong><\/p>\n\n\n\n<figure class=\"wp-block-gallery has-nested-images columns-default is-cropped wp-block-gallery-1 is-layout-flex wp-block-gallery-is-layout-flex\">\n<figure class=\"wp-block-image size-large\"><img fetchpriority=\"high\" decoding=\"async\" width=\"461\" height=\"1024\" data-id=\"5222\" src=\"https:\/\/www.helloskola.cz\/gymnazium\/wp-content\/uploads\/sites\/3\/2025\/02\/1000050498-461x1024.jpg\" alt=\"\" class=\"wp-image-5222\" srcset=\"https:\/\/www.helloskola.cz\/gymnazium\/wp-content\/uploads\/sites\/3\/2025\/02\/1000050498-461x1024.jpg 461w, https:\/\/www.helloskola.cz\/gymnazium\/wp-content\/uploads\/sites\/3\/2025\/02\/1000050498-135x300.jpg 135w, https:\/\/www.helloskola.cz\/gymnazium\/wp-content\/uploads\/sites\/3\/2025\/02\/1000050498-691x1536.jpg 691w, https:\/\/www.helloskola.cz\/gymnazium\/wp-content\/uploads\/sites\/3\/2025\/02\/1000050498.jpg 720w\" sizes=\"(max-width: 461px) 100vw, 461px\" \/><\/figure>\n\n\n\n<figure class=\"wp-block-image size-large\"><img decoding=\"async\" width=\"576\" height=\"1024\" data-id=\"5223\" src=\"https:\/\/www.helloskola.cz\/gymnazium\/wp-content\/uploads\/sites\/3\/2025\/02\/1000050501-576x1024.jpg\" alt=\"\" class=\"wp-image-5223\" srcset=\"https:\/\/www.helloskola.cz\/gymnazium\/wp-content\/uploads\/sites\/3\/2025\/02\/1000050501-576x1024.jpg 576w, https:\/\/www.helloskola.cz\/gymnazium\/wp-content\/uploads\/sites\/3\/2025\/02\/1000050501-169x300.jpg 169w, https:\/\/www.helloskola.cz\/gymnazium\/wp-content\/uploads\/sites\/3\/2025\/02\/1000050501.jpg 720w\" sizes=\"(max-width: 576px) 100vw, 576px\" \/><\/figure>\n\n\n\n<figure class=\"wp-block-image size-large\"><img decoding=\"async\" width=\"576\" height=\"1024\" data-id=\"5224\" src=\"https:\/\/www.helloskola.cz\/gymnazium\/wp-content\/uploads\/sites\/3\/2025\/02\/1000050499-1-576x1024.jpg\" alt=\"\" class=\"wp-image-5224\" srcset=\"https:\/\/www.helloskola.cz\/gymnazium\/wp-content\/uploads\/sites\/3\/2025\/02\/1000050499-1-576x1024.jpg 576w, https:\/\/www.helloskola.cz\/gymnazium\/wp-content\/uploads\/sites\/3\/2025\/02\/1000050499-1-169x300.jpg 169w, https:\/\/www.helloskola.cz\/gymnazium\/wp-content\/uploads\/sites\/3\/2025\/02\/1000050499-1.jpg 720w\" sizes=\"(max-width: 576px) 100vw, 576px\" \/><\/figure>\n<\/figure>\n","protected":false},"featured_media":5225,"template":"","kategorie-skolni-rok":[54],"class_list":["post-5221","novinky","type-novinky","status-publish","has-post-thumbnail","hentry","kategorie-skolni-rok-2-pololeti-skolni-rok-2024-2025"],"yoast_head":"<!-- This site is optimized with the Yoast SEO plugin v24.8.1 - https:\/\/yoast.com\/wordpress\/plugins\/seo\/ -->\n<title>Herman ministrem obrany Litvy | Gymn\u00e1zium HELLO<\/title>\n<meta name=\"robots\" content=\"index, follow, max-snippet:-1, max-image-preview:large, max-video-preview:-1\" \/>\n<link rel=\"canonical\" href=\"https:\/\/www.helloskola.cz\/gymnazium\/novinky\/herman-ministrem-obrany-litvy\/\" \/>\n<meta property=\"og:locale\" content=\"cs_CZ\" \/>\n<meta property=\"og:type\" content=\"article\" \/>\n<meta property=\"og:title\" content=\"Herman ministrem obrany Litvy | Gymn\u00e1zium HELLO\" \/>\n<meta property=\"og:description\" content=\"Kdy\u017e jsem se zapojil do Raising Europe\u2019s Stars, netu\u0161il jsem, jak intenzivn\u00ed a inspirativn\u00ed z\u00e1\u017eitek to bude. Diskuze v mal\u00fdch skupin\u00e1ch m\u011b donutila opatrn\u011b debatovat o t\u00e9matech, ve kter\u00fdch jsem se d\u0159\u00edve moc nevyznal. Nejv\u00edc m\u011b ale nadchla simula\u010dn\u00ed hra v Mohu\u010di, kde jsem se ocitl v roli ministra obrany Litvy a musel h\u00e1jit sv\u00e9 [&hellip;]\" \/>\n<meta property=\"og:url\" content=\"https:\/\/www.helloskola.cz\/gymnazium\/novinky\/herman-ministrem-obrany-litvy\/\" \/>\n<meta property=\"og:site_name\" content=\"Gymn\u00e1zium HELLO\" \/>\n<meta property=\"article:modified_time\" content=\"2025-02-27T19:40:11+00:00\" \/>\n<meta property=\"og:image\" content=\"https:\/\/www.helloskola.cz\/gymnazium\/wp-content\/uploads\/sites\/3\/2025\/02\/1000050500.jpg\" \/>\n\t<meta property=\"og:image:width\" content=\"1428\" \/>\n\t<meta property=\"og:image:height\" content=\"1071\" \/>\n\t<meta property=\"og:image:type\" content=\"image\/jpeg\" \/>\n<meta name=\"twitter:card\" content=\"summary_large_image\" \/>\n<meta name=\"twitter:label1\" content=\"Odhadovan\u00e1 doba \u010dten\u00ed\" \/>\n\t<meta name=\"twitter:data1\" content=\"2 minuty\" \/>\n<script type=\"application\/ld+json\" class=\"yoast-schema-graph\">{\"@context\":\"https:\/\/schema.org\",\"@graph\":[{\"@type\":\"WebPage\",\"@id\":\"https:\/\/www.helloskola.cz\/gymnazium\/novinky\/herman-ministrem-obrany-litvy\/\",\"url\":\"https:\/\/www.helloskola.cz\/gymnazium\/novinky\/herman-ministrem-obrany-litvy\/\",\"name\":\"Herman ministrem obrany Litvy | Gymn\u00e1zium HELLO\",\"isPartOf\":{\"@id\":\"https:\/\/www.helloskola.cz\/gymnazium\/#website\"},\"primaryImageOfPage\":{\"@id\":\"https:\/\/www.helloskola.cz\/gymnazium\/novinky\/herman-ministrem-obrany-litvy\/#primaryimage\"},\"image\":{\"@id\":\"https:\/\/www.helloskola.cz\/gymnazium\/novinky\/herman-ministrem-obrany-litvy\/#primaryimage\"},\"thumbnailUrl\":\"https:\/\/www.helloskola.cz\/gymnazium\/wp-content\/uploads\/sites\/3\/2025\/02\/1000050500.jpg\",\"datePublished\":\"2025-02-27T19:40:09+00:00\",\"dateModified\":\"2025-02-27T19:40:11+00:00\",\"breadcrumb\":{\"@id\":\"https:\/\/www.helloskola.cz\/gymnazium\/novinky\/herman-ministrem-obrany-litvy\/#breadcrumb\"},\"inLanguage\":\"cs\",\"potentialAction\":[{\"@type\":\"ReadAction\",\"target\":[\"https:\/\/www.helloskola.cz\/gymnazium\/novinky\/herman-ministrem-obrany-litvy\/\"]}]},{\"@type\":\"ImageObject\",\"inLanguage\":\"cs\",\"@id\":\"https:\/\/www.helloskola.cz\/gymnazium\/novinky\/herman-ministrem-obrany-litvy\/#primaryimage\",\"url\":\"https:\/\/www.helloskola.cz\/gymnazium\/wp-content\/uploads\/sites\/3\/2025\/02\/1000050500.jpg\",\"contentUrl\":\"https:\/\/www.helloskola.cz\/gymnazium\/wp-content\/uploads\/sites\/3\/2025\/02\/1000050500.jpg\",\"width\":1428,\"height\":1071},{\"@type\":\"BreadcrumbList\",\"@id\":\"https:\/\/www.helloskola.cz\/gymnazium\/novinky\/herman-ministrem-obrany-litvy\/#breadcrumb\",\"itemListElement\":[{\"@type\":\"ListItem\",\"position\":1,\"name\":\"\u00davod\",\"item\":\"https:\/\/www.helloskola.cz\/gymnazium\/\"},{\"@type\":\"ListItem\",\"position\":2,\"name\":\"Novinky\",\"item\":\"https:\/\/www.helloskola.cz\/gymnazium\/novinky\/\"},{\"@type\":\"ListItem\",\"position\":3,\"name\":\"\u0160koln\u00ed rok 2024\/2025\",\"item\":\"https:\/\/www.helloskola.cz\/gymnazium\/kategorie-skolni-rok\/skolni-rok-2024-2025\/\"},{\"@type\":\"ListItem\",\"position\":4,\"name\":\"2. pololet\u00ed\",\"item\":\"https:\/\/www.helloskola.cz\/gymnazium\/kategorie-skolni-rok\/2-pololeti-skolni-rok-2024-2025\/\"},{\"@type\":\"ListItem\",\"position\":5,\"name\":\"Herman ministrem obrany Litvy\"}]},{\"@type\":\"WebSite\",\"@id\":\"https:\/\/www.helloskola.cz\/gymnazium\/#website\",\"url\":\"https:\/\/www.helloskola.cz\/gymnazium\/\",\"name\":\"Gymn\u00e1zium HELLO\",\"description\":\"St\u0159edn\u00ed \u0161kola s pos\u00edlenou v\u00fdukou ciz\u00edch jazyk\u016f\",\"publisher\":{\"@id\":\"https:\/\/www.helloskola.cz\/gymnazium\/#organization\"},\"potentialAction\":[{\"@type\":\"SearchAction\",\"target\":{\"@type\":\"EntryPoint\",\"urlTemplate\":\"https:\/\/www.helloskola.cz\/gymnazium\/?s={search_term_string}\"},\"query-input\":{\"@type\":\"PropertyValueSpecification\",\"valueRequired\":true,\"valueName\":\"search_term_string\"}}],\"inLanguage\":\"cs\"},{\"@type\":\"Organization\",\"@id\":\"https:\/\/www.helloskola.cz\/gymnazium\/#organization\",\"name\":\"Gymn\u00e1zium Hello\",\"url\":\"https:\/\/www.helloskola.cz\/gymnazium\/\",\"logo\":{\"@type\":\"ImageObject\",\"inLanguage\":\"cs\",\"@id\":\"https:\/\/www.helloskola.cz\/gymnazium\/#\/schema\/logo\/image\/\",\"url\":\"https:\/\/www.helloskola.cz\/gymnazium\/wp-content\/uploads\/sites\/3\/2022\/02\/hello_gy_cmyk-1.svg\",\"contentUrl\":\"https:\/\/www.helloskola.cz\/gymnazium\/wp-content\/uploads\/sites\/3\/2022\/02\/hello_gy_cmyk-1.svg\",\"width\":100,\"height\":100,\"caption\":\"Gymn\u00e1zium Hello\"},\"image\":{\"@id\":\"https:\/\/www.helloskola.cz\/gymnazium\/#\/schema\/logo\/image\/\"}}]}<\/script>\n<!-- \/ Yoast SEO plugin. -->","yoast_head_json":{"title":"Herman ministrem obrany Litvy | Gymn\u00e1zium HELLO","robots":{"index":"index","follow":"follow","max-snippet":"max-snippet:-1","max-image-preview":"max-image-preview:large","max-video-preview":"max-video-preview:-1"},"canonical":"https:\/\/www.helloskola.cz\/gymnazium\/novinky\/herman-ministrem-obrany-litvy\/","og_locale":"cs_CZ","og_type":"article","og_title":"Herman ministrem obrany Litvy | Gymn\u00e1zium HELLO","og_description":"Kdy\u017e jsem se zapojil do Raising Europe\u2019s Stars, netu\u0161il jsem, jak intenzivn\u00ed a inspirativn\u00ed z\u00e1\u017eitek to bude. Diskuze v mal\u00fdch skupin\u00e1ch m\u011b donutila opatrn\u011b debatovat o t\u00e9matech, ve kter\u00fdch jsem se d\u0159\u00edve moc nevyznal. Nejv\u00edc m\u011b ale nadchla simula\u010dn\u00ed hra v Mohu\u010di, kde jsem se ocitl v roli ministra obrany Litvy a musel h\u00e1jit sv\u00e9 [&hellip;]","og_url":"https:\/\/www.helloskola.cz\/gymnazium\/novinky\/herman-ministrem-obrany-litvy\/","og_site_name":"Gymn\u00e1zium HELLO","article_modified_time":"2025-02-27T19:40:11+00:00","og_image":[{"width":1428,"height":1071,"url":"https:\/\/www.helloskola.cz\/gymnazium\/wp-content\/uploads\/sites\/3\/2025\/02\/1000050500.jpg","type":"image\/jpeg"}],"twitter_card":"summary_large_image","twitter_misc":{"Odhadovan\u00e1 doba \u010dten\u00ed":"2 minuty"},"schema":{"@context":"https:\/\/schema.org","@graph":[{"@type":"WebPage","@id":"https:\/\/www.helloskola.cz\/gymnazium\/novinky\/herman-ministrem-obrany-litvy\/","url":"https:\/\/www.helloskola.cz\/gymnazium\/novinky\/herman-ministrem-obrany-litvy\/","name":"Herman ministrem obrany Litvy | Gymn\u00e1zium HELLO","isPartOf":{"@id":"https:\/\/www.helloskola.cz\/gymnazium\/#website"},"primaryImageOfPage":{"@id":"https:\/\/www.helloskola.cz\/gymnazium\/novinky\/herman-ministrem-obrany-litvy\/#primaryimage"},"image":{"@id":"https:\/\/www.helloskola.cz\/gymnazium\/novinky\/herman-ministrem-obrany-litvy\/#primaryimage"},"thumbnailUrl":"https:\/\/www.helloskola.cz\/gymnazium\/wp-content\/uploads\/sites\/3\/2025\/02\/1000050500.jpg","datePublished":"2025-02-27T19:40:09+00:00","dateModified":"2025-02-27T19:40:11+00:00","breadcrumb":{"@id":"https:\/\/www.helloskola.cz\/gymnazium\/novinky\/herman-ministrem-obrany-litvy\/#breadcrumb"},"inLanguage":"cs","potentialAction":[{"@type":"ReadAction","target":["https:\/\/www.helloskola.cz\/gymnazium\/novinky\/herman-ministrem-obrany-litvy\/"]}]},{"@type":"ImageObject","inLanguage":"cs","@id":"https:\/\/www.helloskola.cz\/gymnazium\/novinky\/herman-ministrem-obrany-litvy\/#primaryimage","url":"https:\/\/www.helloskola.cz\/gymnazium\/wp-content\/uploads\/sites\/3\/2025\/02\/1000050500.jpg","contentUrl":"https:\/\/www.helloskola.cz\/gymnazium\/wp-content\/uploads\/sites\/3\/2025\/02\/1000050500.jpg","width":1428,"height":1071},{"@type":"BreadcrumbList","@id":"https:\/\/www.helloskola.cz\/gymnazium\/novinky\/herman-ministrem-obrany-litvy\/#breadcrumb","itemListElement":[{"@type":"ListItem","position":1,"name":"\u00davod","item":"https:\/\/www.helloskola.cz\/gymnazium\/"},{"@type":"ListItem","position":2,"name":"Novinky","item":"https:\/\/www.helloskola.cz\/gymnazium\/novinky\/"},{"@type":"ListItem","position":3,"name":"\u0160koln\u00ed rok 2024\/2025","item":"https:\/\/www.helloskola.cz\/gymnazium\/kategorie-skolni-rok\/skolni-rok-2024-2025\/"},{"@type":"ListItem","position":4,"name":"2. pololet\u00ed","item":"https:\/\/www.helloskola.cz\/gymnazium\/kategorie-skolni-rok\/2-pololeti-skolni-rok-2024-2025\/"},{"@type":"ListItem","position":5,"name":"Herman ministrem obrany Litvy"}]},{"@type":"WebSite","@id":"https:\/\/www.helloskola.cz\/gymnazium\/#website","url":"https:\/\/www.helloskola.cz\/gymnazium\/","name":"Gymn\u00e1zium HELLO","description":"St\u0159edn\u00ed \u0161kola s pos\u00edlenou v\u00fdukou ciz\u00edch jazyk\u016f","publisher":{"@id":"https:\/\/www.helloskola.cz\/gymnazium\/#organization"},"potentialAction":[{"@type":"SearchAction","target":{"@type":"EntryPoint","urlTemplate":"https:\/\/www.helloskola.cz\/gymnazium\/?s={search_term_string}"},"query-input":{"@type":"PropertyValueSpecification","valueRequired":true,"valueName":"search_term_string"}}],"inLanguage":"cs"},{"@type":"Organization","@id":"https:\/\/www.helloskola.cz\/gymnazium\/#organization","name":"Gymn\u00e1zium Hello","url":"https:\/\/www.helloskola.cz\/gymnazium\/","logo":{"@type":"ImageObject","inLanguage":"cs","@id":"https:\/\/www.helloskola.cz\/gymnazium\/#\/schema\/logo\/image\/","url":"https:\/\/www.helloskola.cz\/gymnazium\/wp-content\/uploads\/sites\/3\/2022\/02\/hello_gy_cmyk-1.svg","contentUrl":"https:\/\/www.helloskola.cz\/gymnazium\/wp-content\/uploads\/sites\/3\/2022\/02\/hello_gy_cmyk-1.svg","width":100,"height":100,"caption":"Gymn\u00e1zium Hello"},"image":{"@id":"https:\/\/www.helloskola.cz\/gymnazium\/#\/schema\/logo\/image\/"}}]}},"_links":{"self":[{"href":"https:\/\/www.helloskola.cz\/gymnazium\/wp-json\/wp\/v2\/novinky\/5221","targetHints":{"allow":["GET"]}}],"collection":[{"href":"https:\/\/www.helloskola.cz\/gymnazium\/wp-json\/wp\/v2\/novinky"}],"about":[{"href":"https:\/\/www.helloskola.cz\/gymnazium\/wp-json\/wp\/v2\/types\/novinky"}],"wp:featuredmedia":[{"embeddable":true,"href":"https:\/\/www.helloskola.cz\/gymnazium\/wp-json\/wp\/v2\/media\/5225"}],"wp:attachment":[{"href":"https:\/\/www.helloskola.cz\/gymnazium\/wp-json\/wp\/v2\/media?parent=5221"}],"wp:term":[{"taxonomy":"kategorie-skolni-rok","embeddable":true,"href":"https:\/\/www.helloskola.cz\/gymnazium\/wp-json\/wp\/v2\/kategorie-skolni-rok?post=5221"}],"curies":[{"name":"wp","href":"https:\/\/api.w.org\/{rel}","templated":true}]}}