{"id":4321,"date":"2023-05-28T10:37:30","date_gmt":"2023-05-28T08:37:30","guid":{"rendered":"https:\/\/www.helloskola.cz\/gymnazium\/?post_type=novinky&#038;p=4321"},"modified":"2023-05-29T14:31:35","modified_gmt":"2023-05-29T12:31:35","slug":"prirodovedne-soustredeni-ve-vraznem","status":"publish","type":"novinky","link":"https:\/\/www.helloskola.cz\/gymnazium\/novinky\/prirodovedne-soustredeni-ve-vraznem\/","title":{"rendered":"P\u0159\u00edrodov\u011bdn\u00e9 soust\u0159ed\u011bn\u00ed ve Vra\u017en\u00e9m"},"content":{"rendered":"\n<p>\u017d\u00e1ci prvn\u00edho a druh\u00e9ho ro\u010dn\u00edku vyjeli za\u010d\u00e1tkem kv\u011btna na prvn\u00ed ro\u010dn\u00edk p\u0159\u00edrodov\u011bdn\u00e9ho soust\u0159ed\u011bn\u00ed ve Vra\u017en\u00e9m. Ubytovali se stylov\u011b &#8211; v rodn\u00e9m dom\u011b G. J. Mendela. <\/p>\n\n\n\n<p>Zakon\u010dili tak celoro\u010dn\u00ed p\u0159\u00edrodov\u011bdnou sout\u011b\u017e, dozv\u011bd\u011bli se o zakladateli genetiky, sf\u00e1rali do b\u0159idlicov\u00e9ho dolu, roz\u0161\u00ed\u0159ili si obzory zoologick\u00e9 (po\u0161tovn\u00ed holubi) a botanick\u00e9 (ur\u010dov\u00e1n\u00ed rostlin, sb\u011br jedl\u00fdch rostlin) a p\u0159i\u0161li na kloub Einsteinov\u011b h\u00e1dance. <\/p>\n\n\n\n<p>Z\u00e1rove\u0148 zde prob\u011bhlo posledn\u00ed kolo sout\u011b\u017ee. S celkov\u00fdmi v\u00fdsledky budou \u017e\u00e1ci sezn\u00e1meni ve \u0161kole na \u010dervnov\u00e9m shrom\u00e1\u017ed\u011bn\u00ed v aule. Dr\u017ete palce &#8211; cena pro v\u00edt\u011bze je luxusn\u00ed.<\/p>\n\n\n\n<figure class=\"wp-block-gallery has-nested-images columns-default is-cropped wp-block-gallery-1 is-layout-flex wp-block-gallery-is-layout-flex\">\n<figure class=\"wp-block-image size-large\"><img fetchpriority=\"high\" decoding=\"async\" width=\"1024\" height=\"768\" data-id=\"4336\" src=\"https:\/\/www.helloskola.cz\/gymnazium\/wp-content\/uploads\/sites\/3\/2023\/05\/Image-10-1-1024x768.jpeg\" alt=\"\" class=\"wp-image-4336\" srcset=\"https:\/\/www.helloskola.cz\/gymnazium\/wp-content\/uploads\/sites\/3\/2023\/05\/Image-10-1-1024x768.jpeg 1024w, https:\/\/www.helloskola.cz\/gymnazium\/wp-content\/uploads\/sites\/3\/2023\/05\/Image-10-1-300x225.jpeg 300w, https:\/\/www.helloskola.cz\/gymnazium\/wp-content\/uploads\/sites\/3\/2023\/05\/Image-10-1-768x576.jpeg 768w, https:\/\/www.helloskola.cz\/gymnazium\/wp-content\/uploads\/sites\/3\/2023\/05\/Image-10-1-1536x1152.jpeg 1536w, https:\/\/www.helloskola.cz\/gymnazium\/wp-content\/uploads\/sites\/3\/2023\/05\/Image-10-1.jpeg 2048w\" sizes=\"(max-width: 1024px) 100vw, 1024px\" \/><\/figure>\n\n\n\n<figure class=\"wp-block-image size-large\"><img decoding=\"async\" width=\"1024\" height=\"768\" data-id=\"4334\" src=\"https:\/\/www.helloskola.cz\/gymnazium\/wp-content\/uploads\/sites\/3\/2023\/05\/Image-9-1-1024x768.jpeg\" alt=\"\" class=\"wp-image-4334\" srcset=\"https:\/\/www.helloskola.cz\/gymnazium\/wp-content\/uploads\/sites\/3\/2023\/05\/Image-9-1-1024x768.jpeg 1024w, https:\/\/www.helloskola.cz\/gymnazium\/wp-content\/uploads\/sites\/3\/2023\/05\/Image-9-1-300x225.jpeg 300w, https:\/\/www.helloskola.cz\/gymnazium\/wp-content\/uploads\/sites\/3\/2023\/05\/Image-9-1-768x576.jpeg 768w, https:\/\/www.helloskola.cz\/gymnazium\/wp-content\/uploads\/sites\/3\/2023\/05\/Image-9-1-1536x1152.jpeg 1536w, https:\/\/www.helloskola.cz\/gymnazium\/wp-content\/uploads\/sites\/3\/2023\/05\/Image-9-1.jpeg 2048w\" sizes=\"(max-width: 1024px) 100vw, 1024px\" \/><\/figure>\n\n\n\n<figure class=\"wp-block-image size-large\"><img decoding=\"async\" width=\"1024\" height=\"768\" data-id=\"4335\" src=\"https:\/\/www.helloskola.cz\/gymnazium\/wp-content\/uploads\/sites\/3\/2023\/05\/Image-8-1-1024x768.jpeg\" alt=\"\" class=\"wp-image-4335\" srcset=\"https:\/\/www.helloskola.cz\/gymnazium\/wp-content\/uploads\/sites\/3\/2023\/05\/Image-8-1-1024x768.jpeg 1024w, https:\/\/www.helloskola.cz\/gymnazium\/wp-content\/uploads\/sites\/3\/2023\/05\/Image-8-1-300x225.jpeg 300w, https:\/\/www.helloskola.cz\/gymnazium\/wp-content\/uploads\/sites\/3\/2023\/05\/Image-8-1-768x576.jpeg 768w, https:\/\/www.helloskola.cz\/gymnazium\/wp-content\/uploads\/sites\/3\/2023\/05\/Image-8-1-1536x1152.jpeg 1536w, https:\/\/www.helloskola.cz\/gymnazium\/wp-content\/uploads\/sites\/3\/2023\/05\/Image-8-1.jpeg 2048w\" sizes=\"(max-width: 1024px) 100vw, 1024px\" \/><\/figure>\n\n\n\n<figure class=\"wp-block-image size-large\"><img loading=\"lazy\" decoding=\"async\" width=\"1024\" height=\"768\" data-id=\"4332\" src=\"https:\/\/www.helloskola.cz\/gymnazium\/wp-content\/uploads\/sites\/3\/2023\/05\/Image-6-1-1024x768.jpeg\" alt=\"\" class=\"wp-image-4332\" srcset=\"https:\/\/www.helloskola.cz\/gymnazium\/wp-content\/uploads\/sites\/3\/2023\/05\/Image-6-1-1024x768.jpeg 1024w, https:\/\/www.helloskola.cz\/gymnazium\/wp-content\/uploads\/sites\/3\/2023\/05\/Image-6-1-300x225.jpeg 300w, https:\/\/www.helloskola.cz\/gymnazium\/wp-content\/uploads\/sites\/3\/2023\/05\/Image-6-1-768x576.jpeg 768w, https:\/\/www.helloskola.cz\/gymnazium\/wp-content\/uploads\/sites\/3\/2023\/05\/Image-6-1-1536x1152.jpeg 1536w, https:\/\/www.helloskola.cz\/gymnazium\/wp-content\/uploads\/sites\/3\/2023\/05\/Image-6-1.jpeg 1600w\" sizes=\"(max-width: 1024px) 100vw, 1024px\" \/><\/figure>\n\n\n\n<figure class=\"wp-block-image size-large\"><img loading=\"lazy\" decoding=\"async\" width=\"1024\" height=\"595\" data-id=\"4330\" src=\"https:\/\/www.helloskola.cz\/gymnazium\/wp-content\/uploads\/sites\/3\/2023\/05\/Image-5-1-1024x595.jpeg\" alt=\"\" class=\"wp-image-4330\" srcset=\"https:\/\/www.helloskola.cz\/gymnazium\/wp-content\/uploads\/sites\/3\/2023\/05\/Image-5-1-1024x595.jpeg 1024w, https:\/\/www.helloskola.cz\/gymnazium\/wp-content\/uploads\/sites\/3\/2023\/05\/Image-5-1-300x174.jpeg 300w, https:\/\/www.helloskola.cz\/gymnazium\/wp-content\/uploads\/sites\/3\/2023\/05\/Image-5-1-768x446.jpeg 768w, https:\/\/www.helloskola.cz\/gymnazium\/wp-content\/uploads\/sites\/3\/2023\/05\/Image-5-1-1536x893.jpeg 1536w, https:\/\/www.helloskola.cz\/gymnazium\/wp-content\/uploads\/sites\/3\/2023\/05\/Image-5-1.jpeg 1600w\" sizes=\"(max-width: 1024px) 100vw, 1024px\" \/><\/figure>\n\n\n\n<figure class=\"wp-block-image size-large\"><img loading=\"lazy\" decoding=\"async\" width=\"1024\" height=\"768\" data-id=\"4331\" src=\"https:\/\/www.helloskola.cz\/gymnazium\/wp-content\/uploads\/sites\/3\/2023\/05\/Image-4-1-1024x768.jpeg\" alt=\"\" class=\"wp-image-4331\" srcset=\"https:\/\/www.helloskola.cz\/gymnazium\/wp-content\/uploads\/sites\/3\/2023\/05\/Image-4-1-1024x768.jpeg 1024w, https:\/\/www.helloskola.cz\/gymnazium\/wp-content\/uploads\/sites\/3\/2023\/05\/Image-4-1-300x225.jpeg 300w, https:\/\/www.helloskola.cz\/gymnazium\/wp-content\/uploads\/sites\/3\/2023\/05\/Image-4-1-768x576.jpeg 768w, https:\/\/www.helloskola.cz\/gymnazium\/wp-content\/uploads\/sites\/3\/2023\/05\/Image-4-1-1536x1152.jpeg 1536w, https:\/\/www.helloskola.cz\/gymnazium\/wp-content\/uploads\/sites\/3\/2023\/05\/Image-4-1.jpeg 1600w\" sizes=\"(max-width: 1024px) 100vw, 1024px\" \/><\/figure>\n\n\n\n<figure class=\"wp-block-image size-large\"><img loading=\"lazy\" decoding=\"async\" width=\"1024\" height=\"768\" data-id=\"4333\" src=\"https:\/\/www.helloskola.cz\/gymnazium\/wp-content\/uploads\/sites\/3\/2023\/05\/Image-3-1-1024x768.jpeg\" alt=\"\" class=\"wp-image-4333\" srcset=\"https:\/\/www.helloskola.cz\/gymnazium\/wp-content\/uploads\/sites\/3\/2023\/05\/Image-3-1-1024x768.jpeg 1024w, https:\/\/www.helloskola.cz\/gymnazium\/wp-content\/uploads\/sites\/3\/2023\/05\/Image-3-1-300x225.jpeg 300w, https:\/\/www.helloskola.cz\/gymnazium\/wp-content\/uploads\/sites\/3\/2023\/05\/Image-3-1-768x576.jpeg 768w, https:\/\/www.helloskola.cz\/gymnazium\/wp-content\/uploads\/sites\/3\/2023\/05\/Image-3-1-1536x1152.jpeg 1536w, https:\/\/www.helloskola.cz\/gymnazium\/wp-content\/uploads\/sites\/3\/2023\/05\/Image-3-1.jpeg 1600w\" sizes=\"(max-width: 1024px) 100vw, 1024px\" \/><\/figure>\n<\/figure>\n","protected":false},"featured_media":4325,"template":"","kategorie-skolni-rok":[27],"class_list":["post-4321","novinky","type-novinky","status-publish","has-post-thumbnail","hentry","kategorie-skolni-rok-2-pololeti-skolni-rok-2022-2023"],"yoast_head":"<!-- This site is optimized with the Yoast SEO plugin v24.8.1 - https:\/\/yoast.com\/wordpress\/plugins\/seo\/ -->\n<title>P\u0159\u00edrodov\u011bdn\u00e9 soust\u0159ed\u011bn\u00ed ve Vra\u017en\u00e9m | Gymn\u00e1zium HELLO<\/title>\n<meta name=\"robots\" content=\"index, follow, max-snippet:-1, max-image-preview:large, max-video-preview:-1\" \/>\n<link rel=\"canonical\" href=\"https:\/\/www.helloskola.cz\/gymnazium\/novinky\/prirodovedne-soustredeni-ve-vraznem\/\" \/>\n<meta property=\"og:locale\" content=\"cs_CZ\" \/>\n<meta property=\"og:type\" content=\"article\" \/>\n<meta property=\"og:title\" content=\"P\u0159\u00edrodov\u011bdn\u00e9 soust\u0159ed\u011bn\u00ed ve Vra\u017en\u00e9m | Gymn\u00e1zium HELLO\" \/>\n<meta property=\"og:description\" content=\"\u017d\u00e1ci prvn\u00edho a druh\u00e9ho ro\u010dn\u00edku vyjeli za\u010d\u00e1tkem kv\u011btna na prvn\u00ed ro\u010dn\u00edk p\u0159\u00edrodov\u011bdn\u00e9ho soust\u0159ed\u011bn\u00ed ve Vra\u017en\u00e9m. Ubytovali se stylov\u011b &#8211; v rodn\u00e9m dom\u011b G. J. Mendela. Zakon\u010dili tak celoro\u010dn\u00ed p\u0159\u00edrodov\u011bdnou sout\u011b\u017e, dozv\u011bd\u011bli se o zakladateli genetiky, sf\u00e1rali do b\u0159idlicov\u00e9ho dolu, roz\u0161\u00ed\u0159ili si obzory zoologick\u00e9 (po\u0161tovn\u00ed holubi) a botanick\u00e9 (ur\u010dov\u00e1n\u00ed rostlin, sb\u011br jedl\u00fdch rostlin) a p\u0159i\u0161li na [&hellip;]\" \/>\n<meta property=\"og:url\" content=\"https:\/\/www.helloskola.cz\/gymnazium\/novinky\/prirodovedne-soustredeni-ve-vraznem\/\" \/>\n<meta property=\"og:site_name\" content=\"Gymn\u00e1zium HELLO\" \/>\n<meta property=\"article:modified_time\" content=\"2023-05-29T12:31:35+00:00\" \/>\n<meta property=\"og:image\" content=\"https:\/\/www.helloskola.cz\/gymnazium\/wp-content\/uploads\/sites\/3\/2023\/05\/Image-7.jpeg\" \/>\n\t<meta property=\"og:image:width\" content=\"1536\" \/>\n\t<meta property=\"og:image:height\" content=\"2048\" \/>\n\t<meta property=\"og:image:type\" content=\"image\/jpeg\" \/>\n<meta name=\"twitter:card\" content=\"summary_large_image\" \/>\n<meta name=\"twitter:label1\" content=\"Odhadovan\u00e1 doba \u010dten\u00ed\" \/>\n\t<meta name=\"twitter:data1\" content=\"2 minuty\" \/>\n<script type=\"application\/ld+json\" class=\"yoast-schema-graph\">{\"@context\":\"https:\/\/schema.org\",\"@graph\":[{\"@type\":\"WebPage\",\"@id\":\"https:\/\/www.helloskola.cz\/gymnazium\/novinky\/prirodovedne-soustredeni-ve-vraznem\/\",\"url\":\"https:\/\/www.helloskola.cz\/gymnazium\/novinky\/prirodovedne-soustredeni-ve-vraznem\/\",\"name\":\"P\u0159\u00edrodov\u011bdn\u00e9 soust\u0159ed\u011bn\u00ed ve Vra\u017en\u00e9m | Gymn\u00e1zium HELLO\",\"isPartOf\":{\"@id\":\"https:\/\/www.helloskola.cz\/gymnazium\/#website\"},\"primaryImageOfPage\":{\"@id\":\"https:\/\/www.helloskola.cz\/gymnazium\/novinky\/prirodovedne-soustredeni-ve-vraznem\/#primaryimage\"},\"image\":{\"@id\":\"https:\/\/www.helloskola.cz\/gymnazium\/novinky\/prirodovedne-soustredeni-ve-vraznem\/#primaryimage\"},\"thumbnailUrl\":\"https:\/\/www.helloskola.cz\/gymnazium\/wp-content\/uploads\/sites\/3\/2023\/05\/Image-7.jpeg\",\"datePublished\":\"2023-05-28T08:37:30+00:00\",\"dateModified\":\"2023-05-29T12:31:35+00:00\",\"breadcrumb\":{\"@id\":\"https:\/\/www.helloskola.cz\/gymnazium\/novinky\/prirodovedne-soustredeni-ve-vraznem\/#breadcrumb\"},\"inLanguage\":\"cs\",\"potentialAction\":[{\"@type\":\"ReadAction\",\"target\":[\"https:\/\/www.helloskola.cz\/gymnazium\/novinky\/prirodovedne-soustredeni-ve-vraznem\/\"]}]},{\"@type\":\"ImageObject\",\"inLanguage\":\"cs\",\"@id\":\"https:\/\/www.helloskola.cz\/gymnazium\/novinky\/prirodovedne-soustredeni-ve-vraznem\/#primaryimage\",\"url\":\"https:\/\/www.helloskola.cz\/gymnazium\/wp-content\/uploads\/sites\/3\/2023\/05\/Image-7.jpeg\",\"contentUrl\":\"https:\/\/www.helloskola.cz\/gymnazium\/wp-content\/uploads\/sites\/3\/2023\/05\/Image-7.jpeg\",\"width\":1536,\"height\":2048},{\"@type\":\"BreadcrumbList\",\"@id\":\"https:\/\/www.helloskola.cz\/gymnazium\/novinky\/prirodovedne-soustredeni-ve-vraznem\/#breadcrumb\",\"itemListElement\":[{\"@type\":\"ListItem\",\"position\":1,\"name\":\"\u00davod\",\"item\":\"https:\/\/www.helloskola.cz\/gymnazium\/\"},{\"@type\":\"ListItem\",\"position\":2,\"name\":\"Novinky\",\"item\":\"https:\/\/www.helloskola.cz\/gymnazium\/novinky\/\"},{\"@type\":\"ListItem\",\"position\":3,\"name\":\"\u0160koln\u00ed rok 2022\/2023\",\"item\":\"https:\/\/www.helloskola.cz\/gymnazium\/kategorie-skolni-rok\/skolni-rok-2022-2023\/\"},{\"@type\":\"ListItem\",\"position\":4,\"name\":\"2. Pololet\u00ed\",\"item\":\"https:\/\/www.helloskola.cz\/gymnazium\/kategorie-skolni-rok\/2-pololeti-skolni-rok-2022-2023\/\"},{\"@type\":\"ListItem\",\"position\":5,\"name\":\"P\u0159\u00edrodov\u011bdn\u00e9 soust\u0159ed\u011bn\u00ed ve Vra\u017en\u00e9m\"}]},{\"@type\":\"WebSite\",\"@id\":\"https:\/\/www.helloskola.cz\/gymnazium\/#website\",\"url\":\"https:\/\/www.helloskola.cz\/gymnazium\/\",\"name\":\"Gymn\u00e1zium HELLO\",\"description\":\"St\u0159edn\u00ed \u0161kola s pos\u00edlenou v\u00fdukou ciz\u00edch jazyk\u016f\",\"publisher\":{\"@id\":\"https:\/\/www.helloskola.cz\/gymnazium\/#organization\"},\"potentialAction\":[{\"@type\":\"SearchAction\",\"target\":{\"@type\":\"EntryPoint\",\"urlTemplate\":\"https:\/\/www.helloskola.cz\/gymnazium\/?s={search_term_string}\"},\"query-input\":{\"@type\":\"PropertyValueSpecification\",\"valueRequired\":true,\"valueName\":\"search_term_string\"}}],\"inLanguage\":\"cs\"},{\"@type\":\"Organization\",\"@id\":\"https:\/\/www.helloskola.cz\/gymnazium\/#organization\",\"name\":\"Gymn\u00e1zium Hello\",\"url\":\"https:\/\/www.helloskola.cz\/gymnazium\/\",\"logo\":{\"@type\":\"ImageObject\",\"inLanguage\":\"cs\",\"@id\":\"https:\/\/www.helloskola.cz\/gymnazium\/#\/schema\/logo\/image\/\",\"url\":\"https:\/\/www.helloskola.cz\/gymnazium\/wp-content\/uploads\/sites\/3\/2022\/02\/hello_gy_cmyk-1.svg\",\"contentUrl\":\"https:\/\/www.helloskola.cz\/gymnazium\/wp-content\/uploads\/sites\/3\/2022\/02\/hello_gy_cmyk-1.svg\",\"width\":100,\"height\":100,\"caption\":\"Gymn\u00e1zium Hello\"},\"image\":{\"@id\":\"https:\/\/www.helloskola.cz\/gymnazium\/#\/schema\/logo\/image\/\"}}]}<\/script>\n<!-- \/ Yoast SEO plugin. -->","yoast_head_json":{"title":"P\u0159\u00edrodov\u011bdn\u00e9 soust\u0159ed\u011bn\u00ed ve Vra\u017en\u00e9m | Gymn\u00e1zium HELLO","robots":{"index":"index","follow":"follow","max-snippet":"max-snippet:-1","max-image-preview":"max-image-preview:large","max-video-preview":"max-video-preview:-1"},"canonical":"https:\/\/www.helloskola.cz\/gymnazium\/novinky\/prirodovedne-soustredeni-ve-vraznem\/","og_locale":"cs_CZ","og_type":"article","og_title":"P\u0159\u00edrodov\u011bdn\u00e9 soust\u0159ed\u011bn\u00ed ve Vra\u017en\u00e9m | Gymn\u00e1zium HELLO","og_description":"\u017d\u00e1ci prvn\u00edho a druh\u00e9ho ro\u010dn\u00edku vyjeli za\u010d\u00e1tkem kv\u011btna na prvn\u00ed ro\u010dn\u00edk p\u0159\u00edrodov\u011bdn\u00e9ho soust\u0159ed\u011bn\u00ed ve Vra\u017en\u00e9m. Ubytovali se stylov\u011b &#8211; v rodn\u00e9m dom\u011b G. J. Mendela. Zakon\u010dili tak celoro\u010dn\u00ed p\u0159\u00edrodov\u011bdnou sout\u011b\u017e, dozv\u011bd\u011bli se o zakladateli genetiky, sf\u00e1rali do b\u0159idlicov\u00e9ho dolu, roz\u0161\u00ed\u0159ili si obzory zoologick\u00e9 (po\u0161tovn\u00ed holubi) a botanick\u00e9 (ur\u010dov\u00e1n\u00ed rostlin, sb\u011br jedl\u00fdch rostlin) a p\u0159i\u0161li na [&hellip;]","og_url":"https:\/\/www.helloskola.cz\/gymnazium\/novinky\/prirodovedne-soustredeni-ve-vraznem\/","og_site_name":"Gymn\u00e1zium HELLO","article_modified_time":"2023-05-29T12:31:35+00:00","og_image":[{"width":1536,"height":2048,"url":"https:\/\/www.helloskola.cz\/gymnazium\/wp-content\/uploads\/sites\/3\/2023\/05\/Image-7.jpeg","type":"image\/jpeg"}],"twitter_card":"summary_large_image","twitter_misc":{"Odhadovan\u00e1 doba \u010dten\u00ed":"2 minuty"},"schema":{"@context":"https:\/\/schema.org","@graph":[{"@type":"WebPage","@id":"https:\/\/www.helloskola.cz\/gymnazium\/novinky\/prirodovedne-soustredeni-ve-vraznem\/","url":"https:\/\/www.helloskola.cz\/gymnazium\/novinky\/prirodovedne-soustredeni-ve-vraznem\/","name":"P\u0159\u00edrodov\u011bdn\u00e9 soust\u0159ed\u011bn\u00ed ve Vra\u017en\u00e9m | Gymn\u00e1zium HELLO","isPartOf":{"@id":"https:\/\/www.helloskola.cz\/gymnazium\/#website"},"primaryImageOfPage":{"@id":"https:\/\/www.helloskola.cz\/gymnazium\/novinky\/prirodovedne-soustredeni-ve-vraznem\/#primaryimage"},"image":{"@id":"https:\/\/www.helloskola.cz\/gymnazium\/novinky\/prirodovedne-soustredeni-ve-vraznem\/#primaryimage"},"thumbnailUrl":"https:\/\/www.helloskola.cz\/gymnazium\/wp-content\/uploads\/sites\/3\/2023\/05\/Image-7.jpeg","datePublished":"2023-05-28T08:37:30+00:00","dateModified":"2023-05-29T12:31:35+00:00","breadcrumb":{"@id":"https:\/\/www.helloskola.cz\/gymnazium\/novinky\/prirodovedne-soustredeni-ve-vraznem\/#breadcrumb"},"inLanguage":"cs","potentialAction":[{"@type":"ReadAction","target":["https:\/\/www.helloskola.cz\/gymnazium\/novinky\/prirodovedne-soustredeni-ve-vraznem\/"]}]},{"@type":"ImageObject","inLanguage":"cs","@id":"https:\/\/www.helloskola.cz\/gymnazium\/novinky\/prirodovedne-soustredeni-ve-vraznem\/#primaryimage","url":"https:\/\/www.helloskola.cz\/gymnazium\/wp-content\/uploads\/sites\/3\/2023\/05\/Image-7.jpeg","contentUrl":"https:\/\/www.helloskola.cz\/gymnazium\/wp-content\/uploads\/sites\/3\/2023\/05\/Image-7.jpeg","width":1536,"height":2048},{"@type":"BreadcrumbList","@id":"https:\/\/www.helloskola.cz\/gymnazium\/novinky\/prirodovedne-soustredeni-ve-vraznem\/#breadcrumb","itemListElement":[{"@type":"ListItem","position":1,"name":"\u00davod","item":"https:\/\/www.helloskola.cz\/gymnazium\/"},{"@type":"ListItem","position":2,"name":"Novinky","item":"https:\/\/www.helloskola.cz\/gymnazium\/novinky\/"},{"@type":"ListItem","position":3,"name":"\u0160koln\u00ed rok 2022\/2023","item":"https:\/\/www.helloskola.cz\/gymnazium\/kategorie-skolni-rok\/skolni-rok-2022-2023\/"},{"@type":"ListItem","position":4,"name":"2. Pololet\u00ed","item":"https:\/\/www.helloskola.cz\/gymnazium\/kategorie-skolni-rok\/2-pololeti-skolni-rok-2022-2023\/"},{"@type":"ListItem","position":5,"name":"P\u0159\u00edrodov\u011bdn\u00e9 soust\u0159ed\u011bn\u00ed ve Vra\u017en\u00e9m"}]},{"@type":"WebSite","@id":"https:\/\/www.helloskola.cz\/gymnazium\/#website","url":"https:\/\/www.helloskola.cz\/gymnazium\/","name":"Gymn\u00e1zium HELLO","description":"St\u0159edn\u00ed \u0161kola s pos\u00edlenou v\u00fdukou ciz\u00edch jazyk\u016f","publisher":{"@id":"https:\/\/www.helloskola.cz\/gymnazium\/#organization"},"potentialAction":[{"@type":"SearchAction","target":{"@type":"EntryPoint","urlTemplate":"https:\/\/www.helloskola.cz\/gymnazium\/?s={search_term_string}"},"query-input":{"@type":"PropertyValueSpecification","valueRequired":true,"valueName":"search_term_string"}}],"inLanguage":"cs"},{"@type":"Organization","@id":"https:\/\/www.helloskola.cz\/gymnazium\/#organization","name":"Gymn\u00e1zium Hello","url":"https:\/\/www.helloskola.cz\/gymnazium\/","logo":{"@type":"ImageObject","inLanguage":"cs","@id":"https:\/\/www.helloskola.cz\/gymnazium\/#\/schema\/logo\/image\/","url":"https:\/\/www.helloskola.cz\/gymnazium\/wp-content\/uploads\/sites\/3\/2022\/02\/hello_gy_cmyk-1.svg","contentUrl":"https:\/\/www.helloskola.cz\/gymnazium\/wp-content\/uploads\/sites\/3\/2022\/02\/hello_gy_cmyk-1.svg","width":100,"height":100,"caption":"Gymn\u00e1zium Hello"},"image":{"@id":"https:\/\/www.helloskola.cz\/gymnazium\/#\/schema\/logo\/image\/"}}]}},"_links":{"self":[{"href":"https:\/\/www.helloskola.cz\/gymnazium\/wp-json\/wp\/v2\/novinky\/4321","targetHints":{"allow":["GET"]}}],"collection":[{"href":"https:\/\/www.helloskola.cz\/gymnazium\/wp-json\/wp\/v2\/novinky"}],"about":[{"href":"https:\/\/www.helloskola.cz\/gymnazium\/wp-json\/wp\/v2\/types\/novinky"}],"wp:featuredmedia":[{"embeddable":true,"href":"https:\/\/www.helloskola.cz\/gymnazium\/wp-json\/wp\/v2\/media\/4325"}],"wp:attachment":[{"href":"https:\/\/www.helloskola.cz\/gymnazium\/wp-json\/wp\/v2\/media?parent=4321"}],"wp:term":[{"taxonomy":"kategorie-skolni-rok","embeddable":true,"href":"https:\/\/www.helloskola.cz\/gymnazium\/wp-json\/wp\/v2\/kategorie-skolni-rok?post=4321"}],"curies":[{"name":"wp","href":"https:\/\/api.w.org\/{rel}","templated":true}]}}