{"id":4277,"date":"2023-04-28T11:36:55","date_gmt":"2023-04-28T09:36:55","guid":{"rendered":"https:\/\/www.helloskola.cz\/gymnazium\/?post_type=novinky&#038;p=4277"},"modified":"2023-04-28T11:37:20","modified_gmt":"2023-04-28T09:37:20","slug":"jeli-jsme-az-do-finale","status":"publish","type":"novinky","link":"https:\/\/www.helloskola.cz\/gymnazium\/novinky\/jeli-jsme-az-do-finale\/","title":{"rendered":"Jeli jsme a\u017e do fin\u00e1le!"},"content":{"rendered":"\n<p><strong>Debatn\u00ed sez\u00f3na 2022\/2023<\/strong>&nbsp;sko\u010dila velk\u00fdm fin\u00e1le. Mus\u00edme uznat, \u017ee se neslo v duchu velk\u00fdch \u00fasp\u011bch\u016f. Sice n\u00e1m o fous uteklo samotn\u00e9 fin\u00e1le, nicm\u00e9n\u011b v\u00fd\u010det dal\u0161\u00edch ocen\u011bn\u00ed je \u00factyhodn\u00fd.<\/p>\n\n\n\n<p><strong>Viki Pat\u00f3csov\u00e1<\/strong>&nbsp;se prodebatovala na 10. nejlep\u0161\u00ed \u0159e\u010dnici anglick\u00e9 ligy z celkov\u00fdch 147<\/p>\n\n\n\n<p><strong>Jul\u010da \u0160p\u00edlov\u00e1<\/strong>&nbsp;se dostala na druhou p\u0159\u00ed\u010dku v nov\u00e1\u010dkovsk\u00e9 kategorii<\/p>\n\n\n\n<p>a n\u00e1\u0161 tren\u00e9r&nbsp;<strong>Honza<\/strong>&nbsp;z\u00edskal titul nejlep\u0161\u00edho \u0159e\u010dn\u00edka cel\u00e9 debatn\u00ed ligy.<\/p>\n\n\n\n<p>Bodovali jsme i v t\u00fdmov\u00e9 kategorii. T\u00fdm&nbsp;<strong>Bonjour&nbsp;<\/strong>se um\u00edstil v Debatn\u00edm poh\u00e1ru na \u00fa\u017easn\u00e9m 3. m\u00edst\u011b a v Debate league na celkov\u00e9m 6. m\u00edst\u011b ze 40 a na celkov\u00e9m 8. m\u00edst\u011b na Debatn\u00ed lize z celkem 60 t\u00fdm\u016f.<\/p>\n\n\n\n<p>T\u00fdm&nbsp;<strong>Muglinov Muggers<\/strong>&nbsp;se probojoval na 4. m\u00edsto v Debate league, co\u017e je mimo\u0159\u00e1dn\u00fd \u00fasp\u011bch.<\/p>\n\n\n\n<p>T\u00fdm tren\u00e9ra Honzy \u2013&nbsp;<strong>The Siblings<\/strong>&nbsp;\u2013 z\u00edskal kr\u00e1sn\u00e9 3. m\u00edsto na Debatn\u00ed lize.<\/p>\n\n\n\n<p>Nesm\u00edme zapomenout na na\u0161e \u00fapln\u00e9 nov\u00e1\u010dky, kte\u0159\u00ed se um\u00edstili na 9. m\u00edst\u011b z 20 na Open turnaji. Jako tren\u00e9\u0159i jsme na n\u011b velmi py\u0161n\u00ed, a proto\u017ee maj\u00ed celou kari\u00e9ru p\u0159ed sebou, je\u0161t\u011b o nich usly\u0161\u00edme.<\/p>\n\n\n\n<p><strong>Jakub Hlav\u00e1\u010dek, tren\u00e9r<\/strong><\/p>\n\n\n\n<figure class=\"wp-block-gallery has-nested-images columns-default is-cropped wp-block-gallery-1 is-layout-flex wp-block-gallery-is-layout-flex\">\n<figure class=\"wp-block-image size-large\"><img fetchpriority=\"high\" decoding=\"async\" width=\"1024\" height=\"683\" data-id=\"4280\" src=\"https:\/\/www.helloskola.cz\/gymnazium\/wp-content\/uploads\/sites\/3\/2023\/04\/343582907_251273507295564_1844207749333906651_n-1024x683.jpg\" alt=\"\" class=\"wp-image-4280\" srcset=\"https:\/\/www.helloskola.cz\/gymnazium\/wp-content\/uploads\/sites\/3\/2023\/04\/343582907_251273507295564_1844207749333906651_n-1024x683.jpg 1024w, https:\/\/www.helloskola.cz\/gymnazium\/wp-content\/uploads\/sites\/3\/2023\/04\/343582907_251273507295564_1844207749333906651_n-300x200.jpg 300w, https:\/\/www.helloskola.cz\/gymnazium\/wp-content\/uploads\/sites\/3\/2023\/04\/343582907_251273507295564_1844207749333906651_n-768x512.jpg 768w, https:\/\/www.helloskola.cz\/gymnazium\/wp-content\/uploads\/sites\/3\/2023\/04\/343582907_251273507295564_1844207749333906651_n.jpg 1386w\" sizes=\"(max-width: 1024px) 100vw, 1024px\" \/><\/figure>\n\n\n\n<figure class=\"wp-block-image size-large\"><img decoding=\"async\" width=\"930\" height=\"620\" data-id=\"4278\" src=\"https:\/\/www.helloskola.cz\/gymnazium\/wp-content\/uploads\/sites\/3\/2023\/04\/342969752_244030214827342_4899669962632280178_n.jpg\" alt=\"\" class=\"wp-image-4278\" srcset=\"https:\/\/www.helloskola.cz\/gymnazium\/wp-content\/uploads\/sites\/3\/2023\/04\/342969752_244030214827342_4899669962632280178_n.jpg 930w, https:\/\/www.helloskola.cz\/gymnazium\/wp-content\/uploads\/sites\/3\/2023\/04\/342969752_244030214827342_4899669962632280178_n-300x200.jpg 300w, https:\/\/www.helloskola.cz\/gymnazium\/wp-content\/uploads\/sites\/3\/2023\/04\/342969752_244030214827342_4899669962632280178_n-768x512.jpg 768w\" sizes=\"(max-width: 930px) 100vw, 930px\" \/><\/figure>\n\n\n\n<figure class=\"wp-block-image size-large\"><img decoding=\"async\" width=\"1024\" height=\"683\" data-id=\"4281\" src=\"https:\/\/www.helloskola.cz\/gymnazium\/wp-content\/uploads\/sites\/3\/2023\/04\/343208339_1299123167333111_5608196279800629876_n-1024x683.jpg\" alt=\"\" class=\"wp-image-4281\" srcset=\"https:\/\/www.helloskola.cz\/gymnazium\/wp-content\/uploads\/sites\/3\/2023\/04\/343208339_1299123167333111_5608196279800629876_n-1024x683.jpg 1024w, https:\/\/www.helloskola.cz\/gymnazium\/wp-content\/uploads\/sites\/3\/2023\/04\/343208339_1299123167333111_5608196279800629876_n-300x200.jpg 300w, https:\/\/www.helloskola.cz\/gymnazium\/wp-content\/uploads\/sites\/3\/2023\/04\/343208339_1299123167333111_5608196279800629876_n-768x512.jpg 768w, https:\/\/www.helloskola.cz\/gymnazium\/wp-content\/uploads\/sites\/3\/2023\/04\/343208339_1299123167333111_5608196279800629876_n.jpg 1386w\" sizes=\"(max-width: 1024px) 100vw, 1024px\" \/><\/figure>\n\n\n\n<figure class=\"wp-block-image size-full\"><img loading=\"lazy\" decoding=\"async\" width=\"930\" height=\"620\" data-id=\"4279\" src=\"https:\/\/www.helloskola.cz\/gymnazium\/wp-content\/uploads\/sites\/3\/2023\/04\/342975766_953431735678741_6245023694150313280_n.jpg\" alt=\"\" class=\"wp-image-4279\" srcset=\"https:\/\/www.helloskola.cz\/gymnazium\/wp-content\/uploads\/sites\/3\/2023\/04\/342975766_953431735678741_6245023694150313280_n.jpg 930w, https:\/\/www.helloskola.cz\/gymnazium\/wp-content\/uploads\/sites\/3\/2023\/04\/342975766_953431735678741_6245023694150313280_n-300x200.jpg 300w, https:\/\/www.helloskola.cz\/gymnazium\/wp-content\/uploads\/sites\/3\/2023\/04\/342975766_953431735678741_6245023694150313280_n-768x512.jpg 768w\" sizes=\"(max-width: 930px) 100vw, 930px\" \/><\/figure>\n<\/figure>\n","protected":false},"featured_media":4275,"template":"","kategorie-skolni-rok":[27],"class_list":["post-4277","novinky","type-novinky","status-publish","has-post-thumbnail","hentry","kategorie-skolni-rok-2-pololeti-skolni-rok-2022-2023"],"yoast_head":"<!-- This site is optimized with the Yoast SEO plugin v24.8.1 - https:\/\/yoast.com\/wordpress\/plugins\/seo\/ -->\n<title>Jeli jsme a\u017e do fin\u00e1le! | Gymn\u00e1zium HELLO<\/title>\n<meta name=\"robots\" content=\"index, follow, max-snippet:-1, max-image-preview:large, max-video-preview:-1\" \/>\n<link rel=\"canonical\" href=\"https:\/\/www.helloskola.cz\/gymnazium\/novinky\/jeli-jsme-az-do-finale\/\" \/>\n<meta property=\"og:locale\" content=\"cs_CZ\" \/>\n<meta property=\"og:type\" content=\"article\" \/>\n<meta property=\"og:title\" content=\"Jeli jsme a\u017e do fin\u00e1le! | Gymn\u00e1zium HELLO\" \/>\n<meta property=\"og:description\" content=\"Debatn\u00ed sez\u00f3na 2022\/2023&nbsp;sko\u010dila velk\u00fdm fin\u00e1le. Mus\u00edme uznat, \u017ee se neslo v duchu velk\u00fdch \u00fasp\u011bch\u016f. Sice n\u00e1m o fous uteklo samotn\u00e9 fin\u00e1le, nicm\u00e9n\u011b v\u00fd\u010det dal\u0161\u00edch ocen\u011bn\u00ed je \u00factyhodn\u00fd. Viki Pat\u00f3csov\u00e1&nbsp;se prodebatovala na 10. nejlep\u0161\u00ed \u0159e\u010dnici anglick\u00e9 ligy z celkov\u00fdch 147 Jul\u010da \u0160p\u00edlov\u00e1&nbsp;se dostala na druhou p\u0159\u00ed\u010dku v nov\u00e1\u010dkovsk\u00e9 kategorii a n\u00e1\u0161 tren\u00e9r&nbsp;Honza&nbsp;z\u00edskal titul nejlep\u0161\u00edho \u0159e\u010dn\u00edka cel\u00e9 [&hellip;]\" \/>\n<meta property=\"og:url\" content=\"https:\/\/www.helloskola.cz\/gymnazium\/novinky\/jeli-jsme-az-do-finale\/\" \/>\n<meta property=\"og:site_name\" content=\"Gymn\u00e1zium HELLO\" \/>\n<meta property=\"article:modified_time\" content=\"2023-04-28T09:37:20+00:00\" \/>\n<meta property=\"og:image\" content=\"https:\/\/www.helloskola.cz\/gymnazium\/wp-content\/uploads\/sites\/3\/2023\/04\/Sedy-Leto-Deti-Vesele-Vzpominky-Post-na-Facebook-4.png\" \/>\n\t<meta property=\"og:image:width\" content=\"940\" \/>\n\t<meta property=\"og:image:height\" content=\"788\" \/>\n\t<meta property=\"og:image:type\" content=\"image\/png\" \/>\n<meta name=\"twitter:card\" content=\"summary_large_image\" \/>\n<meta name=\"twitter:label1\" content=\"Odhadovan\u00e1 doba \u010dten\u00ed\" \/>\n\t<meta name=\"twitter:data1\" content=\"2 minuty\" \/>\n<script type=\"application\/ld+json\" class=\"yoast-schema-graph\">{\"@context\":\"https:\/\/schema.org\",\"@graph\":[{\"@type\":\"WebPage\",\"@id\":\"https:\/\/www.helloskola.cz\/gymnazium\/novinky\/jeli-jsme-az-do-finale\/\",\"url\":\"https:\/\/www.helloskola.cz\/gymnazium\/novinky\/jeli-jsme-az-do-finale\/\",\"name\":\"Jeli jsme a\u017e do fin\u00e1le! | Gymn\u00e1zium HELLO\",\"isPartOf\":{\"@id\":\"https:\/\/www.helloskola.cz\/gymnazium\/#website\"},\"primaryImageOfPage\":{\"@id\":\"https:\/\/www.helloskola.cz\/gymnazium\/novinky\/jeli-jsme-az-do-finale\/#primaryimage\"},\"image\":{\"@id\":\"https:\/\/www.helloskola.cz\/gymnazium\/novinky\/jeli-jsme-az-do-finale\/#primaryimage\"},\"thumbnailUrl\":\"https:\/\/www.helloskola.cz\/gymnazium\/wp-content\/uploads\/sites\/3\/2023\/04\/Sedy-Leto-Deti-Vesele-Vzpominky-Post-na-Facebook-4.png\",\"datePublished\":\"2023-04-28T09:36:55+00:00\",\"dateModified\":\"2023-04-28T09:37:20+00:00\",\"breadcrumb\":{\"@id\":\"https:\/\/www.helloskola.cz\/gymnazium\/novinky\/jeli-jsme-az-do-finale\/#breadcrumb\"},\"inLanguage\":\"cs\",\"potentialAction\":[{\"@type\":\"ReadAction\",\"target\":[\"https:\/\/www.helloskola.cz\/gymnazium\/novinky\/jeli-jsme-az-do-finale\/\"]}]},{\"@type\":\"ImageObject\",\"inLanguage\":\"cs\",\"@id\":\"https:\/\/www.helloskola.cz\/gymnazium\/novinky\/jeli-jsme-az-do-finale\/#primaryimage\",\"url\":\"https:\/\/www.helloskola.cz\/gymnazium\/wp-content\/uploads\/sites\/3\/2023\/04\/Sedy-Leto-Deti-Vesele-Vzpominky-Post-na-Facebook-4.png\",\"contentUrl\":\"https:\/\/www.helloskola.cz\/gymnazium\/wp-content\/uploads\/sites\/3\/2023\/04\/Sedy-Leto-Deti-Vesele-Vzpominky-Post-na-Facebook-4.png\",\"width\":940,\"height\":788},{\"@type\":\"BreadcrumbList\",\"@id\":\"https:\/\/www.helloskola.cz\/gymnazium\/novinky\/jeli-jsme-az-do-finale\/#breadcrumb\",\"itemListElement\":[{\"@type\":\"ListItem\",\"position\":1,\"name\":\"\u00davod\",\"item\":\"https:\/\/www.helloskola.cz\/gymnazium\/\"},{\"@type\":\"ListItem\",\"position\":2,\"name\":\"Novinky\",\"item\":\"https:\/\/www.helloskola.cz\/gymnazium\/novinky\/\"},{\"@type\":\"ListItem\",\"position\":3,\"name\":\"\u0160koln\u00ed rok 2022\/2023\",\"item\":\"https:\/\/www.helloskola.cz\/gymnazium\/kategorie-skolni-rok\/skolni-rok-2022-2023\/\"},{\"@type\":\"ListItem\",\"position\":4,\"name\":\"2. Pololet\u00ed\",\"item\":\"https:\/\/www.helloskola.cz\/gymnazium\/kategorie-skolni-rok\/2-pololeti-skolni-rok-2022-2023\/\"},{\"@type\":\"ListItem\",\"position\":5,\"name\":\"Jeli jsme a\u017e do fin\u00e1le!\"}]},{\"@type\":\"WebSite\",\"@id\":\"https:\/\/www.helloskola.cz\/gymnazium\/#website\",\"url\":\"https:\/\/www.helloskola.cz\/gymnazium\/\",\"name\":\"Gymn\u00e1zium HELLO\",\"description\":\"St\u0159edn\u00ed \u0161kola s pos\u00edlenou v\u00fdukou ciz\u00edch jazyk\u016f\",\"publisher\":{\"@id\":\"https:\/\/www.helloskola.cz\/gymnazium\/#organization\"},\"potentialAction\":[{\"@type\":\"SearchAction\",\"target\":{\"@type\":\"EntryPoint\",\"urlTemplate\":\"https:\/\/www.helloskola.cz\/gymnazium\/?s={search_term_string}\"},\"query-input\":{\"@type\":\"PropertyValueSpecification\",\"valueRequired\":true,\"valueName\":\"search_term_string\"}}],\"inLanguage\":\"cs\"},{\"@type\":\"Organization\",\"@id\":\"https:\/\/www.helloskola.cz\/gymnazium\/#organization\",\"name\":\"Gymn\u00e1zium Hello\",\"url\":\"https:\/\/www.helloskola.cz\/gymnazium\/\",\"logo\":{\"@type\":\"ImageObject\",\"inLanguage\":\"cs\",\"@id\":\"https:\/\/www.helloskola.cz\/gymnazium\/#\/schema\/logo\/image\/\",\"url\":\"https:\/\/www.helloskola.cz\/gymnazium\/wp-content\/uploads\/sites\/3\/2022\/02\/hello_gy_cmyk-1.svg\",\"contentUrl\":\"https:\/\/www.helloskola.cz\/gymnazium\/wp-content\/uploads\/sites\/3\/2022\/02\/hello_gy_cmyk-1.svg\",\"width\":100,\"height\":100,\"caption\":\"Gymn\u00e1zium Hello\"},\"image\":{\"@id\":\"https:\/\/www.helloskola.cz\/gymnazium\/#\/schema\/logo\/image\/\"}}]}<\/script>\n<!-- \/ Yoast SEO plugin. -->","yoast_head_json":{"title":"Jeli jsme a\u017e do fin\u00e1le! | Gymn\u00e1zium HELLO","robots":{"index":"index","follow":"follow","max-snippet":"max-snippet:-1","max-image-preview":"max-image-preview:large","max-video-preview":"max-video-preview:-1"},"canonical":"https:\/\/www.helloskola.cz\/gymnazium\/novinky\/jeli-jsme-az-do-finale\/","og_locale":"cs_CZ","og_type":"article","og_title":"Jeli jsme a\u017e do fin\u00e1le! | Gymn\u00e1zium HELLO","og_description":"Debatn\u00ed sez\u00f3na 2022\/2023&nbsp;sko\u010dila velk\u00fdm fin\u00e1le. Mus\u00edme uznat, \u017ee se neslo v duchu velk\u00fdch \u00fasp\u011bch\u016f. Sice n\u00e1m o fous uteklo samotn\u00e9 fin\u00e1le, nicm\u00e9n\u011b v\u00fd\u010det dal\u0161\u00edch ocen\u011bn\u00ed je \u00factyhodn\u00fd. Viki Pat\u00f3csov\u00e1&nbsp;se prodebatovala na 10. nejlep\u0161\u00ed \u0159e\u010dnici anglick\u00e9 ligy z celkov\u00fdch 147 Jul\u010da \u0160p\u00edlov\u00e1&nbsp;se dostala na druhou p\u0159\u00ed\u010dku v nov\u00e1\u010dkovsk\u00e9 kategorii a n\u00e1\u0161 tren\u00e9r&nbsp;Honza&nbsp;z\u00edskal titul nejlep\u0161\u00edho \u0159e\u010dn\u00edka cel\u00e9 [&hellip;]","og_url":"https:\/\/www.helloskola.cz\/gymnazium\/novinky\/jeli-jsme-az-do-finale\/","og_site_name":"Gymn\u00e1zium HELLO","article_modified_time":"2023-04-28T09:37:20+00:00","og_image":[{"width":940,"height":788,"url":"https:\/\/www.helloskola.cz\/gymnazium\/wp-content\/uploads\/sites\/3\/2023\/04\/Sedy-Leto-Deti-Vesele-Vzpominky-Post-na-Facebook-4.png","type":"image\/png"}],"twitter_card":"summary_large_image","twitter_misc":{"Odhadovan\u00e1 doba \u010dten\u00ed":"2 minuty"},"schema":{"@context":"https:\/\/schema.org","@graph":[{"@type":"WebPage","@id":"https:\/\/www.helloskola.cz\/gymnazium\/novinky\/jeli-jsme-az-do-finale\/","url":"https:\/\/www.helloskola.cz\/gymnazium\/novinky\/jeli-jsme-az-do-finale\/","name":"Jeli jsme a\u017e do fin\u00e1le! | Gymn\u00e1zium HELLO","isPartOf":{"@id":"https:\/\/www.helloskola.cz\/gymnazium\/#website"},"primaryImageOfPage":{"@id":"https:\/\/www.helloskola.cz\/gymnazium\/novinky\/jeli-jsme-az-do-finale\/#primaryimage"},"image":{"@id":"https:\/\/www.helloskola.cz\/gymnazium\/novinky\/jeli-jsme-az-do-finale\/#primaryimage"},"thumbnailUrl":"https:\/\/www.helloskola.cz\/gymnazium\/wp-content\/uploads\/sites\/3\/2023\/04\/Sedy-Leto-Deti-Vesele-Vzpominky-Post-na-Facebook-4.png","datePublished":"2023-04-28T09:36:55+00:00","dateModified":"2023-04-28T09:37:20+00:00","breadcrumb":{"@id":"https:\/\/www.helloskola.cz\/gymnazium\/novinky\/jeli-jsme-az-do-finale\/#breadcrumb"},"inLanguage":"cs","potentialAction":[{"@type":"ReadAction","target":["https:\/\/www.helloskola.cz\/gymnazium\/novinky\/jeli-jsme-az-do-finale\/"]}]},{"@type":"ImageObject","inLanguage":"cs","@id":"https:\/\/www.helloskola.cz\/gymnazium\/novinky\/jeli-jsme-az-do-finale\/#primaryimage","url":"https:\/\/www.helloskola.cz\/gymnazium\/wp-content\/uploads\/sites\/3\/2023\/04\/Sedy-Leto-Deti-Vesele-Vzpominky-Post-na-Facebook-4.png","contentUrl":"https:\/\/www.helloskola.cz\/gymnazium\/wp-content\/uploads\/sites\/3\/2023\/04\/Sedy-Leto-Deti-Vesele-Vzpominky-Post-na-Facebook-4.png","width":940,"height":788},{"@type":"BreadcrumbList","@id":"https:\/\/www.helloskola.cz\/gymnazium\/novinky\/jeli-jsme-az-do-finale\/#breadcrumb","itemListElement":[{"@type":"ListItem","position":1,"name":"\u00davod","item":"https:\/\/www.helloskola.cz\/gymnazium\/"},{"@type":"ListItem","position":2,"name":"Novinky","item":"https:\/\/www.helloskola.cz\/gymnazium\/novinky\/"},{"@type":"ListItem","position":3,"name":"\u0160koln\u00ed rok 2022\/2023","item":"https:\/\/www.helloskola.cz\/gymnazium\/kategorie-skolni-rok\/skolni-rok-2022-2023\/"},{"@type":"ListItem","position":4,"name":"2. Pololet\u00ed","item":"https:\/\/www.helloskola.cz\/gymnazium\/kategorie-skolni-rok\/2-pololeti-skolni-rok-2022-2023\/"},{"@type":"ListItem","position":5,"name":"Jeli jsme a\u017e do fin\u00e1le!"}]},{"@type":"WebSite","@id":"https:\/\/www.helloskola.cz\/gymnazium\/#website","url":"https:\/\/www.helloskola.cz\/gymnazium\/","name":"Gymn\u00e1zium HELLO","description":"St\u0159edn\u00ed \u0161kola s pos\u00edlenou v\u00fdukou ciz\u00edch jazyk\u016f","publisher":{"@id":"https:\/\/www.helloskola.cz\/gymnazium\/#organization"},"potentialAction":[{"@type":"SearchAction","target":{"@type":"EntryPoint","urlTemplate":"https:\/\/www.helloskola.cz\/gymnazium\/?s={search_term_string}"},"query-input":{"@type":"PropertyValueSpecification","valueRequired":true,"valueName":"search_term_string"}}],"inLanguage":"cs"},{"@type":"Organization","@id":"https:\/\/www.helloskola.cz\/gymnazium\/#organization","name":"Gymn\u00e1zium Hello","url":"https:\/\/www.helloskola.cz\/gymnazium\/","logo":{"@type":"ImageObject","inLanguage":"cs","@id":"https:\/\/www.helloskola.cz\/gymnazium\/#\/schema\/logo\/image\/","url":"https:\/\/www.helloskola.cz\/gymnazium\/wp-content\/uploads\/sites\/3\/2022\/02\/hello_gy_cmyk-1.svg","contentUrl":"https:\/\/www.helloskola.cz\/gymnazium\/wp-content\/uploads\/sites\/3\/2022\/02\/hello_gy_cmyk-1.svg","width":100,"height":100,"caption":"Gymn\u00e1zium Hello"},"image":{"@id":"https:\/\/www.helloskola.cz\/gymnazium\/#\/schema\/logo\/image\/"}}]}},"_links":{"self":[{"href":"https:\/\/www.helloskola.cz\/gymnazium\/wp-json\/wp\/v2\/novinky\/4277","targetHints":{"allow":["GET"]}}],"collection":[{"href":"https:\/\/www.helloskola.cz\/gymnazium\/wp-json\/wp\/v2\/novinky"}],"about":[{"href":"https:\/\/www.helloskola.cz\/gymnazium\/wp-json\/wp\/v2\/types\/novinky"}],"wp:featuredmedia":[{"embeddable":true,"href":"https:\/\/www.helloskola.cz\/gymnazium\/wp-json\/wp\/v2\/media\/4275"}],"wp:attachment":[{"href":"https:\/\/www.helloskola.cz\/gymnazium\/wp-json\/wp\/v2\/media?parent=4277"}],"wp:term":[{"taxonomy":"kategorie-skolni-rok","embeddable":true,"href":"https:\/\/www.helloskola.cz\/gymnazium\/wp-json\/wp\/v2\/kategorie-skolni-rok?post=4277"}],"curies":[{"name":"wp","href":"https:\/\/api.w.org\/{rel}","templated":true}]}}