{"id":4248,"date":"2023-03-28T20:56:33","date_gmt":"2023-03-28T18:56:33","guid":{"rendered":"https:\/\/www.helloskola.cz\/gymnazium\/?post_type=novinky&#038;p=4248"},"modified":"2023-03-28T20:56:34","modified_gmt":"2023-03-28T18:56:34","slug":"jsme-ve-finale-debaty-ceske-i-anglicke","status":"publish","type":"novinky","link":"https:\/\/www.helloskola.cz\/gymnazium\/novinky\/jsme-ve-finale-debaty-ceske-i-anglicke\/","title":{"rendered":"Jsme ve fin\u00e1le debaty! \u010cesk\u00e9 i anglick\u00e9!"},"content":{"rendered":"\n<figure class=\"wp-block-gallery has-nested-images columns-default is-cropped wp-block-gallery-1 is-layout-flex wp-block-gallery-is-layout-flex\">\n<figure class=\"wp-block-image size-large\"><img fetchpriority=\"high\" decoding=\"async\" width=\"1024\" height=\"684\" data-id=\"4249\" src=\"https:\/\/www.helloskola.cz\/gymnazium\/wp-content\/uploads\/sites\/3\/2023\/03\/Z55_5736-1024x684.jpg\" alt=\"\" class=\"wp-image-4249\" srcset=\"https:\/\/www.helloskola.cz\/gymnazium\/wp-content\/uploads\/sites\/3\/2023\/03\/Z55_5736-1024x684.jpg 1024w, https:\/\/www.helloskola.cz\/gymnazium\/wp-content\/uploads\/sites\/3\/2023\/03\/Z55_5736-300x200.jpg 300w, https:\/\/www.helloskola.cz\/gymnazium\/wp-content\/uploads\/sites\/3\/2023\/03\/Z55_5736-768x513.jpg 768w, https:\/\/www.helloskola.cz\/gymnazium\/wp-content\/uploads\/sites\/3\/2023\/03\/Z55_5736.jpg 1200w\" sizes=\"(max-width: 1024px) 100vw, 1024px\" \/><\/figure>\n<\/figure>\n\n\n\n<p>B\u0159ezen byl debatn\u011b velmi intenzivn\u00ed m\u011bs\u00edc. B\u011bhem jarn\u00edch pr\u00e1zdnin jsme se vydali do Slovinsk\u00e9ho Ljutomeru, nabrat zku\u0161enosti proti mezin\u00e1rodn\u00edm soupe\u0159\u016fm. Povedlo se. N\u00e1\u0161 t\u00fdm se um\u00edstil 27. z\u00a046, co\u017e nen\u00ed v\u016fbec \u0161patn\u00fd v\u00fdsledek, vezme-li v\u00a0potaz p\u0159\u00edtomnost n\u00e1rodn\u00edch t\u00fdm\u016f a dal\u0161\u00edch elitn\u00edch debat\u00e9r\u016f. V\u00a0\u010dem jsme ale byli ur\u010dit\u011b nejlep\u0161\u00ed, byla reprezentace \u010ceska, nebo\u0165 v\u00a0r\u00e1mci kulturn\u00ed noci m\u011bl n\u00e1\u0161 st\u00e1nek suver\u00e9nn\u011b nejv\u011bt\u0161\u00ed popularitu.<\/p>\n\n\n\n<figure class=\"wp-block-image size-large\"><img decoding=\"async\" width=\"1024\" height=\"576\" src=\"https:\/\/www.helloskola.cz\/gymnazium\/wp-content\/uploads\/sites\/3\/2023\/03\/foto-3dl-2-1024x576.jpg\" alt=\"\" class=\"wp-image-4252\" srcset=\"https:\/\/www.helloskola.cz\/gymnazium\/wp-content\/uploads\/sites\/3\/2023\/03\/foto-3dl-2-1024x576.jpg 1024w, https:\/\/www.helloskola.cz\/gymnazium\/wp-content\/uploads\/sites\/3\/2023\/03\/foto-3dl-2-300x169.jpg 300w, https:\/\/www.helloskola.cz\/gymnazium\/wp-content\/uploads\/sites\/3\/2023\/03\/foto-3dl-2-768x432.jpg 768w, https:\/\/www.helloskola.cz\/gymnazium\/wp-content\/uploads\/sites\/3\/2023\/03\/foto-3dl-2-rotated.jpg 1280w\" sizes=\"(max-width: 1024px) 100vw, 1024px\" \/><\/figure>\n\n\n\n<p>Druhou v\u00fdznamnou ud\u00e1lost\u00ed byl posledn\u00ed kvalifika\u010dn\u00ed turnaj na Fin\u00e1le. S\u00a0radost\u00ed m\u016f\u017eeme ozn\u00e1mit, \u017ee dopadl na v\u00fdbornou. Kvalifikovaly se celkem 3 t\u00fdmy:<\/p>\n\n\n\n<p> Bonjour \u2013 Tom Chur\u00fd, Prokop Jur\u00e1nek. a Viki Pat\u00f3csov\u00e1. <\/p>\n\n\n\n<p>The Siblings \u2013 t\u00fdm Honzy Hlav\u00e1\u010dka \u2013 na \u010desk\u00e9 fin\u00e1le <\/p>\n\n\n\n<p>Muglinov Muggers \u2013 Long L\u00fd Bao, Jul\u010da \u0160p\u00edlov\u00e1 a Eli\u0161ka Vylobov\u00e1 \u2013 na anglick\u00e9 fin\u00e1le. <\/p>\n\n\n\n<p>Nechceme nic podcenit, a tak zahajujeme intenzivn\u00ed p\u0159\u00edpravu, zdvojn\u00e1sobili jsme po\u010det tr\u00e9nink\u016f a pevn\u011b v\u011b\u0159\u00edme, \u017ee to budeme slavit \u00fasp\u011bch. Dr\u017ete n\u00e1m palce!<\/p>\n","protected":false},"featured_media":4253,"template":"","kategorie-skolni-rok":[27],"class_list":["post-4248","novinky","type-novinky","status-publish","has-post-thumbnail","hentry","kategorie-skolni-rok-2-pololeti-skolni-rok-2022-2023"],"yoast_head":"<!-- This site is optimized with the Yoast SEO plugin v24.8.1 - https:\/\/yoast.com\/wordpress\/plugins\/seo\/ -->\n<title>Jsme ve fin\u00e1le debaty! \u010cesk\u00e9 i anglick\u00e9! | Gymn\u00e1zium HELLO<\/title>\n<meta name=\"robots\" content=\"index, follow, max-snippet:-1, max-image-preview:large, max-video-preview:-1\" \/>\n<link rel=\"canonical\" href=\"https:\/\/www.helloskola.cz\/gymnazium\/novinky\/jsme-ve-finale-debaty-ceske-i-anglicke\/\" \/>\n<meta property=\"og:locale\" content=\"cs_CZ\" \/>\n<meta property=\"og:type\" content=\"article\" \/>\n<meta property=\"og:title\" content=\"Jsme ve fin\u00e1le debaty! \u010cesk\u00e9 i anglick\u00e9! | Gymn\u00e1zium HELLO\" \/>\n<meta property=\"og:description\" content=\"B\u0159ezen byl debatn\u011b velmi intenzivn\u00ed m\u011bs\u00edc. B\u011bhem jarn\u00edch pr\u00e1zdnin jsme se vydali do Slovinsk\u00e9ho Ljutomeru, nabrat zku\u0161enosti proti mezin\u00e1rodn\u00edm soupe\u0159\u016fm. Povedlo se. N\u00e1\u0161 t\u00fdm se um\u00edstil 27. z\u00a046, co\u017e nen\u00ed v\u016fbec \u0161patn\u00fd v\u00fdsledek, vezme-li v\u00a0potaz p\u0159\u00edtomnost n\u00e1rodn\u00edch t\u00fdm\u016f a dal\u0161\u00edch elitn\u00edch debat\u00e9r\u016f. V\u00a0\u010dem jsme ale byli ur\u010dit\u011b nejlep\u0161\u00ed, byla reprezentace \u010ceska, nebo\u0165 v\u00a0r\u00e1mci kulturn\u00ed noci [&hellip;]\" \/>\n<meta property=\"og:url\" content=\"https:\/\/www.helloskola.cz\/gymnazium\/novinky\/jsme-ve-finale-debaty-ceske-i-anglicke\/\" \/>\n<meta property=\"og:site_name\" content=\"Gymn\u00e1zium HELLO\" \/>\n<meta property=\"article:modified_time\" content=\"2023-03-28T18:56:34+00:00\" \/>\n<meta property=\"og:image\" content=\"https:\/\/www.helloskola.cz\/gymnazium\/wp-content\/uploads\/sites\/3\/2023\/03\/Sedy-Leto-Deti-Vesele-Vzpominky-Post-na-Facebook.png\" \/>\n\t<meta property=\"og:image:width\" content=\"940\" \/>\n\t<meta property=\"og:image:height\" content=\"788\" \/>\n\t<meta property=\"og:image:type\" content=\"image\/png\" \/>\n<meta name=\"twitter:card\" content=\"summary_large_image\" \/>\n<meta name=\"twitter:label1\" content=\"Odhadovan\u00e1 doba \u010dten\u00ed\" \/>\n\t<meta name=\"twitter:data1\" content=\"2 minuty\" \/>\n<script type=\"application\/ld+json\" class=\"yoast-schema-graph\">{\"@context\":\"https:\/\/schema.org\",\"@graph\":[{\"@type\":\"WebPage\",\"@id\":\"https:\/\/www.helloskola.cz\/gymnazium\/novinky\/jsme-ve-finale-debaty-ceske-i-anglicke\/\",\"url\":\"https:\/\/www.helloskola.cz\/gymnazium\/novinky\/jsme-ve-finale-debaty-ceske-i-anglicke\/\",\"name\":\"Jsme ve fin\u00e1le debaty! \u010cesk\u00e9 i anglick\u00e9! | Gymn\u00e1zium HELLO\",\"isPartOf\":{\"@id\":\"https:\/\/www.helloskola.cz\/gymnazium\/#website\"},\"primaryImageOfPage\":{\"@id\":\"https:\/\/www.helloskola.cz\/gymnazium\/novinky\/jsme-ve-finale-debaty-ceske-i-anglicke\/#primaryimage\"},\"image\":{\"@id\":\"https:\/\/www.helloskola.cz\/gymnazium\/novinky\/jsme-ve-finale-debaty-ceske-i-anglicke\/#primaryimage\"},\"thumbnailUrl\":\"https:\/\/www.helloskola.cz\/gymnazium\/wp-content\/uploads\/sites\/3\/2023\/03\/Sedy-Leto-Deti-Vesele-Vzpominky-Post-na-Facebook.png\",\"datePublished\":\"2023-03-28T18:56:33+00:00\",\"dateModified\":\"2023-03-28T18:56:34+00:00\",\"breadcrumb\":{\"@id\":\"https:\/\/www.helloskola.cz\/gymnazium\/novinky\/jsme-ve-finale-debaty-ceske-i-anglicke\/#breadcrumb\"},\"inLanguage\":\"cs\",\"potentialAction\":[{\"@type\":\"ReadAction\",\"target\":[\"https:\/\/www.helloskola.cz\/gymnazium\/novinky\/jsme-ve-finale-debaty-ceske-i-anglicke\/\"]}]},{\"@type\":\"ImageObject\",\"inLanguage\":\"cs\",\"@id\":\"https:\/\/www.helloskola.cz\/gymnazium\/novinky\/jsme-ve-finale-debaty-ceske-i-anglicke\/#primaryimage\",\"url\":\"https:\/\/www.helloskola.cz\/gymnazium\/wp-content\/uploads\/sites\/3\/2023\/03\/Sedy-Leto-Deti-Vesele-Vzpominky-Post-na-Facebook.png\",\"contentUrl\":\"https:\/\/www.helloskola.cz\/gymnazium\/wp-content\/uploads\/sites\/3\/2023\/03\/Sedy-Leto-Deti-Vesele-Vzpominky-Post-na-Facebook.png\",\"width\":940,\"height\":788},{\"@type\":\"BreadcrumbList\",\"@id\":\"https:\/\/www.helloskola.cz\/gymnazium\/novinky\/jsme-ve-finale-debaty-ceske-i-anglicke\/#breadcrumb\",\"itemListElement\":[{\"@type\":\"ListItem\",\"position\":1,\"name\":\"\u00davod\",\"item\":\"https:\/\/www.helloskola.cz\/gymnazium\/\"},{\"@type\":\"ListItem\",\"position\":2,\"name\":\"Novinky\",\"item\":\"https:\/\/www.helloskola.cz\/gymnazium\/novinky\/\"},{\"@type\":\"ListItem\",\"position\":3,\"name\":\"\u0160koln\u00ed rok 2022\/2023\",\"item\":\"https:\/\/www.helloskola.cz\/gymnazium\/kategorie-skolni-rok\/skolni-rok-2022-2023\/\"},{\"@type\":\"ListItem\",\"position\":4,\"name\":\"2. Pololet\u00ed\",\"item\":\"https:\/\/www.helloskola.cz\/gymnazium\/kategorie-skolni-rok\/2-pololeti-skolni-rok-2022-2023\/\"},{\"@type\":\"ListItem\",\"position\":5,\"name\":\"Jsme ve fin\u00e1le debaty! \u010cesk\u00e9 i anglick\u00e9!\"}]},{\"@type\":\"WebSite\",\"@id\":\"https:\/\/www.helloskola.cz\/gymnazium\/#website\",\"url\":\"https:\/\/www.helloskola.cz\/gymnazium\/\",\"name\":\"Gymn\u00e1zium HELLO\",\"description\":\"St\u0159edn\u00ed \u0161kola s pos\u00edlenou v\u00fdukou ciz\u00edch jazyk\u016f\",\"publisher\":{\"@id\":\"https:\/\/www.helloskola.cz\/gymnazium\/#organization\"},\"potentialAction\":[{\"@type\":\"SearchAction\",\"target\":{\"@type\":\"EntryPoint\",\"urlTemplate\":\"https:\/\/www.helloskola.cz\/gymnazium\/?s={search_term_string}\"},\"query-input\":{\"@type\":\"PropertyValueSpecification\",\"valueRequired\":true,\"valueName\":\"search_term_string\"}}],\"inLanguage\":\"cs\"},{\"@type\":\"Organization\",\"@id\":\"https:\/\/www.helloskola.cz\/gymnazium\/#organization\",\"name\":\"Gymn\u00e1zium Hello\",\"url\":\"https:\/\/www.helloskola.cz\/gymnazium\/\",\"logo\":{\"@type\":\"ImageObject\",\"inLanguage\":\"cs\",\"@id\":\"https:\/\/www.helloskola.cz\/gymnazium\/#\/schema\/logo\/image\/\",\"url\":\"https:\/\/www.helloskola.cz\/gymnazium\/wp-content\/uploads\/sites\/3\/2022\/02\/hello_gy_cmyk-1.svg\",\"contentUrl\":\"https:\/\/www.helloskola.cz\/gymnazium\/wp-content\/uploads\/sites\/3\/2022\/02\/hello_gy_cmyk-1.svg\",\"width\":100,\"height\":100,\"caption\":\"Gymn\u00e1zium Hello\"},\"image\":{\"@id\":\"https:\/\/www.helloskola.cz\/gymnazium\/#\/schema\/logo\/image\/\"}}]}<\/script>\n<!-- \/ Yoast SEO plugin. -->","yoast_head_json":{"title":"Jsme ve fin\u00e1le debaty! \u010cesk\u00e9 i anglick\u00e9! | Gymn\u00e1zium HELLO","robots":{"index":"index","follow":"follow","max-snippet":"max-snippet:-1","max-image-preview":"max-image-preview:large","max-video-preview":"max-video-preview:-1"},"canonical":"https:\/\/www.helloskola.cz\/gymnazium\/novinky\/jsme-ve-finale-debaty-ceske-i-anglicke\/","og_locale":"cs_CZ","og_type":"article","og_title":"Jsme ve fin\u00e1le debaty! \u010cesk\u00e9 i anglick\u00e9! | Gymn\u00e1zium HELLO","og_description":"B\u0159ezen byl debatn\u011b velmi intenzivn\u00ed m\u011bs\u00edc. B\u011bhem jarn\u00edch pr\u00e1zdnin jsme se vydali do Slovinsk\u00e9ho Ljutomeru, nabrat zku\u0161enosti proti mezin\u00e1rodn\u00edm soupe\u0159\u016fm. Povedlo se. N\u00e1\u0161 t\u00fdm se um\u00edstil 27. z\u00a046, co\u017e nen\u00ed v\u016fbec \u0161patn\u00fd v\u00fdsledek, vezme-li v\u00a0potaz p\u0159\u00edtomnost n\u00e1rodn\u00edch t\u00fdm\u016f a dal\u0161\u00edch elitn\u00edch debat\u00e9r\u016f. V\u00a0\u010dem jsme ale byli ur\u010dit\u011b nejlep\u0161\u00ed, byla reprezentace \u010ceska, nebo\u0165 v\u00a0r\u00e1mci kulturn\u00ed noci [&hellip;]","og_url":"https:\/\/www.helloskola.cz\/gymnazium\/novinky\/jsme-ve-finale-debaty-ceske-i-anglicke\/","og_site_name":"Gymn\u00e1zium HELLO","article_modified_time":"2023-03-28T18:56:34+00:00","og_image":[{"width":940,"height":788,"url":"https:\/\/www.helloskola.cz\/gymnazium\/wp-content\/uploads\/sites\/3\/2023\/03\/Sedy-Leto-Deti-Vesele-Vzpominky-Post-na-Facebook.png","type":"image\/png"}],"twitter_card":"summary_large_image","twitter_misc":{"Odhadovan\u00e1 doba \u010dten\u00ed":"2 minuty"},"schema":{"@context":"https:\/\/schema.org","@graph":[{"@type":"WebPage","@id":"https:\/\/www.helloskola.cz\/gymnazium\/novinky\/jsme-ve-finale-debaty-ceske-i-anglicke\/","url":"https:\/\/www.helloskola.cz\/gymnazium\/novinky\/jsme-ve-finale-debaty-ceske-i-anglicke\/","name":"Jsme ve fin\u00e1le debaty! \u010cesk\u00e9 i anglick\u00e9! | Gymn\u00e1zium HELLO","isPartOf":{"@id":"https:\/\/www.helloskola.cz\/gymnazium\/#website"},"primaryImageOfPage":{"@id":"https:\/\/www.helloskola.cz\/gymnazium\/novinky\/jsme-ve-finale-debaty-ceske-i-anglicke\/#primaryimage"},"image":{"@id":"https:\/\/www.helloskola.cz\/gymnazium\/novinky\/jsme-ve-finale-debaty-ceske-i-anglicke\/#primaryimage"},"thumbnailUrl":"https:\/\/www.helloskola.cz\/gymnazium\/wp-content\/uploads\/sites\/3\/2023\/03\/Sedy-Leto-Deti-Vesele-Vzpominky-Post-na-Facebook.png","datePublished":"2023-03-28T18:56:33+00:00","dateModified":"2023-03-28T18:56:34+00:00","breadcrumb":{"@id":"https:\/\/www.helloskola.cz\/gymnazium\/novinky\/jsme-ve-finale-debaty-ceske-i-anglicke\/#breadcrumb"},"inLanguage":"cs","potentialAction":[{"@type":"ReadAction","target":["https:\/\/www.helloskola.cz\/gymnazium\/novinky\/jsme-ve-finale-debaty-ceske-i-anglicke\/"]}]},{"@type":"ImageObject","inLanguage":"cs","@id":"https:\/\/www.helloskola.cz\/gymnazium\/novinky\/jsme-ve-finale-debaty-ceske-i-anglicke\/#primaryimage","url":"https:\/\/www.helloskola.cz\/gymnazium\/wp-content\/uploads\/sites\/3\/2023\/03\/Sedy-Leto-Deti-Vesele-Vzpominky-Post-na-Facebook.png","contentUrl":"https:\/\/www.helloskola.cz\/gymnazium\/wp-content\/uploads\/sites\/3\/2023\/03\/Sedy-Leto-Deti-Vesele-Vzpominky-Post-na-Facebook.png","width":940,"height":788},{"@type":"BreadcrumbList","@id":"https:\/\/www.helloskola.cz\/gymnazium\/novinky\/jsme-ve-finale-debaty-ceske-i-anglicke\/#breadcrumb","itemListElement":[{"@type":"ListItem","position":1,"name":"\u00davod","item":"https:\/\/www.helloskola.cz\/gymnazium\/"},{"@type":"ListItem","position":2,"name":"Novinky","item":"https:\/\/www.helloskola.cz\/gymnazium\/novinky\/"},{"@type":"ListItem","position":3,"name":"\u0160koln\u00ed rok 2022\/2023","item":"https:\/\/www.helloskola.cz\/gymnazium\/kategorie-skolni-rok\/skolni-rok-2022-2023\/"},{"@type":"ListItem","position":4,"name":"2. Pololet\u00ed","item":"https:\/\/www.helloskola.cz\/gymnazium\/kategorie-skolni-rok\/2-pololeti-skolni-rok-2022-2023\/"},{"@type":"ListItem","position":5,"name":"Jsme ve fin\u00e1le debaty! \u010cesk\u00e9 i anglick\u00e9!"}]},{"@type":"WebSite","@id":"https:\/\/www.helloskola.cz\/gymnazium\/#website","url":"https:\/\/www.helloskola.cz\/gymnazium\/","name":"Gymn\u00e1zium HELLO","description":"St\u0159edn\u00ed \u0161kola s pos\u00edlenou v\u00fdukou ciz\u00edch jazyk\u016f","publisher":{"@id":"https:\/\/www.helloskola.cz\/gymnazium\/#organization"},"potentialAction":[{"@type":"SearchAction","target":{"@type":"EntryPoint","urlTemplate":"https:\/\/www.helloskola.cz\/gymnazium\/?s={search_term_string}"},"query-input":{"@type":"PropertyValueSpecification","valueRequired":true,"valueName":"search_term_string"}}],"inLanguage":"cs"},{"@type":"Organization","@id":"https:\/\/www.helloskola.cz\/gymnazium\/#organization","name":"Gymn\u00e1zium Hello","url":"https:\/\/www.helloskola.cz\/gymnazium\/","logo":{"@type":"ImageObject","inLanguage":"cs","@id":"https:\/\/www.helloskola.cz\/gymnazium\/#\/schema\/logo\/image\/","url":"https:\/\/www.helloskola.cz\/gymnazium\/wp-content\/uploads\/sites\/3\/2022\/02\/hello_gy_cmyk-1.svg","contentUrl":"https:\/\/www.helloskola.cz\/gymnazium\/wp-content\/uploads\/sites\/3\/2022\/02\/hello_gy_cmyk-1.svg","width":100,"height":100,"caption":"Gymn\u00e1zium Hello"},"image":{"@id":"https:\/\/www.helloskola.cz\/gymnazium\/#\/schema\/logo\/image\/"}}]}},"_links":{"self":[{"href":"https:\/\/www.helloskola.cz\/gymnazium\/wp-json\/wp\/v2\/novinky\/4248","targetHints":{"allow":["GET"]}}],"collection":[{"href":"https:\/\/www.helloskola.cz\/gymnazium\/wp-json\/wp\/v2\/novinky"}],"about":[{"href":"https:\/\/www.helloskola.cz\/gymnazium\/wp-json\/wp\/v2\/types\/novinky"}],"wp:featuredmedia":[{"embeddable":true,"href":"https:\/\/www.helloskola.cz\/gymnazium\/wp-json\/wp\/v2\/media\/4253"}],"wp:attachment":[{"href":"https:\/\/www.helloskola.cz\/gymnazium\/wp-json\/wp\/v2\/media?parent=4248"}],"wp:term":[{"taxonomy":"kategorie-skolni-rok","embeddable":true,"href":"https:\/\/www.helloskola.cz\/gymnazium\/wp-json\/wp\/v2\/kategorie-skolni-rok?post=4248"}],"curies":[{"name":"wp","href":"https:\/\/api.w.org\/{rel}","templated":true}]}}