{"id":4212,"date":"2023-02-27T19:42:44","date_gmt":"2023-02-27T18:42:44","guid":{"rendered":"https:\/\/www.helloskola.cz\/gymnazium\/?post_type=novinky&#038;p=4212"},"modified":"2023-03-28T17:06:35","modified_gmt":"2023-03-28T15:06:35","slug":"mezinarodni-spoluprace-na-hello","status":"publish","type":"novinky","link":"https:\/\/www.helloskola.cz\/gymnazium\/novinky\/mezinarodni-spoluprace-na-hello\/","title":{"rendered":"Mezin\u00e1rodn\u00ed spolupr\u00e1ce na Hello"},"content":{"rendered":"\n<figure class=\"wp-block-gallery has-nested-images columns-default is-cropped wp-block-gallery-1 is-layout-flex wp-block-gallery-is-layout-flex\">\n<figure class=\"wp-block-image size-large\"><img fetchpriority=\"high\" decoding=\"async\" width=\"1024\" height=\"768\" data-id=\"4229\" src=\"https:\/\/www.helloskola.cz\/gymnazium\/wp-content\/uploads\/sites\/3\/2023\/03\/334903575_950653266298302_6226074764693678986_n.jpg\" alt=\"\" class=\"wp-image-4229\" srcset=\"https:\/\/www.helloskola.cz\/gymnazium\/wp-content\/uploads\/sites\/3\/2023\/03\/334903575_950653266298302_6226074764693678986_n.jpg 1024w, https:\/\/www.helloskola.cz\/gymnazium\/wp-content\/uploads\/sites\/3\/2023\/03\/334903575_950653266298302_6226074764693678986_n-300x225.jpg 300w, https:\/\/www.helloskola.cz\/gymnazium\/wp-content\/uploads\/sites\/3\/2023\/03\/334903575_950653266298302_6226074764693678986_n-768x576.jpg 768w\" sizes=\"(max-width: 1024px) 100vw, 1024px\" \/><\/figure>\n\n\n\n<figure class=\"wp-block-image size-large\"><img decoding=\"async\" width=\"1024\" height=\"768\" data-id=\"4228\" src=\"https:\/\/www.helloskola.cz\/gymnazium\/wp-content\/uploads\/sites\/3\/2023\/03\/334903459_215226057775420_4956132499444909046_n.jpg\" alt=\"\" class=\"wp-image-4228\" srcset=\"https:\/\/www.helloskola.cz\/gymnazium\/wp-content\/uploads\/sites\/3\/2023\/03\/334903459_215226057775420_4956132499444909046_n.jpg 1024w, https:\/\/www.helloskola.cz\/gymnazium\/wp-content\/uploads\/sites\/3\/2023\/03\/334903459_215226057775420_4956132499444909046_n-300x225.jpg 300w, https:\/\/www.helloskola.cz\/gymnazium\/wp-content\/uploads\/sites\/3\/2023\/03\/334903459_215226057775420_4956132499444909046_n-768x576.jpg 768w\" sizes=\"(max-width: 1024px) 100vw, 1024px\" \/><\/figure>\n\n\n\n<figure class=\"wp-block-image size-large\"><img decoding=\"async\" width=\"1024\" height=\"716\" data-id=\"4230\" src=\"https:\/\/www.helloskola.cz\/gymnazium\/wp-content\/uploads\/sites\/3\/2023\/03\/334905749_1211118016201435_8347267498370026679_n.jpg\" alt=\"\" class=\"wp-image-4230\" srcset=\"https:\/\/www.helloskola.cz\/gymnazium\/wp-content\/uploads\/sites\/3\/2023\/03\/334905749_1211118016201435_8347267498370026679_n.jpg 1024w, https:\/\/www.helloskola.cz\/gymnazium\/wp-content\/uploads\/sites\/3\/2023\/03\/334905749_1211118016201435_8347267498370026679_n-300x210.jpg 300w, https:\/\/www.helloskola.cz\/gymnazium\/wp-content\/uploads\/sites\/3\/2023\/03\/334905749_1211118016201435_8347267498370026679_n-768x537.jpg 768w\" sizes=\"(max-width: 1024px) 100vw, 1024px\" \/><\/figure>\n<\/figure>\n\n\n\n<p>V b\u0159eznu na Hello str\u00e1vili t\u00fdden na\u0161i partne\u0159i z Islandu se sv\u00fdmi skv\u011bl\u00fdmi u\u010ditelkami. Nav\u0161t\u00edvili Landek, Doln\u00ed oblast V\u00edtkovic, Vysokou \u0161kolu b\u00e1\u0148skou, studovali s n\u00e1mi na Hello, zkou\u0161eli virtu\u00e1ln\u00ed realitu. Vzali jsme je do Prahy. Nad\u0161eni byli i z na\u0161ich n\u00e1kupn\u00edch center :o)<\/p>\n\n\n\n<p><a href=\"https:\/\/www.facebook.com\/photo\/?fbid=663421482460573&amp;set=pcb.663423015793753\">V\u00cdCE FOTEK<\/a><br><a href=\"https:\/\/www.youtube.com\/watch?v=JlUX_yccdz0\">VIDEO ISLAND<\/a><\/p>\n\n\n\n<figure class=\"wp-block-gallery has-nested-images columns-default is-cropped wp-block-gallery-2 is-layout-flex wp-block-gallery-is-layout-flex\">\n<figure class=\"wp-block-image size-large\"><img loading=\"lazy\" decoding=\"async\" width=\"819\" height=\"1024\" data-id=\"4232\" src=\"https:\/\/www.helloskola.cz\/gymnazium\/wp-content\/uploads\/sites\/3\/2023\/03\/326712467_1850453748621953_7978176972604169367_n-1-819x1024.jpg\" alt=\"\" class=\"wp-image-4232\" srcset=\"https:\/\/www.helloskola.cz\/gymnazium\/wp-content\/uploads\/sites\/3\/2023\/03\/326712467_1850453748621953_7978176972604169367_n-1-819x1024.jpg 819w, https:\/\/www.helloskola.cz\/gymnazium\/wp-content\/uploads\/sites\/3\/2023\/03\/326712467_1850453748621953_7978176972604169367_n-1-240x300.jpg 240w, https:\/\/www.helloskola.cz\/gymnazium\/wp-content\/uploads\/sites\/3\/2023\/03\/326712467_1850453748621953_7978176972604169367_n-1-768x960.jpg 768w, https:\/\/www.helloskola.cz\/gymnazium\/wp-content\/uploads\/sites\/3\/2023\/03\/326712467_1850453748621953_7978176972604169367_n-1.jpg 1200w\" sizes=\"(max-width: 819px) 100vw, 819px\" \/><\/figure>\n\n\n\n<figure class=\"wp-block-image size-large\"><img loading=\"lazy\" decoding=\"async\" width=\"768\" height=\"1024\" data-id=\"4233\" src=\"https:\/\/www.helloskola.cz\/gymnazium\/wp-content\/uploads\/sites\/3\/2023\/03\/330249604_227870813075694_7124891809698841174_n-768x1024.jpg\" alt=\"\" class=\"wp-image-4233\" srcset=\"https:\/\/www.helloskola.cz\/gymnazium\/wp-content\/uploads\/sites\/3\/2023\/03\/330249604_227870813075694_7124891809698841174_n-768x1024.jpg 768w, https:\/\/www.helloskola.cz\/gymnazium\/wp-content\/uploads\/sites\/3\/2023\/03\/330249604_227870813075694_7124891809698841174_n-225x300.jpg 225w, https:\/\/www.helloskola.cz\/gymnazium\/wp-content\/uploads\/sites\/3\/2023\/03\/330249604_227870813075694_7124891809698841174_n-1152x1536.jpg 1152w, https:\/\/www.helloskola.cz\/gymnazium\/wp-content\/uploads\/sites\/3\/2023\/03\/330249604_227870813075694_7124891809698841174_n.jpg 1500w\" sizes=\"(max-width: 768px) 100vw, 768px\" \/><\/figure>\n<\/figure>\n\n\n\n<p><br>U\u017e t\u00e9m\u011b\u0159 cel\u00fd sv\u016fj dlouhodob\u00fd studijn\u00ed v\u00fdjezd do Zaragozy maj\u00ed za sebou na\u0161i studenti 2. a 3. ro\u010dn\u00edku gymn\u00e1zia, Krist\u00fdna a Honza. B\u011bhem \u0161koln\u00edho t\u00fddne se \u00fa\u010dastn\u00ed v\u00fduky p\u0159edev\u0161\u00edm p\u0159edm\u011bt\u016f spojen\u00fdch s IT, ale nav\u0161t\u011bvuj\u00ed i hodiny \u0161pan\u011bl\u0161tiny a jejich znalosti jazyka se tak s ka\u017ed\u00fdm t\u00fddnem velmi zdokonaluje. Voln\u00fd \u010das pak tr\u00e1v\u00ed se sv\u00fdmi hostitelsk\u00fdmi rodinami. Najdou si \u010das i na provozov\u00e1n\u00ed sv\u00fdch obl\u00edben\u00fdch sport\u016f, kter\u00fdmi jsou tenis a golf.&nbsp;<br><a href=\"https:\/\/www.instagram.com\/p\/Cozdlrgtfzz\/\">V\u00cdCE<\/a><\/p>\n\n\n\n<figure class=\"wp-block-image size-full\"><img loading=\"lazy\" decoding=\"async\" width=\"918\" height=\"207\" src=\"https:\/\/www.helloskola.cz\/gymnazium\/wp-content\/uploads\/sites\/3\/2023\/02\/Logo-EU-1.jpg\" alt=\"\" class=\"wp-image-4218\" srcset=\"https:\/\/www.helloskola.cz\/gymnazium\/wp-content\/uploads\/sites\/3\/2023\/02\/Logo-EU-1.jpg 918w, https:\/\/www.helloskola.cz\/gymnazium\/wp-content\/uploads\/sites\/3\/2023\/02\/Logo-EU-1-300x68.jpg 300w, https:\/\/www.helloskola.cz\/gymnazium\/wp-content\/uploads\/sites\/3\/2023\/02\/Logo-EU-1-768x173.jpg 768w\" sizes=\"(max-width: 918px) 100vw, 918px\" \/><\/figure>\n\n\n\n<p>V m\u011bs\u00edci \u00fanoru z\u00e1rove\u0148 zah\u00e1jila sv\u016fj pobyt na na\u0161\u00ed \u0161kole studentka Emmanuela z t\u00e9to partnersk\u00e9 \u0161koly, Zapojuje se do p\u0159edm\u011bt\u016f na na\u0161\u00ed \u0161kole. Se v\u0161\u00edm j\u00ed pom\u00e1haj\u00ed prva\u010dky Eli\u0161ka Hru\u0161ov\u00e1 a Tereza Deptov\u00e1 z 1.B. Emanuela odjede v dubnu a m\u00edsto n\u00ed se spolu s Krist\u00fdnou Dama\u0161kovou a Honzou Adamem ze Zaragozy vr\u00e1t\u00ed i jejich &#8222;\u0161pan\u011blsk\u00e9 sestry&#8220; Emilia a Isabela. Dev\u011bt t\u00fddn\u016f str\u00e1v\u00ed na opl\u00e1tku na na\u0161\u00ed \u0161kole.&nbsp;<\/p>\n\n\n\n<p>A za sebou u\u017e m\u00e1me i premi\u00e9rovou n\u00e1v\u0161t\u011bvu v\u011bt\u0161\u00ed skupiny studentek ze zahrani\u010d\u00ed &#8211; z Gran Canarie. T\u00e9matem jejich n\u00e1v\u0161t\u011bvy bylo zkoum\u00e1n\u00ed enviroment\u00e1ln\u00edho prost\u0159ed\u00ed. A tak s n\u00e1mi nav\u0161t\u00edvili: OVAK, OZO a&nbsp;DOV. Na\u0161i studenti do \u0160pan\u011blska na opl\u00e1tku vyraz\u00ed v dubnu.<\/p>\n\n\n\n<figure class=\"wp-block-image size-large is-resized\"><img loading=\"lazy\" decoding=\"async\" src=\"https:\/\/www.helloskola.cz\/gymnazium\/wp-content\/uploads\/sites\/3\/2023\/02\/IMG-20230213-WA0002-1024x505.jpg\" alt=\"\" class=\"wp-image-4214\" width=\"408\" height=\"201\" srcset=\"https:\/\/www.helloskola.cz\/gymnazium\/wp-content\/uploads\/sites\/3\/2023\/02\/IMG-20230213-WA0002-1024x505.jpg 1024w, https:\/\/www.helloskola.cz\/gymnazium\/wp-content\/uploads\/sites\/3\/2023\/02\/IMG-20230213-WA0002-300x148.jpg 300w, https:\/\/www.helloskola.cz\/gymnazium\/wp-content\/uploads\/sites\/3\/2023\/02\/IMG-20230213-WA0002-768x378.jpg 768w, https:\/\/www.helloskola.cz\/gymnazium\/wp-content\/uploads\/sites\/3\/2023\/02\/IMG-20230213-WA0002-1536x757.jpg 1536w, https:\/\/www.helloskola.cz\/gymnazium\/wp-content\/uploads\/sites\/3\/2023\/02\/IMG-20230213-WA0002.jpg 2048w\" sizes=\"(max-width: 408px) 100vw, 408px\" \/><\/figure>\n\n\n\n<p>V b\u0159eznu host\u00edme studenty ze \u0161pan\u011blsk\u00e9ho Grausu, staraj\u00ed se o n\u011b studenti 2. ro\u010dn\u00edku a dev\u00e1\u0165\u00e1ci, kte\u0159\u00ed Graus a Barcelonu nav\u0161t\u00edvili vloni. Devaten\u00e1ct student\u016f a dva u\u010ditel\u00e9 si Hello a Ostravu u\u017e\u00edvaj\u00ed pln\u00fdmi dou\u0161ky.<\/p>\n\n\n\n<figure class=\"wp-block-gallery has-nested-images columns-default is-cropped wp-block-gallery-3 is-layout-flex wp-block-gallery-is-layout-flex\">\n<figure class=\"wp-block-image size-large\"><img loading=\"lazy\" decoding=\"async\" width=\"1024\" height=\"505\" data-id=\"4234\" src=\"https:\/\/www.helloskola.cz\/gymnazium\/wp-content\/uploads\/sites\/3\/2023\/03\/334914911_920693038974491_1524182040688559826_n-1024x505.jpg\" alt=\"\" class=\"wp-image-4234\" srcset=\"https:\/\/www.helloskola.cz\/gymnazium\/wp-content\/uploads\/sites\/3\/2023\/03\/334914911_920693038974491_1524182040688559826_n-1024x505.jpg 1024w, https:\/\/www.helloskola.cz\/gymnazium\/wp-content\/uploads\/sites\/3\/2023\/03\/334914911_920693038974491_1524182040688559826_n-300x148.jpg 300w, https:\/\/www.helloskola.cz\/gymnazium\/wp-content\/uploads\/sites\/3\/2023\/03\/334914911_920693038974491_1524182040688559826_n-768x378.jpg 768w, https:\/\/www.helloskola.cz\/gymnazium\/wp-content\/uploads\/sites\/3\/2023\/03\/334914911_920693038974491_1524182040688559826_n-1536x757.jpg 1536w, https:\/\/www.helloskola.cz\/gymnazium\/wp-content\/uploads\/sites\/3\/2023\/03\/334914911_920693038974491_1524182040688559826_n.jpg 1599w\" sizes=\"(max-width: 1024px) 100vw, 1024px\" \/><\/figure>\n\n\n\n<figure class=\"wp-block-image size-large\"><img loading=\"lazy\" decoding=\"async\" width=\"1024\" height=\"505\" data-id=\"4235\" src=\"https:\/\/www.helloskola.cz\/gymnazium\/wp-content\/uploads\/sites\/3\/2023\/03\/334905567_770169937681321_1651212627133515338_n-1024x505.jpg\" alt=\"\" class=\"wp-image-4235\" srcset=\"https:\/\/www.helloskola.cz\/gymnazium\/wp-content\/uploads\/sites\/3\/2023\/03\/334905567_770169937681321_1651212627133515338_n-1024x505.jpg 1024w, https:\/\/www.helloskola.cz\/gymnazium\/wp-content\/uploads\/sites\/3\/2023\/03\/334905567_770169937681321_1651212627133515338_n-300x148.jpg 300w, https:\/\/www.helloskola.cz\/gymnazium\/wp-content\/uploads\/sites\/3\/2023\/03\/334905567_770169937681321_1651212627133515338_n-768x378.jpg 768w, https:\/\/www.helloskola.cz\/gymnazium\/wp-content\/uploads\/sites\/3\/2023\/03\/334905567_770169937681321_1651212627133515338_n-1536x757.jpg 1536w, https:\/\/www.helloskola.cz\/gymnazium\/wp-content\/uploads\/sites\/3\/2023\/03\/334905567_770169937681321_1651212627133515338_n.jpg 1599w\" sizes=\"(max-width: 1024px) 100vw, 1024px\" \/><\/figure>\n<\/figure>\n\n\n\n<p>A Portugalci p\u0159ijedou v dubnu :o)<\/p>\n","protected":false},"featured_media":4213,"template":"","kategorie-skolni-rok":[27],"class_list":["post-4212","novinky","type-novinky","status-publish","has-post-thumbnail","hentry","kategorie-skolni-rok-2-pololeti-skolni-rok-2022-2023"],"yoast_head":"<!-- This site is optimized with the Yoast SEO plugin v24.8.1 - https:\/\/yoast.com\/wordpress\/plugins\/seo\/ -->\n<title>Mezin\u00e1rodn\u00ed spolupr\u00e1ce na Hello | Gymn\u00e1zium HELLO<\/title>\n<meta name=\"robots\" content=\"index, follow, max-snippet:-1, max-image-preview:large, max-video-preview:-1\" \/>\n<link rel=\"canonical\" href=\"https:\/\/www.helloskola.cz\/gymnazium\/novinky\/mezinarodni-spoluprace-na-hello\/\" \/>\n<meta property=\"og:locale\" content=\"cs_CZ\" \/>\n<meta property=\"og:type\" content=\"article\" \/>\n<meta property=\"og:title\" content=\"Mezin\u00e1rodn\u00ed spolupr\u00e1ce na Hello | Gymn\u00e1zium HELLO\" \/>\n<meta property=\"og:description\" content=\"V b\u0159eznu na Hello str\u00e1vili t\u00fdden na\u0161i partne\u0159i z Islandu se sv\u00fdmi skv\u011bl\u00fdmi u\u010ditelkami. Nav\u0161t\u00edvili Landek, Doln\u00ed oblast V\u00edtkovic, Vysokou \u0161kolu b\u00e1\u0148skou, studovali s n\u00e1mi na Hello, zkou\u0161eli virtu\u00e1ln\u00ed realitu. Vzali jsme je do Prahy. Nad\u0161eni byli i z na\u0161ich n\u00e1kupn\u00edch center :o) V\u00cdCE FOTEKVIDEO ISLAND U\u017e t\u00e9m\u011b\u0159 cel\u00fd sv\u016fj dlouhodob\u00fd studijn\u00ed v\u00fdjezd do Zaragozy [&hellip;]\" \/>\n<meta property=\"og:url\" content=\"https:\/\/www.helloskola.cz\/gymnazium\/novinky\/mezinarodni-spoluprace-na-hello\/\" \/>\n<meta property=\"og:site_name\" content=\"Gymn\u00e1zium HELLO\" \/>\n<meta property=\"article:modified_time\" content=\"2023-03-28T15:06:35+00:00\" \/>\n<meta property=\"og:image\" content=\"https:\/\/www.helloskola.cz\/gymnazium\/wp-content\/uploads\/sites\/3\/2023\/02\/326712467_1850453748621953_7978176972604169367_n.jpg\" \/>\n\t<meta property=\"og:image:width\" content=\"1200\" \/>\n\t<meta property=\"og:image:height\" content=\"1500\" \/>\n\t<meta property=\"og:image:type\" content=\"image\/jpeg\" \/>\n<meta name=\"twitter:card\" content=\"summary_large_image\" \/>\n<meta name=\"twitter:label1\" content=\"Odhadovan\u00e1 doba \u010dten\u00ed\" \/>\n\t<meta name=\"twitter:data1\" content=\"4 minuty\" \/>\n<script type=\"application\/ld+json\" class=\"yoast-schema-graph\">{\"@context\":\"https:\/\/schema.org\",\"@graph\":[{\"@type\":\"WebPage\",\"@id\":\"https:\/\/www.helloskola.cz\/gymnazium\/novinky\/mezinarodni-spoluprace-na-hello\/\",\"url\":\"https:\/\/www.helloskola.cz\/gymnazium\/novinky\/mezinarodni-spoluprace-na-hello\/\",\"name\":\"Mezin\u00e1rodn\u00ed spolupr\u00e1ce na Hello | Gymn\u00e1zium HELLO\",\"isPartOf\":{\"@id\":\"https:\/\/www.helloskola.cz\/gymnazium\/#website\"},\"primaryImageOfPage\":{\"@id\":\"https:\/\/www.helloskola.cz\/gymnazium\/novinky\/mezinarodni-spoluprace-na-hello\/#primaryimage\"},\"image\":{\"@id\":\"https:\/\/www.helloskola.cz\/gymnazium\/novinky\/mezinarodni-spoluprace-na-hello\/#primaryimage\"},\"thumbnailUrl\":\"https:\/\/www.helloskola.cz\/gymnazium\/wp-content\/uploads\/sites\/3\/2023\/02\/326712467_1850453748621953_7978176972604169367_n.jpg\",\"datePublished\":\"2023-02-27T18:42:44+00:00\",\"dateModified\":\"2023-03-28T15:06:35+00:00\",\"breadcrumb\":{\"@id\":\"https:\/\/www.helloskola.cz\/gymnazium\/novinky\/mezinarodni-spoluprace-na-hello\/#breadcrumb\"},\"inLanguage\":\"cs\",\"potentialAction\":[{\"@type\":\"ReadAction\",\"target\":[\"https:\/\/www.helloskola.cz\/gymnazium\/novinky\/mezinarodni-spoluprace-na-hello\/\"]}]},{\"@type\":\"ImageObject\",\"inLanguage\":\"cs\",\"@id\":\"https:\/\/www.helloskola.cz\/gymnazium\/novinky\/mezinarodni-spoluprace-na-hello\/#primaryimage\",\"url\":\"https:\/\/www.helloskola.cz\/gymnazium\/wp-content\/uploads\/sites\/3\/2023\/02\/326712467_1850453748621953_7978176972604169367_n.jpg\",\"contentUrl\":\"https:\/\/www.helloskola.cz\/gymnazium\/wp-content\/uploads\/sites\/3\/2023\/02\/326712467_1850453748621953_7978176972604169367_n.jpg\",\"width\":1200,\"height\":1500},{\"@type\":\"BreadcrumbList\",\"@id\":\"https:\/\/www.helloskola.cz\/gymnazium\/novinky\/mezinarodni-spoluprace-na-hello\/#breadcrumb\",\"itemListElement\":[{\"@type\":\"ListItem\",\"position\":1,\"name\":\"\u00davod\",\"item\":\"https:\/\/www.helloskola.cz\/gymnazium\/\"},{\"@type\":\"ListItem\",\"position\":2,\"name\":\"Novinky\",\"item\":\"https:\/\/www.helloskola.cz\/gymnazium\/novinky\/\"},{\"@type\":\"ListItem\",\"position\":3,\"name\":\"\u0160koln\u00ed rok 2022\/2023\",\"item\":\"https:\/\/www.helloskola.cz\/gymnazium\/kategorie-skolni-rok\/skolni-rok-2022-2023\/\"},{\"@type\":\"ListItem\",\"position\":4,\"name\":\"2. Pololet\u00ed\",\"item\":\"https:\/\/www.helloskola.cz\/gymnazium\/kategorie-skolni-rok\/2-pololeti-skolni-rok-2022-2023\/\"},{\"@type\":\"ListItem\",\"position\":5,\"name\":\"Mezin\u00e1rodn\u00ed spolupr\u00e1ce na Hello\"}]},{\"@type\":\"WebSite\",\"@id\":\"https:\/\/www.helloskola.cz\/gymnazium\/#website\",\"url\":\"https:\/\/www.helloskola.cz\/gymnazium\/\",\"name\":\"Gymn\u00e1zium HELLO\",\"description\":\"St\u0159edn\u00ed \u0161kola s pos\u00edlenou v\u00fdukou ciz\u00edch jazyk\u016f\",\"publisher\":{\"@id\":\"https:\/\/www.helloskola.cz\/gymnazium\/#organization\"},\"potentialAction\":[{\"@type\":\"SearchAction\",\"target\":{\"@type\":\"EntryPoint\",\"urlTemplate\":\"https:\/\/www.helloskola.cz\/gymnazium\/?s={search_term_string}\"},\"query-input\":{\"@type\":\"PropertyValueSpecification\",\"valueRequired\":true,\"valueName\":\"search_term_string\"}}],\"inLanguage\":\"cs\"},{\"@type\":\"Organization\",\"@id\":\"https:\/\/www.helloskola.cz\/gymnazium\/#organization\",\"name\":\"Gymn\u00e1zium Hello\",\"url\":\"https:\/\/www.helloskola.cz\/gymnazium\/\",\"logo\":{\"@type\":\"ImageObject\",\"inLanguage\":\"cs\",\"@id\":\"https:\/\/www.helloskola.cz\/gymnazium\/#\/schema\/logo\/image\/\",\"url\":\"https:\/\/www.helloskola.cz\/gymnazium\/wp-content\/uploads\/sites\/3\/2022\/02\/hello_gy_cmyk-1.svg\",\"contentUrl\":\"https:\/\/www.helloskola.cz\/gymnazium\/wp-content\/uploads\/sites\/3\/2022\/02\/hello_gy_cmyk-1.svg\",\"width\":100,\"height\":100,\"caption\":\"Gymn\u00e1zium Hello\"},\"image\":{\"@id\":\"https:\/\/www.helloskola.cz\/gymnazium\/#\/schema\/logo\/image\/\"}}]}<\/script>\n<!-- \/ Yoast SEO plugin. -->","yoast_head_json":{"title":"Mezin\u00e1rodn\u00ed spolupr\u00e1ce na Hello | Gymn\u00e1zium HELLO","robots":{"index":"index","follow":"follow","max-snippet":"max-snippet:-1","max-image-preview":"max-image-preview:large","max-video-preview":"max-video-preview:-1"},"canonical":"https:\/\/www.helloskola.cz\/gymnazium\/novinky\/mezinarodni-spoluprace-na-hello\/","og_locale":"cs_CZ","og_type":"article","og_title":"Mezin\u00e1rodn\u00ed spolupr\u00e1ce na Hello | Gymn\u00e1zium HELLO","og_description":"V b\u0159eznu na Hello str\u00e1vili t\u00fdden na\u0161i partne\u0159i z Islandu se sv\u00fdmi skv\u011bl\u00fdmi u\u010ditelkami. Nav\u0161t\u00edvili Landek, Doln\u00ed oblast V\u00edtkovic, Vysokou \u0161kolu b\u00e1\u0148skou, studovali s n\u00e1mi na Hello, zkou\u0161eli virtu\u00e1ln\u00ed realitu. Vzali jsme je do Prahy. Nad\u0161eni byli i z na\u0161ich n\u00e1kupn\u00edch center :o) V\u00cdCE FOTEKVIDEO ISLAND U\u017e t\u00e9m\u011b\u0159 cel\u00fd sv\u016fj dlouhodob\u00fd studijn\u00ed v\u00fdjezd do Zaragozy [&hellip;]","og_url":"https:\/\/www.helloskola.cz\/gymnazium\/novinky\/mezinarodni-spoluprace-na-hello\/","og_site_name":"Gymn\u00e1zium HELLO","article_modified_time":"2023-03-28T15:06:35+00:00","og_image":[{"width":1200,"height":1500,"url":"https:\/\/www.helloskola.cz\/gymnazium\/wp-content\/uploads\/sites\/3\/2023\/02\/326712467_1850453748621953_7978176972604169367_n.jpg","type":"image\/jpeg"}],"twitter_card":"summary_large_image","twitter_misc":{"Odhadovan\u00e1 doba \u010dten\u00ed":"4 minuty"},"schema":{"@context":"https:\/\/schema.org","@graph":[{"@type":"WebPage","@id":"https:\/\/www.helloskola.cz\/gymnazium\/novinky\/mezinarodni-spoluprace-na-hello\/","url":"https:\/\/www.helloskola.cz\/gymnazium\/novinky\/mezinarodni-spoluprace-na-hello\/","name":"Mezin\u00e1rodn\u00ed spolupr\u00e1ce na Hello | Gymn\u00e1zium HELLO","isPartOf":{"@id":"https:\/\/www.helloskola.cz\/gymnazium\/#website"},"primaryImageOfPage":{"@id":"https:\/\/www.helloskola.cz\/gymnazium\/novinky\/mezinarodni-spoluprace-na-hello\/#primaryimage"},"image":{"@id":"https:\/\/www.helloskola.cz\/gymnazium\/novinky\/mezinarodni-spoluprace-na-hello\/#primaryimage"},"thumbnailUrl":"https:\/\/www.helloskola.cz\/gymnazium\/wp-content\/uploads\/sites\/3\/2023\/02\/326712467_1850453748621953_7978176972604169367_n.jpg","datePublished":"2023-02-27T18:42:44+00:00","dateModified":"2023-03-28T15:06:35+00:00","breadcrumb":{"@id":"https:\/\/www.helloskola.cz\/gymnazium\/novinky\/mezinarodni-spoluprace-na-hello\/#breadcrumb"},"inLanguage":"cs","potentialAction":[{"@type":"ReadAction","target":["https:\/\/www.helloskola.cz\/gymnazium\/novinky\/mezinarodni-spoluprace-na-hello\/"]}]},{"@type":"ImageObject","inLanguage":"cs","@id":"https:\/\/www.helloskola.cz\/gymnazium\/novinky\/mezinarodni-spoluprace-na-hello\/#primaryimage","url":"https:\/\/www.helloskola.cz\/gymnazium\/wp-content\/uploads\/sites\/3\/2023\/02\/326712467_1850453748621953_7978176972604169367_n.jpg","contentUrl":"https:\/\/www.helloskola.cz\/gymnazium\/wp-content\/uploads\/sites\/3\/2023\/02\/326712467_1850453748621953_7978176972604169367_n.jpg","width":1200,"height":1500},{"@type":"BreadcrumbList","@id":"https:\/\/www.helloskola.cz\/gymnazium\/novinky\/mezinarodni-spoluprace-na-hello\/#breadcrumb","itemListElement":[{"@type":"ListItem","position":1,"name":"\u00davod","item":"https:\/\/www.helloskola.cz\/gymnazium\/"},{"@type":"ListItem","position":2,"name":"Novinky","item":"https:\/\/www.helloskola.cz\/gymnazium\/novinky\/"},{"@type":"ListItem","position":3,"name":"\u0160koln\u00ed rok 2022\/2023","item":"https:\/\/www.helloskola.cz\/gymnazium\/kategorie-skolni-rok\/skolni-rok-2022-2023\/"},{"@type":"ListItem","position":4,"name":"2. Pololet\u00ed","item":"https:\/\/www.helloskola.cz\/gymnazium\/kategorie-skolni-rok\/2-pololeti-skolni-rok-2022-2023\/"},{"@type":"ListItem","position":5,"name":"Mezin\u00e1rodn\u00ed spolupr\u00e1ce na Hello"}]},{"@type":"WebSite","@id":"https:\/\/www.helloskola.cz\/gymnazium\/#website","url":"https:\/\/www.helloskola.cz\/gymnazium\/","name":"Gymn\u00e1zium HELLO","description":"St\u0159edn\u00ed \u0161kola s pos\u00edlenou v\u00fdukou ciz\u00edch jazyk\u016f","publisher":{"@id":"https:\/\/www.helloskola.cz\/gymnazium\/#organization"},"potentialAction":[{"@type":"SearchAction","target":{"@type":"EntryPoint","urlTemplate":"https:\/\/www.helloskola.cz\/gymnazium\/?s={search_term_string}"},"query-input":{"@type":"PropertyValueSpecification","valueRequired":true,"valueName":"search_term_string"}}],"inLanguage":"cs"},{"@type":"Organization","@id":"https:\/\/www.helloskola.cz\/gymnazium\/#organization","name":"Gymn\u00e1zium Hello","url":"https:\/\/www.helloskola.cz\/gymnazium\/","logo":{"@type":"ImageObject","inLanguage":"cs","@id":"https:\/\/www.helloskola.cz\/gymnazium\/#\/schema\/logo\/image\/","url":"https:\/\/www.helloskola.cz\/gymnazium\/wp-content\/uploads\/sites\/3\/2022\/02\/hello_gy_cmyk-1.svg","contentUrl":"https:\/\/www.helloskola.cz\/gymnazium\/wp-content\/uploads\/sites\/3\/2022\/02\/hello_gy_cmyk-1.svg","width":100,"height":100,"caption":"Gymn\u00e1zium Hello"},"image":{"@id":"https:\/\/www.helloskola.cz\/gymnazium\/#\/schema\/logo\/image\/"}}]}},"_links":{"self":[{"href":"https:\/\/www.helloskola.cz\/gymnazium\/wp-json\/wp\/v2\/novinky\/4212","targetHints":{"allow":["GET"]}}],"collection":[{"href":"https:\/\/www.helloskola.cz\/gymnazium\/wp-json\/wp\/v2\/novinky"}],"about":[{"href":"https:\/\/www.helloskola.cz\/gymnazium\/wp-json\/wp\/v2\/types\/novinky"}],"wp:featuredmedia":[{"embeddable":true,"href":"https:\/\/www.helloskola.cz\/gymnazium\/wp-json\/wp\/v2\/media\/4213"}],"wp:attachment":[{"href":"https:\/\/www.helloskola.cz\/gymnazium\/wp-json\/wp\/v2\/media?parent=4212"}],"wp:term":[{"taxonomy":"kategorie-skolni-rok","embeddable":true,"href":"https:\/\/www.helloskola.cz\/gymnazium\/wp-json\/wp\/v2\/kategorie-skolni-rok?post=4212"}],"curies":[{"name":"wp","href":"https:\/\/api.w.org\/{rel}","templated":true}]}}