{"id":3338,"date":"2022-08-11T11:53:54","date_gmt":"2022-08-11T09:53:54","guid":{"rendered":"https:\/\/www.helloskola.cz\/gymnazium\/?post_type=akce&#038;p=3338"},"modified":"2022-08-11T11:53:56","modified_gmt":"2022-08-11T09:53:56","slug":"wolfram","status":"publish","type":"novinky","link":"https:\/\/www.helloskola.cz\/gymnazium\/novinky\/wolfram\/","title":{"rendered":"Wolfram"},"content":{"rendered":"\n<p>V\u00edt\u00e1m V\u00e1s v prav\u00e9m vojensk\u00e9m po\u010das\u00ed, kter\u00e9 tady na Libav\u00e9 \u010dasto panuje, dnes m\u00e1te mo\u017enost bojovat o v\u00edt\u011bzstv\u00ed v brann\u00e9m z\u00e1vod\u011b Wolfram v prostoru, kter\u00fd je z\u00e1zem\u00edm pro cvi\u010den\u00ed vojensk\u00fdch profesion\u00e1l\u016f. Chci, abyste bojovali \u010destn\u011b&#8220;&#8220;, zah\u00e1jil v p\u00e1tek 22. 9. 2017 z\u00e1vod \u0159editel Krajsk\u00e9ho vojensk\u00e9ho velitelstv\u00ed Ostrava plukovn\u00edk Jaroslav Hrabec. <\/p>\n\n\n\n<p>Na t\u00e9m\u011b\u0159 3 kilometrech museli \u00fa\u010dastn\u00edci prok\u00e1zat fyzickou zdatnost a p\u0159i v\u0161ech 8 discipl\u00edn\u00e1ch museli pou\u017e\u00edt svou s\u00edlu, d\u016fvtip i znalosti &#8211; jeli na raftu, st\u0159\u00edleli ze vzduchovky, poskytovali prvn\u00ed pomoc, balancovali s r\u00fdnami\u2026 Z 19 dru\u017estev se na\u0161i chlapci um\u00edstili na kr\u00e1sn\u00e9m 5.m\u00edst\u011b. Gratulujeme a d\u011bkujeme Patrikovi Plev\u00e1kovi, \u0160imonovi Navr\u00e1tilovi, Filipovi Kone\u010dn\u00e9mu a Davidovi Bahrovi za skv\u011blou reprezentaci \u0161koly . <br>Sout\u011b\u017e se konala na po\u010dest para\u0161utist\u016f vysazen\u00fdch na \u00fazem\u00ed Beskyd za 2. sv\u011btov\u00e9 v\u00e1lky v r. 1944 , kte\u0159\u00ed m\u011bli za \u00fakol organizovat partyz\u00e1nskou \u010dinnost v Beskydech.<\/p>\n\n\n\n<figure class=\"wp-block-image size-full\"><img fetchpriority=\"high\" decoding=\"async\" width=\"600\" height=\"450\" src=\"https:\/\/www.helloskola.cz\/gymnazium\/wp-content\/uploads\/sites\/3\/2022\/08\/Wolfram.jpg\" alt=\"\" class=\"wp-image-3339\" srcset=\"https:\/\/www.helloskola.cz\/gymnazium\/wp-content\/uploads\/sites\/3\/2022\/08\/Wolfram.jpg 600w, https:\/\/www.helloskola.cz\/gymnazium\/wp-content\/uploads\/sites\/3\/2022\/08\/Wolfram-300x225.jpg 300w\" sizes=\"(max-width: 600px) 100vw, 600px\" \/><\/figure>\n","protected":false},"featured_media":3339,"template":"","kategorie-skolni-rok":[50],"class_list":["post-3338","novinky","type-novinky","status-publish","has-post-thumbnail","hentry","kategorie-skolni-rok-1-pololeti-skolni-rok-2017-2018"],"yoast_head":"<!-- This site is optimized with the Yoast SEO plugin v24.8.1 - https:\/\/yoast.com\/wordpress\/plugins\/seo\/ -->\n<title>Wolfram | Gymn\u00e1zium HELLO<\/title>\n<meta name=\"robots\" content=\"index, follow, max-snippet:-1, max-image-preview:large, max-video-preview:-1\" \/>\n<link rel=\"canonical\" href=\"https:\/\/www.helloskola.cz\/gymnazium\/novinky\/wolfram\/\" \/>\n<meta property=\"og:locale\" content=\"cs_CZ\" \/>\n<meta property=\"og:type\" content=\"article\" \/>\n<meta property=\"og:title\" content=\"Wolfram | Gymn\u00e1zium HELLO\" \/>\n<meta property=\"og:description\" content=\"V\u00edt\u00e1m V\u00e1s v prav\u00e9m vojensk\u00e9m po\u010das\u00ed, kter\u00e9 tady na Libav\u00e9 \u010dasto panuje, dnes m\u00e1te mo\u017enost bojovat o v\u00edt\u011bzstv\u00ed v brann\u00e9m z\u00e1vod\u011b Wolfram v prostoru, kter\u00fd je z\u00e1zem\u00edm pro cvi\u010den\u00ed vojensk\u00fdch profesion\u00e1l\u016f. Chci, abyste bojovali \u010destn\u011b&#8220;&#8220;, zah\u00e1jil v p\u00e1tek 22. 9. 2017 z\u00e1vod \u0159editel Krajsk\u00e9ho vojensk\u00e9ho velitelstv\u00ed Ostrava plukovn\u00edk Jaroslav Hrabec. Na t\u00e9m\u011b\u0159 3 kilometrech museli [&hellip;]\" \/>\n<meta property=\"og:url\" content=\"https:\/\/www.helloskola.cz\/gymnazium\/novinky\/wolfram\/\" \/>\n<meta property=\"og:site_name\" content=\"Gymn\u00e1zium HELLO\" \/>\n<meta property=\"article:modified_time\" content=\"2022-08-11T09:53:56+00:00\" \/>\n<meta property=\"og:image\" content=\"https:\/\/www.helloskola.cz\/gymnazium\/wp-content\/uploads\/sites\/3\/2022\/08\/Wolfram.jpg\" \/>\n\t<meta property=\"og:image:width\" content=\"600\" \/>\n\t<meta property=\"og:image:height\" content=\"450\" \/>\n\t<meta property=\"og:image:type\" content=\"image\/jpeg\" \/>\n<meta name=\"twitter:card\" content=\"summary_large_image\" \/>\n<meta name=\"twitter:label1\" content=\"Odhadovan\u00e1 doba \u010dten\u00ed\" \/>\n\t<meta name=\"twitter:data1\" content=\"1 minuta\" \/>\n<script type=\"application\/ld+json\" class=\"yoast-schema-graph\">{\"@context\":\"https:\/\/schema.org\",\"@graph\":[{\"@type\":\"WebPage\",\"@id\":\"https:\/\/www.helloskola.cz\/gymnazium\/novinky\/wolfram\/\",\"url\":\"https:\/\/www.helloskola.cz\/gymnazium\/novinky\/wolfram\/\",\"name\":\"Wolfram | Gymn\u00e1zium HELLO\",\"isPartOf\":{\"@id\":\"https:\/\/www.helloskola.cz\/gymnazium\/#website\"},\"primaryImageOfPage\":{\"@id\":\"https:\/\/www.helloskola.cz\/gymnazium\/novinky\/wolfram\/#primaryimage\"},\"image\":{\"@id\":\"https:\/\/www.helloskola.cz\/gymnazium\/novinky\/wolfram\/#primaryimage\"},\"thumbnailUrl\":\"https:\/\/www.helloskola.cz\/gymnazium\/wp-content\/uploads\/sites\/3\/2022\/08\/Wolfram.jpg\",\"datePublished\":\"2022-08-11T09:53:54+00:00\",\"dateModified\":\"2022-08-11T09:53:56+00:00\",\"breadcrumb\":{\"@id\":\"https:\/\/www.helloskola.cz\/gymnazium\/novinky\/wolfram\/#breadcrumb\"},\"inLanguage\":\"cs\",\"potentialAction\":[{\"@type\":\"ReadAction\",\"target\":[\"https:\/\/www.helloskola.cz\/gymnazium\/novinky\/wolfram\/\"]}]},{\"@type\":\"ImageObject\",\"inLanguage\":\"cs\",\"@id\":\"https:\/\/www.helloskola.cz\/gymnazium\/novinky\/wolfram\/#primaryimage\",\"url\":\"https:\/\/www.helloskola.cz\/gymnazium\/wp-content\/uploads\/sites\/3\/2022\/08\/Wolfram.jpg\",\"contentUrl\":\"https:\/\/www.helloskola.cz\/gymnazium\/wp-content\/uploads\/sites\/3\/2022\/08\/Wolfram.jpg\",\"width\":600,\"height\":450},{\"@type\":\"BreadcrumbList\",\"@id\":\"https:\/\/www.helloskola.cz\/gymnazium\/novinky\/wolfram\/#breadcrumb\",\"itemListElement\":[{\"@type\":\"ListItem\",\"position\":1,\"name\":\"\u00davod\",\"item\":\"https:\/\/www.helloskola.cz\/gymnazium\/\"},{\"@type\":\"ListItem\",\"position\":2,\"name\":\"Novinky\",\"item\":\"https:\/\/www.helloskola.cz\/gymnazium\/novinky\/\"},{\"@type\":\"ListItem\",\"position\":3,\"name\":\"\u0160koln\u00ed rok 2017\/2018\",\"item\":\"https:\/\/www.helloskola.cz\/gymnazium\/kategorie-skolni-rok\/skolni-rok-2017-2018\/\"},{\"@type\":\"ListItem\",\"position\":4,\"name\":\"1. pololet\u00ed\",\"item\":\"https:\/\/www.helloskola.cz\/gymnazium\/kategorie-skolni-rok\/1-pololeti-skolni-rok-2017-2018\/\"},{\"@type\":\"ListItem\",\"position\":5,\"name\":\"Wolfram\"}]},{\"@type\":\"WebSite\",\"@id\":\"https:\/\/www.helloskola.cz\/gymnazium\/#website\",\"url\":\"https:\/\/www.helloskola.cz\/gymnazium\/\",\"name\":\"Gymn\u00e1zium HELLO\",\"description\":\"St\u0159edn\u00ed \u0161kola s pos\u00edlenou v\u00fdukou ciz\u00edch jazyk\u016f\",\"publisher\":{\"@id\":\"https:\/\/www.helloskola.cz\/gymnazium\/#organization\"},\"potentialAction\":[{\"@type\":\"SearchAction\",\"target\":{\"@type\":\"EntryPoint\",\"urlTemplate\":\"https:\/\/www.helloskola.cz\/gymnazium\/?s={search_term_string}\"},\"query-input\":{\"@type\":\"PropertyValueSpecification\",\"valueRequired\":true,\"valueName\":\"search_term_string\"}}],\"inLanguage\":\"cs\"},{\"@type\":\"Organization\",\"@id\":\"https:\/\/www.helloskola.cz\/gymnazium\/#organization\",\"name\":\"Gymn\u00e1zium Hello\",\"url\":\"https:\/\/www.helloskola.cz\/gymnazium\/\",\"logo\":{\"@type\":\"ImageObject\",\"inLanguage\":\"cs\",\"@id\":\"https:\/\/www.helloskola.cz\/gymnazium\/#\/schema\/logo\/image\/\",\"url\":\"https:\/\/www.helloskola.cz\/gymnazium\/wp-content\/uploads\/sites\/3\/2022\/02\/hello_gy_cmyk-1.svg\",\"contentUrl\":\"https:\/\/www.helloskola.cz\/gymnazium\/wp-content\/uploads\/sites\/3\/2022\/02\/hello_gy_cmyk-1.svg\",\"width\":100,\"height\":100,\"caption\":\"Gymn\u00e1zium Hello\"},\"image\":{\"@id\":\"https:\/\/www.helloskola.cz\/gymnazium\/#\/schema\/logo\/image\/\"}}]}<\/script>\n<!-- \/ Yoast SEO plugin. -->","yoast_head_json":{"title":"Wolfram | Gymn\u00e1zium HELLO","robots":{"index":"index","follow":"follow","max-snippet":"max-snippet:-1","max-image-preview":"max-image-preview:large","max-video-preview":"max-video-preview:-1"},"canonical":"https:\/\/www.helloskola.cz\/gymnazium\/novinky\/wolfram\/","og_locale":"cs_CZ","og_type":"article","og_title":"Wolfram | Gymn\u00e1zium HELLO","og_description":"V\u00edt\u00e1m V\u00e1s v prav\u00e9m vojensk\u00e9m po\u010das\u00ed, kter\u00e9 tady na Libav\u00e9 \u010dasto panuje, dnes m\u00e1te mo\u017enost bojovat o v\u00edt\u011bzstv\u00ed v brann\u00e9m z\u00e1vod\u011b Wolfram v prostoru, kter\u00fd je z\u00e1zem\u00edm pro cvi\u010den\u00ed vojensk\u00fdch profesion\u00e1l\u016f. Chci, abyste bojovali \u010destn\u011b&#8220;&#8220;, zah\u00e1jil v p\u00e1tek 22. 9. 2017 z\u00e1vod \u0159editel Krajsk\u00e9ho vojensk\u00e9ho velitelstv\u00ed Ostrava plukovn\u00edk Jaroslav Hrabec. Na t\u00e9m\u011b\u0159 3 kilometrech museli [&hellip;]","og_url":"https:\/\/www.helloskola.cz\/gymnazium\/novinky\/wolfram\/","og_site_name":"Gymn\u00e1zium HELLO","article_modified_time":"2022-08-11T09:53:56+00:00","og_image":[{"width":600,"height":450,"url":"https:\/\/www.helloskola.cz\/gymnazium\/wp-content\/uploads\/sites\/3\/2022\/08\/Wolfram.jpg","type":"image\/jpeg"}],"twitter_card":"summary_large_image","twitter_misc":{"Odhadovan\u00e1 doba \u010dten\u00ed":"1 minuta"},"schema":{"@context":"https:\/\/schema.org","@graph":[{"@type":"WebPage","@id":"https:\/\/www.helloskola.cz\/gymnazium\/novinky\/wolfram\/","url":"https:\/\/www.helloskola.cz\/gymnazium\/novinky\/wolfram\/","name":"Wolfram | Gymn\u00e1zium HELLO","isPartOf":{"@id":"https:\/\/www.helloskola.cz\/gymnazium\/#website"},"primaryImageOfPage":{"@id":"https:\/\/www.helloskola.cz\/gymnazium\/novinky\/wolfram\/#primaryimage"},"image":{"@id":"https:\/\/www.helloskola.cz\/gymnazium\/novinky\/wolfram\/#primaryimage"},"thumbnailUrl":"https:\/\/www.helloskola.cz\/gymnazium\/wp-content\/uploads\/sites\/3\/2022\/08\/Wolfram.jpg","datePublished":"2022-08-11T09:53:54+00:00","dateModified":"2022-08-11T09:53:56+00:00","breadcrumb":{"@id":"https:\/\/www.helloskola.cz\/gymnazium\/novinky\/wolfram\/#breadcrumb"},"inLanguage":"cs","potentialAction":[{"@type":"ReadAction","target":["https:\/\/www.helloskola.cz\/gymnazium\/novinky\/wolfram\/"]}]},{"@type":"ImageObject","inLanguage":"cs","@id":"https:\/\/www.helloskola.cz\/gymnazium\/novinky\/wolfram\/#primaryimage","url":"https:\/\/www.helloskola.cz\/gymnazium\/wp-content\/uploads\/sites\/3\/2022\/08\/Wolfram.jpg","contentUrl":"https:\/\/www.helloskola.cz\/gymnazium\/wp-content\/uploads\/sites\/3\/2022\/08\/Wolfram.jpg","width":600,"height":450},{"@type":"BreadcrumbList","@id":"https:\/\/www.helloskola.cz\/gymnazium\/novinky\/wolfram\/#breadcrumb","itemListElement":[{"@type":"ListItem","position":1,"name":"\u00davod","item":"https:\/\/www.helloskola.cz\/gymnazium\/"},{"@type":"ListItem","position":2,"name":"Novinky","item":"https:\/\/www.helloskola.cz\/gymnazium\/novinky\/"},{"@type":"ListItem","position":3,"name":"\u0160koln\u00ed rok 2017\/2018","item":"https:\/\/www.helloskola.cz\/gymnazium\/kategorie-skolni-rok\/skolni-rok-2017-2018\/"},{"@type":"ListItem","position":4,"name":"1. pololet\u00ed","item":"https:\/\/www.helloskola.cz\/gymnazium\/kategorie-skolni-rok\/1-pololeti-skolni-rok-2017-2018\/"},{"@type":"ListItem","position":5,"name":"Wolfram"}]},{"@type":"WebSite","@id":"https:\/\/www.helloskola.cz\/gymnazium\/#website","url":"https:\/\/www.helloskola.cz\/gymnazium\/","name":"Gymn\u00e1zium HELLO","description":"St\u0159edn\u00ed \u0161kola s pos\u00edlenou v\u00fdukou ciz\u00edch jazyk\u016f","publisher":{"@id":"https:\/\/www.helloskola.cz\/gymnazium\/#organization"},"potentialAction":[{"@type":"SearchAction","target":{"@type":"EntryPoint","urlTemplate":"https:\/\/www.helloskola.cz\/gymnazium\/?s={search_term_string}"},"query-input":{"@type":"PropertyValueSpecification","valueRequired":true,"valueName":"search_term_string"}}],"inLanguage":"cs"},{"@type":"Organization","@id":"https:\/\/www.helloskola.cz\/gymnazium\/#organization","name":"Gymn\u00e1zium Hello","url":"https:\/\/www.helloskola.cz\/gymnazium\/","logo":{"@type":"ImageObject","inLanguage":"cs","@id":"https:\/\/www.helloskola.cz\/gymnazium\/#\/schema\/logo\/image\/","url":"https:\/\/www.helloskola.cz\/gymnazium\/wp-content\/uploads\/sites\/3\/2022\/02\/hello_gy_cmyk-1.svg","contentUrl":"https:\/\/www.helloskola.cz\/gymnazium\/wp-content\/uploads\/sites\/3\/2022\/02\/hello_gy_cmyk-1.svg","width":100,"height":100,"caption":"Gymn\u00e1zium Hello"},"image":{"@id":"https:\/\/www.helloskola.cz\/gymnazium\/#\/schema\/logo\/image\/"}}]}},"_links":{"self":[{"href":"https:\/\/www.helloskola.cz\/gymnazium\/wp-json\/wp\/v2\/novinky\/3338","targetHints":{"allow":["GET"]}}],"collection":[{"href":"https:\/\/www.helloskola.cz\/gymnazium\/wp-json\/wp\/v2\/novinky"}],"about":[{"href":"https:\/\/www.helloskola.cz\/gymnazium\/wp-json\/wp\/v2\/types\/novinky"}],"wp:featuredmedia":[{"embeddable":true,"href":"https:\/\/www.helloskola.cz\/gymnazium\/wp-json\/wp\/v2\/media\/3339"}],"wp:attachment":[{"href":"https:\/\/www.helloskola.cz\/gymnazium\/wp-json\/wp\/v2\/media?parent=3338"}],"wp:term":[{"taxonomy":"kategorie-skolni-rok","embeddable":true,"href":"https:\/\/www.helloskola.cz\/gymnazium\/wp-json\/wp\/v2\/kategorie-skolni-rok?post=3338"}],"curies":[{"name":"wp","href":"https:\/\/api.w.org\/{rel}","templated":true}]}}