{"id":3336,"date":"2022-08-11T11:51:39","date_gmt":"2022-08-11T09:51:39","guid":{"rendered":"https:\/\/www.helloskola.cz\/gymnazium\/?post_type=akce&#038;p=3336"},"modified":"2022-08-11T11:51:40","modified_gmt":"2022-08-11T09:51:40","slug":"4-b-rovnez-v-praze","status":"publish","type":"novinky","link":"https:\/\/www.helloskola.cz\/gymnazium\/novinky\/4-b-rovnez-v-praze\/","title":{"rendered":"4. B rovn\u011b\u017e v Praze"},"content":{"rendered":"\n<p>T\u00fdden po exkurzi \u201e\u00e1\u010dka\u201c jsme se vydali se 4. B a jejich t\u0159\u00eddn\u00edm Lubo\u0161em Barda\u0161evsk\u00fdm do Prahy za divadlem, pam\u00e1tkami a nov\u00fdmi z\u00e1\u017eitky i my\u2026 Proto\u017ee n\u011bkter\u00e1 pam\u00e1tn\u00e1 m\u00edsta nelze vynechat, tak jsme i my nav\u0161t\u00edvili Hrad\u010dany \u2013 nejnav\u0161t\u011bvovan\u011bj\u0161\u00ed pam\u00e1tku \u010cR, vy\u0161ehradsk\u00fd h\u0159bitov, vrch Pet\u0159\u00edn, Sen\u00e1t \u010cR nebo Pam\u00e1tn\u00edk hrdin\u016f heydrichi\u00e1dy\u2026 Ov\u0161em tentokr\u00e1t jsme \u010d\u00e1st programu obm\u011bnili a nav\u0161t\u00edvili i dv\u011b jin\u00e1 m\u00edsta. Prvn\u00edm z nich byl hned po p\u0159\u00edjezdu N\u00e1rodn\u00ed pam\u00e1tn\u00edk na V\u00edtkov\u011b, kter\u00fd u\u017e zd\u00e1li upout\u00e1 pozornost jednou z nejv\u011bt\u0161\u00edch jezdeck\u00fdch soch na sv\u011bt\u011b \u2013 sochou Jana \u017di\u017eky od B. Kafky. \u201eV\u00edtkov\u201c m\u011bl p\u016fvodn\u011b oslavovat husity a jejich bitvu na V\u00edtkov\u011b, kdy roku 1420 ubr\u00e1nili Prahu p\u0159ed katol\u00edky, pak m\u011bl b\u00fdt m\u00edstem odpo\u010dinku prezidenta Masaryka a v\u0161ech padl\u00fdch legion\u00e1\u0159\u016f, kte\u0159\u00ed p\u0159ed sto lety budovali na\u0161i republiku, ale nakonec byl znesv\u011bcen t\u00edm, \u017ee se stal poh\u0159ebi\u0161t\u011bm komunistick\u00fdch pohlav\u00e1r\u016f, kte\u0159\u00ed se \u201ezaslou\u017eili\u201c maxim\u00e1ln\u011b o nesvobodu a teror. B\u011bhem prohl\u00eddky interi\u00e9r\u016f jsme nav\u0161t\u00edvili kup\u0159\u00edkladu prezidentsk\u00fd sal\u00f3nek (m\u011bli tu b\u00fdt p\u016fvodn\u011b inaugurov\u00e1ni \u010dsl. prezidenti), hroby nezn\u00e1m\u00fdch voj\u00edn\u016f od Zborova a Dukly, sloup s p\u016fdou z mnoh\u00fdch boji\u0161\u0165, na nich\u017e prol\u00e9vali krev \u010dsl. voj\u00e1ci, kolumb\u00e1rium, s\u00ed\u0148 op\u011bvuj\u00edc\u00ed sov\u011btskou arm\u00e1du, ov\u0161em nejmraziv\u011bj\u0161\u00edm m\u00edstem na V\u00edtkov\u011b bylo podzem\u00ed s laborato\u0159\u00ed. Pr\u00e1v\u011b tady se toti\u017e od roku 1953 skladovala a upravovala mrtvola \u2013 mumie 1. komunistick\u00e9ho prezidenta Klementa Gottwalda, kter\u00e1 byla n\u00e1sledn\u011b v\u00fdtahem vyzved\u00e1v\u00e1na o patro v\u00fd\u0161 a vystavov\u00e1na ve\u0159ejnosti, ne\u017e byla v dob\u011b destalinizace 60. let zpopeln\u011bna. Pracovn\u00edk muzea n\u00e1s p\u0159ekvapil t\u00edm, \u017ee vyvr\u00e1til jeden z nejzn\u00e1m\u011bj\u0161\u00edch m\u00fdt\u016f o uhn\u00edvaj\u00edc\u00edch noh\u00e1ch soudruha, kter\u00fd dodnes p\u0159e\u017e\u00edv\u00e1 i v univerzitn\u00edm prost\u0159ed\u00ed. N\u00e1\u0161 prvn\u00ed ve\u010der jsme posl\u00e9ze str\u00e1vili v komorn\u00edm prost\u0159ed\u00ed Divadla v \u0158eznick\u00e9, kde jsme zhl\u00e9dli tragikomickou hru sou\u010dasn\u00e9ho italsk\u00e9ho dramatika Maria Gelardiho Zlomatka, kter\u00e1 v z\u00e1v\u011bru \u0161okovala t\u00edm, kam a\u017e mohou doj\u00edt primitivn\u00ed p\u0159edsudky lid\u00ed, respektive p\u0159\u00edsn\u011b v\u011b\u0159\u00edc\u00ed, a\u017e psychopatick\u00e9 matky, kter\u00e1 se odm\u00edt\u00e1 sm\u00ed\u0159it s faktem, \u017ee jej\u00ed syn je homosexu\u00e1l. V hlavn\u00ed roli excelovala Jitka Smutn\u00e1 spolu s Radkem Valentou, kter\u00e9ho jinak zn\u00e1me sp\u00ed\u0161e coby Jind\u0159icha z poh\u00e1dky Princezna ze mlejna. Druh\u00fdm m\u00edstem, kam jsme se pod\u00edvali na rozd\u00edl od \u201e\u00e1\u010dka\u201c, bylo N\u00e1rodn\u00ed divadlo, kde se n\u00e1s k na\u0161emu p\u0159ekvapen\u00ed ujal v roli pr\u016fvodce pan vr\u00e1tn\u00fd, kter\u00fd prohl\u00eddku za\u010dal s \u00fasm\u011bvem a v\u011btami: \u201eVy jste z Ostravy? A z Poruby? To j\u00e1 jsem p\u016fvodn\u011b taky. Tak poj\u010fte!\u201c \u010cekala n\u00e1s kompletn\u00ed prohl\u00eddka \u201eZlat\u00e9 kapli\u010dky\u201c, kdy jsme pro\u0161li snad v\u0161e od sklepa se z\u00e1kladn\u00edmi kameny a\u017e po st\u0159echu, odkud byl b\u00e1je\u010dn\u00fd v\u00fdhled do okol\u00ed. Bylo \u0161t\u011bst\u00edm, \u017ee jsme se p\u0159ed prohl\u00eddkou posilnili na N\u00e1rodn\u00ed t\u0159\u00edd\u011b lahodnou k\u00e1vou v Caf\u00e9 Louvre \u010di v nem\u00e9n\u011b slavn\u00e9 kav\u00e1rn\u011b Slavia, proto\u017ee vyb\u011bhnout mnohokr\u00e1t schody nahoru a zase dol\u016f vy\u017eadovalo mnoho energie. Nicm\u00e9n\u011b i tak jsme z N\u00e1rodn\u00edho divadla nakonec odch\u00e1zeli v\u0161ichni spokojeni, t\u00edm sp\u00ed\u0161e, \u017ee jsme si na z\u00e1v\u011br ud\u011blali \u201eself\u00ed\u010dka\u201c s bustami slavn\u00fdch herc\u016f nebo dramatik\u016f. I se 4. B jsme se nakonec t\u0159et\u00edho dne vraceli dom\u016f unaveni, ale spokojeni, \u017ee n\u00e1m v\u0161echny pl\u00e1ny vy\u0161ly. A co se l\u00edbilo ob\u011bma t\u0159\u00edd\u00e1m z nav\u0161t\u00edven\u00fdch m\u00edst nejv\u00edce? Pam\u00e1tn\u00edk hrdin\u016f heydrichi\u00e1dy! K m\u00e9mu (mil\u00e9mu) p\u0159ekvapen\u00ed to bylo pr\u00e1v\u011b toto hr\u016fzn\u00e9 m\u00edsto, kde hrdinskou smrt\u00ed vyhasly \u017eivoty para\u0161utist\u016f J. Kubi\u0161e, J. Gab\u010d\u00edka, aj., kte\u0159\u00ed se pod\u00edleli na atent\u00e1tu na R. Heydricha v roce 1942. Z\u00e1jem student\u016f byl patrn\u00fd z pietn\u00edho chov\u00e1n\u00ed, kdy s velk\u00fdm zaujet\u00edm naslouchali p\u0159\u00edb\u011bhu dnes u\u017e neuv\u011b\u0159iteln\u00e9 odvahy, p\u0159\u00e1telstv\u00ed, ale i zrady a smrti, kter\u00fd se m\u016f\u017ee zd\u00e1t patetick\u00fd, ale i po 75 letech \u0161okuje svou historickou re\u00e1lnost\u00ed. Slzy, sv\u00ed\u010dky hrdin\u016fm i vypr\u00e1v\u011bn\u00ed o z\u00e1\u017eitku dokazuje, \u017ee dne\u0161n\u00ed generace student\u016f nen\u00ed tak lhostejn\u00e1, necitliv\u00e1 a bez z\u00e1jmu o historii, jak se ob\u010das \u0159\u00edk\u00e1.<\/p>\n\n\n\n<figure class=\"wp-block-image size-full\"><img fetchpriority=\"high\" decoding=\"async\" width=\"600\" height=\"375\" src=\"https:\/\/www.helloskola.cz\/gymnazium\/wp-content\/uploads\/sites\/3\/2022\/08\/111.jpg\" alt=\"\" class=\"wp-image-3337\" srcset=\"https:\/\/www.helloskola.cz\/gymnazium\/wp-content\/uploads\/sites\/3\/2022\/08\/111.jpg 600w, https:\/\/www.helloskola.cz\/gymnazium\/wp-content\/uploads\/sites\/3\/2022\/08\/111-300x188.jpg 300w\" sizes=\"(max-width: 600px) 100vw, 600px\" \/><\/figure>\n","protected":false},"featured_media":3337,"template":"","kategorie-skolni-rok":[50],"class_list":["post-3336","novinky","type-novinky","status-publish","has-post-thumbnail","hentry","kategorie-skolni-rok-1-pololeti-skolni-rok-2017-2018"],"yoast_head":"<!-- This site is optimized with the Yoast SEO plugin v24.8.1 - https:\/\/yoast.com\/wordpress\/plugins\/seo\/ -->\n<title>4. B rovn\u011b\u017e v Praze | Gymn\u00e1zium HELLO<\/title>\n<meta name=\"robots\" content=\"index, follow, max-snippet:-1, max-image-preview:large, max-video-preview:-1\" \/>\n<link rel=\"canonical\" href=\"https:\/\/www.helloskola.cz\/gymnazium\/novinky\/4-b-rovnez-v-praze\/\" \/>\n<meta property=\"og:locale\" content=\"cs_CZ\" \/>\n<meta property=\"og:type\" content=\"article\" \/>\n<meta property=\"og:title\" content=\"4. B rovn\u011b\u017e v Praze | Gymn\u00e1zium HELLO\" \/>\n<meta property=\"og:description\" content=\"T\u00fdden po exkurzi \u201e\u00e1\u010dka\u201c jsme se vydali se 4. B a jejich t\u0159\u00eddn\u00edm Lubo\u0161em Barda\u0161evsk\u00fdm do Prahy za divadlem, pam\u00e1tkami a nov\u00fdmi z\u00e1\u017eitky i my\u2026 Proto\u017ee n\u011bkter\u00e1 pam\u00e1tn\u00e1 m\u00edsta nelze vynechat, tak jsme i my nav\u0161t\u00edvili Hrad\u010dany \u2013 nejnav\u0161t\u011bvovan\u011bj\u0161\u00ed pam\u00e1tku \u010cR, vy\u0161ehradsk\u00fd h\u0159bitov, vrch Pet\u0159\u00edn, Sen\u00e1t \u010cR nebo Pam\u00e1tn\u00edk hrdin\u016f heydrichi\u00e1dy\u2026 Ov\u0161em tentokr\u00e1t jsme \u010d\u00e1st [&hellip;]\" \/>\n<meta property=\"og:url\" content=\"https:\/\/www.helloskola.cz\/gymnazium\/novinky\/4-b-rovnez-v-praze\/\" \/>\n<meta property=\"og:site_name\" content=\"Gymn\u00e1zium HELLO\" \/>\n<meta property=\"article:modified_time\" content=\"2022-08-11T09:51:40+00:00\" \/>\n<meta property=\"og:image\" content=\"https:\/\/www.helloskola.cz\/gymnazium\/wp-content\/uploads\/sites\/3\/2022\/08\/111.jpg\" \/>\n\t<meta property=\"og:image:width\" content=\"600\" \/>\n\t<meta property=\"og:image:height\" content=\"375\" \/>\n\t<meta property=\"og:image:type\" content=\"image\/jpeg\" \/>\n<meta name=\"twitter:card\" content=\"summary_large_image\" \/>\n<meta name=\"twitter:label1\" content=\"Odhadovan\u00e1 doba \u010dten\u00ed\" \/>\n\t<meta name=\"twitter:data1\" content=\"4 minuty\" \/>\n<script type=\"application\/ld+json\" class=\"yoast-schema-graph\">{\"@context\":\"https:\/\/schema.org\",\"@graph\":[{\"@type\":\"WebPage\",\"@id\":\"https:\/\/www.helloskola.cz\/gymnazium\/novinky\/4-b-rovnez-v-praze\/\",\"url\":\"https:\/\/www.helloskola.cz\/gymnazium\/novinky\/4-b-rovnez-v-praze\/\",\"name\":\"4. B rovn\u011b\u017e v Praze | Gymn\u00e1zium HELLO\",\"isPartOf\":{\"@id\":\"https:\/\/www.helloskola.cz\/gymnazium\/#website\"},\"primaryImageOfPage\":{\"@id\":\"https:\/\/www.helloskola.cz\/gymnazium\/novinky\/4-b-rovnez-v-praze\/#primaryimage\"},\"image\":{\"@id\":\"https:\/\/www.helloskola.cz\/gymnazium\/novinky\/4-b-rovnez-v-praze\/#primaryimage\"},\"thumbnailUrl\":\"https:\/\/www.helloskola.cz\/gymnazium\/wp-content\/uploads\/sites\/3\/2022\/08\/111.jpg\",\"datePublished\":\"2022-08-11T09:51:39+00:00\",\"dateModified\":\"2022-08-11T09:51:40+00:00\",\"breadcrumb\":{\"@id\":\"https:\/\/www.helloskola.cz\/gymnazium\/novinky\/4-b-rovnez-v-praze\/#breadcrumb\"},\"inLanguage\":\"cs\",\"potentialAction\":[{\"@type\":\"ReadAction\",\"target\":[\"https:\/\/www.helloskola.cz\/gymnazium\/novinky\/4-b-rovnez-v-praze\/\"]}]},{\"@type\":\"ImageObject\",\"inLanguage\":\"cs\",\"@id\":\"https:\/\/www.helloskola.cz\/gymnazium\/novinky\/4-b-rovnez-v-praze\/#primaryimage\",\"url\":\"https:\/\/www.helloskola.cz\/gymnazium\/wp-content\/uploads\/sites\/3\/2022\/08\/111.jpg\",\"contentUrl\":\"https:\/\/www.helloskola.cz\/gymnazium\/wp-content\/uploads\/sites\/3\/2022\/08\/111.jpg\",\"width\":600,\"height\":375},{\"@type\":\"BreadcrumbList\",\"@id\":\"https:\/\/www.helloskola.cz\/gymnazium\/novinky\/4-b-rovnez-v-praze\/#breadcrumb\",\"itemListElement\":[{\"@type\":\"ListItem\",\"position\":1,\"name\":\"\u00davod\",\"item\":\"https:\/\/www.helloskola.cz\/gymnazium\/\"},{\"@type\":\"ListItem\",\"position\":2,\"name\":\"Novinky\",\"item\":\"https:\/\/www.helloskola.cz\/gymnazium\/novinky\/\"},{\"@type\":\"ListItem\",\"position\":3,\"name\":\"\u0160koln\u00ed rok 2017\/2018\",\"item\":\"https:\/\/www.helloskola.cz\/gymnazium\/kategorie-skolni-rok\/skolni-rok-2017-2018\/\"},{\"@type\":\"ListItem\",\"position\":4,\"name\":\"1. pololet\u00ed\",\"item\":\"https:\/\/www.helloskola.cz\/gymnazium\/kategorie-skolni-rok\/1-pololeti-skolni-rok-2017-2018\/\"},{\"@type\":\"ListItem\",\"position\":5,\"name\":\"4. B rovn\u011b\u017e v Praze\"}]},{\"@type\":\"WebSite\",\"@id\":\"https:\/\/www.helloskola.cz\/gymnazium\/#website\",\"url\":\"https:\/\/www.helloskola.cz\/gymnazium\/\",\"name\":\"Gymn\u00e1zium HELLO\",\"description\":\"St\u0159edn\u00ed \u0161kola s pos\u00edlenou v\u00fdukou ciz\u00edch jazyk\u016f\",\"publisher\":{\"@id\":\"https:\/\/www.helloskola.cz\/gymnazium\/#organization\"},\"potentialAction\":[{\"@type\":\"SearchAction\",\"target\":{\"@type\":\"EntryPoint\",\"urlTemplate\":\"https:\/\/www.helloskola.cz\/gymnazium\/?s={search_term_string}\"},\"query-input\":{\"@type\":\"PropertyValueSpecification\",\"valueRequired\":true,\"valueName\":\"search_term_string\"}}],\"inLanguage\":\"cs\"},{\"@type\":\"Organization\",\"@id\":\"https:\/\/www.helloskola.cz\/gymnazium\/#organization\",\"name\":\"Gymn\u00e1zium Hello\",\"url\":\"https:\/\/www.helloskola.cz\/gymnazium\/\",\"logo\":{\"@type\":\"ImageObject\",\"inLanguage\":\"cs\",\"@id\":\"https:\/\/www.helloskola.cz\/gymnazium\/#\/schema\/logo\/image\/\",\"url\":\"https:\/\/www.helloskola.cz\/gymnazium\/wp-content\/uploads\/sites\/3\/2022\/02\/hello_gy_cmyk-1.svg\",\"contentUrl\":\"https:\/\/www.helloskola.cz\/gymnazium\/wp-content\/uploads\/sites\/3\/2022\/02\/hello_gy_cmyk-1.svg\",\"width\":100,\"height\":100,\"caption\":\"Gymn\u00e1zium Hello\"},\"image\":{\"@id\":\"https:\/\/www.helloskola.cz\/gymnazium\/#\/schema\/logo\/image\/\"}}]}<\/script>\n<!-- \/ Yoast SEO plugin. -->","yoast_head_json":{"title":"4. B rovn\u011b\u017e v Praze | Gymn\u00e1zium HELLO","robots":{"index":"index","follow":"follow","max-snippet":"max-snippet:-1","max-image-preview":"max-image-preview:large","max-video-preview":"max-video-preview:-1"},"canonical":"https:\/\/www.helloskola.cz\/gymnazium\/novinky\/4-b-rovnez-v-praze\/","og_locale":"cs_CZ","og_type":"article","og_title":"4. B rovn\u011b\u017e v Praze | Gymn\u00e1zium HELLO","og_description":"T\u00fdden po exkurzi \u201e\u00e1\u010dka\u201c jsme se vydali se 4. B a jejich t\u0159\u00eddn\u00edm Lubo\u0161em Barda\u0161evsk\u00fdm do Prahy za divadlem, pam\u00e1tkami a nov\u00fdmi z\u00e1\u017eitky i my\u2026 Proto\u017ee n\u011bkter\u00e1 pam\u00e1tn\u00e1 m\u00edsta nelze vynechat, tak jsme i my nav\u0161t\u00edvili Hrad\u010dany \u2013 nejnav\u0161t\u011bvovan\u011bj\u0161\u00ed pam\u00e1tku \u010cR, vy\u0161ehradsk\u00fd h\u0159bitov, vrch Pet\u0159\u00edn, Sen\u00e1t \u010cR nebo Pam\u00e1tn\u00edk hrdin\u016f heydrichi\u00e1dy\u2026 Ov\u0161em tentokr\u00e1t jsme \u010d\u00e1st [&hellip;]","og_url":"https:\/\/www.helloskola.cz\/gymnazium\/novinky\/4-b-rovnez-v-praze\/","og_site_name":"Gymn\u00e1zium HELLO","article_modified_time":"2022-08-11T09:51:40+00:00","og_image":[{"width":600,"height":375,"url":"https:\/\/www.helloskola.cz\/gymnazium\/wp-content\/uploads\/sites\/3\/2022\/08\/111.jpg","type":"image\/jpeg"}],"twitter_card":"summary_large_image","twitter_misc":{"Odhadovan\u00e1 doba \u010dten\u00ed":"4 minuty"},"schema":{"@context":"https:\/\/schema.org","@graph":[{"@type":"WebPage","@id":"https:\/\/www.helloskola.cz\/gymnazium\/novinky\/4-b-rovnez-v-praze\/","url":"https:\/\/www.helloskola.cz\/gymnazium\/novinky\/4-b-rovnez-v-praze\/","name":"4. B rovn\u011b\u017e v Praze | Gymn\u00e1zium HELLO","isPartOf":{"@id":"https:\/\/www.helloskola.cz\/gymnazium\/#website"},"primaryImageOfPage":{"@id":"https:\/\/www.helloskola.cz\/gymnazium\/novinky\/4-b-rovnez-v-praze\/#primaryimage"},"image":{"@id":"https:\/\/www.helloskola.cz\/gymnazium\/novinky\/4-b-rovnez-v-praze\/#primaryimage"},"thumbnailUrl":"https:\/\/www.helloskola.cz\/gymnazium\/wp-content\/uploads\/sites\/3\/2022\/08\/111.jpg","datePublished":"2022-08-11T09:51:39+00:00","dateModified":"2022-08-11T09:51:40+00:00","breadcrumb":{"@id":"https:\/\/www.helloskola.cz\/gymnazium\/novinky\/4-b-rovnez-v-praze\/#breadcrumb"},"inLanguage":"cs","potentialAction":[{"@type":"ReadAction","target":["https:\/\/www.helloskola.cz\/gymnazium\/novinky\/4-b-rovnez-v-praze\/"]}]},{"@type":"ImageObject","inLanguage":"cs","@id":"https:\/\/www.helloskola.cz\/gymnazium\/novinky\/4-b-rovnez-v-praze\/#primaryimage","url":"https:\/\/www.helloskola.cz\/gymnazium\/wp-content\/uploads\/sites\/3\/2022\/08\/111.jpg","contentUrl":"https:\/\/www.helloskola.cz\/gymnazium\/wp-content\/uploads\/sites\/3\/2022\/08\/111.jpg","width":600,"height":375},{"@type":"BreadcrumbList","@id":"https:\/\/www.helloskola.cz\/gymnazium\/novinky\/4-b-rovnez-v-praze\/#breadcrumb","itemListElement":[{"@type":"ListItem","position":1,"name":"\u00davod","item":"https:\/\/www.helloskola.cz\/gymnazium\/"},{"@type":"ListItem","position":2,"name":"Novinky","item":"https:\/\/www.helloskola.cz\/gymnazium\/novinky\/"},{"@type":"ListItem","position":3,"name":"\u0160koln\u00ed rok 2017\/2018","item":"https:\/\/www.helloskola.cz\/gymnazium\/kategorie-skolni-rok\/skolni-rok-2017-2018\/"},{"@type":"ListItem","position":4,"name":"1. pololet\u00ed","item":"https:\/\/www.helloskola.cz\/gymnazium\/kategorie-skolni-rok\/1-pololeti-skolni-rok-2017-2018\/"},{"@type":"ListItem","position":5,"name":"4. B rovn\u011b\u017e v Praze"}]},{"@type":"WebSite","@id":"https:\/\/www.helloskola.cz\/gymnazium\/#website","url":"https:\/\/www.helloskola.cz\/gymnazium\/","name":"Gymn\u00e1zium HELLO","description":"St\u0159edn\u00ed \u0161kola s pos\u00edlenou v\u00fdukou ciz\u00edch jazyk\u016f","publisher":{"@id":"https:\/\/www.helloskola.cz\/gymnazium\/#organization"},"potentialAction":[{"@type":"SearchAction","target":{"@type":"EntryPoint","urlTemplate":"https:\/\/www.helloskola.cz\/gymnazium\/?s={search_term_string}"},"query-input":{"@type":"PropertyValueSpecification","valueRequired":true,"valueName":"search_term_string"}}],"inLanguage":"cs"},{"@type":"Organization","@id":"https:\/\/www.helloskola.cz\/gymnazium\/#organization","name":"Gymn\u00e1zium Hello","url":"https:\/\/www.helloskola.cz\/gymnazium\/","logo":{"@type":"ImageObject","inLanguage":"cs","@id":"https:\/\/www.helloskola.cz\/gymnazium\/#\/schema\/logo\/image\/","url":"https:\/\/www.helloskola.cz\/gymnazium\/wp-content\/uploads\/sites\/3\/2022\/02\/hello_gy_cmyk-1.svg","contentUrl":"https:\/\/www.helloskola.cz\/gymnazium\/wp-content\/uploads\/sites\/3\/2022\/02\/hello_gy_cmyk-1.svg","width":100,"height":100,"caption":"Gymn\u00e1zium Hello"},"image":{"@id":"https:\/\/www.helloskola.cz\/gymnazium\/#\/schema\/logo\/image\/"}}]}},"_links":{"self":[{"href":"https:\/\/www.helloskola.cz\/gymnazium\/wp-json\/wp\/v2\/novinky\/3336","targetHints":{"allow":["GET"]}}],"collection":[{"href":"https:\/\/www.helloskola.cz\/gymnazium\/wp-json\/wp\/v2\/novinky"}],"about":[{"href":"https:\/\/www.helloskola.cz\/gymnazium\/wp-json\/wp\/v2\/types\/novinky"}],"wp:featuredmedia":[{"embeddable":true,"href":"https:\/\/www.helloskola.cz\/gymnazium\/wp-json\/wp\/v2\/media\/3337"}],"wp:attachment":[{"href":"https:\/\/www.helloskola.cz\/gymnazium\/wp-json\/wp\/v2\/media?parent=3336"}],"wp:term":[{"taxonomy":"kategorie-skolni-rok","embeddable":true,"href":"https:\/\/www.helloskola.cz\/gymnazium\/wp-json\/wp\/v2\/kategorie-skolni-rok?post=3336"}],"curies":[{"name":"wp","href":"https:\/\/api.w.org\/{rel}","templated":true}]}}